{"id":6700,"date":"2018-06-08T14:15:12","date_gmt":"2018-06-08T17:15:12","guid":{"rendered":"https:\/\/wp.ufpel.edu.br\/clc\/?page_id=6700"},"modified":"2023-06-19T15:32:41","modified_gmt":"2023-06-19T18:32:41","slug":"tutoriais-projetos-de-extensao-no-cobalto","status":"publish","type":"page","link":"https:\/\/wp.ufpel.edu.br\/clc\/tutoriais-projetos-de-extensao-no-cobalto\/","title":{"rendered":"Tutoriais: Projetos de Extens\u00e3o no Cobalto"},"content":{"rendered":"<div style=\"text-align: justify;\">\n<p><span style=\"background-color: #ffff99; font-size: 14pt;\">A Pr\u00f3-Reitoria de Extens\u00e3o e Cultura disponibilizou <strong>tutoriais em v\u00eddeo e em PDF<\/strong>, com os tr\u00e2mites completos, <strong><a style=\"background-color: #ffff99;\" href=\"https:\/\/wp.ufpel.edu.br\/prec\/projetos\/tutoriais\/\" target=\"_blank\" rel=\"noopener noreferrer\">nesta p\u00e1gina.<\/a><\/strong><\/span><\/p>\n<p>Abaixo, est\u00e3o reunidos pequenos <strong>tutoriais<\/strong> com respostas \u00e0s<strong> d\u00favidas mais frequentes<\/strong> com rela\u00e7\u00e3o a <strong>cadastro e edi\u00e7\u00e3o <\/strong>de projetos de Extens\u00e3o, no <a href=\"https:\/\/cobalto.ufpel.edu.br\/\" target=\"_blank\" rel=\"noopener noreferrer\">Cobalto<\/a>.<\/p>\n<p>Se voc\u00ea ainda n\u00e3o possui um projeto, <strong>veja como come\u00e7ar &#8211; Guia da PREC<\/strong> para cadastro de projetos no Cobalto: <a href=\"https:\/\/www.youtube.com\/watch?v=eNcWifh9btA&amp;feature=youtu.be\" target=\"_blank\" rel=\"noopener noreferrer\">em v\u00eddeo<\/a> ou <a href=\"https:\/\/wp.ufpel.edu.br\/prec\/files\/2019\/05\/Tutorial-do-Projeto.pdf\" target=\"_blank\" rel=\"noopener noreferrer\">em pdf.<\/a><\/p>\n<h2><strong>D\u00favidas frequentes:<\/strong><\/h2>\n<p><span style=\"font-size: 12pt; background-color: #ffff99;\"><strong>Adicionar alunos\/servidores<\/strong> na a\u00e7\u00e3o:<\/span><\/p>\n<\/div>\n<ol style=\"text-align: justify;\">\n<li><span style=\"font-size: 12pt;\">Clicar na aba <strong>A\u00e7\u00f5es<\/strong>;<\/span><\/li>\n<li><span style=\"font-size: 12pt;\">Selecionar com um clique a a\u00e7\u00e3o desejada;<\/span><\/li>\n<li><span style=\"font-size: 12pt;\">Bot\u00e3o <strong>Alterar<\/strong> (acima);<\/span><\/li>\n<li><span style=\"font-size: 12pt;\">Uma pequena janela se abriu: ir at\u00e9 a aba <strong>Equipe<\/strong>;<\/span><\/li>\n<li><span style=\"font-size: 12pt;\">Selecionar op\u00e7\u00e3o<strong> Aluno\/Servidor\/Outro<\/strong> e preencher os dados;<\/span><\/li>\n<li><span style=\"font-size: 12pt;\">Bot\u00e3o <strong>Salvar<\/strong> (acima, esquerda).<\/span><\/li>\n<\/ol>\n<p style=\"text-align: justify;\">No caso de <strong>Ser<span style=\"font-size: 12pt;\">vidor<\/span><\/strong><span style=\"font-size: 12pt;\">, ainda \u00e9 preciso:<\/span><\/p>\n<ol style=\"text-align: justify;\">\n<li style=\"text-align: justify;\"><span style=\"font-size: 12pt;\">Ir at\u00e9 a\u00a0aba <b>Equipe; <\/b><\/span><\/li>\n<li style=\"text-align: justify;\"><span style=\"font-size: 12pt;\">Depois na<b> aba Servidores<\/b>: t<\/span><span style=\"font-size: 12pt;\">udo o que estiver em vermelho dever\u00e1 ser enviado para aprova\u00e7\u00e3o (bot\u00e3o \u00e0 esquerda:\u00a0<b>Enviar \u00e0 Aprova\u00e7\u00e3o<\/b>).<a href=\"https:\/\/wp.ufpel.edu.br\/clc\/files\/2018\/06\/Cobalto-equipe-servidores.png\"><img loading=\"lazy\" decoding=\"async\" class=\"alignleft wp-image-6717 size-full\" src=\"https:\/\/wp.ufpel.edu.br\/clc\/files\/2018\/06\/Cobalto-equipe-servidores.png\" alt=\"\" width=\"1261\" height=\"611\" srcset=\"https:\/\/wp.ufpel.edu.br\/clc\/files\/2018\/06\/Cobalto-equipe-servidores.png 1261w, https:\/\/wp.ufpel.edu.br\/clc\/files\/2018\/06\/Cobalto-equipe-servidores-212x103.png 212w, https:\/\/wp.ufpel.edu.br\/clc\/files\/2018\/06\/Cobalto-equipe-servidores-424x205.png 424w, https:\/\/wp.ufpel.edu.br\/clc\/files\/2018\/06\/Cobalto-equipe-servidores-768x372.png 768w\" sizes=\"auto, (max-width: 1261px) 100vw, 1261px\" \/><\/a><\/span><\/li>\n<\/ol>\n<p>&nbsp;<\/p>\n<hr \/>\n<p><span style=\"background-color: #e4e9f7;\"><strong>Excluir alunos\/servidores <\/strong>na a\u00e7\u00e3o:<\/span><\/p>\n<ol>\n<li>Clicar na aba A\u00e7\u00f5es;<\/li>\n<li>Selecionar com um clique a a\u00e7\u00e3o desejada;<\/li>\n<li>Bot\u00e3o <strong>Alterar<\/strong> (acima);<\/li>\n<li>Uma pequena janela se abriu: ir at\u00e9 a aba <strong>Equipe<\/strong>;<\/li>\n<li>Selecionar o participante com um clique;<\/li>\n<li><strong>Bot\u00e3o Excluir;<\/strong><\/li>\n<li>Bot\u00e3o Salvar (acima, esquerda).<\/li>\n<\/ol>\n<hr \/>\n<div style=\"text-align: justify;\"><span style=\"font-size: 12pt; font-family: georgia, palatino, serif; background-color: #fcd9d9; color: #333333;\"><b><strong><span style=\"background-color: #ffff99;\">Renova\u00e7\u00e3o de projetos:<\/span><\/strong><span style=\"background-color: #ffff99;\"> a<\/span><span style=\"background-color: #ffff99;\">\u00a0renova\u00e7\u00e3o funciona como uma reedi\u00e7\u00e3o do projeto, <\/span><strong><span style=\"background-color: #ffff99;\">pelo mesmo tempo do cadastro inicial. <\/span><\/strong><\/b><\/span><\/div>\n<div style=\"text-align: justify;\"><span style=\"font-size: 12pt; font-family: georgia, palatino, serif; background-color: #fcd9d9; color: #333333;\"><b><span style=\"background-color: #ffff99;\">Ex.: se o projeto tem dois anos, ser\u00e1 renovado por mais dois. <strong>N\u00e3o h\u00e1 limite de vezes<\/strong> para renova\u00e7\u00e3o.<\/span><\/b><\/span><\/div>\n<div>Clicar no bot\u00e3o Novo. Escolher o projeto. Preencher os dados solicitados.<\/div>\n<div><\/div>\n<div style=\"text-align: justify;\"><span style=\"font-size: 12pt; font-family: georgia, palatino, serif; background-color: #fcd9d9;\"><b>Prorroga\u00e7\u00e3o de projetos: <\/b>a\u00a0prorroga\u00e7\u00e3o s\u00f3 pode ser <strong>solicitada uma vez<\/strong> e serve para prorrogar o projeto por um per\u00edodo de no m\u00e1ximo <b>um ano.<\/b><\/span><\/div>\n<div><\/div>\n<p style=\"text-align: justify;\"><a href=\"https:\/\/wp.ufpel.edu.br\/clc\/files\/2018\/11\/prorroga\u00e7\u00e3o-1.png\"><img loading=\"lazy\" decoding=\"async\" class=\"alignnone wp-image-8550\" src=\"https:\/\/wp.ufpel.edu.br\/clc\/files\/2018\/11\/prorroga\u00e7\u00e3o-1.png\" alt=\"\" width=\"342\" height=\"447\" srcset=\"https:\/\/wp.ufpel.edu.br\/clc\/files\/2018\/11\/prorroga\u00e7\u00e3o-1.png 477w, https:\/\/wp.ufpel.edu.br\/clc\/files\/2018\/11\/prorroga\u00e7\u00e3o-1-122x159.png 122w, https:\/\/wp.ufpel.edu.br\/clc\/files\/2018\/11\/prorroga\u00e7\u00e3o-1-243x318.png 243w\" sizes=\"auto, (max-width: 342px) 100vw, 342px\" \/><\/a><\/p>\n<p style=\"text-align: justify;\">Clicar no bot\u00e3o Novo. Escolher o projeto. Preencher os dados solicitados.<\/p>\n<p style=\"text-align: justify;\"><span style=\"font-size: 12pt; background-color: #ffccd5;\">Regulariza\u00e7\u00e3o de <strong>projetos renovados\/prorrogados:<\/strong><\/span><\/p>\n<p style=\"text-align: justify;\"><span style=\"font-size: 12pt;\">Ap\u00f3s o projeto ser prorrogado (aceite da PREC), ele precisa possuir equipe de trabalho que abranja o novo per\u00edodo ao qual foi estendido, de modo a &#8220;cobrir&#8221; tal\u00a0<span class=\"il\">prorroga<\/span>\u00e7\u00e3o. Quando um projeto \u00e9\u00a0<span class=\"il\">prorrogado<\/span>, apenas a carga hor\u00e1ria das\/os coordenadoras\/es \u00e9 atualizada pela PREC.<\/span><\/p>\n<div>\n<div style=\"text-align: justify;\"><span style=\"font-size: 12pt;\">Para tanto:<\/span><\/div>\n<ol style=\"text-align: justify;\">\n<li style=\"text-align: justify;\"><span style=\"font-size: 12pt;\">Ir at\u00e9 a\u00a0<b>aba A\u00e7\u00f5es\u00a0<\/b>do projeto no\u00a0<b>Cobalto\u00a0<\/b>&#8211; uma pequena janela se abrir\u00e1;<\/span><\/li>\n<li style=\"text-align: justify;\"><span style=\"font-size: 12pt;\">Escolher uma a\u00e7\u00e3o e clicar no bot\u00e3o <strong>Alterar<\/strong>;<\/span><\/li>\n<li style=\"text-align: justify;\"><span style=\"font-size: 12pt;\">Ir at\u00e9 a aba\u00a0<b>Equipe<\/b>: alterar, para mais, o per\u00edodo de algum\/ns participante\/s da equipe. Ou, adicionar novo\/s participante\/s, que compreendam o per\u00edodo da\u00a0<span class=\"il\">prorroga<\/span>\u00e7\u00e3o;<\/span><\/li>\n<li style=\"text-align: justify;\"><span style=\"font-size: 12pt;\"><span style=\"font-size: 12pt;\"><b>Salvar\u00a0<\/b>a a\u00e7\u00e3o como um todo (bot\u00e3o salvar, \u00e0 esquerda da pequena aba).<\/span><\/span><br \/>\n<hr \/>\n<\/li>\n<\/ol>\n<hr \/>\n<div style=\"text-align: justify;\">\n<p><span style=\"font-size: 12pt;\"><span style=\"background-color: #d0e2f5;\"><b>Relat\u00f3rios:\u00a0<\/b><\/span>a partir de julho\/18 s\u00e3o realizados no <a href=\"https:\/\/cobalto.ufpel.edu.br\/projetos\/coordenacao\/relatorio\" target=\"_blank\" rel=\"noopener noreferrer\">Cobalto<\/a>.<\/span><\/p>\n<p><a href=\"https:\/\/wp.ufpel.edu.br\/clc\/files\/2018\/07\/cobalto-relatorio2.png\"><img loading=\"lazy\" decoding=\"async\" class=\"alignnone size-full wp-image-7435\" src=\"https:\/\/wp.ufpel.edu.br\/clc\/files\/2018\/07\/cobalto-relatorio2.png\" alt=\"\" width=\"1886\" height=\"568\" srcset=\"https:\/\/wp.ufpel.edu.br\/clc\/files\/2018\/07\/cobalto-relatorio2.png 1886w, https:\/\/wp.ufpel.edu.br\/clc\/files\/2018\/07\/cobalto-relatorio2-212x64.png 212w, https:\/\/wp.ufpel.edu.br\/clc\/files\/2018\/07\/cobalto-relatorio2-424x128.png 424w, https:\/\/wp.ufpel.edu.br\/clc\/files\/2018\/07\/cobalto-relatorio2-768x231.png 768w\" sizes=\"auto, (max-width: 1886px) 100vw, 1886px\" \/><\/a><\/p>\n<p><span style=\"font-size: 12pt;\">&#8220;Submiss\u00e3o de Relat\u00f3rio de Projeto\/A\u00e7\u00e3o de Extens\u00e3o: Qual o prazo para entrega do relat\u00f3rio 2017? A Resolu\u00e7\u00e3o 10\/2015 \u2013 COCEPE que versa sobre os projetos unificados, orienta que os relat\u00f3rios devem ser apresentados na Pr\u00f3\u2010Reitoria da \u00eanfase do projeto <strong>no prazo m\u00e1ximo de 30 dias a contar da data fim do projeto\/a\u00e7\u00e3o.<\/strong><\/span><\/p>\n<p><span style=\"font-size: 12pt;\">D\u00favida: \u201cMeu projeto encerra em 2019, tenho que apresentar algum relat\u00f3rio deste ano que passou?\u201d\u00a0<\/span><b style=\"font-size: 12pt;\">N\u00e3o h\u00e1 necessidade de submiss\u00e3o de relat\u00f3rios parciais<\/b><span style=\"font-size: 12pt;\">, neste momento, pois o sistema n\u00e3o conta com esta funcionalidade.\u00a0<\/span><\/p>\n<\/div>\n<div>\n<p style=\"text-align: justify;\"><span style=\"font-size: 12pt;\"><b>Entretanto, no caso de certifica\u00e7\u00e3o, as a\u00e7\u00f5es dever\u00e3o ser relatadas<\/b>\u00a0para certificar ou, ainda, solicitar certificado para aqueles membros que cessaram o v\u00ednculo, se for o caso.<\/span><\/p>\n<div>\n<div style=\"text-align: justify;\">\n<p><span style=\"font-size: 12pt;\"><i>Em outras palavras,<\/i>\u00a0se o projeto vai continuar vigente por mais tempo, mas j\u00e1 h\u00e1 a\u00e7\u00f5es com &#8220;turmas&#8221; encerradas, os certificados podem ser solicitados, mas somente ap\u00f3s o<b>\u00a0envio do relat\u00f3rio,<\/b>\u00a0o qual ser\u00e1:<\/span><\/p>\n<p><span style=\"font-size: 12pt;\"><strong>* Geral do projeto,<\/strong> se todas as a\u00e7\u00f5es do projeto forem certificadas;<br \/>\n<\/span><span style=\"font-size: 12pt;\"><strong>* De uma ou outra a\u00e7\u00e3o<\/strong> em espec\u00edfico, se somente elas forem certificadas.<br \/>\n<\/span><span style=\"font-size: 12pt;\">O relat\u00f3rio, nestes casos, <strong>n\u00e3o<\/strong> indicaria o t\u00e9rmino do projeto.\u00a0<\/span><\/p>\n<hr \/>\n<p><strong><span style=\"background-color: #ccffcc;\">Visualiza\u00e7\u00e3o de todos os projetos de extens\u00e3o da UFPel<\/span><\/strong><\/p>\n<p style=\"text-align: justify;\">A C\u00e2mara de Extens\u00e3o do CLC atenta em especial para a possibilidade de\u00a0<strong>visualizar<\/strong> todos os projetos\u00a0cadastrados na UFPel, por toda a\u00a0comunidade universit\u00e1ria, diretamente no Cobalto. Basta entrar em &#8220;Projetos unificados&#8221;, em &#8220;cadastro&#8221; (caso seja servidor) ou em &#8220;consulta&#8221; (caso seja aluno), e selecionar todos os projetos. Pode-se optar pelo\u00a0filtro avan\u00e7ado\u00a0para pesquisar por\u00a0Equipe,\u00a0Ano de realiza\u00e7\u00e3o,\u00a0Unidade de origem,\u00a0Grande \u00e1rea e\u00a0Status. Esta ferramenta d\u00e1 visibilidade e transpar\u00eancia aos nossos projetos, cumprindo com o princ\u00edpio da publicidade dos processos.<\/p>\n<p><a href=\"https:\/\/wp.ufpel.edu.br\/clc\/files\/2018\/10\/cobalto-1.png\"><img loading=\"lazy\" decoding=\"async\" class=\"alignnone size-full wp-image-8196\" src=\"https:\/\/wp.ufpel.edu.br\/clc\/files\/2018\/10\/cobalto-1.png\" alt=\"\" width=\"897\" height=\"415\" srcset=\"https:\/\/wp.ufpel.edu.br\/clc\/files\/2018\/10\/cobalto-1.png 897w, https:\/\/wp.ufpel.edu.br\/clc\/files\/2018\/10\/cobalto-1-212x98.png 212w, https:\/\/wp.ufpel.edu.br\/clc\/files\/2018\/10\/cobalto-1-424x196.png 424w, https:\/\/wp.ufpel.edu.br\/clc\/files\/2018\/10\/cobalto-1-768x355.png 768w\" sizes=\"auto, (max-width: 897px) 100vw, 897px\" \/><\/a>\u00a0<a href=\"https:\/\/wp.ufpel.edu.br\/clc\/files\/2018\/10\/cobalto-2.png\"><img loading=\"lazy\" decoding=\"async\" class=\"alignnone size-full wp-image-8195\" src=\"https:\/\/wp.ufpel.edu.br\/clc\/files\/2018\/10\/cobalto-2.png\" alt=\"\" width=\"864\" height=\"498\" srcset=\"https:\/\/wp.ufpel.edu.br\/clc\/files\/2018\/10\/cobalto-2.png 864w, https:\/\/wp.ufpel.edu.br\/clc\/files\/2018\/10\/cobalto-2-212x122.png 212w, https:\/\/wp.ufpel.edu.br\/clc\/files\/2018\/10\/cobalto-2-424x244.png 424w, https:\/\/wp.ufpel.edu.br\/clc\/files\/2018\/10\/cobalto-2-768x443.png 768w\" sizes=\"auto, (max-width: 864px) 100vw, 864px\" \/><\/a><\/p>\n<p style=\"text-align: justify;\">Not\u00edcia completa publicada em:\u00a0<a href=\"https:\/\/wp.ufpel.edu.br\/prec\/2018\/10\/08\/liberada-a-renovacao-e-a-consulta-de-projetos-de-extensao-na-plataforma-dos-projetos-unificados-no-cobalto\/\" target=\"_blank\" rel=\"noopener noreferrer\">https:\/\/wp.ufpel.edu.br\/prec\/2018\/10\/08\/liberada-a-renovacao-e-a-consulta-de-projetos-de-extensao-na-plataforma-dos-projetos-unificados-no-cobalto\/<\/a><\/p>\n<hr \/>\n<p style=\"text-align: justify;\"><span style=\"background-color: #ffff99;\">Projetos com <strong>recursos financeiros<\/strong><\/span><\/p>\n<p style=\"text-align: justify;\">Projetos de extens\u00e3o com administra\u00e7\u00e3o de recursos financeiros pela <strong>Funda\u00e7\u00e3o<\/strong> dever\u00e3o ser informados na aba espec\u00edfica com o preenchimento do Plano de aplica\u00e7\u00e3o.<\/p>\n<p>Projetos com recursos de <strong>\u00f3rg\u00e3os de fomento externo<\/strong> o coordenador dever\u00e1 fazer o \u201cupload\u201d do documento que comprove.<\/p>\n<p>Para cadastrar novas fontes financiadoras, \u00e9 necess\u00e1rio entrar em contato com a CIP (COmiss\u00e3o Interdisciplinar de Projetos) atrav\u00e9s do e\u2010mail <a href=\"mailto:cip.ufpel@gmail.com\" target=\"_blank\" rel=\"noopener noreferrer\">cip.ufpel@gmail.com<\/a><\/p>\n<p><a href=\"https:\/\/wp.ufpel.edu.br\/clc\/files\/2018\/06\/Cobalto-financeiro.png\"><img loading=\"lazy\" decoding=\"async\" class=\"alignnone size-full wp-image-6719\" src=\"https:\/\/wp.ufpel.edu.br\/clc\/files\/2018\/06\/Cobalto-financeiro.png\" alt=\"\" width=\"833\" height=\"594\" srcset=\"https:\/\/wp.ufpel.edu.br\/clc\/files\/2018\/06\/Cobalto-financeiro.png 833w, https:\/\/wp.ufpel.edu.br\/clc\/files\/2018\/06\/Cobalto-financeiro-212x151.png 212w, https:\/\/wp.ufpel.edu.br\/clc\/files\/2018\/06\/Cobalto-financeiro-424x302.png 424w, https:\/\/wp.ufpel.edu.br\/clc\/files\/2018\/06\/Cobalto-financeiro-768x548.png 768w\" sizes=\"auto, (max-width: 833px) 100vw, 833px\" \/><\/a><\/p>\n<\/div>\n<\/div>\n<\/div>\n<\/div>\n","protected":false},"excerpt":{"rendered":"<p>A Pr\u00f3-Reitoria de Extens\u00e3o e Cultura disponibilizou tutoriais em v\u00eddeo e em PDF, com os tr\u00e2mites completos, nesta p\u00e1gina. Abaixo, est\u00e3o reunidos pequenos tutoriais com respostas \u00e0s d\u00favidas mais frequentes com rela\u00e7\u00e3o a cadastro e edi\u00e7\u00e3o de projetos de Extens\u00e3o, &hellip; <a href=\"https:\/\/wp.ufpel.edu.br\/clc\/tutoriais-projetos-de-extensao-no-cobalto\/\">Continue lendo <span class=\"meta-nav\">&rarr;<\/span><\/a><\/p>\n","protected":false},"author":50,"featured_media":0,"parent":0,"menu_order":0,"comment_status":"closed","ping_status":"closed","template":"","meta":{"footnotes":""},"class_list":["post-6700","page","type-page","status-publish","hentry"],"_links":{"self":[{"href":"https:\/\/wp.ufpel.edu.br\/clc\/wp-json\/wp\/v2\/pages\/6700","targetHints":{"allow":["GET"]}}],"collection":[{"href":"https:\/\/wp.ufpel.edu.br\/clc\/wp-json\/wp\/v2\/pages"}],"about":[{"href":"https:\/\/wp.ufpel.edu.br\/clc\/wp-json\/wp\/v2\/types\/page"}],"author":[{"embeddable":true,"href":"https:\/\/wp.ufpel.edu.br\/clc\/wp-json\/wp\/v2\/users\/50"}],"replies":[{"embeddable":true,"href":"https:\/\/wp.ufpel.edu.br\/clc\/wp-json\/wp\/v2\/comments?post=6700"}],"version-history":[{"count":20,"href":"https:\/\/wp.ufpel.edu.br\/clc\/wp-json\/wp\/v2\/pages\/6700\/revisions"}],"predecessor-version":[{"id":15079,"href":"https:\/\/wp.ufpel.edu.br\/clc\/wp-json\/wp\/v2\/pages\/6700\/revisions\/15079"}],"wp:attachment":[{"href":"https:\/\/wp.ufpel.edu.br\/clc\/wp-json\/wp\/v2\/media?parent=6700"}],"curies":[{"name":"wp","href":"https:\/\/api.w.org\/{rel}","templated":true}]}}