{"id":51,"date":"2011-11-11T09:49:25","date_gmt":"2011-11-11T12:49:25","guid":{"rendered":"https:\/\/wp.ufpel.edu.br\/letras\/"},"modified":"2023-11-22T18:32:37","modified_gmt":"2023-11-22T21:32:37","slug":"cursos","status":"publish","type":"page","link":"https:\/\/wp.ufpel.edu.br\/clc\/cursos\/","title":{"rendered":"Cursos"},"content":{"rendered":"<p>O Centro de Letras e Comunica\u00e7\u00e3o oferece os seguintes Cursos de Gradua\u00e7\u00e3o:<\/p>\n<p>-Licenciaturas em:<\/p>\n<p><a href=\"https:\/\/wp.ufpel.edu.br\/alemao\/curso\/\">Alem\u00e3o<\/a>, <a href=\"https:\/\/wp.ufpel.edu.br\/espanhol\/curso\/\">Espanhol<\/a>, <a href=\"https:\/\/wp.ufpel.edu.br\/espanholead\/\">Espanhol EAD<\/a>, <a href=\"https:\/\/wp.ufpel.edu.br\/frances\/curso\/\">Franc\u00eas<\/a>, <a href=\"https:\/\/wp.ufpel.edu.br\/portugues\/curso\/\">Portugu\u00eas<\/a>, <a href=\"https:\/\/wp.ufpel.edu.br\/ingles\/curso\/\">Ingl\u00eas<\/a>\u00a0e Libras (site em constru\u00e7\u00e3o).<\/p>\n<p>-Bacharelados em:<\/p>\n<p><a href=\"https:\/\/wp.ufpel.edu.br\/rrt\/curso\/\">Reda\u00e7\u00e3o e Revis\u00e3o de Textos<\/a>; <a href=\"https:\/\/wp.ufpel.edu.br\/traducaoespanhol\/curso\/\">Tradu\u00e7\u00e3o Port\/Espanhol<\/a>; <a href=\"https:\/\/wp.ufpel.edu.br\/traducaoingles\/organizacao\/\">Tradu\u00e7\u00e3o Port\/Ingl\u00eas<\/a> e <a href=\"https:\/\/wp.ufpel.edu.br\/jornalismo\/\">Jornalismo<\/a>.<\/p>\n<p>Conhe\u00e7a os cursos acessando suas respectivas p\u00e1ginas, pelos links acima, ou pela busca por cursos no site Institucional UFPel: <a href=\"https:\/\/institucional.ufpel.edu.br\/\">https:\/\/institucional.ufpel.edu.br\/<\/a> .<\/p>\n<p style=\"text-align: justify;\"><strong>Pequeno guia para os semestres finais do curso de Licenciatura em Letras \u2013 Portugu\u00eas e\u00a0 Licenciatura em Letras \u2013 Portugu\u00eas e L\u00ednguas Estrangeiras:<\/strong><\/p>\n<p style=\"text-align: justify;\">Publicado em setembro de 2022, cont\u00e9m dicas para os acad\u00eamicos que est\u00e3o prestes a se formar. Eles podem ser acessados pelos links:<\/p>\n<p style=\"text-align: justify;\"><a href=\"https:\/\/wp.ufpel.edu.br\/clc\/files\/2022\/09\/Pequeno-guia-para-o-final-do-curso-CLC.pdf\">Pequeno guia para o final do curso &#8211; LE <\/a><\/p>\n<p><a href=\"https:\/\/wp.ufpel.edu.br\/clc\/files\/2022\/09\/Pequeno-guia-para-o-final-do-curso-PORTUGUES.pdf\">Pequeno guia para o final do curso &#8211; PORTUGU\u00caS<\/a><\/p>\n<hr \/>\n<p>O Centro de Letras e Comunica\u00e7\u00e3o oferece os cursos de <strong>Mestrado e Doutorado em Letras:<\/strong> <a href=\"http:\/\/Programa de P\u00f3s-Gradua\u00e7\u00e3o em Letras\">https:\/\/wp.ufpel.edu.br\/ppgl\/<\/a><\/p>\n","protected":false},"excerpt":{"rendered":"<p>O Centro de Letras e Comunica\u00e7\u00e3o oferece os seguintes Cursos de Gradua\u00e7\u00e3o: -Licenciaturas em: Alem\u00e3o, Espanhol, Espanhol EAD, Franc\u00eas, Portugu\u00eas, Ingl\u00eas\u00a0e Libras (site em constru\u00e7\u00e3o). -Bacharelados em: Reda\u00e7\u00e3o e Revis\u00e3o de Textos; Tradu\u00e7\u00e3o Port\/Espanhol; Tradu\u00e7\u00e3o Port\/Ingl\u00eas e Jornalismo. Conhe\u00e7a os &hellip; <a href=\"https:\/\/wp.ufpel.edu.br\/clc\/cursos\/\">Continue lendo <span class=\"meta-nav\">&rarr;<\/span><\/a><\/p>\n","protected":false},"author":143,"featured_media":0,"parent":0,"menu_order":0,"comment_status":"closed","ping_status":"closed","template":"","meta":{"footnotes":""},"class_list":["post-51","page","type-page","status-publish","hentry"],"_links":{"self":[{"href":"https:\/\/wp.ufpel.edu.br\/clc\/wp-json\/wp\/v2\/pages\/51","targetHints":{"allow":["GET"]}}],"collection":[{"href":"https:\/\/wp.ufpel.edu.br\/clc\/wp-json\/wp\/v2\/pages"}],"about":[{"href":"https:\/\/wp.ufpel.edu.br\/clc\/wp-json\/wp\/v2\/types\/page"}],"author":[{"embeddable":true,"href":"https:\/\/wp.ufpel.edu.br\/clc\/wp-json\/wp\/v2\/users\/143"}],"replies":[{"embeddable":true,"href":"https:\/\/wp.ufpel.edu.br\/clc\/wp-json\/wp\/v2\/comments?post=51"}],"version-history":[{"count":17,"href":"https:\/\/wp.ufpel.edu.br\/clc\/wp-json\/wp\/v2\/pages\/51\/revisions"}],"predecessor-version":[{"id":16020,"href":"https:\/\/wp.ufpel.edu.br\/clc\/wp-json\/wp\/v2\/pages\/51\/revisions\/16020"}],"wp:attachment":[{"href":"https:\/\/wp.ufpel.edu.br\/clc\/wp-json\/wp\/v2\/media?parent=51"}],"curies":[{"name":"wp","href":"https:\/\/api.w.org\/{rel}","templated":true}]}}