{"id":2,"date":"2014-04-24T11:03:24","date_gmt":"2014-04-24T14:03:24","guid":{"rendered":""},"modified":"2019-05-27T09:54:58","modified_gmt":"2019-05-27T12:54:58","slug":"sobre","status":"publish","type":"page","link":"https:\/\/wp.ufpel.edu.br\/cis\/","title":{"rendered":"Sobre"},"content":{"rendered":"<p class=\"Texto_Justificado_Recuo_Primeira_Linha\" style=\"text-align: justify\"><strong>Em rela\u00e7\u00e3o \u00e0 organiza\u00e7\u00e3o do colegiado e aos membros da CIS:<\/strong><\/p>\n<p class=\"Texto_Justificado_Recuo_Primeira_Linha\" style=\"text-align: justify\">A CIS \u00e9 composta por membros eleitos atrav\u00e9s de consulta \u00e0 comunidade, que ter\u00e3o um mandato de tr\u00eas anos com a finalidade de acompanhar e fiscalizar a implanta\u00e7\u00e3o do plano de carreira. O n\u00famero de membros \u00e9 definido pelo n\u00famero de servidores ativos e aposentados e instituidores de pens\u00e3o, optantes pela carreira, sendo de 07 (sete) membros titulares quando o n\u00famero de optantes for igual ou inferior a 3000 (tr\u00eas mil) e ser\u00e1 acrescido de mais um membro titular sempre que o n\u00famero de optantes aumentarem em mais 1000 (um mil) ou em fra\u00e7\u00e3o superior a 500 (quinhentos). S\u00e3o considerados eleg\u00edveis os servidores ativos e aposentados e os instituidores de pens\u00e3o, sendo titulares os mais votados e suplentes os subsequentes, at\u00e9 o limite do n\u00famero de membros titulares (Regimento da CIS\/UFPel, 2008).<\/p>\n<p class=\"Texto_Justificado_Recuo_Primeira_Linha\" style=\"text-align: justify\">A CIS faz o papel de mediadora nos conflitos e dos pareceres que embasam as decis\u00f5es com rela\u00e7\u00e3o \u00e0 vida funcional dos servidores junto \u00e0 Pr\u00f3-Reitoria de Gest\u00e3o de Pessoas.<\/p>\n<p class=\"Texto_Justificado_Recuo_Primeira_Linha\" style=\"text-align: justify\"><strong>A finalidade da CIS:<\/strong><\/p>\n<p class=\"Texto_Justificado_Recuo_Primeira_Linha\" style=\"text-align: justify\">Acompanhar a implanta\u00e7\u00e3o do plano de carreira em todas as suas etapas, bem como o trabalho da Comiss\u00e3o de Enquadramento; auxiliar a \u00e1rea de pessoal, bem como os servidores, quanto ao plano de carreira dos cargos t\u00e9cnico-administrativos em educa\u00e7\u00e3o; fiscalizar e avaliar a implementa\u00e7\u00e3o do plano de carreira no \u00e2mbito da Universidade Federal de Pelotas; propor a Comiss\u00e3o Nacional de Supervis\u00e3o as altera\u00e7\u00f5es necess\u00e1rias para o aprimoramento do plano de carreira; apresentar propostas e fiscalizar a elabora\u00e7\u00e3o e a execu\u00e7\u00e3o do plano de desenvolvimento de pessoal da Universidade Federal de Pelotas e seus programas de capacita\u00e7\u00e3o, avalia\u00e7\u00e3o e dimensionamento das necessidades de pessoal e o modelo de aloca\u00e7\u00e3o de vagas; avaliar, anualmente, as propostas de lota\u00e7\u00e3o de pessoal da Universidade Federal de Pelotas, conforme o inciso I do \u00a71\u00ba do artigo 24 da lei n.\u00ba 11.091, de 12 de janeiro de 2005; acompanhar o processo de identifica\u00e7\u00e3o dos ambientes organizacionais da Universidade Federal de Pelotas, propostos pela \u00e1rea de pessoal, bem como os cargos que os integram; examinar os casos omissos referentes ao plano de carreira e encaminh\u00e1-los \u00e0 Comiss\u00e3o Nacional de Supervis\u00e3o.<\/p>\n<p class=\"Texto_Justificado_Recuo_Primeira_Linha\"><strong>Coordena\u00e7\u00e3o tri\u00eanio 2019\/2021 \u2013\u00a0<\/strong>PORTARIA N\u00ba 1052, DE 25 DE ABRIL DE 2019<\/p>\n<ul>\n<li class=\"Tabela_Texto_Alinhado_Esquerda\">Antonio Augusto da Silva Azambuja\u200b (Coordenador)<\/li>\n<li class=\"Tabela_Texto_Alinhado_Esquerda\">Helo\u00edsa Helena Campelo Rodrigues da Rocha (Coordenadora Adjunta)<\/li>\n<li class=\"Tabela_Texto_Alinhado_Esquerda\">Barto Olivan Rosa de Farias\u200b<\/li>\n<li class=\"Tabela_Texto_Alinhado_Esquerda\">Denir Domingues Cunha\u200b<\/li>\n<li class=\"Tabela_Texto_Alinhado_Esquerda\">Edimar Gon\u00e7alves Ribeiro\u200b<\/li>\n<li class=\"Tabela_Texto_Alinhado_Esquerda\">Jo\u00e3o Paulo Voltan Adamoli\u200b<\/li>\n<li class=\"Tabela_Texto_Alinhado_Esquerda\">Ot\u00e1vio Augusto Zanin Delevedove<\/li>\n<\/ul>\n<p class=\"Tabela_Texto_Alinhado_Esquerda\">Fonte: <a href=\"https:\/\/wp.ufpel.edu.br\/cis\/regimento\/\" target=\"_blank\" rel=\"noopener noreferrer\" data-cke-saved-href=\"https:\/\/wp.ufpel.edu.br\/cis\/regimento\/\">Regimento da CIS<\/a>\/UFPel, 2008<\/p>\n<p><strong><span style=\"color: #666666\">Sala de reuni\u00f5es semanais (todas as ter\u00e7as-feiras): B 407 4<sup><u>o<\/u><\/sup>\u00a0andar<\/span><\/strong><\/p>\n<p><strong><span style=\"color: #666666\">Atendimento<\/span><\/strong><\/p>\n<p><span style=\"color: #666666\">Hor\u00e1rio: D<\/span><span style=\"color: #666666\">e segunda \u00e0\u00a0sexta, das 8<\/span><span style=\"color: #666666\">h\u00a0<\/span><span style=\"color: #666666\">\u00e1<\/span><span style=\"color: #666666\">s\u00a014h.<\/span><br \/>\nCampus Porto\/Anglo &#8211; Sala junto a PROGEP<br \/>\nRua Gomes Carneiro, 01 &#8211; Centro<br \/>\nPelotas &#8211; RS, Brasil &#8211; 96010-610<\/p>\n<p class=\"Tabela_Texto_Alinhado_Esquerda\"><strong>Sala de reuni\u00f5es semanais<\/strong> (todas as ter\u00e7as-feiras): <strong>B 407 4<sup><u>o<\/u><\/sup>\u00a0andar<\/strong><\/p>\n<p class=\"Tabela_Texto_Alinhado_Esquerda\"><strong>SITE:<\/strong> <a href=\"https:\/\/wp.ufpel.edu.br\/cis\/\" target=\"_blank\" rel=\"noopener noreferrer\" data-cke-saved-href=\"https:\/\/wp.ufpel.edu.br\/cis\/\">https:\/\/wp.ufpel.edu.br\/cis\/<\/a><\/p>\n<p class=\"Tabela_Texto_Alinhado_Esquerda\"><strong>E-mail:<\/strong> <a href=\"mailto:cis@ufpel.edu.br\" target=\"_blank\" rel=\"noopener noreferrer\" data-cke-saved-href=\"mailto:cis@ufpel.edu.br\">cis@ufpel.edu.br<\/a><\/p>\n<p>&nbsp;<\/p>\n<p>&nbsp;<\/p>\n","protected":false},"excerpt":{"rendered":"<p>Em rela\u00e7\u00e3o \u00e0 organiza\u00e7\u00e3o do colegiado e aos membros da CIS: A CIS \u00e9 composta por membros eleitos atrav\u00e9s de consulta \u00e0 comunidade, que ter\u00e3o um mandato de tr\u00eas anos com a finalidade de acompanhar e fiscalizar a implanta\u00e7\u00e3o do plano de carreira. O n\u00famero de membros \u00e9 definido pelo n\u00famero de servidores ativos e [&hellip;]<\/p>\n","protected":false},"author":251,"featured_media":0,"parent":0,"menu_order":1,"comment_status":"closed","ping_status":"closed","template":"","meta":{"footnotes":""},"class_list":["post-2","page","type-page","status-publish","hentry"],"_links":{"self":[{"href":"https:\/\/wp.ufpel.edu.br\/cis\/wp-json\/wp\/v2\/pages\/2","targetHints":{"allow":["GET"]}}],"collection":[{"href":"https:\/\/wp.ufpel.edu.br\/cis\/wp-json\/wp\/v2\/pages"}],"about":[{"href":"https:\/\/wp.ufpel.edu.br\/cis\/wp-json\/wp\/v2\/types\/page"}],"author":[{"embeddable":true,"href":"https:\/\/wp.ufpel.edu.br\/cis\/wp-json\/wp\/v2\/users\/251"}],"replies":[{"embeddable":true,"href":"https:\/\/wp.ufpel.edu.br\/cis\/wp-json\/wp\/v2\/comments?post=2"}],"version-history":[{"count":13,"href":"https:\/\/wp.ufpel.edu.br\/cis\/wp-json\/wp\/v2\/pages\/2\/revisions"}],"predecessor-version":[{"id":150,"href":"https:\/\/wp.ufpel.edu.br\/cis\/wp-json\/wp\/v2\/pages\/2\/revisions\/150"}],"wp:attachment":[{"href":"https:\/\/wp.ufpel.edu.br\/cis\/wp-json\/wp\/v2\/media?parent=2"}],"curies":[{"name":"wp","href":"https:\/\/api.w.org\/{rel}","templated":true}]}}