{"id":149,"date":"2025-05-17T23:35:02","date_gmt":"2025-05-18T02:35:02","guid":{"rendered":"https:\/\/wp.ufpel.edu.br\/circuito\/?page_id=149"},"modified":"2025-06-13T21:40:47","modified_gmt":"2025-06-14T00:40:47","slug":"o-projeto","status":"publish","type":"page","link":"https:\/\/wp.ufpel.edu.br\/circuito\/o-projeto\/","title":{"rendered":"O PROJETO"},"content":{"rendered":"<div id=\"pl-149\"  class=\"panel-layout\" ><div id=\"pg-149-0\"  class=\"panel-grid panel-has-style\" ><div class=\"siteorigin-panels-stretch panel-row-style panel-row-style-for-149-0\" data-stretch-type=\"full\" ><div id=\"pgc-149-0-0\"  class=\"panel-grid-cell\" ><div id=\"panel-149-0-0-0\" class=\"so-panel widget widget_sow-editor panel-first-child\" data-index=\"0\" ><div\n\t\t\t\n\t\t\tclass=\"so-widget-sow-editor so-widget-sow-editor-base\"\n\t\t\t\n\t\t>\n<div class=\"siteorigin-widget-tinymce textwidget\">\n\t<h1 style=\"text-align: justify;\"><span style=\"font-weight: 400;\">O<\/span><b> Circuito de Cinema e Faze\u00e7\u00e3o nas Escolas<\/b><span style=\"font-weight: 400;\"> \u00e9 uma das a\u00e7\u00f5es do projeto <\/span><em><span style=\"font-weight: 400;\">Circuito: cria\u00e7\u00e3o e difus\u00e3o audiovisual;<\/span><\/em><\/h1>\n<h5 style=\"text-align: justify;\">O objetivo principal \u00e9 compartilhar itiner\u00e1rios de cinema e inven\u00e7\u00e3o com escolas p\u00fablicas da cidade de Pelotas. Vinculado aos cursos de Cinema da UFPel, o projeto integra o Programa Andorinha e conta com a parceria da SMED (Secretaria Municipal de Educa\u00e7\u00e3o e Desporto).<\/h5>\n<h5><\/h5>\n<\/div>\n<\/div><\/div><div id=\"panel-149-0-0-1\" class=\"so-panel widget widget_sow-editor\" data-index=\"1\" ><div\n\t\t\t\n\t\t\tclass=\"so-widget-sow-editor so-widget-sow-editor-base\"\n\t\t\t\n\t\t>\n<div class=\"siteorigin-widget-tinymce textwidget\">\n\t<p><img loading=\"lazy\" decoding=\"async\" class=\"wp-image-171 aligncenter\" src=\"https:\/\/wp.ufpel.edu.br\/circuito\/files\/2025\/06\/circuito-400x222.png\" alt=\"\" width=\"565\" height=\"314\" srcset=\"https:\/\/wp.ufpel.edu.br\/circuito\/files\/2025\/06\/circuito-400x222.png 400w, https:\/\/wp.ufpel.edu.br\/circuito\/files\/2025\/06\/circuito-768x427.png 768w, https:\/\/wp.ufpel.edu.br\/circuito\/files\/2025\/06\/circuito.png 946w\" sizes=\"auto, (max-width: 565px) 100vw, 565px\" \/><\/p>\n<\/div>\n<\/div><\/div><div id=\"panel-149-0-0-2\" class=\"so-panel widget widget_sow-editor\" data-index=\"2\" ><div\n\t\t\t\n\t\t\tclass=\"so-widget-sow-editor so-widget-sow-editor-base\"\n\t\t\t\n\t\t>\n<div class=\"siteorigin-widget-tinymce textwidget\">\n\t<h5 style=\"text-align: justify;\"><span style=\"font-weight: 400;\">Um dos eixos centrais da proposta \u00e9 o fomento de p\u00fablico, promovendo o acesso a refer\u00eancias brasileiras \u2014 especialmente curtas-metragens \u2014 e contribuindo para a democratiza\u00e7\u00e3o da arte e a circula\u00e7\u00e3o de obras nacionais.<\/span><\/h5>\n<\/div>\n<\/div><\/div><div id=\"panel-149-0-0-3\" class=\"so-panel widget widget_sow-editor\" data-index=\"3\" ><div\n\t\t\t\n\t\t\tclass=\"so-widget-sow-editor so-widget-sow-editor-base\"\n\t\t\t\n\t\t>\n<div class=\"siteorigin-widget-tinymce textwidget\">\n\t<h5 style=\"text-align: justify;\"><span style=\"font-weight: 400;\">O projeto habita um entre-lugar - nem cineclube, nem oficina -, mas explora tanto a exibi\u00e7\u00e3o quanto a cria\u00e7\u00e3o. Nosso foco est\u00e1 em projetar filmes brasileiros e, a partir deles, percorrer caminhos art\u00edsticos com os estudantes, por meio de um processo que chamamos de <\/span><b>faze\u00e7\u00e3o<\/b><span style=\"font-weight: 400;\">. Assim, acreditamos na presen\u00e7a do cinema como arte na escola \u2014 e n\u00e3o como mais um conte\u00fado curricular.<\/span><\/h5>\n<\/div>\n<\/div><\/div><div id=\"panel-149-0-0-4\" class=\"so-panel widget widget_sow-editor\" data-index=\"4\" ><div\n\t\t\t\n\t\t\tclass=\"so-widget-sow-editor so-widget-sow-editor-base\"\n\t\t\t\n\t\t>\n<div class=\"siteorigin-widget-tinymce textwidget\">\n\t<h5 style=\"text-align: justify;\"><span style=\"font-weight: 400;\">A partir dos filmes, propomos discuss\u00f5es que abordam os elementos est\u00e9ticos das obras, e, com eles, inventamos atividades de cria\u00e7\u00e3o. Nessa perspectiva, atuamos em di\u00e1logo com o projeto de pesquisa, ensino e extens\u00e3o do curso de Artes Visuais da UFPel, <\/span><i><span style=\"font-weight: 400;\">Pataf\u00edsica: arte-educa\u00e7\u00e3o-filosofia<\/span><\/i><span style=\"font-weight: 400;\">, com quem compartilhamos a inven\u00e7\u00e3o das faze\u00e7\u00f5es.<\/span><\/h5>\n<h5><\/h5>\n<\/div>\n<\/div><\/div><div id=\"panel-149-0-0-5\" class=\"so-panel widget widget_sow-editor\" data-index=\"5\" ><div\n\t\t\t\n\t\t\tclass=\"so-widget-sow-editor so-widget-sow-editor-base\"\n\t\t\t\n\t\t>\n<div class=\"siteorigin-widget-tinymce textwidget\">\n\t<h5 style=\"text-align: justify;\"><span style=\"font-weight: 400;\">Tendo os curtas brasileiros como territ\u00f3rio comum entre n\u00f3s, propomos um gesto de cria\u00e7\u00e3o guiado pelo que h\u00e1 de sensorial e est\u00e9tico nos filmes \u2014 afastando-nos dos caminhos previs\u00edveis dos temas e dos moldes tradicionais do ensinar. Entre o cinema, a filosofia e a arte, buscamos um espa\u00e7o de inven\u00e7\u00e3o com crian\u00e7as e adolescentes de escolas p\u00fablicas, acreditando na pot\u00eancia de um mundo mais sens\u00edvel.<\/span><\/h5>\n<h5><\/h5>\n<\/div>\n<\/div><\/div><div id=\"panel-149-0-0-6\" class=\"so-panel widget widget_sow-editor panel-last-child\" data-index=\"6\" ><div\n\t\t\t\n\t\t\tclass=\"so-widget-sow-editor so-widget-sow-editor-base\"\n\t\t\t\n\t\t><h3 class=\"widget-title\"> <\/h3>\n<div class=\"siteorigin-widget-tinymce textwidget\">\n\t<h4 style=\"text-align: justify;\"><b>EQUIPE:<\/b><\/h4>\n<h5><strong>Coordena\u00e7\u00e3o Geral:\u00a0 \u00a0<\/strong>\u00a0<i>Cintia Langie<\/i><\/h5>\n<h5><span style=\"font-weight: 400;\"><strong>Coordena\u00e7\u00e3o de arte e faze\u00e7\u00e3o:<\/strong>\u00a0<i> Carolina Rochefort<\/i><\/span><\/h5>\n<h5><span style=\"font-weight: 400;\"><strong>Equipe do cinema:<\/strong>\u00a0<\/span><\/h5>\n<p><em>Alexia Atuatti<\/em><\/p>\n<p><em>Amada Sato\u00a0\u00a0<\/em><\/p>\n<p><em>\u00a0Ana Clara Sena\u00a0\u00a0<\/em><\/p>\n<p><em>Gabriel Prates<\/em><\/p>\n<p><em>J\u00falia Madruga\u00a0<\/em><\/p>\n<p><em>Liriel de Leon<\/em><\/p>\n<p><em>Nikole Ferreira<\/em><\/p>\n<p><em>Thiago Chris\u00f3<\/em><\/p>\n<p><strong>Equipe das Artes:<\/strong><\/p>\n<p><em>Amanda de Abreu Assma<\/em><\/p>\n<p><em>Herison Silva<\/em><\/p>\n<p><em>Lua Reis<\/em><\/p>\n<p><em>Ma\u00edra Neiva<\/em><\/p>\n<p><em>Rafa<\/em><\/p>\n<p>&nbsp;<\/p>\n<p>&nbsp;<\/p>\n<h5 style=\"text-align: left;\"><em>\u00a0 \u00a0 \u00a0<\/em><em>\u00a0 \u00a0\u00a0 <\/em><\/h5>\n<p style=\"text-align: left;\">\n<\/div>\n<\/div><\/div><\/div><\/div><\/div><div id=\"pg-149-1\"  class=\"panel-grid panel-has-style\" ><div class=\"siteorigin-panels-stretch panel-row-style panel-row-style-for-149-1\" data-stretch-type=\"full-width-stretch\" ><div id=\"pgc-149-1-0\"  class=\"panel-grid-cell panel-grid-cell-empty\" ><\/div><\/div><\/div><\/div>","protected":false},"excerpt":{"rendered":"<p>O Circuito de Cinema e Faze\u00e7\u00e3o nas Escolas \u00e9 uma das a\u00e7\u00f5es do projeto Circuito: cria\u00e7\u00e3o e difus\u00e3o audiovisual; O objetivo principal \u00e9 compartilhar itiner\u00e1rios de cinema e inven\u00e7\u00e3o com escolas p\u00fablicas da cidade de Pelotas. Vinculado aos cursos de Cinema da UFPel, o projeto integra o Programa Andorinha e conta com a parceria da [&hellip;]<\/p>\n","protected":false},"author":1431,"featured_media":0,"parent":0,"menu_order":1,"comment_status":"closed","ping_status":"closed","template":"templates\/template-full-notitle.php","meta":{"footnotes":""},"class_list":["post-149","page","type-page","status-publish","hentry","post"],"_links":{"self":[{"href":"https:\/\/wp.ufpel.edu.br\/circuito\/wp-json\/wp\/v2\/pages\/149","targetHints":{"allow":["GET"]}}],"collection":[{"href":"https:\/\/wp.ufpel.edu.br\/circuito\/wp-json\/wp\/v2\/pages"}],"about":[{"href":"https:\/\/wp.ufpel.edu.br\/circuito\/wp-json\/wp\/v2\/types\/page"}],"author":[{"embeddable":true,"href":"https:\/\/wp.ufpel.edu.br\/circuito\/wp-json\/wp\/v2\/users\/1431"}],"replies":[{"embeddable":true,"href":"https:\/\/wp.ufpel.edu.br\/circuito\/wp-json\/wp\/v2\/comments?post=149"}],"version-history":[{"count":17,"href":"https:\/\/wp.ufpel.edu.br\/circuito\/wp-json\/wp\/v2\/pages\/149\/revisions"}],"predecessor-version":[{"id":275,"href":"https:\/\/wp.ufpel.edu.br\/circuito\/wp-json\/wp\/v2\/pages\/149\/revisions\/275"}],"wp:attachment":[{"href":"https:\/\/wp.ufpel.edu.br\/circuito\/wp-json\/wp\/v2\/media?parent=149"}],"curies":[{"name":"wp","href":"https:\/\/api.w.org\/{rel}","templated":true}]}}