{"id":448,"date":"2020-10-16T11:31:33","date_gmt":"2020-10-16T14:31:33","guid":{"rendered":"https:\/\/wp.ufpel.edu.br\/cineclube\/?page_id=448"},"modified":"2023-09-04T10:54:37","modified_gmt":"2023-09-04T13:54:37","slug":"curtas-sobre-a-pandemia","status":"publish","type":"page","link":"https:\/\/wp.ufpel.edu.br\/cineclube\/curtas-sobre-a-pandemia\/","title":{"rendered":"V\u00eddeos Sobre a Pandemia"},"content":{"rendered":"<p><span style=\"font-size: 14pt;\"><strong>1\u00ba Festival Festcine Virtual (Playlist) 21 v\u00eddeos<\/strong><\/span><\/p>\n<ul>\n<li><span style=\"color: #3366ff;\"><strong>Para escolher qual v\u00eddeo da playlist quer ver, clique no bot\u00e3o no canto superior direito no v\u00eddeo. <\/strong><\/span><\/li>\n<li><span style=\"color: #3366ff;\"><strong>Abaixo do bot\u00e3o voc\u00ea pode ver em que lugar o v\u00eddeo atual est\u00e1 na ordem da sequencia<\/strong><\/span><\/li>\n<\/ul>\n<p><iframe loading=\"lazy\" title=\"1\u00ba Festcine Virtual\" width=\"700\" height=\"394\" src=\"https:\/\/www.youtube.com\/embed\/videoseries?list=PLUHdBQh6Qj7_rlOVJs95rGAbVDQsuMcPk\" frameborder=\"0\" allow=\"accelerometer; autoplay; clipboard-write; encrypted-media; gyroscope; picture-in-picture; web-share\" allowfullscreen><\/iframe><\/p>\n<p><span style=\"font-size: 14pt;\"><strong>Ang\u00fastia da pandemia \u00e9 abordada em curta<\/strong><\/span><\/p>\n<p><iframe loading=\"lazy\" title=\"Ang\u00fastia da pandemia \u00e9 abordada em curta\" width=\"700\" height=\"394\" src=\"https:\/\/www.youtube.com\/embed\/oiOe4-_hPgs?feature=oembed\" frameborder=\"0\" allow=\"accelerometer; autoplay; clipboard-write; encrypted-media; gyroscope; picture-in-picture; web-share\" allowfullscreen><\/iframe><\/p>\n<p>&nbsp;<\/p>\n<p>&nbsp;<\/p>\n<p><span style=\"font-size: 14pt;\"><strong>Consequ\u00eancias<\/strong><\/span><\/p>\n<p><iframe loading=\"lazy\" title=\"Consequ\u00eancias\" width=\"700\" height=\"394\" src=\"https:\/\/www.youtube.com\/embed\/0DCplxoUdh8?feature=oembed\" frameborder=\"0\" allow=\"accelerometer; autoplay; clipboard-write; encrypted-media; gyroscope; picture-in-picture; web-share\" allowfullscreen><\/iframe><\/p>\n<p>ATEN\u00c7\u00c3O. Esse curta foi totalmente gravado cada um na sua casa, produ\u00e7\u00e3o 100% dos alunos, durante a pandemia.<br \/>\nProjeto: Professor Marlon Nunes<br \/>\nEscola T\u00e9cnica Estadual 31 de Janeiro &#8211; Campo Bom &#8211; RS<\/p>\n<p>&nbsp;<\/p>\n<p>&nbsp;<\/p>\n<p><strong><span style=\"font-size: 14pt;\">Desencontros<\/span><\/strong><\/p>\n<p><iframe loading=\"lazy\" title=\"Desencontros\" width=\"700\" height=\"394\" src=\"https:\/\/www.youtube.com\/embed\/VrjIctwdYIo?feature=oembed\" frameborder=\"0\" allow=\"accelerometer; autoplay; clipboard-write; encrypted-media; gyroscope; picture-in-picture; web-share\" allowfullscreen><\/iframe><\/p>\n<p>Menino em seu \u00faltimo ano na escola resolve virar youtuber, na cidade de Campo Bom &#8211; RS e conhece uma menina do Rio de Janeiro, Luana, come\u00e7am a se apaixonar pela internet e vem a pandemia. Suas aventuras para se encontrar, passam por muitos epis\u00f3dios, filme criado dirigido e estrelado pelo aluno. Saimon Schimitez Gatelli . Uma Parceria da E.E.E.F. Jo\u00e3o Blos atrav\u00e9s do seu SAEE- Servi\u00e7o de Atendimento Educacional Especializado e Escola T\u00e9cnica Estadual 31 de Janeiro e seu n\u00facleo de cinema, AMBAS na cidade de Campo Bom &#8211; RS<\/p>\n<p>&nbsp;<\/p>\n<p>&nbsp;<\/p>\n<p><span style=\"font-size: 14pt;\"><strong>Isolados<\/strong><\/span><\/p>\n<p><iframe loading=\"lazy\" title=\"Isolados\" width=\"700\" height=\"394\" src=\"https:\/\/www.youtube.com\/embed\/R_3g0e_VF98?feature=oembed\" frameborder=\"0\" allow=\"accelerometer; autoplay; clipboard-write; encrypted-media; gyroscope; picture-in-picture; web-share\" allowfullscreen><\/iframe><\/p>\n<p>Curta dentro da Quarentena, Escola Estadual Felipe Camar\u00e3o &#8211; S\u00e3o Sebasti\u00e3o do Ca\u00ed &#8211; RS<\/p>\n<p>&nbsp;<\/p>\n<p>&nbsp;<\/p>\n<p><span style=\"font-size: 14pt;\"><strong>Que T\u00e9dio!<\/strong><\/span><\/p>\n<p><iframe loading=\"lazy\" title=\"Que t\u00e9dio! Isolamento \u00e9 tema de curta metragem\" width=\"700\" height=\"394\" src=\"https:\/\/www.youtube.com\/embed\/LX3m68Eghlc?feature=oembed\" frameborder=\"0\" allow=\"accelerometer; autoplay; clipboard-write; encrypted-media; gyroscope; picture-in-picture; web-share\" allowfullscreen><\/iframe><\/p>\n","protected":false},"excerpt":{"rendered":"<p>1\u00ba Festival Festcine Virtual (Playlist) 21 v\u00eddeos Para escolher qual v\u00eddeo da playlist quer ver, clique no bot\u00e3o no canto superior direito no v\u00eddeo. Abaixo do bot\u00e3o voc\u00ea pode ver em que lugar o v\u00eddeo atual est\u00e1 na ordem da sequencia Ang\u00fastia da pandemia \u00e9 abordada em curta &nbsp; &nbsp; Consequ\u00eancias ATEN\u00c7\u00c3O. Esse curta foi&hellip;<\/p>\n","protected":false},"author":578,"featured_media":0,"parent":0,"menu_order":0,"comment_status":"closed","ping_status":"closed","template":"","meta":{"footnotes":""},"class_list":["post-448","page","type-page","status-publish","hentry"],"jetpack_sharing_enabled":true,"_links":{"self":[{"href":"https:\/\/wp.ufpel.edu.br\/cineclube\/wp-json\/wp\/v2\/pages\/448","targetHints":{"allow":["GET"]}}],"collection":[{"href":"https:\/\/wp.ufpel.edu.br\/cineclube\/wp-json\/wp\/v2\/pages"}],"about":[{"href":"https:\/\/wp.ufpel.edu.br\/cineclube\/wp-json\/wp\/v2\/types\/page"}],"author":[{"embeddable":true,"href":"https:\/\/wp.ufpel.edu.br\/cineclube\/wp-json\/wp\/v2\/users\/578"}],"replies":[{"embeddable":true,"href":"https:\/\/wp.ufpel.edu.br\/cineclube\/wp-json\/wp\/v2\/comments?post=448"}],"version-history":[{"count":9,"href":"https:\/\/wp.ufpel.edu.br\/cineclube\/wp-json\/wp\/v2\/pages\/448\/revisions"}],"predecessor-version":[{"id":679,"href":"https:\/\/wp.ufpel.edu.br\/cineclube\/wp-json\/wp\/v2\/pages\/448\/revisions\/679"}],"wp:attachment":[{"href":"https:\/\/wp.ufpel.edu.br\/cineclube\/wp-json\/wp\/v2\/media?parent=448"}],"curies":[{"name":"wp","href":"https:\/\/api.w.org\/{rel}","templated":true}]}}