{"id":201,"date":"2019-09-03T22:33:26","date_gmt":"2019-09-04T01:33:26","guid":{"rendered":"https:\/\/wp.ufpel.edu.br\/cineclube\/?page_id=201"},"modified":"2023-04-03T16:04:19","modified_gmt":"2023-04-03T19:04:19","slug":"canal-do-you-tube-de-escolas","status":"publish","type":"page","link":"https:\/\/wp.ufpel.edu.br\/cineclube\/canal-do-you-tube-de-escolas\/","title":{"rendered":"Canal do YouTube de Escolas"},"content":{"rendered":"<div id=\"inner-header-container\" class=\"style-scope ytd-c4-tabbed-header-renderer\">\n<div id=\"meta\" class=\"style-scope ytd-c4-tabbed-header-renderer\">\n<div id=\"container\" class=\"style-scope ytd-channel-name\">\n<div>Aqui voc\u00ea encontra canais de escolas que incentivam a produ\u00e7\u00e3o de v\u00eddeo estudantil<\/div>\n<div><\/div>\n<div>\n<p><a href=\"https:\/\/www.youtube.com\/channel\/UCaocotP3nCc2t5J5M3NTWNw\">Cine Goiany Oficial<\/a> &#8211; Goi\u00e2nia<\/p>\n<p><a style=\"font-size: 13px;\" href=\"https:\/\/www.youtube.com\/channel\/UC1cuHCWEFcsFdWw7CG3QoIQ\" target=\"_blank\" rel=\"noopener\">EducaVideo\u00a0<\/a><span style=\"font-size: 13px;\"> \u00a0Gramado\/ RS<\/span><\/p>\n<\/div>\n<div><a href=\"https:\/\/www.youtube.com\/channel\/UCE0ydSDG4Z7R8zdRERkm7Uw\">Festival Curtas na Escola &#8211; NTE<\/a> &#8211; Iju\u00ed\/RS<\/div>\n<div><\/div>\n<div id=\"text-container\" class=\"style-scope ytd-channel-name\"><a href=\"https:\/\/www.youtube.com\/channel\/UC8RqNHQRo23HQZdybNtllgA\/featured?pbjreload=10\">NEA &#8211; N\u00facleo de Educa\u00e7\u00e3o Audiovisual<\/a> &#8211; S\u00e3o Leopoldo \/RS<\/div>\n<\/div>\n<div><\/div>\n<div><a href=\"https:\/\/www.youtube.com\/user\/mobral1?pbjreload=10\">Professor Mob &#8211; \u00a0<\/a> &#8211; Campo Bom\/RS<\/div>\n<div><\/div>\n<div><a href=\"https:\/\/www.youtube.com\/user\/AlfabetAudiovisual?pbjreload=10\">Alfabetiza\u00e7\u00e3o Audiovisual<\/a> &#8211; Porto Alegre\/RS<\/div>\n<\/div>\n<div>\n<div><\/div>\n<div><a href=\"https:\/\/www.youtube.com\/channel\/UCAje7IPpsdBbcxaUhonyPEw?pbjreload=10\">N\u00facleo Terra Cambar\u00e1<\/a> &#8211; Gua\u00edba\/RS<\/div>\n<div><\/div>\n<div><a href=\"https:\/\/www.youtube.com\/channel\/UCHIifJPK58k2UB_Yl3CGZYQ?pbjreload=10\">Clube dos 5<\/a> &#8211; Alvorada\/RS<\/div>\n<div><\/div>\n<div><a href=\"https:\/\/www.youtube.com\/channel\/UChQC03URj-7Dqpfe4Et0fqA?pbjreload=10\">Cinest<\/a> &#8211; Santa Maria\/RS<\/div>\n<div><\/div>\n<div><a href=\"https:\/\/www.youtube.com\/channel\/UCfAZPJQi8r4PFMv35Jh_y6g?pbjreload=10\">Festival de v\u00eddeo estudantil de Guaiba<\/a> &#8211; Guaiba\/RS<\/div>\n<div id=\"inner-header-container\" class=\"style-scope ytd-c4-tabbed-header-renderer\"><\/div>\n<\/div>\n<\/div>\n<div><a href=\"https:\/\/www.youtube.com\/channel\/UCEbVgFqNY607oO3mudyRmPg\/about\" target=\"_blank\" rel=\"noopener\">Escola S\u00e3o Rafael <\/a>\u00a0Flores da Cunha\/RS<\/div>\n<div><\/div>\n<div id=\"inner-header-container\" class=\"style-scope ytd-c4-tabbed-header-renderer\">\n<div id=\"meta\" class=\"style-scope ytd-c4-tabbed-header-renderer\">\n<div><a href=\"https:\/\/www.youtube.com\/channel\/UCyOz6mL8Zm2QiNzN9rQhPUQ\/feed\">Escola Fragelli &#8211;<\/a> MT<\/div>\n<div><a href=\"https:\/\/www.youtube.com\/channel\/UCkl4OwgRAkKuwsjnBaa1s6Q?pbjreload=10\">Voc\u00ea na Tela<\/a> &#8211; Palmas\/TO<\/div>\n<div><\/div>\n<div><a href=\"https:\/\/www.youtube.com\/user\/girassolde68?pbjreload=10\">Professora Lidia Santos Arruda &#8211;<\/a> Rio de Janeiro\/RJ<\/div>\n<div><\/div>\n<div><a href=\"https:\/\/www.youtube.com\/channel\/UCKSEx7za6o4sIJzBraXPDiA?pbjreload=10\">N\u00facleo de V\u00eddeo Posso Fazer Cinema<\/a> &#8211; Rio de Janeiro\/RJ<\/div>\n<div><\/div>\n<\/div>\n<\/div>\n<div id=\"inner-header-container\" class=\"style-scope ytd-c4-tabbed-header-renderer\">\n<div><a style=\"font-size: 13px;\" href=\"https:\/\/www.youtube.com\/channel\/UCKSEx7za6o4sIJzBraXPDiA?pbjreload=10\">Posso Fazer Cinema<\/a><span style=\"font-size: 13px;\"> &#8211; Rio de Janeiro\/RJ<\/span><\/div>\n<div id=\"meta\" class=\"style-scope ytd-c4-tabbed-header-renderer\">\n<div><\/div>\n<\/div>\n<\/div>\n<div><a style=\"font-size: 13px;\" href=\"https:\/\/www.youtube.com\/channel\/UCjMNHvO7Vvkno7e2wbj-E8A\">Escola Finl\u00e2ndia<\/a><span style=\"font-size: 13px;\"> &#8211; Rio de Janeiro<\/span><\/div>\n<div><\/div>\n<div><a href=\"https:\/\/www.youtube.com\/channel\/UCujHsWM2Ri9K32H_PgiCLkg\/featured\">Festival Estudantil de Curtas<\/a> &#8211; Monteiro Lobato &#8211; Itu\/SP<\/div>\n<div><\/div>\n<div><a href=\"https:\/\/www.youtube.com\/channel\/UCC5-vvNWOlnWRjGsWB_a_iA\/videos\">Projeto Cine Escola <\/a>&#8211;<\/div>\n<div><\/div>\n<div><a href=\"https:\/\/www.youtube.com\/user\/escolafilintomuller1\/feed\">Escola Filinto<\/a> &#8211;<\/div>\n<div><\/div>\n<div>\n<p><a href=\"https:\/\/www.youtube.com\/watch?v=cO-AWLKTxuQ&amp;list=PL1B9hD4r3z-aNTOsB49jAgRz4CLw6Kxsy\" target=\"_blank\" rel=\"noopener noreferrer\">I Festival de V\u00eddeo do Cap\u00e3o do Le\u00e3o<\/a><\/p>\n<p><a href=\"https:\/\/www.youtube.com\/playlist?list=PLUkrOoL7-Z16tBJtTkOiZ0Np5DZc3DqW7\">II Festival de V\u00eddeo Estudantil de Cap\u00e3o do Le\u00e3o<\/a><\/p>\n<p><a href=\"https:\/\/saoleoemcine.wordpress.com\/curtas\/\">Festival de V\u00eddeo Estudantil de S\u00e3o Leopoldo<\/a><\/p>\n<p><a href=\"https:\/\/www.youtube.com\/watch?v=XpHo1amGybY&amp;list=PLF876451923A9427C\" target=\"_blank\" rel=\"noopener noreferrer\">V\u00eddeos realizados em oficinas<\/a><\/p>\n<p><a href=\"http:\/\/www.curtanauerj.uerj.br\/outras-edicoes\/\">Festival curta na uerj<\/a><\/p>\n<p><a href=\"https:\/\/www.youtube.com\/channel\/UC5Ic1_n0OwNMANKUQ07ejbg\">Lentes Rurai\/Ba<\/a><\/p>\n<p><a href=\"https:\/\/www.youtube.com\/channel\/UCT6wo_jPfc8BK-zNpzGvnhw\" target=\"_blank\" rel=\"noopener\">Cine Gomes\u00a0<\/a><\/p>\n<p>&nbsp;<\/p>\n<p>&nbsp;<\/p>\n<\/div>\n<div><\/div>\n<div><\/div>\n<div><\/div>\n<p><!--more--><\/p>\n","protected":false},"excerpt":{"rendered":"<p>Aqui voc\u00ea encontra canais de escolas que incentivam a produ\u00e7\u00e3o de v\u00eddeo estudantil Cine Goiany Oficial &#8211; Goi\u00e2nia EducaVideo\u00a0 \u00a0Gramado\/ RS Festival Curtas na Escola &#8211; NTE &#8211; Iju\u00ed\/RS NEA &#8211; N\u00facleo de Educa\u00e7\u00e3o Audiovisual &#8211; S\u00e3o Leopoldo \/RS Professor Mob &#8211; \u00a0 &#8211; Campo Bom\/RS Alfabetiza\u00e7\u00e3o Audiovisual &#8211; Porto Alegre\/RS N\u00facleo Terra Cambar\u00e1 &#8211;&hellip;<\/p>\n","protected":false},"author":578,"featured_media":0,"parent":0,"menu_order":0,"comment_status":"closed","ping_status":"closed","template":"","meta":{"footnotes":""},"class_list":["post-201","page","type-page","status-publish","hentry"],"jetpack_sharing_enabled":true,"_links":{"self":[{"href":"https:\/\/wp.ufpel.edu.br\/cineclube\/wp-json\/wp\/v2\/pages\/201","targetHints":{"allow":["GET"]}}],"collection":[{"href":"https:\/\/wp.ufpel.edu.br\/cineclube\/wp-json\/wp\/v2\/pages"}],"about":[{"href":"https:\/\/wp.ufpel.edu.br\/cineclube\/wp-json\/wp\/v2\/types\/page"}],"author":[{"embeddable":true,"href":"https:\/\/wp.ufpel.edu.br\/cineclube\/wp-json\/wp\/v2\/users\/578"}],"replies":[{"embeddable":true,"href":"https:\/\/wp.ufpel.edu.br\/cineclube\/wp-json\/wp\/v2\/comments?post=201"}],"version-history":[{"count":19,"href":"https:\/\/wp.ufpel.edu.br\/cineclube\/wp-json\/wp\/v2\/pages\/201\/revisions"}],"predecessor-version":[{"id":640,"href":"https:\/\/wp.ufpel.edu.br\/cineclube\/wp-json\/wp\/v2\/pages\/201\/revisions\/640"}],"wp:attachment":[{"href":"https:\/\/wp.ufpel.edu.br\/cineclube\/wp-json\/wp\/v2\/media?parent=201"}],"curies":[{"name":"wp","href":"https:\/\/api.w.org\/{rel}","templated":true}]}}