{"id":769,"date":"2025-08-04T17:13:09","date_gmt":"2025-08-04T20:13:09","guid":{"rendered":"https:\/\/wp.ufpel.edu.br\/cifmp\/?page_id=769"},"modified":"2025-10-07T21:49:48","modified_gmt":"2025-10-08T00:49:48","slug":"chamada-para-apresentacoes","status":"publish","type":"page","link":"https:\/\/wp.ufpel.edu.br\/cifmp\/chamada-para-apresentacoes\/","title":{"rendered":"Chamada para Apresenta\u00e7\u00f5es\/Call for Presentations"},"content":{"rendered":"<pre style=\"text-align: center;\"><span style=\"font-family: georgia, palatino, serif;\"><b>IX Congresso Internacional de Filosofia<\/b><\/span>\r\n<span style=\"font-family: georgia, palatino, serif;\"><b><i>Natureza, Ecopol\u00edtica, Tecnologia<\/i><\/b><\/span>\r\n<span style=\"font-family: georgia, palatino, serif;\"><b>PPG Filosofia\/UFPel, 03-06 novembro 2025<\/b><\/span><\/pre>\n<p><b>Chamada para Apresenta\u00e7\u00f5es<\/b><\/p>\n<p style=\"text-align: justify;\"><span style=\"font-weight: 400;\">O <\/span><b>IX Congresso Internacional de Filosofia<\/b><span style=\"font-weight: 400;\"> \u2013 anteriormente Congresso Internacional de Filosofia Moral e Pol\u00edtica \u2013, promovido pelo <\/span><b>Programa de P\u00f3s-Gradua\u00e7\u00e3o em Filosofia da Universidade Federal de Pelotas<\/b><span style=\"font-weight: 400;\">, decorrer\u00e1 entre <\/span><b>03 e 06 de novembro de 2025 <\/b><span style=\"font-weight: 400;\">e ter\u00e1 como tema aglutinador a rela\u00e7\u00e3o entre <\/span><b>Natureza, Ecopol\u00edtica e Tecnologia<\/b><span style=\"font-weight: 400;\">.\u00a0<\/span><\/p>\n<p style=\"text-align: justify;\"><span style=\"font-weight: 400;\">O <\/span><b>IX Congresso Internacional de Filosofia<\/b><span style=\"font-weight: 400;\"> prop\u00f5e-se promover a reflex\u00e3o sobre duas dimens\u00f5es dessa rela\u00e7\u00e3o: a dimens\u00e3o que diz respeito \u00e0s rela\u00e7\u00f5es entre humanos, focando-se na sociedade, alguns dos seus desenvolvimentos tecnol\u00f3gicos mais recentes, seus pressupostos e implica\u00e7\u00f5es \u00e9ticas, sociais e pol\u00edticas (intelig\u00eancia artificial e ramifica\u00e7\u00f5es \u00e9ticas e pol\u00edticas, privacidade, desgaste da democracia, dos direitos e das institui\u00e7\u00f5es, potencial da tecnologia como ferramenta de controle e de liberta\u00e7\u00e3o, etc.); e a dimens\u00e3o que diz respeito \u00e0s rela\u00e7\u00f5es dos humanos com o seu entorno, avalia\u00e7\u00e3o dos seus pressupostos ontol\u00f3gicos, epist\u00eamicos, \u00e9ticos e pol\u00edticos, dos impactos, desafios e horizonte de a\u00e7\u00e3o, lugar da tecnologia e da biotecnologia). Assim, o evento pretende n\u00e3o s\u00f3 promover a reconsidera\u00e7\u00e3o de elementos estruturantes das rela\u00e7\u00f5es entre humano e natureza, mas tamb\u00e9m a an\u00e1lise cr\u00edtica e a pondera\u00e7\u00e3o sobre os fundamentos dos nossos modos de habitar um mundo em crise, nas suas diferentes express\u00f5es \u2013 \u00e9tica, pol\u00edtica, econ\u00f4mica, tecnol\u00f3gica, social, epist\u00eamica, ontol\u00f3gica \u2013, com o objetivo de identificar as suas for\u00e7as motrizes e avaliar o n\u00edvel de transforma\u00e7\u00e3o sociopol\u00edtica para as interromper, mitigar ou revolucionar.<\/span><\/p>\n<p style=\"text-align: justify;\"><span style=\"font-weight: 400;\">O <\/span><b>Programa de P\u00f3s-Gradua\u00e7\u00e3o em Filosofia da UFPel<\/b><span style=\"font-weight: 400;\"> convida todas as pessoas interessadas a submeter propostas para apresenta\u00e7\u00e3o de trabalhos \u2013 <\/span><b>presencial ou online<\/b><span style=\"font-weight: 400;\"> \u2013 nas \u00e1reas tem\u00e1ticas do evento ou em \u00e1reas adjacentes.\u00a0<\/span><\/p>\n<p><b>ORIENTA\u00c7\u00c3O PARA SUBMISS\u00c3O DE RESUMOS<\/b><\/p>\n<p><span style=\"font-weight: 400;\">Submiss\u00e3o de resumos atrav\u00e9s do formul\u00e1rio em: <\/span><a href=\"https:\/\/forms.gle\/Y4g8hwCUcExjPw6j9\"><b>https:\/\/forms.gle\/Y4g8hwCUcExjPw6j9<\/b><\/a><b>\u00a0<\/b><\/p>\n<p style=\"text-align: left;\"><span style=\"font-family: georgia, palatino, serif; font-size: 12pt;\"><span style=\"font-weight: 400;\">Resumo: <\/span><b>entre 500 e 1000 palavras<\/b><span style=\"font-weight: 400;\"> (Times New Roman, tam. 12, espa\u00e7amento 1.5),<br \/>\n3 a 5 palavras-chave.<\/span><\/span><br \/>\n<span style=\"font-weight: 400; font-family: georgia, palatino, serif; font-size: 12pt;\">Ser\u00e3o consideradas propostas em portugu\u00eas, ingl\u00eas, franc\u00eas, espanhol e italiano. <\/span><\/p>\n<p><span style=\"font-family: georgia, palatino, serif; font-size: 12pt;\"><span style=\"font-weight: 400;\">Cada apresenta\u00e7\u00e3o ter\u00e1 a dura\u00e7\u00e3o de <\/span><b>20 minutos<\/b><span style=\"font-weight: 400;\">. <\/span><\/span><br \/>\n<span style=\"font-family: georgia, palatino, serif; font-size: 12pt;\"><span style=\"font-weight: 400;\">Prazo-limite para submiss\u00f5es: <\/span><del><b>30 de setembro de 2025<\/b><\/del><b> 10 de outubro de 2025<\/b><\/span><br \/>\n<span style=\"font-family: georgia, palatino, serif; font-size: 12pt;\"><span style=\"font-weight: 400;\">An\u00fancio das submiss\u00f5es aprovadas: <\/span><b>25 de outubro de 2025<\/b><\/span><\/p>\n<p>&nbsp;<\/p>\n<p style=\"text-align: center;\"><span style=\"font-family: georgia, palatino, serif;\"><b>9<\/b><b>th<\/b><b> International Congress of Philosophy<\/b><\/span><br \/>\n<span style=\"font-family: georgia, palatino, serif;\"><b><i>Nature, Ecopolitics, Technology<\/i><\/b><\/span><br \/>\n<span style=\"font-family: georgia, palatino, serif;\"><b>PPG Filosofia\/UFPel, 03-06 November 2025<\/b><\/span><\/p>\n<p style=\"text-align: justify;\"><b>Call for Presentations<\/b><\/p>\n<p style=\"text-align: justify;\"><span style=\"font-weight: 400;\">The <\/span><b>9<\/b><b>th<\/b><b> International Congress of Philosophy<\/b><span style=\"font-weight: 400;\"> \u2013 previously called International Congress of Moral and Political Philosophy \u2013, organized by the <\/span><b>Graduate Program in Philosophy of the Federal University of Pelotas (UFPel)<\/b><span style=\"font-weight: 400;\">, will take place <\/span><b>from<\/b> <b>03 to 06 of November 2025<\/b><span style=\"font-weight: 400;\">,<\/span> <span style=\"font-weight: 400;\">addressing the relation between <\/span><b>Nature, Ecopolitics and Technology<\/b><span style=\"font-weight: 400;\">.\u00a0<\/span><\/p>\n<p style=\"text-align: justify;\"><span style=\"font-weight: 400;\">The <\/span><b>9<\/b><b>th<\/b><b> International Congress of Philosophy<\/b><span style=\"font-weight: 400;\"> seeks to promote reflection ontwo dimensions of that relation: the one regarding human relations, focusing on society, some of the recent technological developments, their presuppositions and ethical, social, and political implications (artificial intelligence and its ethical and political ramifications, privacy, erosion of democracy, rights and institutions, technological potential for control and liberation, etc.); and the other pertaining to the relation of human beings and their surroundings, the evaluation of its ontological, epistemic, ethical, and political presuppositions, its impacts, challenges and possibilities for action, as well as the place held in it by technology and biotechnology).\u00a0<\/span><\/p>\n<p style=\"text-align: justify;\"><span style=\"font-weight: 400;\">In other words, the event intends not only to promote de reconsideration of the structuring elements of the relations between human and nature, but also the critical analysis and reflection on the foundations of our ways of inhabiting a world in crisis, its different manifestations \u2013 ethical, political, technological, social, epistemic, ontological \u2013, with the purpose of identifying its driving forces and evaluate the level of sociopolitical transformation required to stop, mitigate or revolutionize them.\u00a0\u00a0\u00a0\u00a0\u00a0\u00a0\u00a0<\/span><\/p>\n<p style=\"text-align: justify;\"><span style=\"font-weight: 400;\">The <\/span><b>Graduate Program in Philosophy of UFPel<\/b><span style=\"font-weight: 400;\"> invites all those interested to submit presentation proposals \u2013 in person or online \u2013 in the subject areas of the event or related areas.\u00a0<\/span><\/p>\n<p>&nbsp;<\/p>\n<p style=\"text-align: left;\"><strong><span style=\"font-family: georgia, palatino, serif;\">GUIDELINES FOR ABSTRACT SUBMISSION<\/span><\/strong><\/p>\n<pre><span style=\"font-family: georgia, palatino, serif;\">Abstract submission through the form available at: <a href=\"https:\/\/forms.gle\/Y4g8hwCUcExjPw6j9\">https:\/\/forms.gle\/Y4g8hwCUcExjPw6j9\u00a0<\/a>\r\n\r\nAbstract: between 500 and 1000 words (Times New Roman, size 12, line spacing 1,5), 3 to 5 keywords.\r\nSubmissions in Portuguese, English, French, Spanish, and Italian will be considered. \r\n\r\nEach presentation will have the duration of 20 minutes.\u00a0\r\n\r\nSubmission deadline: September 30, 2025\r\nAnnouncement of submissions approved: October 20, 2025.<\/span><\/pre>\n","protected":false},"excerpt":{"rendered":"<p>IX Congresso Internacional de Filosofia Natureza, Ecopol\u00edtica, Tecnologia PPG Filosofia\/UFPel, 03-06 novembro 2025 Chamada para Apresenta\u00e7\u00f5es O IX Congresso Internacional de Filosofia \u2013 anteriormente Congresso Internacional de Filosofia Moral e Pol\u00edtica \u2013, promovido pelo Programa de P\u00f3s-Gradua\u00e7\u00e3o em Filosofia da Universidade Federal de Pelotas, decorrer\u00e1 entre 03 e 06 de novembro de 2025 e ter\u00e1 [&hellip;]<\/p>\n","protected":false},"author":357,"featured_media":0,"parent":0,"menu_order":0,"comment_status":"closed","ping_status":"closed","template":"","meta":{"footnotes":""},"class_list":["post-769","page","type-page","status-publish","hentry","post"],"publishpress_future_action":{"enabled":false,"date":"2026-05-06 12:01:38","action":"change-status","newStatus":"draft","terms":[],"taxonomy":"","extraData":[]},"publishpress_future_workflow_manual_trigger":{"enabledWorkflows":[]},"_links":{"self":[{"href":"https:\/\/wp.ufpel.edu.br\/cifmp\/wp-json\/wp\/v2\/pages\/769","targetHints":{"allow":["GET"]}}],"collection":[{"href":"https:\/\/wp.ufpel.edu.br\/cifmp\/wp-json\/wp\/v2\/pages"}],"about":[{"href":"https:\/\/wp.ufpel.edu.br\/cifmp\/wp-json\/wp\/v2\/types\/page"}],"author":[{"embeddable":true,"href":"https:\/\/wp.ufpel.edu.br\/cifmp\/wp-json\/wp\/v2\/users\/357"}],"replies":[{"embeddable":true,"href":"https:\/\/wp.ufpel.edu.br\/cifmp\/wp-json\/wp\/v2\/comments?post=769"}],"version-history":[{"count":3,"href":"https:\/\/wp.ufpel.edu.br\/cifmp\/wp-json\/wp\/v2\/pages\/769\/revisions"}],"predecessor-version":[{"id":785,"href":"https:\/\/wp.ufpel.edu.br\/cifmp\/wp-json\/wp\/v2\/pages\/769\/revisions\/785"}],"wp:attachment":[{"href":"https:\/\/wp.ufpel.edu.br\/cifmp\/wp-json\/wp\/v2\/media?parent=769"}],"curies":[{"name":"wp","href":"https:\/\/api.w.org\/{rel}","templated":true}]}}