{"id":18,"date":"2010-05-03T21:14:53","date_gmt":"2010-05-04T00:14:53","guid":{"rendered":"https:\/\/wp.ufpel.edu.br\/cienciassociais\/?page_id=18"},"modified":"2025-06-25T15:17:43","modified_gmt":"2025-06-25T18:17:43","slug":"colegiado","status":"publish","type":"page","link":"https:\/\/wp.ufpel.edu.br\/cienciassociais\/colegiado\/","title":{"rendered":"Colegiado"},"content":{"rendered":"<p><span style=\"font-size: 10pt\">O Colegiado do Curso de Ci\u00eancias Sociais \u00e9 formado pelo Coordenador dos Cursos de Ci\u00eancias Sociais, pelos representantes dos departamentos que ministram disciplinas nos Cursos e pelos representantes dos(as) alunos(as) e dos(as) servidores(as) t\u00e9cnico-administrativos.<\/span><\/p>\n<ul class=\"dados-cobalto cobalto-chefias-unidade\"><li><span class=\"cobalto-label\">Coordenador de Curso de Gradua\u00e7\u00e3o<\/span><a href=\"https:\/\/institucional.ufpel.edu.br\/servidores\/id\/1108\" target=\"_blank\">FRANCISCO DOS SANTOS KIELING<\/a><\/li><li><span class=\"cobalto-label\">Coordenadora de Curso de Gradua\u00e7\u00e3o Substituta<\/span><a href=\"https:\/\/institucional.ufpel.edu.br\/servidores\/id\/26712\" target=\"_blank\">PATRICIA RODRIGUES CHAVES DA CUNHA<\/a><\/li><\/ul>\n<p><span style=\"font-size: 10pt;color: #808080\">COLEGIADO DO CURSO<\/span><\/p>\n<p><span style=\"font-size: 10pt\">Art.122 do\u00a0<a href=\"https:\/\/wp.ufpel.edu.br\/scs\/regimento\/\">Regimento Geral da Universidade Federal de Pelotas<\/a>\u00a0\u2013 O colegiado de curso \u00e9 o \u00f3rg\u00e3o de coordena\u00e7\u00e3o did\u00e1tica que tem por finalidade superintender o ensino, no \u00e2mbito de cada curso.<\/span><\/p>\n<p><a href=\"https:\/\/wp.ufpel.edu.br\/ifisp\/files\/2023\/08\/SEI_UFPel-2286871-Portaria-Interna-Colegiado-Ciencias-Sociais.pdf\">Portaria de constitui\u00e7\u00e3o do Colegiado Ci\u00eancias Sociais<\/a><\/p>\n<p><span style=\"font-size: 10pt;color: #808080\">N\u00daCLEO DOCENTE ESTRUTURANTE &#8211; NDE<\/span><\/p>\n<p><a href=\"https:\/\/wp.ufpel.edu.br\/ifisp\/files\/2023\/08\/SEI_UFPel-2286876-Portaria-Interna-NDE-Ciencias-Sociais.pdf\">Portaria Interna &#8211; NDE Ci\u00eancias Sociais<\/a><\/p>\n<div id=\"target-id654be5c14d9b3\" class=\"collapseomatic_content \">\n<p><span style=\"font-size: 10pt\"><a href=\"https:\/\/wp.ufpel.edu.br\/scs\/files\/2018\/08\/Res.-Cocepe-22.2018.pdf\">Diretrizes de funcionamento dos N\u00facleos Docentes Estruturantes (NDE)<\/a><\/span><\/p>\n<\/div>\n<p>&nbsp;<\/p>\n<p>Plano de trabalho &#8211; Coordena\u00e7\u00e3o dos Cursos de Ci\u00eancias Sociais &#8211; Bacharelado e Licenciatura<\/p>\n<p><a href=\"https:\/\/wp.ufpel.edu.br\/cienciassociais\/files\/2025\/06\/2023-2025-Plano-de-trabalho-do-Coordenador-CS-1.pdf\">2023-2025-Plano-de-trabalho-do-Coordenador CS<\/a><\/p>\n<p style=\"text-align: center\">\n","protected":false},"excerpt":{"rendered":"<p>O Colegiado do Curso de Ci\u00eancias Sociais \u00e9 formado pelo Coordenador dos Cursos de Ci\u00eancias Sociais, pelos representantes dos departamentos que ministram disciplinas nos Cursos e pelos representantes dos(as) alunos(as) e dos(as) servidores(as) t\u00e9cnico-administrativos. COLEGIADO DO CURSO Art.122 do\u00a0Regimento Geral da Universidade Federal de Pelotas\u00a0\u2013 O colegiado de curso \u00e9 o \u00f3rg\u00e3o de coordena\u00e7\u00e3o did\u00e1tica [&hellip;]<\/p>\n","protected":false},"author":56,"featured_media":0,"parent":0,"menu_order":2,"comment_status":"closed","ping_status":"closed","template":"","meta":{"footnotes":""},"class_list":["post-18","page","type-page","status-publish","hentry"],"_links":{"self":[{"href":"https:\/\/wp.ufpel.edu.br\/cienciassociais\/wp-json\/wp\/v2\/pages\/18","targetHints":{"allow":["GET"]}}],"collection":[{"href":"https:\/\/wp.ufpel.edu.br\/cienciassociais\/wp-json\/wp\/v2\/pages"}],"about":[{"href":"https:\/\/wp.ufpel.edu.br\/cienciassociais\/wp-json\/wp\/v2\/types\/page"}],"author":[{"embeddable":true,"href":"https:\/\/wp.ufpel.edu.br\/cienciassociais\/wp-json\/wp\/v2\/users\/56"}],"replies":[{"embeddable":true,"href":"https:\/\/wp.ufpel.edu.br\/cienciassociais\/wp-json\/wp\/v2\/comments?post=18"}],"version-history":[{"count":25,"href":"https:\/\/wp.ufpel.edu.br\/cienciassociais\/wp-json\/wp\/v2\/pages\/18\/revisions"}],"predecessor-version":[{"id":1688,"href":"https:\/\/wp.ufpel.edu.br\/cienciassociais\/wp-json\/wp\/v2\/pages\/18\/revisions\/1688"}],"wp:attachment":[{"href":"https:\/\/wp.ufpel.edu.br\/cienciassociais\/wp-json\/wp\/v2\/media?parent=18"}],"curies":[{"name":"wp","href":"https:\/\/api.w.org\/{rel}","templated":true}]}}