{"id":253,"date":"2021-03-05T16:13:50","date_gmt":"2021-03-05T19:13:50","guid":{"rendered":"https:\/\/wp.ufpel.edu.br\/cfc\/?page_id=253"},"modified":"2025-03-27T16:09:04","modified_gmt":"2025-03-27T19:09:04","slug":"demonstracoes-contabeis","status":"publish","type":"page","link":"https:\/\/wp.ufpel.edu.br\/cfc\/demonstracoes-contabeis\/","title":{"rendered":"Demonstra\u00e7\u00f5es Cont\u00e1beis &#8211; IN 84\/2020 TCU"},"content":{"rendered":"\n<p><strong>DEMONSTRA\u00c7\u00d5ES CONT\u00c1BEIS DE 2024<\/strong><\/p>\n\n\n\n<div class=\"wp-block-file\"><a id=\"wp-block-file--media-0c3e996a-db8b-4a2d-868b-34e4251e64d3\" href=\"https:\/\/wp.ufpel.edu.br\/cfc\/files\/2025\/03\/BGU-BF-Anual-Orgao26278.pdf\" target=\"_blank\" rel=\"noreferrer noopener\">Balan\u00e7o Financeiro 2024<\/a><\/div>\n\n\n\n<div class=\"wp-block-file\"><a id=\"wp-block-file--media-57698dfe-74bc-414a-a572-9a4ee5860630\" href=\"https:\/\/wp.ufpel.edu.br\/cfc\/files\/2025\/03\/BGU-BP-Anual-Orgao26278.pdf\" target=\"_blank\" rel=\"noreferrer noopener\">Balan\u00e7o Patrimonial 2024<\/a><\/div>\n\n\n\n<div class=\"wp-block-file\"><a id=\"wp-block-file--media-d0515595-83ba-46d3-865d-bc6d67d2e2eb\" href=\"https:\/\/wp.ufpel.edu.br\/cfc\/files\/2025\/03\/BGU-BO-Anual-Orgao26278.pdf\" target=\"_blank\" rel=\"noreferrer noopener\">Balan\u00e7o Or\u00e7ament\u00e1rio 2024<\/a><\/div>\n\n\n\n<div class=\"wp-block-file\"><a id=\"wp-block-file--media-9cc290db-3c4c-4f32-9137-136a2a722ad3\" href=\"https:\/\/wp.ufpel.edu.br\/cfc\/files\/2025\/03\/BGU-DFC-Anual-Orgao26278.pdf\" target=\"_blank\" rel=\"noreferrer noopener\">Demonstra\u00e7\u00e3o dos Fluxos de Caixa 2024<\/a><\/div>\n\n\n\n<div class=\"wp-block-file\"><a id=\"wp-block-file--media-920b832b-176a-480d-891c-e37ce40b2478\" href=\"https:\/\/wp.ufpel.edu.br\/cfc\/files\/2025\/03\/BGU-DVP-Anual-Orgao26278.pdf\" target=\"_blank\" rel=\"noreferrer noopener\">Demonstra\u00e7\u00e3o das Varia\u00e7\u00f5es Patrimoniais 2024<\/a><\/div>\n\n\n\n<div class=\"wp-block-file\"><a id=\"wp-block-file--media-9d1d629e-5230-4462-ac80-a3ab68af85b2\" href=\"https:\/\/wp.ufpel.edu.br\/cfc\/files\/2025\/03\/BGU-DMPL-Mes12-Encerrado-Orgao26278.pdf\" target=\"_blank\" rel=\"noreferrer noopener\">Demonstra\u00e7\u00f5es das Muta\u00e7\u00f5es do Patrim\u00f4nio L\u00edquido 2024<\/a><\/div>\n\n\n\n<div class=\"wp-block-file\"><a id=\"wp-block-file--media-5ae08774-5c74-4b7b-a86f-078752982845\" href=\"https:\/\/wp.ufpel.edu.br\/cfc\/files\/2025\/03\/Demonstracoes-Contabeis-e-Notas-Explicativas-2024.pdf\" target=\"_blank\" rel=\"noreferrer noopener\">Demonstra\u00e7\u00f5es Cont\u00e1beis e Notas Explicativas 2024<\/a><\/div>\n\n\n\n<p><\/p>\n\n\n\n<p><strong>DEMONSTRA\u00c7\u00d5ES CONT\u00c1BEIS DE 2023<\/strong><\/p>\n\n\n\n<div class=\"wp-block-file\"><a id=\"wp-block-file--media-d80fff20-7b6f-4100-a105-66cf135c5579\" href=\"https:\/\/wp.ufpel.edu.br\/cfc\/files\/2024\/03\/BGU-BF-Anual-Orgao26278.pdf\" target=\"_blank\" rel=\"noreferrer noopener\">Balan\u00e7o Financeiro 2023<\/a><\/div>\n\n\n\n<div class=\"wp-block-file\"><a id=\"wp-block-file--media-c25552d9-b475-4df3-8a8f-a10b3e928f36\" href=\"https:\/\/wp.ufpel.edu.br\/cfc\/files\/2024\/03\/BGU-BP-Anual-Orgao26278.pdf\" target=\"_blank\" rel=\"noreferrer noopener\">Balan\u00e7o Patrimonial 2023<\/a><\/div>\n\n\n\n<div class=\"wp-block-file\"><a id=\"wp-block-file--media-07ef7fae-e5fe-4640-bac4-ba856285c081\" href=\"https:\/\/wp.ufpel.edu.br\/cfc\/files\/2024\/03\/BGU-BO-Anual-Orgao26278.pdf\" target=\"_blank\" rel=\"noreferrer noopener\">Balan\u00e7o Or\u00e7ament\u00e1rio 2023<\/a><\/div>\n\n\n\n<div class=\"wp-block-file\"><a id=\"wp-block-file--media-3e136473-9c04-46f8-8b10-ea8db109fbef\" href=\"https:\/\/wp.ufpel.edu.br\/cfc\/files\/2024\/03\/BGU-DFC-Anual-Orgao26278.pdf\" target=\"_blank\" rel=\"noreferrer noopener\">Demonstra\u00e7\u00e3o dos Fluxos de Caixa 2023<\/a><\/div>\n\n\n\n<div class=\"wp-block-file\"><a id=\"wp-block-file--media-a5b7c3c9-099f-4c3b-9548-5895d3224762\" href=\"https:\/\/wp.ufpel.edu.br\/cfc\/files\/2024\/03\/BGU-DVP-Anual-Orgao26278.pdf\" target=\"_blank\" rel=\"noreferrer noopener\">Demonstra\u00e7\u00e3o das Varia\u00e7\u00f5es Patrimoniais 2023<\/a><\/div>\n\n\n\n<div class=\"wp-block-file\"><a id=\"wp-block-file--media-d52b48c5-5cdd-4c6d-b0de-b2c14b858084\" href=\"https:\/\/wp.ufpel.edu.br\/cfc\/files\/2024\/03\/BGU-DMPL-Mes12-Encerrado-Orgao26278.pdf\" target=\"_blank\" rel=\"noreferrer noopener\">Demonstra\u00e7\u00e3o das Muta\u00e7\u00f5es do Patrim\u00f4nio L\u00edquido 2023<\/a><\/div>\n\n\n\n<div class=\"wp-block-file\"><a id=\"wp-block-file--media-3905c105-9d09-451c-8064-41a4b398c68b\" href=\"https:\/\/wp.ufpel.edu.br\/cfc\/files\/2024\/03\/Demonstracoes-Contabeis-e-Notas-Explicativas-2023.pdf\" target=\"_blank\" rel=\"noreferrer noopener\">Demonstra\u00e7\u00f5es Cont\u00e1beis e Notas Explicativas 2023<\/a><\/div>\n\n\n\n<p><\/p>\n\n\n\n<p> <strong>DEMONSTRA\u00c7\u00d5ES CONT\u00c1BEIS DE 2022<\/strong> <\/p>\n\n\n\n<div class=\"wp-block-file\"><a id=\"wp-block-file--media-a7b78ffd-a005-4eae-b35b-aa1cf8dd4862\" href=\"https:\/\/wp.ufpel.edu.br\/cfc\/files\/2023\/03\/BGU-BF-Anual-Orgao26278.pdf\" target=\"_blank\" rel=\"noreferrer noopener\">Balan\u00e7o Financeiro 2022<\/a><\/div>\n\n\n\n<div class=\"wp-block-file\"><a id=\"wp-block-file--media-579b3984-dc01-4bc6-9120-34e7f8e0d2e3\" href=\"https:\/\/wp.ufpel.edu.br\/cfc\/files\/2023\/03\/BGU-BP-Anual-Orgao26278.pdf\" target=\"_blank\" rel=\"noreferrer noopener\">Balan\u00e7o Patrimonial 2022<\/a><\/div>\n\n\n\n<div class=\"wp-block-file\"><a id=\"wp-block-file--media-6115ace3-193d-496f-9848-d6c610a8907d\" href=\"https:\/\/wp.ufpel.edu.br\/cfc\/files\/2023\/03\/BGU-BO-Anual-Orgao26278.pdf\" target=\"_blank\" rel=\"noreferrer noopener\">Balan\u00e7o Or\u00e7ament\u00e1rio 2022<\/a><\/div>\n\n\n\n<div class=\"wp-block-file\"><a id=\"wp-block-file--media-8e7f6f79-bdf6-4354-98a6-547103fa80e9\" href=\"https:\/\/wp.ufpel.edu.br\/cfc\/files\/2023\/03\/BGU-DFC-Anual-Orgao26278.pdf\" target=\"_blank\" rel=\"noreferrer noopener\">Demonstra\u00e7\u00e3o dos Fluxos de Caixa 2022<\/a><\/div>\n\n\n\n<div class=\"wp-block-file\"><a id=\"wp-block-file--media-339a664f-fbf3-4f74-b037-c1b520c58545\" href=\"https:\/\/wp.ufpel.edu.br\/cfc\/files\/2023\/03\/BGU-DVP-Anual-Orgao26278.pdf\" target=\"_blank\" rel=\"noreferrer noopener\">Demonstra\u00e7\u00e3o das Varia\u00e7\u00f5es Patrimoniais 2022<\/a><\/div>\n\n\n\n<div class=\"wp-block-file\"><a id=\"wp-block-file--media-9f306ece-f8ff-4c9e-bf84-cfa6d28a8bae\" href=\"https:\/\/wp.ufpel.edu.br\/cfc\/files\/2023\/03\/BGU-DMPL-Mes12-Encerrado-Orgao26278.pdf\" target=\"_blank\" rel=\"noreferrer noopener\">Demonstra\u00e7\u00f5es das Muta\u00e7\u00f5es do Patrim\u00f4nio L\u00edquido 2022<\/a><\/div>\n\n\n\n<div class=\"wp-block-file\"><a id=\"wp-block-file--media-b640383f-6e11-412b-925e-042415872e03\" href=\"https:\/\/wp.ufpel.edu.br\/cfc\/files\/2023\/03\/Notas-Explicativas-2022.pdf\" target=\"_blank\" rel=\"noreferrer noopener\">Demonstra\u00e7\u00f5es Cont\u00e1beis e Notas Explicativas 2022<\/a><\/div>\n\n\n<style>.wp-block-kadence-spacer.kt-block-spacer-253_c71f9f-50 .kt-block-spacer{height:60px;}.wp-block-kadence-spacer.kt-block-spacer-253_c71f9f-50 .kt-divider{border-top-width:2px;border-top-color:#2d5cab;width:100%;border-top-style:solid;}<\/style>\n<div class=\"wp-block-kadence-spacer aligncenter kt-block-spacer-253_c71f9f-50 kvs-lg-false\"><div class=\"kt-block-spacer kt-block-spacer-halign-left\"><hr class=\"kt-divider\"\/><\/div><\/div>\n\n\n\n<p><strong>DEMONSTRA\u00c7\u00d5ES CONT\u00c1BEIS DE 2021<\/strong><\/p>\n\n\n\n<div class=\"wp-block-file\"><a id=\"wp-block-file--media-425eaae6-170c-4c3b-9aba-e1aa92c931f1\" href=\"https:\/\/wp.ufpel.edu.br\/cfc\/files\/2022\/02\/BGU-BF-Anual-Orgao26278.pdf\" target=\"_blank\" rel=\"noreferrer noopener\">Balan\u00e7o Financeiro 2021<\/a><\/div>\n\n\n\n<div class=\"wp-block-file\"><a id=\"wp-block-file--media-3df21c83-c267-4dab-b078-56b28b33685e\" href=\"https:\/\/wp.ufpel.edu.br\/cfc\/files\/2022\/02\/BGU-BP-Anual-Orgao26278.pdf\" target=\"_blank\" rel=\"noreferrer noopener\">Balan\u00e7o Patrimonial 2021<\/a><\/div>\n\n\n\n<div class=\"wp-block-file\"><a id=\"wp-block-file--media-aa89d720-f980-4d64-a27e-5f53ab3f405e\" href=\"https:\/\/wp.ufpel.edu.br\/cfc\/files\/2022\/02\/BGU-BO-Anual-Orgao26278.pdf\" target=\"_blank\" rel=\"noreferrer noopener\">Balan\u00e7o Or\u00e7ament\u00e1rio 2021<\/a><\/div>\n\n\n\n<div class=\"wp-block-file\"><a id=\"wp-block-file--media-32c5797f-fd54-4c95-9979-2ccc9af87180\" href=\"https:\/\/wp.ufpel.edu.br\/cfc\/files\/2022\/02\/BGU-DFC-Anual-Orgao26278.pdf\" target=\"_blank\" rel=\"noreferrer noopener\">Demonstra\u00e7\u00e3o dos Fluxos de Caixa 2021<\/a><\/div>\n\n\n\n<div class=\"wp-block-file\"><a id=\"wp-block-file--media-2aaf263d-1bc7-4dc6-aea0-40411f9ecc3f\" href=\"https:\/\/wp.ufpel.edu.br\/cfc\/files\/2022\/02\/BGU-DVP-Anual-Orgao26278.pdf\" target=\"_blank\" rel=\"noreferrer noopener\">Demonstra\u00e7\u00e3o das Varia\u00e7\u00f5es Patrimoniais 2021<\/a><\/div>\n\n\n\n<div class=\"wp-block-file\"><a id=\"wp-block-file--media-c3c0008c-9173-47da-8277-f957f4aa4393\" href=\"https:\/\/wp.ufpel.edu.br\/cfc\/files\/2022\/02\/BGU-DMPL-Mes12-Encerrado-Orgao26278.pdf\" target=\"_blank\" rel=\"noreferrer noopener\">Demonstra\u00e7\u00e3o das Muta\u00e7\u00f5es do Patrim\u00f4nio L\u00edquido 2021<\/a><\/div>\n\n\n\n<div class=\"wp-block-file\"><a id=\"wp-block-file--media-008bb91c-c801-4b6f-ab20-f53e539bf6b1\" href=\"https:\/\/wp.ufpel.edu.br\/cfc\/files\/2022\/05\/Notas-Explicativas-Anual-2021.pdf\" target=\"_blank\" rel=\"noreferrer noopener\">Demonstra\u00e7\u00f5es Cont\u00e1beis e Notas Explicativas 2021<\/a><\/div>\n\n\n<style>.wp-block-kadence-spacer.kt-block-spacer-253_c22fe2-9f .kt-block-spacer{height:60px;}.wp-block-kadence-spacer.kt-block-spacer-253_c22fe2-9f .kt-divider{border-top-width:2px;border-top-color:#2d5cab;width:100%;border-top-style:solid;}<\/style>\n<div class=\"wp-block-kadence-spacer aligncenter kt-block-spacer-253_c22fe2-9f kvs-lg-false\"><div class=\"kt-block-spacer kt-block-spacer-halign-left\"><hr class=\"kt-divider\"\/><\/div><\/div>\n\n\n\n<p> <strong>DEMONSTRA\u00c7\u00d5ES CONT\u00c1BEIS DE 2020<\/strong><\/p>\n\n\n\n<div class=\"wp-block-file\"><a id=\"wp-block-file--media-843e5412-5211-493a-ab04-bae5b1277b92\" href=\"https:\/\/wp.ufpel.edu.br\/cfc\/files\/2021\/03\/BGU-BF-Anual-Orgao26278.pdf\" target=\"_blank\" rel=\"noreferrer noopener\">Balan\u00e7o Financeiro 2020<\/a><\/div>\n\n\n\n<div class=\"wp-block-file\"><a id=\"wp-block-file--media-642dc9fd-8cd4-41a9-8728-29b25467da64\" href=\"https:\/\/wp.ufpel.edu.br\/cfc\/files\/2021\/03\/BGU-BP-Anual-Orgao26278.pdf\" target=\"_blank\" rel=\"noreferrer noopener\">Balan\u00e7o Patrimonial 2020<\/a><\/div>\n\n\n\n<div class=\"wp-block-file\"><a id=\"wp-block-file--media-6d56a8f8-cc9b-4c1a-b8fa-cba8fa450be2\" href=\"https:\/\/wp.ufpel.edu.br\/cfc\/files\/2021\/03\/BGU-BO-Anual-Orgao26278.pdf\" target=\"_blank\" rel=\"noreferrer noopener\">Balan\u00e7o Or\u00e7ament\u00e1rio 2020<\/a><\/div>\n\n\n\n<div class=\"wp-block-file\"><a id=\"wp-block-file--media-8bd1f6b1-d73b-4a33-b238-2693aa37b48c\" href=\"https:\/\/wp.ufpel.edu.br\/cfc\/files\/2021\/03\/BGU-DFC-Anual-Orgao26278.pdf\" target=\"_blank\" rel=\"noreferrer noopener\">Demonstra\u00e7\u00e3o dos Fluxos de Caixa 2020<\/a><\/div>\n\n\n\n<div class=\"wp-block-file\"><a id=\"wp-block-file--media-9e32fe71-e7e9-4427-817e-8954aaa983a4\" href=\"https:\/\/wp.ufpel.edu.br\/cfc\/files\/2021\/03\/BGU-DVP-Anual-Orgao26278.pdf\" target=\"_blank\" rel=\"noreferrer noopener\">Demonstra\u00e7\u00f5es das Varia\u00e7\u00f5es Patrimoniais 2020<\/a><\/div>\n\n\n\n<div class=\"wp-block-file\"><a id=\"wp-block-file--media-ea5588b4-0a84-45d9-b0b6-1e3f56297f1e\" href=\"https:\/\/wp.ufpel.edu.br\/cfc\/files\/2021\/03\/BGU-DMPL-Mes12-Encerrado-Orgao26278.pdf\" target=\"_blank\" rel=\"noreferrer noopener\">Demonstra\u00e7\u00e3o das Muta\u00e7\u00f5es do Patrim\u00f4nio L\u00edquido 2020<\/a><\/div>\n\n\n\n<div class=\"wp-block-file\"><a id=\"wp-block-file--media-5d9127ea-ab33-42cc-908a-9dfa42c25817\" href=\"https:\/\/wp.ufpel.edu.br\/cfc\/files\/2021\/03\/Demonstracoes-Contabeis-e-Notas-Explicativas-2020.pdf\" target=\"_blank\" rel=\"noreferrer noopener\">Demonstra\u00e7\u00f5es Cont\u00e1beis e Notas Explicativas 2020<\/a><\/div>\n\n\n<style>.wp-block-kadence-spacer.kt-block-spacer-253_ffe671-ea .kt-block-spacer{height:60px;}.wp-block-kadence-spacer.kt-block-spacer-253_ffe671-ea .kt-divider{border-top-width:2px;border-top-color:#2d5cab;width:100%;border-top-style:solid;}<\/style>\n<div class=\"wp-block-kadence-spacer aligncenter kt-block-spacer-253_ffe671-ea kvs-lg-false\"><div class=\"kt-block-spacer kt-block-spacer-halign-left\"><hr class=\"kt-divider\"\/><\/div><\/div>\n\n\n\n<p><strong><a rel=\"noreferrer noopener\" href=\"https:\/\/www.in.gov.br\/en\/web\/dou\/-\/instrucao-normativa-n-84-de-22-de-abril-de-2020-254756795\" target=\"_blank\"><strong>INSTRU\u00c7\u00c3O NORMATIVA N\u00ba 84, DE 22 DE ABRIL DE 2020<\/strong><\/a><\/strong><br>Estabelece normas para a tomada e presta\u00e7\u00e3o de contas dos administradores e respons\u00e1veis da administra\u00e7\u00e3o p\u00fablica federal, para fins de julgamento pelo Tribunal de Contas da Uni\u00e3o, nos termos do art. 7\u00ba da Lei 8.443, de 1992, e revoga as Instru\u00e7\u00f5es Normativas TCU 63 e 72, de 1\u00ba de setembro de 2010 e de 15 de maio de 2013, respectivamente.<\/p>\n","protected":false},"excerpt":{"rendered":"<p>DEMONSTRA\u00c7\u00d5ES CONT\u00c1BEIS DE 2024 DEMONSTRA\u00c7\u00d5ES CONT\u00c1BEIS DE 2023 DEMONSTRA\u00c7\u00d5ES CONT\u00c1BEIS DE 2022 DEMONSTRA\u00c7\u00d5ES CONT\u00c1BEIS DE 2021 DEMONSTRA\u00c7\u00d5ES CONT\u00c1BEIS DE 2020 INSTRU\u00c7\u00c3O NORMATIVA N\u00ba 84, DE 22 DE ABRIL DE 2020Estabelece normas para a tomada e presta\u00e7\u00e3o de contas dos administradores e respons\u00e1veis da administra\u00e7\u00e3o p\u00fablica federal, para fins de julgamento pelo Tribunal de Contas da [&hellip;]<\/p>\n","protected":false},"author":1122,"featured_media":0,"parent":0,"menu_order":0,"comment_status":"closed","ping_status":"closed","template":"","meta":{"footnotes":""},"class_list":["post-253","page","type-page","status-publish","hentry"],"_links":{"self":[{"href":"https:\/\/wp.ufpel.edu.br\/cfc\/wp-json\/wp\/v2\/pages\/253","targetHints":{"allow":["GET"]}}],"collection":[{"href":"https:\/\/wp.ufpel.edu.br\/cfc\/wp-json\/wp\/v2\/pages"}],"about":[{"href":"https:\/\/wp.ufpel.edu.br\/cfc\/wp-json\/wp\/v2\/types\/page"}],"author":[{"embeddable":true,"href":"https:\/\/wp.ufpel.edu.br\/cfc\/wp-json\/wp\/v2\/users\/1122"}],"replies":[{"embeddable":true,"href":"https:\/\/wp.ufpel.edu.br\/cfc\/wp-json\/wp\/v2\/comments?post=253"}],"version-history":[{"count":93,"href":"https:\/\/wp.ufpel.edu.br\/cfc\/wp-json\/wp\/v2\/pages\/253\/revisions"}],"predecessor-version":[{"id":889,"href":"https:\/\/wp.ufpel.edu.br\/cfc\/wp-json\/wp\/v2\/pages\/253\/revisions\/889"}],"wp:attachment":[{"href":"https:\/\/wp.ufpel.edu.br\/cfc\/wp-json\/wp\/v2\/media?parent=253"}],"curies":[{"name":"wp","href":"https:\/\/api.w.org\/{rel}","templated":true}]}}