{"id":74,"date":"2024-01-18T17:19:00","date_gmt":"2024-01-18T20:19:00","guid":{"rendered":"https:\/\/wp.ufpel.edu.br\/cepfen\/?page_id=74"},"modified":"2024-01-18T21:10:23","modified_gmt":"2024-01-19T00:10:23","slug":"manuais-de-orientacao","status":"publish","type":"page","link":"https:\/\/wp.ufpel.edu.br\/cepfen\/submissao-de-protocolos-de-pesquisa\/manuais-de-orientacao\/","title":{"rendered":"Legisla\u00e7\u00e3o &#8211; Cartas Circulares"},"content":{"rendered":"<table class=\"table\" cellspacing=\"2\" cellpadding=\"2\">\n<thead>\n<tr>\n<th style=\"width: 182px;\" scope=\"col\"><strong>Carta Circular<\/strong><\/th>\n<th style=\"width: 199px;\" scope=\"col\"><strong>Data<\/strong><\/th>\n<th style=\"width: 382px;\" scope=\"col\"><strong>Assunto<\/strong><\/th>\n<\/tr>\n<\/thead>\n<tbody>\n<tr>\n<td style=\"width: 182px;\"><a href=\"https:\/\/conselho.saude.gov.br\/images\/CARTA_N%C2%BA_0212-CONEP-CNS.pdf\" target=\"_blank\" rel=\"noopener\">Carta Circular n\u00ba 212<\/a><\/td>\n<td style=\"width: 199px;\">21 de outubro de 2010<\/td>\n<td style=\"width: 382px;\">Documento de conclus\u00f5es do semin\u00e1rio interno sobre o tema: \u2018Institui\u00e7\u00e3o Sediadora e Vinculada\u2019 ocorrido em Reuni\u00e3o Extraordin\u00e1ria da CONEP em 12\/08\/2010.<\/td>\n<\/tr>\n<tr>\n<td style=\"width: 182px;\">\u00a0<a href=\"https:\/\/conselho.saude.gov.br\/images\/Carta_Circular_4_Revisao_441.pdf\" target=\"_blank\" rel=\"noopener\">Carta Circular n\u00ba 4<\/a><\/td>\n<td style=\"width: 199px;\">3 de maio de 2022<\/td>\n<td style=\"width: 382px;\">Revis\u00e3o da Resolu\u00e7\u00e3o CNS 441 de 2011: consulta inicial aos CEPs e respons\u00e1veis por Biobancos e Biorreposit\u00f3rios.<\/td>\n<\/tr>\n<tr>\n<td style=\"width: 182px;\"><a href=\"https:\/\/conselho.saude.gov.br\/images\/SEI_25000.081014_2021_80.pdf\">Carta Circular n\u00ba 2<\/a><\/td>\n<td style=\"width: 199px;\">30 de maio de 2021<\/td>\n<td style=\"width: 382px;\">Orienta\u00e7\u00f5es para estudos com vacinas contra a Covid-19.<\/td>\n<\/tr>\n<tr>\n<td style=\"width: 182px;\"><a href=\"https:\/\/conselho.saude.gov.br\/images\/comissoes\/conep\/documentos\/CARTAS\/Carta_Circular_01.2021.pdf\">Carta Circular n\u00ba 1<\/a><\/td>\n<td style=\"width: 199px;\">3 de mar\u00e7o de 2021<\/td>\n<td style=\"width: 382px;\">Orienta\u00e7\u00f5es para procedimentos em pesquisas com qualquer etapa em ambiente virtual.<\/td>\n<\/tr>\n<tr>\n<td style=\"width: 182px;\"><a href=\"https:\/\/drive.google.com\/file\/d\/12zhLX2RB3o7gkCzjD_I8FYG1AB05F_db\/view?usp=drivesdk\">Carta Circular n\u00ba 13<\/a><\/td>\n<td style=\"width: 199px;\">2 de junho de 2020<\/td>\n<td style=\"width: 382px;\">Disposi\u00e7\u00f5es sobre a tramita\u00e7\u00e3o de Eventos Adversos no Sistema CEP\/Conep.<\/td>\n<\/tr>\n<tr>\n<td style=\"width: 182px;\"><a href=\"https:\/\/drive.google.com\/file\/d\/1WC5SxAvIbx7r7FPG0KGfCdtX7SnniYh4\/view?usp=sharing\">Carta Circular n\u00ba 11<\/a><\/td>\n<td style=\"width: 199px;\">28 de abril de 2020<\/td>\n<td style=\"width: 382px;\">Suspens\u00e3o do calend\u00e1rio de realiza\u00e7\u00e3o dos Treinamentos Regionais para o Sistema CEP\/Conep do ano de 2020.<\/td>\n<\/tr>\n<tr>\n<td style=\"width: 182px;\"><a href=\"https:\/\/conselho.saude.gov.br\/images\/comissoes\/conep\/documentos\/CARTAS\/Carta_Circular_7_2020.pdf\">Carta Circular n\u00ba 007<\/a><\/td>\n<td style=\"width: 199px;\">16 de mar\u00e7o de 2020<\/td>\n<td style=\"width: 382px;\">Autoriza\u00e7\u00e3o, em car\u00e1ter excepcional, para a realiza\u00e7\u00e3o de reuni\u00f5es por meio de videoconfer\u00eancia ou aplicativo web de videochamada.<\/td>\n<\/tr>\n<tr>\n<td style=\"width: 182px;\"><a href=\"https:\/\/conselho.saude.gov.br\/images\/comissoes\/conep\/documentos\/CARTAS\/Carta_Circular_n%C2%BA_3-2020-CONEP-SECNS-MS.pdf\">Carta Circular n\u00ba 003<\/a><\/td>\n<td style=\"width: 199px;\">4 de fevereiro de 2020<\/td>\n<td style=\"width: 382px;\">Tramita\u00e7\u00e3o dos Protocolos de Desenvolvimento de Biobancos por meio de correio eletr\u00f4nico (n\u00e3o est\u00e1 mais em vigor, verificar\u00a0<strong><a href=\"https:\/\/conselho.saude.gov.br\/images\/oficio_circular_34_21_biobancos_pb.pdf\" target=\"_blank\" rel=\"noopener\">Of\u00edcio Circular n\u00ba 34\/2021<\/a>).<\/strong><\/td>\n<\/tr>\n<tr>\n<td style=\"width: 182px;\"><a href=\"https:\/\/conselho.saude.gov.br\/images\/comissoes\/conep\/documentos\/CARTAS\/SEI_MS_-_0013394178_-_Carta_Circular_-_Treinamentos_2020.pdf\">Carta Circular n\u00ba 002<\/a><\/td>\n<td style=\"width: 199px;\">4 de fevereiro de 2020<\/td>\n<td style=\"width: 382px;\">Treinamentos Regionais para o Sistema CEP\/Conep.<\/td>\n<\/tr>\n<tr>\n<td style=\"width: 182px;\"><a href=\"https:\/\/conselho.saude.gov.br\/images\/comissoes\/conep\/documentos\/CARTAS\/SEI_MS_-_0012256379_-_Carta_Circular_resultado.pdf\">Carta Circular n\u00ba 129<\/a><\/td>\n<td style=\"width: 199px;\">18 de novembro de 2019<\/td>\n<td style=\"width: 382px;\">Membros eleitos para o Pleno da Conep &#8211; Mandato 2020 &#8211; 2024.<\/td>\n<\/tr>\n<tr>\n<td style=\"width: 182px;\"><a href=\"https:\/\/conselho.saude.gov.br\/images\/comissoes\/conep\/documentos\/CARTAS\/CartaCircular332-2018.pdf\">Carta Circular n\u00ba 332<\/a><\/td>\n<td style=\"width: 199px;\">23 de novembro de 2018<\/td>\n<td style=\"width: 382px;\">In\u00edcio das atividades do Projeto de Qualifica\u00e7\u00e3o.<\/td>\n<\/tr>\n<tr>\n<td style=\"width: 182px;\"><a href=\"https:\/\/conselho.saude.gov.br\/images\/comissoes\/conep\/documentos\/CARTAS\/Carta_Circular_285.pdf\" target=\"_blank\" rel=\"noopener\">Carta Circular n\u00ba 285<\/a><\/td>\n<td style=\"width: 199px;\">6 de setembro de 2018<\/td>\n<td style=\"width: 382px;\">Declara\u00e7\u00e3o de ader\u00eancia aos guias de Boas Pr\u00e1ticas Cl\u00ednicas &#8211; ICH-GCP (Good Clinical Practice).<\/td>\n<\/tr>\n<tr>\n<td style=\"width: 182px;\"><a href=\"https:\/\/conselho.saude.gov.br\/images\/comissoes\/conep\/documentos\/CARTAS\/CartaCircular166.pdf\">Carta Circular n\u00ba 166<\/a><\/td>\n<td style=\"width: 199px;\">12 de junho dede 2018<\/td>\n<td style=\"width: 382px;\">Tramita\u00e7\u00e3o de estudos tipo relato de caso para a \u00e1rea biom\u00e9dica.<\/td>\n<\/tr>\n<tr>\n<td style=\"width: 182px;\"><a href=\"https:\/\/conselho.saude.gov.br\/images\/comissoes\/conep\/documentos\/CARTAS\/CartaCircular71.pdf\">Carta Circular n\u00ba 71<\/a><\/td>\n<td style=\"width: 199px;\">2 de abril de 2018<\/td>\n<td style=\"width: 382px;\">Encerramento da tramita\u00e7\u00e3o de protocolos de pesquisa fora da Plataforma Brasil.<\/td>\n<\/tr>\n<tr>\n<td style=\"width: 182px;\"><a href=\"https:\/\/conselho.saude.gov.br\/images\/comissoes\/conep\/documentos\/CARTAS\/CartaCircular110.pdf\">Carta Circular n\u00ba 110<\/a><\/td>\n<td style=\"width: 199px;\">8 de dezembro de 2017<\/td>\n<td style=\"width: 382px;\">Preenchimento da Plataforma Brasil em pesquisas com metodologias pr\u00f3prias de CHS.<\/td>\n<\/tr>\n<tr>\n<td style=\"width: 182px;\"><a href=\"https:\/\/conselho.saude.gov.br\/images\/comissoes\/conep\/documentos\/CARTAS\/CartaCircular51.pdf\">Carta Circular n\u00ba 51<\/a><\/td>\n<td style=\"width: 199px;\">28 de setembro de 2017<\/td>\n<td style=\"width: 382px;\">Esclarecimentos adicionais sobre a reda\u00e7\u00e3o do TCLE.<\/td>\n<\/tr>\n<tr>\n<td style=\"width: 182px;\"><a href=\"https:\/\/conselho.saude.gov.br\/images\/comissoes\/conep\/documentos\/CARTAS\/CartaCircular17.pdf\">Carta Circular n\u00ba 17<\/a><\/td>\n<td style=\"width: 199px;\">26 de julho de 2017<\/td>\n<td style=\"width: 382px;\">Esclarecimentos acerca das atualiza\u00e7\u00f5es no TCLE.<\/td>\n<\/tr>\n<tr>\n<td style=\"width: 182px;\"><a href=\"https:\/\/conselho.saude.gov.br\/images\/comissoes\/conep\/documentos\/CARTAS\/CartaCircular189.pdf\">Carta Circular n\u00ba 189<\/a><\/td>\n<td style=\"width: 199px;\">16 de maio de 2017<\/td>\n<td style=\"width: 382px;\">Tramita\u00e7\u00e3o de protocolos de pesquisa fora da Plataforma Brasil.<\/td>\n<\/tr>\n<tr>\n<td style=\"width: 182px;\"><a href=\"https:\/\/conselho.saude.gov.br\/images\/comissoes\/conep\/documentos\/CARTAS\/CartaCircular183.pdf\">Carta Circular n\u00ba n\u00b0183<\/a><\/td>\n<td style=\"width: 199px;\">8 de maio de 2017<\/td>\n<td style=\"width: 382px;\">Vincula\u00e7\u00e3o do pesquisador e de institui\u00e7\u00f5es ao CEP.<\/td>\n<\/tr>\n<tr>\n<td style=\"width: 182px;\"><a href=\"https:\/\/conselho.saude.gov.br\/images\/comissoes\/conep\/documentos\/CARTAS\/CartaCircular172.pdf\">Carta Circular n\u00ba 172<\/a><\/td>\n<td style=\"width: 199px;\">20 de abril de 2017<\/td>\n<td style=\"width: 382px;\">Esclarecimentos referentes \u00e0 sele\u00e7\u00e3o de \u00c1rea Tem\u00e1tica.<\/td>\n<\/tr>\n<tr>\n<td style=\"width: 182px;\"><a href=\"https:\/\/conselho.saude.gov.br\/images\/comissoes\/conep\/documentos\/CARTAS\/Carta-Circular244-16.pdf\">Carta Circular n\u00b0 244<\/a><\/td>\n<td style=\"width: 199px;\">8 de dezembro de 2016<\/td>\n<td style=\"width: 382px;\">Informa\u00e7\u00e3o aos CEP sobre paralisa\u00e7\u00e3o tempor\u00e1ria das atividades em decorr\u00eancia de greve ou f\u00e9rias na institui\u00e7\u00e3o.<\/td>\n<\/tr>\n<tr>\n<td style=\"width: 182px;\"><a href=\"https:\/\/conselho.saude.gov.br\/images\/comissoes\/conep\/documentos\/CARTAS\/CartaCircular174.pdf\">Carta Circular n\u00ba 174<\/a><\/td>\n<td style=\"width: 199px;\">26 de agosto de 2016<\/td>\n<td style=\"width: 382px;\">Sele\u00e7\u00e3o de membros CHS para compor Inst\u00e2ncia e Grupo de Trabalho consultivo sobre Tipifica\u00e7\u00e3o da Pesquisa e tramita\u00e7\u00e3o no Sistema CEP\/Conep.<\/td>\n<\/tr>\n<tr>\n<td style=\"width: 182px;\"><a href=\"https:\/\/conselho.saude.gov.br\/images\/comissoes\/conep\/documentos\/CARTAS\/CartaCircular151.pdf\">Carta Circular n\u00ba 151<\/a><\/td>\n<td style=\"width: 199px;\">6 de agosto de 2016<\/td>\n<td style=\"width: 382px;\">Convite e crit\u00e9rios para a participa\u00e7\u00e3o dos Comit\u00eas de \u00c9tica no 4\u00ba ENCEP.<\/td>\n<\/tr>\n<tr>\n<td style=\"width: 182px;\"><a href=\"https:\/\/conselho.saude.gov.br\/images\/comissoes\/conep\/documentos\/CARTAS\/CartaCircular044.pdf\">Carta Circular n\u00ba 044<\/a><\/td>\n<td style=\"width: 199px;\">3 de fevereiro de 2016<\/td>\n<td style=\"width: 382px;\">Carta de agradecimento e desejo de continuidade na parceria do Sistema CEP\/Conep.<\/td>\n<\/tr>\n<tr>\n<td style=\"width: 182px;\"><a href=\"https:\/\/conselho.saude.gov.br\/images\/comissoes\/conep\/documentos\/CARTAS\/CartaCircular117.pdf\">Carta Circular n\u00ba 117<\/a><\/td>\n<td style=\"width: 199px;\">21 de julho de 2015<\/td>\n<td style=\"width: 382px;\">Altera\u00e7\u00e3o no prazo de contribui\u00e7\u00f5es na Carta Circular n\u00ba 115.<\/td>\n<\/tr>\n<tr>\n<td style=\"width: 182px;\"><a href=\"https:\/\/conselho.saude.gov.br\/images\/comissoes\/conep\/documentos\/CARTAS\/CartaCircular115.pdf\">Carta Circular n\u00ba 115<\/a><\/td>\n<td style=\"width: 199px;\">13 de julho de 2015<\/td>\n<td style=\"width: 382px;\">Consulta \u00e0 sociedade sobre proposta de Minuta de Resolu\u00e7\u00e3o Complementar \u00e0 Resolu\u00e7\u00e3o CNS n\u00ba 466 referente \u00e0s especificidades \u00e9ticas das pesquisas nas CHS.<\/td>\n<\/tr>\n<tr>\n<td style=\"width: 182px;\"><a href=\"https:\/\/conselho.saude.gov.br\/images\/comissoes\/conep\/documentos\/CARTAS\/CartaCircular088.pdf\">Carta Circular n\u00ba 088<\/a><\/td>\n<td style=\"width: 199px;\">12 de junho de 2015<\/td>\n<td style=\"width: 382px;\">Consulta \u00e0 sociedade sobre proposta de Minuta de Resolu\u00e7\u00e3o Complementar \u00e0 Resolu\u00e7\u00e3o CNS n\u00ba 466 referente ao Processo de Acredita\u00e7\u00e3o dos CEP.<\/td>\n<\/tr>\n<tr>\n<td style=\"width: 182px;\"><a href=\"https:\/\/conselho.saude.gov.br\/images\/comissoes\/conep\/documentos\/CARTAS\/CartaCircular067.pdf\">Carta Circular n\u00ba 067<\/a><\/td>\n<td style=\"width: 199px;\">30 de abril de 2015<\/td>\n<td style=\"width: 382px;\">Nota da Conep referente ao Projeto de Lei n\u00ba 200.<\/td>\n<\/tr>\n<tr>\n<td style=\"width: 182px;\"><a href=\"https:\/\/conselho.saude.gov.br\/images\/comissoes\/conep\/documentos\/CARTAS\/CartaCircular046.pdf\">Carta Circular n\u00ba 046\u00a0<\/a><\/td>\n<td style=\"width: 199px;\">15 de abril de 2015<\/td>\n<td style=\"width: 382px;\">Altera\u00e7\u00e3o de centro(s) participante(s) de pesquisa.<\/td>\n<\/tr>\n<tr>\n<td style=\"width: 182px;\"><a href=\"https:\/\/conselho.saude.gov.br\/images\/comissoes\/conep\/documentos\/CARTAS\/CartaCircular041-15.pdf\">Carta Circular n\u00ba 041\u00a0<\/a><\/td>\n<td style=\"width: 199px;\">27 de mar\u00e7o de 2015<\/td>\n<td style=\"width: 382px;\">Orienta\u00e7\u00f5es acerca do item V.1.a da Resolu\u00e7\u00e3o CNS n\u00ba 340\/2004.<\/td>\n<\/tr>\n<tr>\n<td style=\"width: 182px;\"><a href=\"https:\/\/conselho.saude.gov.br\/images\/comissoes\/conep\/documentos\/CARTAS\/Carta_Circular_040_Tramitacao_Brochura_Investigador_PB.pdf\">Carta Circular n\u00ba 040\u00a0<\/a><\/td>\n<td style=\"width: 199px;\">27 de mar\u00e7o de 2015<\/td>\n<td style=\"width: 382px;\">Tramita\u00e7\u00e3o de Brochura do Investigador na Plataforma Brasil (PB).<\/td>\n<\/tr>\n<tr>\n<td style=\"width: 182px;\"><a href=\"https:\/\/conselho.saude.gov.br\/images\/comissoes\/conep\/documentos\/CARTAS\/CartaCircular038.pdf\">Carta Circular n\u00ba 038<\/a><\/td>\n<td style=\"width: 199px;\">12 de mar\u00e7o de 2014<\/td>\n<td style=\"width: 382px;\">Tramita\u00e7\u00e3o de emendas no Sistema CEP\/Conep.<\/td>\n<\/tr>\n<tr>\n<td style=\"width: 182px;\"><a href=\"https:\/\/conselho.saude.gov.br\/images\/comissoes\/conep\/documentos\/CARTAS\/CartaCircular037-14.pdf\">Carta Circular n\u00ba 037<\/a><\/td>\n<td style=\"width: 199px;\">12 de mar\u00e7o de 2014<\/td>\n<td style=\"width: 382px;\">Retifica\u00e7\u00e3o da Carta Circular n\u00ba 014.<\/td>\n<\/tr>\n<tr>\n<td style=\"width: 182px;\"><a href=\"https:\/\/conselho.saude.gov.br\/images\/comissoes\/conep\/documentos\/CARTAS\/CartaCircular014.pdf\">Carta Circular n\u00ba 014<\/a><\/td>\n<td style=\"width: 199px;\">27 de janeiro de 2014<\/td>\n<td style=\"width: 382px;\">Regulariza\u00e7\u00e3o de biobancos.<\/td>\n<\/tr>\n<tr>\n<td style=\"width: 182px;\"><a href=\"https:\/\/conselho.saude.gov.br\/images\/comissoes\/conep\/documentos\/CARTAS\/CartaCircular234.pdf\">Carta Circular n\u00ba 234<\/a><\/td>\n<td style=\"width: 199px;\">12 de novembro de 2013<\/td>\n<td style=\"width: 382px;\">Membros eleitos para o Pleno Conep\u00a0 Mandato 2014.<\/td>\n<\/tr>\n<tr>\n<td style=\"width: 182px;\"><a href=\"https:\/\/conselho.saude.gov.br\/images\/comissoes\/conep\/documentos\/CARTAS\/CartaCircular211.pdf\">Carta Circular n\u00ba 211<\/a><\/td>\n<td style=\"width: 199px;\">29 de outubro de 2013<\/td>\n<td style=\"width: 382px;\">Informa\u00e7\u00f5es \u00fateis aos pesquisadores e aos Comit\u00eas de \u00c9tica em Pesquisa.<\/td>\n<\/tr>\n<tr>\n<td style=\"width: 182px;\"><a href=\"https:\/\/conselho.saude.gov.br\/images\/comissoes\/conep\/documentos\/CARTAS\/CartaCircular037.pdf\">\u00a0Carta Circular n\u00ba 037<\/a><\/td>\n<td style=\"width: 199px;\">7 de mar\u00e7o de 2013<\/td>\n<td style=\"width: 382px;\">Obrigatoriedade de inclus\u00e3o do projeto pelo pesquisador respons\u00e1vel.<\/td>\n<\/tr>\n<tr>\n<td style=\"width: 182px;\"><a href=\"https:\/\/conselho.saude.gov.br\/images\/comissoes\/conep\/documentos\/CARTAS\/CartaCircular041.pdf\">\u00a0Carta Circular n\u00ba 041<\/a><\/td>\n<td style=\"width: 199px;\">5 de mar\u00e7o de 2013<\/td>\n<td style=\"width: 382px;\">Errata \u00e0 Carta Circular n\u00ba 035 sobre interposi\u00e7\u00e3o de emenda.<\/td>\n<\/tr>\n<tr>\n<td style=\"width: 182px;\"><a href=\"https:\/\/conselho.saude.gov.br\/images\/comissoes\/conep\/documentos\/CARTAS\/CartaCircular035.pdf\">\u00a0Carta Circular n\u00ba 035<\/a><\/td>\n<td style=\"width: 199px;\">5 de mar\u00e7o de 2013<\/td>\n<td style=\"width: 382px;\">Interposi\u00e7\u00e3o de emenda.<\/td>\n<\/tr>\n<tr>\n<td style=\"width: 182px;\"><a href=\"https:\/\/conselho.saude.gov.br\/images\/comissoes\/conep\/documentos\/CARTAS\/CartaCircular028.pdf\">Carta Circular n\u00ba 028<\/a><\/td>\n<td style=\"width: 199px;\">1 de fevereiro de 2013<\/td>\n<td style=\"width: 382px;\">Idade m\u00ednima para cadastro na Plataforma Brasil.<\/td>\n<\/tr>\n<tr>\n<td style=\"width: 182px;\"><a href=\"https:\/\/conselho.saude.gov.br\/images\/comissoes\/conep\/documentos\/CARTAS\/CartaCircular267.pdf\" target=\"_blank\" rel=\"noopener\">Carta Circular n\u00ba 267<\/a><\/td>\n<td style=\"width: 199px;\">30 de novembro de 2012<\/td>\n<td style=\"width: 382px;\">Suspens\u00e3o da vig\u00eancia do Manual T\u00e9cnico Operacional para Comit\u00eas de \u00c9tica em Pesquisa.<\/td>\n<\/tr>\n<tr>\n<td style=\"width: 182px;\"><a href=\"https:\/\/conselho.saude.gov.br\/images\/comissoes\/conep\/documentos\/CARTAS\/CartaCircular122.pdf\">Carta Circular n\u00ba 122<\/a><\/td>\n<td style=\"width: 199px;\">31 de julho de 2012<\/td>\n<td style=\"width: 382px;\">Fluxo de an\u00e1lise de projetos nos Comit\u00eas de \u00c9tica da institui\u00e7\u00f5es proponente e coparticipante.<\/td>\n<\/tr>\n<tr>\n<td style=\"width: 182px;\"><a href=\"https:\/\/conselho.saude.gov.br\/images\/comissoes\/conep\/documentos\/CARTAS\/CartaCircular039.pdf\">Carta Circular n\u00ba 039<\/a><\/td>\n<td style=\"width: 199px;\">19 de julho de 2011<\/td>\n<td style=\"width: 382px;\">Uso de dados de prontu\u00e1rios para fins de pesquisa.<\/td>\n<\/tr>\n<tr>\n<td style=\"width: 182px;\"><a href=\"https:\/\/conselho.saude.gov.br\/images\/comissoes\/conep\/documentos\/CARTAS\/Oficio_Circular_060_lista_checagem_resposta_recurso.pdf\">Carta Circular n\u00ba 060<\/a><\/td>\n<td style=\"width: 199px;\">14 de julho de 2011<\/td>\n<td style=\"width: 382px;\">Lista de checagem para tramita\u00e7\u00e3o de respostas\/recursos \u00e0 Conep.<\/td>\n<\/tr>\n<tr>\n<td style=\"width: 182px;\"><a href=\"https:\/\/conselho.saude.gov.br\/images\/comissoes\/conep\/documentos\/CARTAS\/Carta_Circular_008.pdf\">Carta Circular n\u00ba 008<\/a><\/td>\n<td style=\"width: 199px;\">22 de junho de 2011<\/td>\n<td style=\"width: 382px;\">Formul\u00e1rio para submiss\u00e3o de Eventos Adversos S\u00e9rios (EAS).<\/td>\n<\/tr>\n<\/tbody>\n<\/table>\n<hr \/>\n<table class=\"table\" cellspacing=\"2\" cellpadding=\"2\">\n<thead>\n<tr>\n<th scope=\"col\"><strong>OF\u00cdCIO CIRCULAR<\/strong><\/th>\n<th scope=\"col\"><strong>DATA<\/strong><\/th>\n<th scope=\"col\"><strong>ASSUNTO<\/strong><\/th>\n<\/tr>\n<\/thead>\n<tbody>\n<tr>\n<td><a href=\"https:\/\/conselho.saude.gov.br\/images\/SEI_MS_0038080125_Oficio_Circular_N%C2%BA29.pdf\">Of\u00edcio Circular n\u00ba 29<\/a><\/td>\n<td>22 de dezembro\u00a0 de 2023<\/td>\n<td>Orienta\u00e7\u00f5es para encaminhamento de recurso \u00e0s inst\u00e2ncias do Sistema CEP\/Conep.<\/td>\n<\/tr>\n<tr>\n<td><a href=\"https:\/\/conselho.saude.gov.br\/images\/SEI_MS_-_0035023850_-_Of%C3%ADcio-Circular_-_Elei%C3%A7%C3%A3o_Conep_2023_2.pdf\">Of\u00edcio Circular n\u00ba 14<\/a><\/td>\n<td>27 de julho de 2023<\/td>\n<td>Processo eleitoral da Conep &#8211; 2023.<\/td>\n<\/tr>\n<tr>\n<td><a href=\"https:\/\/conselho.saude.gov.br\/images\/comissoes\/conep\/documentos\/CARTAS\/SEI_MS_0035011614_Oficio_Circular.pdf\" target=\"_blank\" rel=\"noopener\">Of\u00edcio Circular n\u00ba 12<\/a><\/td>\n<td>27 de julho de 2023<\/td>\n<td>Orienta\u00e7\u00f5es para a implementa\u00e7\u00e3o do artigo 26 da Resolu\u00e7\u00e3o CNS N\u00ba 674 de 6 de maio de 2022, que disp\u00f5e sobre a tipifica\u00e7\u00e3o da pesquisa e a tramita\u00e7\u00e3o dos protocolos de pesquisa no Sistema CEP\/Conep.<\/td>\n<\/tr>\n<tr>\n<td><a href=\"https:\/\/conselho.saude.gov.br\/images\/comissoes\/conep\/documentos\/CARTAS\/SEI_MS_0034999751_Oficio_Circular.pdf\" target=\"_blank\" rel=\"noopener\">Of\u00edcio Circular n\u00ba 11<\/a><\/td>\n<td>26 de julho de 2023<\/td>\n<td>Orienta\u00e7\u00f5es relacionadas ao processo de obten\u00e7\u00e3o do assentimento de participantes de pesquisa menores de 18 anos e de pessoas com &#8220;aus\u00eancia de autonomia&#8221;, permanente ou tempor\u00e1ria, para consentir.<\/td>\n<\/tr>\n<tr>\n<td><a href=\"https:\/\/conselho.saude.gov.br\/images\/comissoes\/conep\/documentos\/CARTAS\/Oficio_circular_26.pdf\" target=\"_blank\" rel=\"noopener\">Of\u00edcio Circular n\u00ba 26<\/a><\/td>\n<td>01 de dezembro de 2022<\/td>\n<td>Orienta\u00e7\u00f5es para estudos com corpos ou pe\u00e7as anat\u00f4micas humanas.<\/td>\n<\/tr>\n<tr>\n<td><a href=\"https:\/\/conselho.saude.gov.br\/images\/comissoes\/conep\/documentos\/CARTAS\/OficioCircular25_2022-ReunioesSistemaCEPConepVirtual.pdf\" target=\"_blank\" rel=\"noopener\">Of\u00edcio Circular n\u00ba 25<\/a><\/td>\n<td>17 de outubro de 2022<\/td>\n<td>Realiza\u00e7\u00e3o de reuni\u00f5es do Sistema CEP\/Conep em ambiente virtual.<\/td>\n<\/tr>\n<tr>\n<td><a href=\"https:\/\/conselho.saude.gov.br\/images\/Nota_esclarecimento_Oficio_Circular_24.pdf\" target=\"_blank\" rel=\"noopener\">Nota de esclarecimento<\/a><\/td>\n<td>26 de outubro de 2022<\/td>\n<td>Nota de esclarecimento sobre o Of\u00edcio Circular n\u00ba 24\/2022.<\/td>\n<\/tr>\n<tr>\n<td><a href=\"https:\/\/conselho.saude.gov.br\/images\/comissoes\/conep\/documentos\/CARTAS\/OficioCircular24_2022-OrientacoesEnsaiosClinicos.pdf\" target=\"_blank\" rel=\"noopener\">Of\u00edcio Circular n\u00ba 24<\/a><\/td>\n<td>17 de outubro de 2022<\/td>\n<td>Orienta\u00e7\u00f5es gerais para a condu\u00e7\u00e3o de ensaios cl\u00ednicos.<\/td>\n<\/tr>\n<tr>\n<td><a href=\"https:\/\/conselho.saude.gov.br\/images\/comissoes\/conep\/documentos\/CARTAS\/OficioCircular23_2022-NormatizacaousoConsentimentoAssentimentoEetrnicoPPeBiobancos.pdf\" target=\"_blank\" rel=\"noopener\">Of\u00edcio Circular n\u00ba 23<\/a><\/td>\n<td>17 de outubro de 2022<\/td>\n<td>Normatiza\u00e7\u00e3o do uso de consentimento e assentimento eletr\u00f4nico para participantes de pesquisa e de Biobancos.<\/td>\n<\/tr>\n<tr>\n<td><a href=\"https:\/\/conselho.saude.gov.br\/images\/Of%C3%ADcio_Circular_17_SEI_MS_-_25000.094016_2022_10.pdf\" target=\"_blank\" rel=\"noopener\">Of\u00edcio Circular n\u00ba 17<\/a><\/td>\n<td>5 de julho de 2022<\/td>\n<td>Orienta\u00e7\u00f5es acerca do artigo 1\u00ba da Resolu\u00e7\u00e3o CNS n.\u00ba 510, de 7 de abril de 2016.<\/td>\n<\/tr>\n<tr>\n<td><a href=\"https:\/\/conselho.saude.gov.br\/images\/SEI_MS_-_0027868988_-_Oficio-Circular_16.pdf\" target=\"_blank\" rel=\"noopener\">Of\u00edcio Circular n\u00ba 16<\/a><\/td>\n<td>4 de julho de 2022<\/td>\n<td>Tramita\u00e7\u00e3o de Protocolos de Pesquisa relativos ao SARS-CoV-2 (Covid-19).<\/td>\n<\/tr>\n<tr>\n<td><a href=\"https:\/\/conselho.saude.gov.br\/images\/Of%C3%ADcio_Circular_n1-2022.pdf\" target=\"_blank\" rel=\"noopener\">Of\u00edcio Circular n\u00ba 1<\/a><\/td>\n<td>7 de fevereiro de 2022<\/td>\n<td>Utiliza\u00e7\u00e3o de sistema de correio eletr\u00f4nico (e-mail) para o envio de documentos administrativos dos Comit\u00eas de \u00c9tica em Pesquisa (CEP).<\/td>\n<\/tr>\n<tr>\n<td><a href=\"https:\/\/conselho.saude.gov.br\/images\/oficio_circular_34_21_biobancos_pb.pdf\" target=\"_blank\" rel=\"noopener\">Of\u00edcio Circular n\u00ba 34<\/a><\/td>\n<td>9 de dezembro de 2021<\/td>\n<td>Orienta\u00e7\u00f5es para nova tramita\u00e7\u00e3o dos protocolos de desenvolvimento de biobancos para fins de pesquisa atrav\u00e9s da vers\u00e3o atual da Plataforma Brasil.<\/td>\n<\/tr>\n<tr>\n<td><a href=\"https:\/\/conselho.saude.gov.br\/images\/Oficio_Circular_33-2021.pdf\" target=\"_blank\" rel=\"noopener\">Of\u00edcio Circular n\u00ba 33<\/a><\/td>\n<td>2 de dezembro de 2021<\/td>\n<td>Resultado da elei\u00e7\u00e3o Conep &#8211; Mandato 2022\u00a0&#8211; 2026.<\/td>\n<\/tr>\n<tr>\n<td><a href=\"https:\/\/conselho.saude.gov.br\/images\/Programas_de_uso_compassivo_e_acesso_expandido.pdf\">Of\u00edcio Circular n\u00ba 1<\/a><\/td>\n<td>2 de fevereiro de 2021<\/td>\n<td>Esclarecimentos acerca dos programas de uso compassivo e de acesso expandido de medicamentos.<\/td>\n<\/tr>\n<tr>\n<td><a href=\"https:\/\/conselho.saude.gov.br\/images\/comissoes\/conep\/documentos\/CARTAS\/SEI_25000.052556_2020_64.pdf\">Of\u00edcio Circular n\u00ba 24<\/a><\/td>\n<td>17 de novembro de 2020<\/td>\n<td>Documento de orientac\u0327o\u0303es aos Comite\u0302s de E\u0301tica em Pesquisa &#8211; protocolos de pesquisa relativos a\u0300 Covid-19.<\/td>\n<\/tr>\n<tr>\n<td><a title=\"2018\/2021 - Processo eleitoral Conep\" href=\"https:\/\/conselho.saude.gov.br\/images\/comissoes\/conep\/documentos\/CARTAS\/08ago04_0168977_OF_Cir.pdf\">Of\u00edcio Circular n\u00ba 12<\/a><\/td>\n<td>2 de agosto de 2017<\/td>\n<td>Processo eleitoral da Conep &#8211; Gest\u00e3o 2018\/2021.<\/td>\n<\/tr>\n<tr>\n<td><a href=\"https:\/\/conselho.saude.gov.br\/images\/comissoes\/conep\/documentos\/CARTAS\/OfCirc180.pdf\">Of\u00edcio Circular n\u00ba 180<\/a><\/td>\n<td>12 de julho de 2016<\/td>\n<td>Minuta de texto para enviar aos CEP para abaixo-assinado.<\/td>\n<\/tr>\n<tr>\n<td><a href=\"https:\/\/conselho.saude.gov.br\/images\/comissoes\/conep\/documentos\/CARTAS\/CartaCircular060.pdf\">Of\u00edcio Circular n\u00ba 60<\/a><\/td>\n<td>5 de maio de 2012<\/td>\n<td>Cita\u00e7\u00e3o de bases de registro de ensaios cl\u00ednicos em protocolos de pesquisa.<\/td>\n<\/tr>\n<tr>\n<td><a href=\"https:\/\/conselho.saude.gov.br\/images\/comissoes\/conep\/documentos\/NORMAS-RESOLUCOES\/OficioCircular62de2011.pdf\">Of\u00edcio Circular n\u00b0 62<\/a><\/td>\n<td>19 de julho de 2011<\/td>\n<td>Documentos necess\u00e1rios para Inclus\u00e3o de Centro; Exclus\u00e3o de Centro; Altera\u00e7\u00e3o de Centro Coordenador e de Pesquisador; Transfer\u00eancia de Local de Estudo; Altera\u00e7\u00e3o de Investigador; Cancelamentos; Suspens\u00e3o e Encerramento do Estudo.<\/td>\n<\/tr>\n<\/tbody>\n<\/table>\n<hr \/>\n<table class=\"table\" cellspacing=\"2\" cellpadding=\"2\">\n<thead>\n<tr>\n<th scope=\"col\"><strong>INFORMES E COMUNICADOS<\/strong><\/th>\n<th scope=\"col\"><strong>DATA<\/strong><\/th>\n<th scope=\"col\"><strong>ASSUNTO<\/strong><\/th>\n<\/tr>\n<\/thead>\n<tbody>\n<tr>\n<td><a href=\"https:\/\/conselho.saude.gov.br\/images\/comissoes\/conep\/documentos\/NORMAS-RESOLUCOES\/FolhetoPLn70822017.pdf\" target=\"_blank\" rel=\"noopener\">Informe Conep sobre o PL 7.082\/2017<\/a><\/td>\n<td>21 de novembro de 2023<\/td>\n<td>Projeto de Lei (PL n\u00b0 7082\/2017) que disp\u00f5e sobre a pesquisa<br \/>\ncom seres humanos no Brasil.<\/td>\n<\/tr>\n<tr>\n<td><a href=\"https:\/\/conselho.saude.gov.br\/images\/comissoes\/conep\/documentos\/CARTAS\/Vacinacao_participantes_pesquisa_grupo_placebo.pdf\">Vacina\u00e7\u00e3o dos participantes de pesquisa do grupo placebo<\/a><\/td>\n<td>27 de janeiro de 2021<\/td>\n<td>Informar que os participantes de pesquisa que fazem parte do grupo &#8220;placebo&#8221;, nos estudos relativos \u00e0s vacinas para Covid-19.<\/td>\n<\/tr>\n<tr>\n<td><a href=\"https:\/\/conselho.saude.gov.br\/images\/comissoes\/conep\/documentos\/CARTAS\/Comunicado05-06-2020SEI-MS0015188696CHS.pdf\">Comunicado Ci\u00eancias Humanas e Sociais<\/a><\/td>\n<td>5 de junho de 2020<\/td>\n<td>Retomada da tramita\u00e7\u00e3o regular no Sistema CEP\/Conep para os projetos de Ci\u00eancias Humanas e Sociais relacionados \u00e0 sa\u00fade mental.<\/td>\n<\/tr>\n<tr>\n<td><a href=\"https:\/\/conselho.saude.gov.br\/images\/comissoes\/conep\/documentos\/NORMAS-RESOLUCOES\/SEI_MS_-_0014765796_-_Comunicado.pdf\" target=\"_blank\" rel=\"noopener\">Orienta\u00e7\u00f5es para Comit\u00eas de \u00c9tica em Pesquisa e pesquisadores<\/a><\/td>\n<td>9 de maio de 2020<\/td>\n<td>Orienta\u00e7\u00f5es para condu\u00e7\u00e3o de pesquisas e atividade dos CEP durante a pandemia provocada pelo coronav\u00edrus SARS-CoV-2 (Covid-19).<\/td>\n<\/tr>\n<tr>\n<td><a title=\"Informe aos CEP - Protocolos de pesquisa sobre o Novo Coronav\u00edrus (2019-nCoV)\" href=\"https:\/\/drive.google.com\/open?id=1BxMew-CIKs4R68YNPUvSHsaSOBIsrKoI\">II &#8211; Informe aos CEPs<\/a><\/td>\n<td>14 de abril de 2020<\/td>\n<td>Tramita\u00e7\u00e3o diferenciada dos protocolos de pesquisa relacionados ao novo Coronav\u00edrus (Covid-19)<\/td>\n<\/tr>\n<tr>\n<td><a title=\"Informe aos CEP - Protocolos de pesquisa sobre o Novo Coronav\u00edrus (2019-nCoV)\" href=\"https:\/\/conselho.saude.gov.br\/images\/comissoes\/conep\/documentos\/CARTAS\/Informe_aos_CEP_-_Tramita%C3%A7%C3%A3o_de_Protocolos_2019-nCoV.pdf\">I &#8211; Informe aos CEPs<\/a><\/td>\n<td>30 de janeiro de 2020.<\/td>\n<td>Tramita\u00e7\u00e3o diferenciada dos protocolos de pesquisa relacionados ao novo Coronav\u00edrus (Covid-19)<\/td>\n<\/tr>\n<tr>\n<td><a title=\"Carta Conep - Novo Coronav\u00edrus (2019-nCoV) ou Coronav\u00edrus de Wuhan.\" href=\"https:\/\/conselho.saude.gov.br\/images\/comissoes\/conep\/documentos\/CARTAS\/Informe_Conep_sobre_2019-nCoV.pdf\">Informe \u00e0 Sociedade<\/a><\/td>\n<td>30 de janeiro de 2020<\/td>\n<td>Protocolos de pesquisa relacionados ao novo Coronav\u00edrus (Covid-19)<\/td>\n<\/tr>\n<\/tbody>\n<\/table>\n<p>&nbsp;<\/p>\n","protected":false},"excerpt":{"rendered":"<p>Carta Circular Data Assunto Carta Circular n\u00ba 212 21 de outubro de 2010 Documento de conclus\u00f5es do semin\u00e1rio interno sobre o tema: \u2018Institui\u00e7\u00e3o Sediadora e Vinculada\u2019 ocorrido em Reuni\u00e3o Extraordin\u00e1ria da CONEP em 12\/08\/2010. \u00a0Carta Circular n\u00ba 4 3 de maio de 2022 Revis\u00e3o da Resolu\u00e7\u00e3o CNS 441 de 2011: consulta inicial aos CEPs e [&hellip;]<\/p>\n","protected":false},"author":1191,"featured_media":0,"parent":29,"menu_order":2,"comment_status":"closed","ping_status":"closed","template":"","meta":{"footnotes":""},"class_list":["post-74","page","type-page","status-publish","hentry"],"_links":{"self":[{"href":"https:\/\/wp.ufpel.edu.br\/cepfen\/wp-json\/wp\/v2\/pages\/74","targetHints":{"allow":["GET"]}}],"collection":[{"href":"https:\/\/wp.ufpel.edu.br\/cepfen\/wp-json\/wp\/v2\/pages"}],"about":[{"href":"https:\/\/wp.ufpel.edu.br\/cepfen\/wp-json\/wp\/v2\/types\/page"}],"author":[{"embeddable":true,"href":"https:\/\/wp.ufpel.edu.br\/cepfen\/wp-json\/wp\/v2\/users\/1191"}],"replies":[{"embeddable":true,"href":"https:\/\/wp.ufpel.edu.br\/cepfen\/wp-json\/wp\/v2\/comments?post=74"}],"version-history":[{"count":5,"href":"https:\/\/wp.ufpel.edu.br\/cepfen\/wp-json\/wp\/v2\/pages\/74\/revisions"}],"predecessor-version":[{"id":135,"href":"https:\/\/wp.ufpel.edu.br\/cepfen\/wp-json\/wp\/v2\/pages\/74\/revisions\/135"}],"up":[{"embeddable":true,"href":"https:\/\/wp.ufpel.edu.br\/cepfen\/wp-json\/wp\/v2\/pages\/29"}],"wp:attachment":[{"href":"https:\/\/wp.ufpel.edu.br\/cepfen\/wp-json\/wp\/v2\/media?parent=74"}],"curies":[{"name":"wp","href":"https:\/\/api.w.org\/{rel}","templated":true}]}}