{"id":7419,"date":"2019-10-11T11:02:49","date_gmt":"2019-10-11T14:02:49","guid":{"rendered":"https:\/\/wp.ufpel.edu.br\/ceng\/?page_id=7419"},"modified":"2019-10-11T11:05:03","modified_gmt":"2019-10-11T14:05:03","slug":"professores-ceng","status":"publish","type":"page","link":"https:\/\/wp.ufpel.edu.br\/ceng\/professores-ceng\/","title":{"rendered":"Professores &#8211; CEng"},"content":{"rendered":"<div class=\"dados-cobalto cobalto-lista-servidores\"><table class=\"tabela-grid\"><tr><td><div class=\"servidor-foto\"><a href=\"https:\/\/institucional.ufpel.edu.br\/servidores\/id\/8124\"><img src=\"https:\/\/institucional.ufpel.edu.br\/cache\/imagens\/ffd62982-4154-4a5b-a034-e90822586d43\"><\/a><\/div><a href=\"https:\/\/institucional.ufpel.edu.br\/servidores\/id\/8124\"><span class=\"tabela-detalhe-titulo\">ADAMO DE SOUSA ARA\u00daJO<\/span><span class=\"cobalto-label\">Coordenador de Curso de Gradua\u00e7\u00e3o<\/span><\/td><\/tr><tr><td><div class=\"servidor-foto\"><a href=\"https:\/\/institucional.ufpel.edu.br\/servidores\/id\/223773\"><\/a><\/div><a href=\"https:\/\/institucional.ufpel.edu.br\/servidores\/id\/223773\"><span class=\"tabela-detalhe-titulo\">ADRIANA ARAUJO CASTRO LOPES<\/span><\/td><\/tr><tr><td><div class=\"servidor-foto\"><a href=\"https:\/\/institucional.ufpel.edu.br\/servidores\/id\/134855\"><img src=\"https:\/\/institucional.ufpel.edu.br\/cache\/imagens\/196ae472-0a1e-4330-837d-e22f90301444\"><\/a><\/div><a href=\"https:\/\/institucional.ufpel.edu.br\/servidores\/id\/134855\"><span class=\"tabela-detalhe-titulo\">ADRIANA GONCALVES DA SILVA MANETTI<\/span><\/td><\/tr><tr><td><div class=\"servidor-foto\"><a href=\"https:\/\/institucional.ufpel.edu.br\/servidores\/id\/32772\"><img src=\"https:\/\/institucional.ufpel.edu.br\/cache\/imagens\/82ae6606-5241-49fa-b75a-33e1680198f7\"><\/a><\/div><a href=\"https:\/\/institucional.ufpel.edu.br\/servidores\/id\/32772\"><span class=\"tabela-detalhe-titulo\">ALEJANDRO MARTINS RODRIGUEZ<\/span><\/td><\/tr><tr><td><div class=\"servidor-foto\"><a href=\"https:\/\/institucional.ufpel.edu.br\/servidores\/id\/1160\"><img src=\"https:\/\/institucional.ufpel.edu.br\/cache\/imagens\/61331f69-72c3-405e-be9a-ec7324f5f68f\"><\/a><\/div><a href=\"https:\/\/institucional.ufpel.edu.br\/servidores\/id\/1160\"><span class=\"tabela-detalhe-titulo\">ALEXANDRE FELIPE BRUCH<\/span><span class=\"cobalto-label\">Coordenador de Curso de Gradua\u00e7\u00e3o<\/span><\/td><\/tr><tr><td><div class=\"servidor-foto\"><a href=\"https:\/\/institucional.ufpel.edu.br\/servidores\/id\/77273\"><img src=\"https:\/\/institucional.ufpel.edu.br\/cache\/imagens\/3470c6f2-fa87-469b-a8e7-fc6516558cff\"><\/a><\/div><a href=\"https:\/\/institucional.ufpel.edu.br\/servidores\/id\/77273\"><span class=\"tabela-detalhe-titulo\">ALINE RIBEIRO PALIGA<\/span><span class=\"cobalto-label\">Pr\u00f3-Reitora<\/span><\/td><\/tr><tr><td><div class=\"servidor-foto\"><a href=\"https:\/\/institucional.ufpel.edu.br\/servidores\/id\/99230\"><img src=\"https:\/\/institucional.ufpel.edu.br\/cache\/imagens\/$2b$10$zjbfmc_Jfpbux9xwuwWkJukEA9Cwlb8iC_ijrRkF2_gLewsDnPvc6\"><\/a><\/div><a href=\"https:\/\/institucional.ufpel.edu.br\/servidores\/id\/99230\"><span class=\"tabela-detalhe-titulo\">ALINE SOARES PEREIRA<\/span><\/td><\/tr><tr><td><div class=\"servidor-foto\"><a href=\"https:\/\/institucional.ufpel.edu.br\/servidores\/id\/134848\"><img src=\"https:\/\/institucional.ufpel.edu.br\/cache\/imagens\/e5158f53-70f7-41b1-867b-e4fdc409573a\"><\/a><\/div><a href=\"https:\/\/institucional.ufpel.edu.br\/servidores\/id\/134848\"><span class=\"tabela-detalhe-titulo\">ALINE TABARELLI<\/span><span class=\"cobalto-label\">Coordenadora Adjunta<\/span><span class=\"cobalto-label\">Diretora Adjunta<\/span><span class=\"cobalto-label\">Diretora Adjunta<\/span><span class=\"cobalto-label\">Chefe<\/span><\/td><\/tr><tr><td><div class=\"servidor-foto\"><a href=\"https:\/\/institucional.ufpel.edu.br\/servidores\/id\/21624\"><img src=\"https:\/\/institucional.ufpel.edu.br\/cache\/imagens\/44f4850a-35b0-4e7d-8fbf-b201b16773e3\"><\/a><\/div><a href=\"https:\/\/institucional.ufpel.edu.br\/servidores\/id\/21624\"><span class=\"tabela-detalhe-titulo\">ALVACIR ALVES TAVARES<\/span><\/td><\/tr><tr><td><div class=\"servidor-foto\"><a href=\"https:\/\/institucional.ufpel.edu.br\/servidores\/id\/24306\"><img src=\"https:\/\/institucional.ufpel.edu.br\/cache\/imagens\/f94070d4-9fec-45dc-ad95-88681b7b8080\"><\/a><\/div><a href=\"https:\/\/institucional.ufpel.edu.br\/servidores\/id\/24306\"><span class=\"tabela-detalhe-titulo\">AMILCAR OLIVEIRA BARUM<\/span><\/td><\/tr><tr><td><div class=\"servidor-foto\"><a href=\"https:\/\/institucional.ufpel.edu.br\/servidores\/id\/49207\"><img src=\"https:\/\/institucional.ufpel.edu.br\/cache\/imagens\/5c710ac7-895b-4e3f-abb6-0746f1741f63\"><\/a><\/div><a href=\"https:\/\/institucional.ufpel.edu.br\/servidores\/id\/49207\"><span class=\"tabela-detalhe-titulo\">ANDREA SOUZA CASTRO<\/span><span class=\"cobalto-label\">Coordenadora de Curso de P\u00f3s-Gradua\u00e7\u00e3o Substituta<\/span><\/td><\/tr><tr><td><div class=\"servidor-foto\"><a href=\"https:\/\/institucional.ufpel.edu.br\/servidores\/id\/29124\"><img src=\"https:\/\/institucional.ufpel.edu.br\/cache\/imagens\/12737828-f480-407f-8727-b429d80ad5f6\"><\/a><\/div><a href=\"https:\/\/institucional.ufpel.edu.br\/servidores\/id\/29124\"><span class=\"tabela-detalhe-titulo\">ANGELA AZEVEDO DE AZEVEDO<\/span><span class=\"cobalto-label\">Coordenadora<\/span><\/td><\/tr><tr><td><div class=\"servidor-foto\"><a href=\"https:\/\/institucional.ufpel.edu.br\/servidores\/id\/28619\"><\/a><\/div><a href=\"https:\/\/institucional.ufpel.edu.br\/servidores\/id\/28619\"><span class=\"tabela-detalhe-titulo\">ANGELA PETRUCCI VASCONCELOS<\/span><\/td><\/tr><tr><td><div class=\"servidor-foto\"><a href=\"https:\/\/institucional.ufpel.edu.br\/servidores\/id\/134850\"><img src=\"https:\/\/institucional.ufpel.edu.br\/cache\/imagens\/2a1c46a4-ba31-417c-b11e-08a49eefffd3\"><\/a><\/div><a href=\"https:\/\/institucional.ufpel.edu.br\/servidores\/id\/134850\"><span class=\"tabela-detalhe-titulo\">ANTONIO ALVES DA SILVA JUNIOR<\/span><\/td><\/tr><tr><td><div class=\"servidor-foto\"><a href=\"https:\/\/institucional.ufpel.edu.br\/servidores\/id\/30718\"><\/a><\/div><a href=\"https:\/\/institucional.ufpel.edu.br\/servidores\/id\/30718\"><span class=\"tabela-detalhe-titulo\">ANTONIO CARLOS DA SILVA RAMOS<\/span><\/td><\/tr><tr><td><div class=\"servidor-foto\"><a href=\"https:\/\/institucional.ufpel.edu.br\/servidores\/id\/134833\"><img src=\"https:\/\/institucional.ufpel.edu.br\/cache\/imagens\/73cfb04a-090f-4e4a-b33a-bf78a74ad81d\"><\/a><\/div><a href=\"https:\/\/institucional.ufpel.edu.br\/servidores\/id\/134833\"><span class=\"tabela-detalhe-titulo\">ARIANE FERREIRA PORTO ROSA<\/span><\/td><\/tr><tr><td><div class=\"servidor-foto\"><a href=\"https:\/\/institucional.ufpel.edu.br\/servidores\/id\/232082\"><\/a><\/div><a href=\"https:\/\/institucional.ufpel.edu.br\/servidores\/id\/232082\"><span class=\"tabela-detalhe-titulo\">BERNARDO ANDRES<\/span><\/td><\/tr><tr><td><div class=\"servidor-foto\"><a href=\"https:\/\/institucional.ufpel.edu.br\/servidores\/id\/1301\"><img src=\"https:\/\/institucional.ufpel.edu.br\/cache\/imagens\/e1f8d01a-1074-457b-b837-88a1b9a7d88f\"><\/a><\/div><a href=\"https:\/\/institucional.ufpel.edu.br\/servidores\/id\/1301\"><span class=\"tabela-detalhe-titulo\">BRUNO MULLER VIEIRA<\/span><span class=\"cobalto-label\">Diretor<\/span><\/td><\/tr><tr><td><div class=\"servidor-foto\"><a href=\"https:\/\/institucional.ufpel.edu.br\/servidores\/id\/7980\"><img src=\"https:\/\/institucional.ufpel.edu.br\/cache\/imagens\/ffa3b078-7eed-4bd9-8951-0fa1ecb94013\"><\/a><\/div><a href=\"https:\/\/institucional.ufpel.edu.br\/servidores\/id\/7980\"><span class=\"tabela-detalhe-titulo\">BRUNO SILVA DA FONTOURA<\/span><\/td><\/tr><tr><td><div class=\"servidor-foto\"><a href=\"https:\/\/institucional.ufpel.edu.br\/servidores\/id\/19330\"><img src=\"https:\/\/institucional.ufpel.edu.br\/cache\/imagens\/02e3244e-cb58-47f3-8d21-7890772434b0\"><\/a><\/div><a href=\"https:\/\/institucional.ufpel.edu.br\/servidores\/id\/19330\"><span class=\"tabela-detalhe-titulo\">CAMILE URBAN<\/span><span class=\"cobalto-label\">Coordenadora de Curso de Gradua\u00e7\u00e3o Substituta<\/span><span class=\"cobalto-label\">Coordenadora de Curso de Gradua\u00e7\u00e3o<\/span><\/td><\/tr><tr><td><div class=\"servidor-foto\"><a href=\"https:\/\/institucional.ufpel.edu.br\/servidores\/id\/135888\"><\/a><\/div><a href=\"https:\/\/institucional.ufpel.edu.br\/servidores\/id\/135888\"><span class=\"tabela-detalhe-titulo\">CARLOS EDUARDO ESPINOSA<\/span><\/td><\/tr><tr><td><div class=\"servidor-foto\"><a href=\"https:\/\/institucional.ufpel.edu.br\/servidores\/id\/164283\"><img src=\"https:\/\/institucional.ufpel.edu.br\/cache\/imagens\/59fd36ed-85f3-493a-a496-b6f49946c363\"><\/a><\/div><a href=\"https:\/\/institucional.ufpel.edu.br\/servidores\/id\/164283\"><span class=\"tabela-detalhe-titulo\">CARLOS GUILHERME DA COSTA NEVES<\/span><\/td><\/tr><tr><td><div class=\"servidor-foto\"><a href=\"https:\/\/institucional.ufpel.edu.br\/servidores\/id\/29773\"><img src=\"https:\/\/institucional.ufpel.edu.br\/cache\/imagens\/3a081e21-a709-4f5c-8ab2-4bfd9b884593\"><\/a><\/div><a href=\"https:\/\/institucional.ufpel.edu.br\/servidores\/id\/29773\"><span class=\"tabela-detalhe-titulo\">CHRISTIANO MARTINO OTERO AVILA<\/span><span class=\"cobalto-label\">Coordenador Adjunto<\/span><span class=\"cobalto-label\">Superintendente<\/span><\/td><\/tr><tr><td><div class=\"servidor-foto\"><a href=\"https:\/\/institucional.ufpel.edu.br\/servidores\/id\/165512\"><img src=\"https:\/\/institucional.ufpel.edu.br\/cache\/imagens\/3616cae7-2bb7-450c-bb50-0d81b6d462d1\"><\/a><\/div><a href=\"https:\/\/institucional.ufpel.edu.br\/servidores\/id\/165512\"><span class=\"tabela-detalhe-titulo\">CICERO COELHO DE ESCOBAR<\/span><span class=\"cobalto-label\">Coordenador de Curso de P\u00f3s-Gradua\u00e7\u00e3o<\/span><\/td><\/tr><tr><td><div class=\"servidor-foto\"><a href=\"https:\/\/institucional.ufpel.edu.br\/servidores\/id\/60929\"><img src=\"https:\/\/institucional.ufpel.edu.br\/cache\/imagens\/754bf194-6092-49e9-84f4-3bef6da75c1d\"><\/a><\/div><a href=\"https:\/\/institucional.ufpel.edu.br\/servidores\/id\/60929\"><span class=\"tabela-detalhe-titulo\">CLARISSA CASTRO CALDERIPE MONTELLI<\/span><\/td><\/tr><tr><td><div class=\"servidor-foto\"><a href=\"https:\/\/institucional.ufpel.edu.br\/servidores\/id\/28574\"><\/a><\/div><a href=\"https:\/\/institucional.ufpel.edu.br\/servidores\/id\/28574\"><span class=\"tabela-detalhe-titulo\">CLAUDIA FERNANDA ALMEIDA TEIXEIRA GANDRA<\/span><\/td><\/tr><tr><td><div class=\"servidor-foto\"><a href=\"https:\/\/institucional.ufpel.edu.br\/servidores\/id\/28847\"><img src=\"https:\/\/institucional.ufpel.edu.br\/cache\/imagens\/755033a3-ef71-4037-9d75-b713fb91cb1f\"><\/a><\/div><a href=\"https:\/\/institucional.ufpel.edu.br\/servidores\/id\/28847\"><span class=\"tabela-detalhe-titulo\">CL\u00c1UDIA FERNANDA LEMONS E SILVA<\/span><\/td><\/tr><tr><td><div class=\"servidor-foto\"><a href=\"https:\/\/institucional.ufpel.edu.br\/servidores\/id\/23678\"><img src=\"https:\/\/institucional.ufpel.edu.br\/cache\/imagens\/b956bc9c-9958-4b89-9be0-edb122ac6817\"><\/a><\/div><a href=\"https:\/\/institucional.ufpel.edu.br\/servidores\/id\/23678\"><span class=\"tabela-detalhe-titulo\">CL\u00c1UDIO MANOEL DA CUNHA DUARTE<\/span><span class=\"cobalto-label\">Coordenador de Curso de Gradua\u00e7\u00e3o Substituto<\/span><\/td><\/tr><tr><td><div class=\"servidor-foto\"><a href=\"https:\/\/institucional.ufpel.edu.br\/servidores\/id\/132324\"><\/a><\/div><a href=\"https:\/\/institucional.ufpel.edu.br\/servidores\/id\/132324\"><span class=\"tabela-detalhe-titulo\">DANIELA ARNOLD TISOT<\/span><\/td><\/tr><tr><td><div class=\"servidor-foto\"><a href=\"https:\/\/institucional.ufpel.edu.br\/servidores\/id\/143355\"><\/a><\/div><a href=\"https:\/\/institucional.ufpel.edu.br\/servidores\/id\/143355\"><span class=\"tabela-detalhe-titulo\">DANIELA DALLA CHIESA<\/span><\/td><\/tr><tr><td><div class=\"servidor-foto\"><a href=\"https:\/\/institucional.ufpel.edu.br\/servidores\/id\/198571\"><img src=\"https:\/\/institucional.ufpel.edu.br\/cache\/imagens\/a0e1c8fe-8daf-4294-80fb-24ef59dd7f79\"><\/a><\/div><a href=\"https:\/\/institucional.ufpel.edu.br\/servidores\/id\/198571\"><span class=\"tabela-detalhe-titulo\">DANIEL BAYER DA SILVA<\/span><\/td><\/tr><tr><td><div class=\"servidor-foto\"><a href=\"https:\/\/institucional.ufpel.edu.br\/servidores\/id\/207584\"><img src=\"https:\/\/institucional.ufpel.edu.br\/cache\/imagens\/7867d449-c08a-49fb-b15a-09942a94feb3\"><\/a><\/div><a href=\"https:\/\/institucional.ufpel.edu.br\/servidores\/id\/207584\"><span class=\"tabela-detalhe-titulo\">DANIEL DE CASTRO MACIEL<\/span><\/td><\/tr><tr><td><div class=\"servidor-foto\"><a href=\"https:\/\/institucional.ufpel.edu.br\/servidores\/id\/11705\"><img src=\"https:\/\/institucional.ufpel.edu.br\/cache\/imagens\/a15d9293-cb1e-4d5b-b04f-3fe1235d3b29\"><\/a><\/div><a href=\"https:\/\/institucional.ufpel.edu.br\/servidores\/id\/11705\"><span class=\"tabela-detalhe-titulo\">DANIEL MUNARI VILCHEZ PALOMINO<\/span><\/td><\/tr><tr><td><div class=\"servidor-foto\"><a href=\"https:\/\/institucional.ufpel.edu.br\/servidores\/id\/27406\"><\/a><\/div><a href=\"https:\/\/institucional.ufpel.edu.br\/servidores\/id\/27406\"><span class=\"tabela-detalhe-titulo\">DARCI ALBERTO GATTO<\/span><\/td><\/tr><tr><td><div class=\"servidor-foto\"><a href=\"https:\/\/institucional.ufpel.edu.br\/servidores\/id\/127522\"><img src=\"https:\/\/institucional.ufpel.edu.br\/cache\/imagens\/154fb22c-9883-445f-83bc-01f18da826a1\"><\/a><\/div><a href=\"https:\/\/institucional.ufpel.edu.br\/servidores\/id\/127522\"><span class=\"tabela-detalhe-titulo\">DENIS TEIXEIRA FRANCO<\/span><\/td><\/tr><tr><td><div class=\"servidor-foto\"><a href=\"https:\/\/institucional.ufpel.edu.br\/servidores\/id\/139707\"><img src=\"https:\/\/institucional.ufpel.edu.br\/cache\/imagens\/c84793d1-a4c3-4cef-8303-2bea18b442cb\"><\/a><\/div><a href=\"https:\/\/institucional.ufpel.edu.br\/servidores\/id\/139707\"><span class=\"tabela-detalhe-titulo\">DIULIANA LEANDRO<\/span><\/td><\/tr><tr><td><div class=\"servidor-foto\"><a href=\"https:\/\/institucional.ufpel.edu.br\/servidores\/id\/23004\"><img src=\"https:\/\/institucional.ufpel.edu.br\/cache\/imagens\/6a39c81a-e2bb-48cb-999a-e00bd745aa6d\"><\/a><\/div><a href=\"https:\/\/institucional.ufpel.edu.br\/servidores\/id\/23004\"><span class=\"tabela-detalhe-titulo\">EDUARDO COSTA COUTO<\/span><\/td><\/tr><tr><td><div class=\"servidor-foto\"><a href=\"https:\/\/institucional.ufpel.edu.br\/servidores\/id\/591\"><img src=\"https:\/\/institucional.ufpel.edu.br\/cache\/imagens\/86d0c442-8523-4da8-975e-2e94f31a5f93\"><\/a><\/div><a href=\"https:\/\/institucional.ufpel.edu.br\/servidores\/id\/591\"><span class=\"tabela-detalhe-titulo\">EDUARDO DA SILVA SCHNEIDER<\/span><\/td><\/tr><tr><td><div class=\"servidor-foto\"><a href=\"https:\/\/institucional.ufpel.edu.br\/servidores\/id\/202592\"><\/a><\/div><a href=\"https:\/\/institucional.ufpel.edu.br\/servidores\/id\/202592\"><span class=\"tabela-detalhe-titulo\">EDUARDO PAIVA SCARPARO<\/span><\/td><\/tr><tr><td><div class=\"servidor-foto\"><a href=\"https:\/\/institucional.ufpel.edu.br\/servidores\/id\/134846\"><img src=\"https:\/\/institucional.ufpel.edu.br\/cache\/imagens\/8c40d1e8-daee-4d60-b606-50206c69428c\"><\/a><\/div><a href=\"https:\/\/institucional.ufpel.edu.br\/servidores\/id\/134846\"><span class=\"tabela-detalhe-titulo\">EDUARDO WALKER<\/span><\/td><\/tr><tr><td><div class=\"servidor-foto\"><a href=\"https:\/\/institucional.ufpel.edu.br\/servidores\/id\/171482\"><img src=\"https:\/\/institucional.ufpel.edu.br\/cache\/imagens\/88cdd2c0-4484-46bd-b0ff-64b4e9465adf\"><\/a><\/div><a href=\"https:\/\/institucional.ufpel.edu.br\/servidores\/id\/171482\"><span class=\"tabela-detalhe-titulo\">ELMER ALEXIS GAMBOA PENALOZA<\/span><span class=\"cobalto-label\">Coordenador de Curso de Gradua\u00e7\u00e3o<\/span><\/td><\/tr><tr><td><div class=\"servidor-foto\"><a href=\"https:\/\/institucional.ufpel.edu.br\/servidores\/id\/29188\"><img src=\"https:\/\/institucional.ufpel.edu.br\/cache\/imagens\/0032a7b3-ecfa-4aed-b477-751b36283704\"><\/a><\/div><a href=\"https:\/\/institucional.ufpel.edu.br\/servidores\/id\/29188\"><span class=\"tabela-detalhe-titulo\">ERICO KUNDE CORREA<\/span><span class=\"cobalto-label\">Coordenador de Curso de Gradua\u00e7\u00e3o Substituto<\/span><\/td><\/tr><tr><td><div class=\"servidor-foto\"><a href=\"https:\/\/institucional.ufpel.edu.br\/servidores\/id\/20840\"><img src=\"https:\/\/institucional.ufpel.edu.br\/cache\/imagens\/dc0b8865-8d46-437f-970b-4b09f5e7de6e\"><\/a><\/div><a href=\"https:\/\/institucional.ufpel.edu.br\/servidores\/id\/20840\"><span class=\"tabela-detalhe-titulo\">ERIKA DA SILVA FERREIRA<\/span><\/td><\/tr><tr><td><div class=\"servidor-foto\"><a href=\"https:\/\/institucional.ufpel.edu.br\/servidores\/id\/50081\"><img src=\"https:\/\/institucional.ufpel.edu.br\/cache\/imagens\/4cf809c3-f0a2-4c9c-85fa-76bf2dc8e123\"><\/a><\/div><a href=\"https:\/\/institucional.ufpel.edu.br\/servidores\/id\/50081\"><span class=\"tabela-detalhe-titulo\">ETIENE VILLELA MARRONI<\/span><span class=\"cobalto-label\">Coordenadora de Curso de P\u00f3s-Gradua\u00e7\u00e3o<\/span><\/td><\/tr><tr><td><div class=\"servidor-foto\"><a href=\"https:\/\/institucional.ufpel.edu.br\/servidores\/id\/134853\"><img src=\"https:\/\/institucional.ufpel.edu.br\/cache\/imagens\/acd7ac33-b528-4236-a824-7c033cafdbae\"><\/a><\/div><a href=\"https:\/\/institucional.ufpel.edu.br\/servidores\/id\/134853\"><span class=\"tabela-detalhe-titulo\">EVERTON ANGER CAVALHEIRO<\/span><\/td><\/tr><tr><td><div class=\"servidor-foto\"><a href=\"https:\/\/institucional.ufpel.edu.br\/servidores\/id\/166364\"><img src=\"https:\/\/institucional.ufpel.edu.br\/cache\/imagens\/8e428922-0a70-4f4b-8a07-d58eca2989a0\"><\/a><\/div><a href=\"https:\/\/institucional.ufpel.edu.br\/servidores\/id\/166364\"><span class=\"tabela-detalhe-titulo\">FELIPE MARTINS MARQUES DA SILVA<\/span><span class=\"cobalto-label\">Coordenador Adjunto<\/span><\/td><\/tr><tr><td><div class=\"servidor-foto\"><a href=\"https:\/\/institucional.ufpel.edu.br\/servidores\/id\/194110\"><img src=\"https:\/\/institucional.ufpel.edu.br\/cache\/imagens\/e3aa831f-15c6-462e-a623-d704a66122c6\"><\/a><\/div><a href=\"https:\/\/institucional.ufpel.edu.br\/servidores\/id\/194110\"><span class=\"tabela-detalhe-titulo\">FERNANDA GERVASONI<\/span><\/td><\/tr><tr><td><div class=\"servidor-foto\"><a href=\"https:\/\/institucional.ufpel.edu.br\/servidores\/id\/35264\"><img src=\"https:\/\/institucional.ufpel.edu.br\/cache\/imagens\/02e2361e-f4d7-4a07-b38a-0407747b8de4\"><\/a><\/div><a href=\"https:\/\/institucional.ufpel.edu.br\/servidores\/id\/35264\"><span class=\"tabela-detalhe-titulo\">FERNANDA VAZ ALVES RISSO<\/span><\/td><\/tr><tr><td><div class=\"servidor-foto\"><a href=\"https:\/\/institucional.ufpel.edu.br\/servidores\/id\/14032\"><img src=\"https:\/\/institucional.ufpel.edu.br\/cache\/imagens\/4280b3dc-8a74-45e9-b7ff-0ef5fbb0c3ae\"><\/a><\/div><a href=\"https:\/\/institucional.ufpel.edu.br\/servidores\/id\/14032\"><span class=\"tabela-detalhe-titulo\">FORLAN LA ROSA ALMEIDA<\/span><span class=\"cobalto-label\">Coordenador de Curso de Gradua\u00e7\u00e3o<\/span><\/td><\/tr><tr><td><div class=\"servidor-foto\"><a href=\"https:\/\/institucional.ufpel.edu.br\/servidores\/id\/210708\"><img src=\"https:\/\/institucional.ufpel.edu.br\/cache\/imagens\/1cd48566-e531-41b6-8f56-8e8d4714776e\"><\/a><\/div><a href=\"https:\/\/institucional.ufpel.edu.br\/servidores\/id\/210708\"><span class=\"tabela-detalhe-titulo\">GABRIELA MELLER<\/span><\/td><\/tr><tr><td><div class=\"servidor-foto\"><a href=\"https:\/\/institucional.ufpel.edu.br\/servidores\/id\/139856\"><img src=\"https:\/\/institucional.ufpel.edu.br\/cache\/imagens\/7085f648-2650-44fb-83de-5fb73e5bfee3\"><\/a><\/div><a href=\"https:\/\/institucional.ufpel.edu.br\/servidores\/id\/139856\"><span class=\"tabela-detalhe-titulo\">GABRIEL VALIM CARDOSO<\/span><\/td><\/tr><tr><td><div class=\"servidor-foto\"><a href=\"https:\/\/institucional.ufpel.edu.br\/servidores\/id\/30558\"><img src=\"https:\/\/institucional.ufpel.edu.br\/cache\/imagens\/a5d2063c-ebcc-4990-9402-299d0cd7c424\"><\/a><\/div><a href=\"https:\/\/institucional.ufpel.edu.br\/servidores\/id\/30558\"><span class=\"tabela-detalhe-titulo\">GILSON SIMOES PORCIUNCULA<\/span><span class=\"cobalto-label\">Coordenador de Curso de Gradua\u00e7\u00e3o<\/span><\/td><\/tr><tr><td><div class=\"servidor-foto\"><a href=\"https:\/\/institucional.ufpel.edu.br\/servidores\/id\/28776\"><\/a><\/div><a href=\"https:\/\/institucional.ufpel.edu.br\/servidores\/id\/28776\"><span class=\"tabela-detalhe-titulo\">GIOVANI MATTE CIOCCARI<\/span><\/td><\/tr><tr><td><div class=\"servidor-foto\"><a href=\"https:\/\/institucional.ufpel.edu.br\/servidores\/id\/30926\"><img src=\"https:\/\/institucional.ufpel.edu.br\/cache\/imagens\/c4479067-e552-417b-992d-1edb8fb9d858\"><\/a><\/div><a href=\"https:\/\/institucional.ufpel.edu.br\/servidores\/id\/30926\"><span class=\"tabela-detalhe-titulo\">GIUSEPE STEFANELLO<\/span><\/td><\/tr><tr><td><div class=\"servidor-foto\"><a href=\"https:\/\/institucional.ufpel.edu.br\/servidores\/id\/39524\"><\/a><\/div><a href=\"https:\/\/institucional.ufpel.edu.br\/servidores\/id\/39524\"><span class=\"tabela-detalhe-titulo\">GIZELE INGRID GADOTTI<\/span><\/td><\/tr><tr><td><div class=\"servidor-foto\"><a href=\"https:\/\/institucional.ufpel.edu.br\/servidores\/id\/153386\"><img src=\"https:\/\/institucional.ufpel.edu.br\/cache\/imagens\/8f5e12b2-4c74-4a08-acc6-c543b11255c6\"><\/a><\/div><a href=\"https:\/\/institucional.ufpel.edu.br\/servidores\/id\/153386\"><span class=\"tabela-detalhe-titulo\">GUILHERME HOEHR TRINDADE<\/span><\/td><\/tr><tr><td><div class=\"servidor-foto\"><a href=\"https:\/\/institucional.ufpel.edu.br\/servidores\/id\/174887\"><img src=\"https:\/\/institucional.ufpel.edu.br\/cache\/imagens\/ad990bcc-aac4-4b35-aafb-85640bb6367c\"><\/a><\/div><a href=\"https:\/\/institucional.ufpel.edu.br\/servidores\/id\/174887\"><span class=\"tabela-detalhe-titulo\">HEBERT LUIS ROSSETTO<\/span><span class=\"cobalto-label\">Coordenador de Curso de Gradua\u00e7\u00e3o<\/span><\/td><\/tr><tr><td><div class=\"servidor-foto\"><a href=\"https:\/\/institucional.ufpel.edu.br\/servidores\/id\/12521\"><img src=\"https:\/\/institucional.ufpel.edu.br\/cache\/imagens\/f71da153-5417-4fd1-a27d-d90a5fbda71d\"><\/a><\/div><a href=\"https:\/\/institucional.ufpel.edu.br\/servidores\/id\/12521\"><span class=\"tabela-detalhe-titulo\">HENRIQUE NOGUEZ DA CUNHA<\/span><\/td><\/tr><tr><td><div class=\"servidor-foto\"><a href=\"https:\/\/institucional.ufpel.edu.br\/servidores\/id\/143431\"><\/a><\/div><a href=\"https:\/\/institucional.ufpel.edu.br\/servidores\/id\/143431\"><span class=\"tabela-detalhe-titulo\">HENRIQUE OTTO COELHO<\/span><\/td><\/tr><tr><td><div class=\"servidor-foto\"><a href=\"https:\/\/institucional.ufpel.edu.br\/servidores\/id\/134844\"><img src=\"https:\/\/institucional.ufpel.edu.br\/cache\/imagens\/b51a919c-6b5d-4d7f-8465-4bcd97e86557\"><\/a><\/div><a href=\"https:\/\/institucional.ufpel.edu.br\/servidores\/id\/134844\"><span class=\"tabela-detalhe-titulo\">HUGO ALEXANDRE SOARES GUEDES<\/span><\/td><\/tr><tr><td><div class=\"servidor-foto\"><a href=\"https:\/\/institucional.ufpel.edu.br\/servidores\/id\/5757\"><\/a><\/div><a href=\"https:\/\/institucional.ufpel.edu.br\/servidores\/id\/5757\"><span class=\"tabela-detalhe-titulo\">HUMBERTO DIAS VIANNA<\/span><span class=\"cobalto-label\">Coordenador de Curso de Gradua\u00e7\u00e3o Substituto<\/span><\/td><\/tr><tr><td><div class=\"servidor-foto\"><a href=\"https:\/\/institucional.ufpel.edu.br\/servidores\/id\/171166\"><\/a><\/div><a href=\"https:\/\/institucional.ufpel.edu.br\/servidores\/id\/171166\"><span class=\"tabela-detalhe-titulo\">INGRID MILENA REYES MARTINEZ BELCHIOR<\/span><\/td><\/tr><tr><td><div class=\"servidor-foto\"><a href=\"https:\/\/institucional.ufpel.edu.br\/servidores\/id\/134847\"><img src=\"https:\/\/institucional.ufpel.edu.br\/cache\/imagens\/5ce69e06-5c77-430e-9474-b2a07a3526db\"><\/a><\/div><a href=\"https:\/\/institucional.ufpel.edu.br\/servidores\/id\/134847\"><span class=\"tabela-detalhe-titulo\">ISABELA FERNANDES ANDRADE<\/span><\/td><\/tr><tr><td><div class=\"servidor-foto\"><a href=\"https:\/\/institucional.ufpel.edu.br\/servidores\/id\/146112\"><img src=\"https:\/\/institucional.ufpel.edu.br\/cache\/imagens\/64cd015f-ee57-4c2b-bce6-c2edf9e416bd\"><\/a><\/div><a href=\"https:\/\/institucional.ufpel.edu.br\/servidores\/id\/146112\"><span class=\"tabela-detalhe-titulo\">JO\u00c3O IN\u00c1CIO MOREIRA BEZERRA<\/span><\/td><\/tr><tr><td><div class=\"servidor-foto\"><a href=\"https:\/\/institucional.ufpel.edu.br\/servidores\/id\/145508\"><img src=\"https:\/\/institucional.ufpel.edu.br\/cache\/imagens\/316922ca-8b06-4cd1-8de8-32a806911e5e\"><\/a><\/div><a href=\"https:\/\/institucional.ufpel.edu.br\/servidores\/id\/145508\"><span class=\"tabela-detalhe-titulo\">JORGE MANUEL VIEIRA BORGES LOURENCO RODRIGUES<\/span><\/td><\/tr><tr><td><div class=\"servidor-foto\"><a href=\"https:\/\/institucional.ufpel.edu.br\/servidores\/id\/136322\"><img src=\"https:\/\/institucional.ufpel.edu.br\/cache\/imagens\/d10f4b29-8709-4d83-8086-a5d498936bf5\"><\/a><\/div><a href=\"https:\/\/institucional.ufpel.edu.br\/servidores\/id\/136322\"><span class=\"tabela-detalhe-titulo\">JOSE WILSON DA SILVA<\/span><\/td><\/tr><tr><td><div class=\"servidor-foto\"><a href=\"https:\/\/institucional.ufpel.edu.br\/servidores\/id\/67249\"><img src=\"https:\/\/institucional.ufpel.edu.br\/cache\/imagens\/0e27c90e-2020-4cc4-b707-8e7b7588fde3\"><\/a><\/div><a href=\"https:\/\/institucional.ufpel.edu.br\/servidores\/id\/67249\"><span class=\"tabela-detalhe-titulo\">J\u00daLIA KICH CHAVES<\/span><\/td><\/tr><tr><td><div class=\"servidor-foto\"><a href=\"https:\/\/institucional.ufpel.edu.br\/servidores\/id\/141078\"><\/a><\/div><a href=\"https:\/\/institucional.ufpel.edu.br\/servidores\/id\/141078\"><span class=\"tabela-detalhe-titulo\">KARINE VON AHN PINTO<\/span><\/td><\/tr><tr><td><div class=\"servidor-foto\"><a href=\"https:\/\/institucional.ufpel.edu.br\/servidores\/id\/89665\"><img src=\"https:\/\/institucional.ufpel.edu.br\/cache\/imagens\/3a374cb6-9a5e-4add-ac61-a4e7ae02b7ec\"><\/a><\/div><a href=\"https:\/\/institucional.ufpel.edu.br\/servidores\/id\/89665\"><span class=\"tabela-detalhe-titulo\">KARIN LUCIANO BRIZOLA SIMONATO<\/span><\/td><\/tr><tr><td><div class=\"servidor-foto\"><a href=\"https:\/\/institucional.ufpel.edu.br\/servidores\/id\/2907\"><\/a><\/div><a href=\"https:\/\/institucional.ufpel.edu.br\/servidores\/id\/2907\"><span class=\"tabela-detalhe-titulo\">KLAUS MACHADO THEISEN<\/span><\/td><\/tr><tr><td><div class=\"servidor-foto\"><a href=\"https:\/\/institucional.ufpel.edu.br\/servidores\/id\/170360\"><img src=\"https:\/\/institucional.ufpel.edu.br\/cache\/imagens\/48daf268-f17b-45c9-a72e-1ec1149a9492\"><\/a><\/div><a href=\"https:\/\/institucional.ufpel.edu.br\/servidores\/id\/170360\"><span class=\"tabela-detalhe-titulo\">LARISSA MEDIANEIRA BOLZAN<\/span><\/td><\/tr><tr><td><div class=\"servidor-foto\"><a href=\"https:\/\/institucional.ufpel.edu.br\/servidores\/id\/12364\"><\/a><\/div><a href=\"https:\/\/institucional.ufpel.edu.br\/servidores\/id\/12364\"><span class=\"tabela-detalhe-titulo\">LARISSA PINHEIRO COSTA<\/span><\/td><\/tr><tr><td><div class=\"servidor-foto\"><a href=\"https:\/\/institucional.ufpel.edu.br\/servidores\/id\/35116\"><img src=\"https:\/\/institucional.ufpel.edu.br\/cache\/imagens\/b5e0f74a-44df-4f4f-b950-bbeb827f7413\"><\/a><\/div><a href=\"https:\/\/institucional.ufpel.edu.br\/servidores\/id\/35116\"><span class=\"tabela-detalhe-titulo\">LEANDRO SANZI AQUINO<\/span><span class=\"cobalto-label\">Coordenador<\/span><\/td><\/tr><tr><td><div class=\"servidor-foto\"><a href=\"https:\/\/institucional.ufpel.edu.br\/servidores\/id\/63998\"><img src=\"https:\/\/institucional.ufpel.edu.br\/cache\/imagens\/a508f472-56e0-483c-805b-1f6a62f0baae\"><\/a><\/div><a href=\"https:\/\/institucional.ufpel.edu.br\/servidores\/id\/63998\"><span class=\"tabela-detalhe-titulo\">LEONARDO CARDOSO RENNER<\/span><\/td><\/tr><tr><td><div class=\"servidor-foto\"><a href=\"https:\/\/institucional.ufpel.edu.br\/servidores\/id\/4108\"><img src=\"https:\/\/institucional.ufpel.edu.br\/cache\/imagens\/31d6d1f1-b2ec-47a5-8632-501a89b1e910\"><\/a><\/div><a href=\"https:\/\/institucional.ufpel.edu.br\/servidores\/id\/4108\"><span class=\"tabela-detalhe-titulo\">LEONARDO DA SILVA OLIVEIRA<\/span><span class=\"cobalto-label\">Coordenador de Curso de P\u00f3s-Gradua\u00e7\u00e3o<\/span><\/td><\/tr><tr><td><div class=\"servidor-foto\"><a href=\"https:\/\/institucional.ufpel.edu.br\/servidores\/id\/134866\"><\/a><\/div><a href=\"https:\/\/institucional.ufpel.edu.br\/servidores\/id\/134866\"><span class=\"tabela-detalhe-titulo\">LUCIANO ANACKER LESTON<\/span><\/td><\/tr><tr><td><div class=\"servidor-foto\"><a href=\"https:\/\/institucional.ufpel.edu.br\/servidores\/id\/33825\"><img src=\"https:\/\/institucional.ufpel.edu.br\/cache\/imagens\/ec2852c0-95b3-478f-a2c1-76cffd8c5122\"><\/a><\/div><a href=\"https:\/\/institucional.ufpel.edu.br\/servidores\/id\/33825\"><span class=\"tabela-detalhe-titulo\">LUCIARA BILHALVA CORREA<\/span><span class=\"cobalto-label\">Coordenadora de Curso de P\u00f3s-Gradua\u00e7\u00e3o Substituta<\/span><\/td><\/tr><tr><td><div class=\"servidor-foto\"><a href=\"https:\/\/institucional.ufpel.edu.br\/servidores\/id\/134834\"><img src=\"https:\/\/institucional.ufpel.edu.br\/cache\/imagens\/464c9606-51b6-410b-bedb-fea95732c81f\"><\/a><\/div><a href=\"https:\/\/institucional.ufpel.edu.br\/servidores\/id\/134834\"><span class=\"tabela-detalhe-titulo\">LUIS ANTONIO DOS SANTOS FRANZ<\/span><\/td><\/tr><tr><td><div class=\"servidor-foto\"><a href=\"https:\/\/institucional.ufpel.edu.br\/servidores\/id\/160933\"><img src=\"https:\/\/institucional.ufpel.edu.br\/cache\/imagens\/be29bd9c-ee92-4699-b00e-19ad750eed93\"><\/a><\/div><a href=\"https:\/\/institucional.ufpel.edu.br\/servidores\/id\/160933\"><span class=\"tabela-detalhe-titulo\">MAIQUEL DOS SANTOS CANABARRO<\/span><\/td><\/tr><tr><td><div class=\"servidor-foto\"><a href=\"https:\/\/institucional.ufpel.edu.br\/servidores\/id\/135890\"><img src=\"https:\/\/institucional.ufpel.edu.br\/cache\/imagens\/580d1b34-7a9d-43dc-a3e3-cb57f26a021c\"><\/a><\/div><a href=\"https:\/\/institucional.ufpel.edu.br\/servidores\/id\/135890\"><span class=\"tabela-detalhe-titulo\">MARCELO LEMOS ROSSI<\/span><\/td><\/tr><tr><td><div class=\"servidor-foto\"><a href=\"https:\/\/institucional.ufpel.edu.br\/servidores\/id\/139204\"><\/a><\/div><a href=\"https:\/\/institucional.ufpel.edu.br\/servidores\/id\/139204\"><span class=\"tabela-detalhe-titulo\">MARCELO SCHRAMM<\/span><\/td><\/tr><tr><td><div class=\"servidor-foto\"><a href=\"https:\/\/institucional.ufpel.edu.br\/servidores\/id\/168779\"><img src=\"https:\/\/institucional.ufpel.edu.br\/cache\/imagens\/6734a572-b465-4532-b973-2022cb09f4f6\"><\/a><\/div><a href=\"https:\/\/institucional.ufpel.edu.br\/servidores\/id\/168779\"><span class=\"tabela-detalhe-titulo\">MARCO PAULSEN RODRIGUES<\/span><\/td><\/tr><tr><td><div class=\"servidor-foto\"><a href=\"https:\/\/institucional.ufpel.edu.br\/servidores\/id\/26241\"><\/a><\/div><a href=\"https:\/\/institucional.ufpel.edu.br\/servidores\/id\/26241\"><span class=\"tabela-detalhe-titulo\">MARCOS THEODORO MULLER<\/span><\/td><\/tr><tr><td><div class=\"servidor-foto\"><a href=\"https:\/\/institucional.ufpel.edu.br\/servidores\/id\/141012\"><img src=\"https:\/\/institucional.ufpel.edu.br\/cache\/imagens\/05d02255-064a-4545-bde4-3006aaf00583\"><\/a><\/div><a href=\"https:\/\/institucional.ufpel.edu.br\/servidores\/id\/141012\"><span class=\"tabela-detalhe-titulo\">MAR\u00cdLIA LAZAROTTO<\/span><\/td><\/tr><tr><td><div class=\"servidor-foto\"><a href=\"https:\/\/institucional.ufpel.edu.br\/servidores\/id\/26866\"><\/a><\/div><a href=\"https:\/\/institucional.ufpel.edu.br\/servidores\/id\/26866\"><span class=\"tabela-detalhe-titulo\">MARISTELA BAGATIN SILVA<\/span><\/td><\/tr><tr><td><div class=\"servidor-foto\"><a href=\"https:\/\/institucional.ufpel.edu.br\/servidores\/id\/722\"><\/a><\/div><a href=\"https:\/\/institucional.ufpel.edu.br\/servidores\/id\/722\"><span class=\"tabela-detalhe-titulo\">MARIVAN DA SILVA PINHO<\/span><\/td><\/tr><tr><td><div class=\"servidor-foto\"><a href=\"https:\/\/institucional.ufpel.edu.br\/servidores\/id\/223721\"><img src=\"https:\/\/institucional.ufpel.edu.br\/cache\/imagens\/898bbf64-e4c9-4ccd-bbc9-310e4bd9e8c2\"><\/a><\/div><a href=\"https:\/\/institucional.ufpel.edu.br\/servidores\/id\/223721\"><span class=\"tabela-detalhe-titulo\">MARLINE ILHA DA SILVA<\/span><\/td><\/tr><tr><td><div class=\"servidor-foto\"><a href=\"https:\/\/institucional.ufpel.edu.br\/servidores\/id\/193416\"><img src=\"https:\/\/institucional.ufpel.edu.br\/cache\/imagens\/622b4449-7773-4587-af80-8c4e4ede3368\"><\/a><\/div><a href=\"https:\/\/institucional.ufpel.edu.br\/servidores\/id\/193416\"><span class=\"tabela-detalhe-titulo\">MARLON MAURICIO HERNANDEZ CELY<\/span><\/td><\/tr><tr><td><div class=\"servidor-foto\"><a href=\"https:\/\/institucional.ufpel.edu.br\/servidores\/id\/133075\"><img src=\"https:\/\/institucional.ufpel.edu.br\/cache\/imagens\/56e5d28b-5d48-4e88-810c-bb07d5ce448b\"><\/a><\/div><a href=\"https:\/\/institucional.ufpel.edu.br\/servidores\/id\/133075\"><span class=\"tabela-detalhe-titulo\">MARLON SOARES SIGALES<\/span><\/td><\/tr><tr><td><div class=\"servidor-foto\"><a href=\"https:\/\/institucional.ufpel.edu.br\/servidores\/id\/46677\"><img src=\"https:\/\/institucional.ufpel.edu.br\/cache\/imagens\/7e3695d8-d4f1-4ea9-a697-d29010a4009e\"><\/a><\/div><a href=\"https:\/\/institucional.ufpel.edu.br\/servidores\/id\/46677\"><span class=\"tabela-detalhe-titulo\">MATEUS BECK FONSECA<\/span><\/td><\/tr><tr><td><div class=\"servidor-foto\"><a href=\"https:\/\/institucional.ufpel.edu.br\/servidores\/id\/35603\"><img src=\"https:\/\/institucional.ufpel.edu.br\/cache\/imagens\/ad10a50e-1de1-4733-bd67-21e99fe1ff36\"><\/a><\/div><a href=\"https:\/\/institucional.ufpel.edu.br\/servidores\/id\/35603\"><span class=\"tabela-detalhe-titulo\">MAURIZIO SILVEIRA QUADRO<\/span><\/td><\/tr><tr><td><div class=\"servidor-foto\"><a href=\"https:\/\/institucional.ufpel.edu.br\/servidores\/id\/34396\"><img src=\"https:\/\/institucional.ufpel.edu.br\/cache\/imagens\/e80ae92b-81f6-446d-870e-24904b9cf1d3\"><\/a><\/div><a href=\"https:\/\/institucional.ufpel.edu.br\/servidores\/id\/34396\"><span class=\"tabela-detalhe-titulo\">MERIELEN DE CARVALHO LOPES<\/span><span class=\"cobalto-label\">Coordenadora de Curso de Gradua\u00e7\u00e3o<\/span><\/td><\/tr><tr><td><div class=\"servidor-foto\"><a href=\"https:\/\/institucional.ufpel.edu.br\/servidores\/id\/788\"><img src=\"https:\/\/institucional.ufpel.edu.br\/cache\/imagens\/43549bc8-f196-4141-8ec0-8fdbefa92c95\"><\/a><\/div><a href=\"https:\/\/institucional.ufpel.edu.br\/servidores\/id\/788\"><span class=\"tabela-detalhe-titulo\">MICHELE SOARES NETTO<\/span><\/td><\/tr><tr><td><div class=\"servidor-foto\"><a href=\"https:\/\/institucional.ufpel.edu.br\/servidores\/id\/153798\"><img src=\"https:\/\/institucional.ufpel.edu.br\/cache\/imagens\/71bf1a47-669d-4612-a8b8-74753b6e54ed\"><\/a><\/div><a href=\"https:\/\/institucional.ufpel.edu.br\/servidores\/id\/153798\"><span class=\"tabela-detalhe-titulo\">MOZZARA OLIVEIRA DA FONSECA<\/span><\/td><\/tr><tr><td><div class=\"servidor-foto\"><a href=\"https:\/\/institucional.ufpel.edu.br\/servidores\/id\/203197\"><img src=\"https:\/\/institucional.ufpel.edu.br\/cache\/imagens\/f82fc346-0c22-4cad-b46b-7f365385c435\"><\/a><\/div><a href=\"https:\/\/institucional.ufpel.edu.br\/servidores\/id\/203197\"><span class=\"tabela-detalhe-titulo\">PASCAL SILAS THUE<\/span><\/td><\/tr><tr><td><div class=\"servidor-foto\"><a href=\"https:\/\/institucional.ufpel.edu.br\/servidores\/id\/135870\"><img src=\"https:\/\/institucional.ufpel.edu.br\/cache\/imagens\/059065ae-e7cf-4b91-90c6-de7e1bea2a5b\"><\/a><\/div><a href=\"https:\/\/institucional.ufpel.edu.br\/servidores\/id\/135870\"><span class=\"tabela-detalhe-titulo\">PATRICIA COSTA DUARTE<\/span><\/td><\/tr><tr><td><div class=\"servidor-foto\"><a href=\"https:\/\/institucional.ufpel.edu.br\/servidores\/id\/32891\"><img src=\"https:\/\/institucional.ufpel.edu.br\/cache\/imagens\/3aeb0fbb-d6ff-4b73-b97c-96e545ee6e86\"><\/a><\/div><a href=\"https:\/\/institucional.ufpel.edu.br\/servidores\/id\/32891\"><span class=\"tabela-detalhe-titulo\">PATRICIA SOARES BILHALVA DOS SANTOS<\/span><\/td><\/tr><tr><td><div class=\"servidor-foto\"><a href=\"https:\/\/institucional.ufpel.edu.br\/servidores\/id\/169982\"><\/a><\/div><a href=\"https:\/\/institucional.ufpel.edu.br\/servidores\/id\/169982\"><span class=\"tabela-detalhe-titulo\">PAULO JEFFERSON DIAS DE OLIVEIRA EVALD<\/span><\/td><\/tr><tr><td><div class=\"servidor-foto\"><a href=\"https:\/\/institucional.ufpel.edu.br\/servidores\/id\/64004\"><img src=\"https:\/\/institucional.ufpel.edu.br\/cache\/imagens\/aa878f15-6994-4b36-bbd4-4d1817bed58e\"><\/a><\/div><a href=\"https:\/\/institucional.ufpel.edu.br\/servidores\/id\/64004\"><span class=\"tabela-detalhe-titulo\">RAFAEL BELTRAME<\/span><span class=\"cobalto-label\">Coordenador de Curso de Gradua\u00e7\u00e3o Substituto<\/span><\/td><\/tr><tr><td><div class=\"servidor-foto\"><a href=\"https:\/\/institucional.ufpel.edu.br\/servidores\/id\/14952\"><img src=\"https:\/\/institucional.ufpel.edu.br\/cache\/imagens\/94ff625e-b718-4309-a880-4f50323395a2\"><\/a><\/div><a href=\"https:\/\/institucional.ufpel.edu.br\/servidores\/id\/14952\"><span class=\"tabela-detalhe-titulo\">RAFAEL DE AVILA DELUCIS<\/span><span class=\"cobalto-label\">Coordenador Adjunto<\/span><\/td><\/tr><tr><td><div class=\"servidor-foto\"><a href=\"https:\/\/institucional.ufpel.edu.br\/servidores\/id\/63999\"><\/a><\/div><a href=\"https:\/\/institucional.ufpel.edu.br\/servidores\/id\/63999\"><span class=\"tabela-detalhe-titulo\">RAFAEL ROSA HALLAL<\/span><\/td><\/tr><tr><td><div class=\"servidor-foto\"><a href=\"https:\/\/institucional.ufpel.edu.br\/servidores\/id\/25505\"><\/a><\/div><a href=\"https:\/\/institucional.ufpel.edu.br\/servidores\/id\/25505\"><span class=\"tabela-detalhe-titulo\">REGINALDO DA NOBREGA TAVARES<\/span><span class=\"cobalto-label\">Coordenador de Curso de Gradua\u00e7\u00e3o<\/span><\/td><\/tr><tr><td><div class=\"servidor-foto\"><a href=\"https:\/\/institucional.ufpel.edu.br\/servidores\/id\/158849\"><img src=\"https:\/\/institucional.ufpel.edu.br\/cache\/imagens\/c9301ccf-61ff-4160-9374-37642fd9ee30\"><\/a><\/div><a href=\"https:\/\/institucional.ufpel.edu.br\/servidores\/id\/158849\"><span class=\"tabela-detalhe-titulo\">RENATA HEIDTMANN BEMVENUTI<\/span><span class=\"cobalto-label\">Coordenadora de Curso de Gradua\u00e7\u00e3o Substituta<\/span><\/td><\/tr><tr><td><div class=\"servidor-foto\"><a href=\"https:\/\/institucional.ufpel.edu.br\/servidores\/id\/22515\"><\/a><\/div><a href=\"https:\/\/institucional.ufpel.edu.br\/servidores\/id\/22515\"><span class=\"tabela-detalhe-titulo\">RICARDO GIUMELLI MARQUEZAN<\/span><\/td><\/tr><tr><td><div class=\"servidor-foto\"><a href=\"https:\/\/institucional.ufpel.edu.br\/servidores\/id\/7867\"><img src=\"https:\/\/institucional.ufpel.edu.br\/cache\/imagens\/63a0a69a-c2d0-4537-8f7c-7d96ee309f78\"><\/a><\/div><a href=\"https:\/\/institucional.ufpel.edu.br\/servidores\/id\/7867\"><span class=\"tabela-detalhe-titulo\">RICARDO SCHERER POHNDORF<\/span><\/td><\/tr><tr><td><div class=\"servidor-foto\"><a href=\"https:\/\/institucional.ufpel.edu.br\/servidores\/id\/26880\"><img src=\"https:\/\/institucional.ufpel.edu.br\/cache\/imagens\/2c1ff4e9-5886-447d-94be-00cd57c5b4af\"><\/a><\/div><a href=\"https:\/\/institucional.ufpel.edu.br\/servidores\/id\/26880\"><span class=\"tabela-detalhe-titulo\">RITA DE CASSIA FRAGA DAME<\/span><\/td><\/tr><tr><td><div class=\"servidor-foto\"><a href=\"https:\/\/institucional.ufpel.edu.br\/servidores\/id\/68593\"><img src=\"https:\/\/institucional.ufpel.edu.br\/cache\/imagens\/ce976672-42ba-4929-99fc-2c6bcdad83db\"><\/a><\/div><a href=\"https:\/\/institucional.ufpel.edu.br\/servidores\/id\/68593\"><span class=\"tabela-detalhe-titulo\">ROBSON ANDREAZZA<\/span><\/td><\/tr><tr><td><div class=\"servidor-foto\"><a href=\"https:\/\/institucional.ufpel.edu.br\/servidores\/id\/67674\"><\/a><\/div><a href=\"https:\/\/institucional.ufpel.edu.br\/servidores\/id\/67674\"><span class=\"tabela-detalhe-titulo\">ROGERIO ROYER<\/span><\/td><\/tr><tr><td><div class=\"servidor-foto\"><a href=\"https:\/\/institucional.ufpel.edu.br\/servidores\/id\/32949\"><img src=\"https:\/\/institucional.ufpel.edu.br\/cache\/imagens\/3d0c628e-5965-4d38-8ea4-457d2b22f872\"><\/a><\/div><a href=\"https:\/\/institucional.ufpel.edu.br\/servidores\/id\/32949\"><span class=\"tabela-detalhe-titulo\">ROGER TOSCAN SPAGNOLO<\/span><\/td><\/tr><tr><td><div class=\"servidor-foto\"><a href=\"https:\/\/institucional.ufpel.edu.br\/servidores\/id\/132334\"><img src=\"https:\/\/institucional.ufpel.edu.br\/cache\/imagens\/de93dc35-bbc4-479b-823d-2bb98c49b30a\"><\/a><\/div><a href=\"https:\/\/institucional.ufpel.edu.br\/servidores\/id\/132334\"><span class=\"tabela-detalhe-titulo\">ROMULO HENRIQUE BATISTA DE FARIAS<\/span><\/td><\/tr><tr><td><div class=\"servidor-foto\"><a href=\"https:\/\/institucional.ufpel.edu.br\/servidores\/id\/152318\"><img src=\"https:\/\/institucional.ufpel.edu.br\/cache\/imagens\/0141f8be-8a58-4ac2-8813-ddeb1ccb7029\"><\/a><\/div><a href=\"https:\/\/institucional.ufpel.edu.br\/servidores\/id\/152318\"><span class=\"tabela-detalhe-titulo\">RUBIA FLORES ROMANI<\/span><\/td><\/tr><tr><td><div class=\"servidor-foto\"><a href=\"https:\/\/institucional.ufpel.edu.br\/servidores\/id\/2170\"><img src=\"https:\/\/institucional.ufpel.edu.br\/cache\/imagens\/eb703ca2-a851-4e12-8889-42aba45c28fb\"><\/a><\/div><a href=\"https:\/\/institucional.ufpel.edu.br\/servidores\/id\/2170\"><span class=\"tabela-detalhe-titulo\">RUTH DA SILVA BRUM<\/span><\/td><\/tr><tr><td><div class=\"servidor-foto\"><a href=\"https:\/\/institucional.ufpel.edu.br\/servidores\/id\/166149\"><img src=\"https:\/\/institucional.ufpel.edu.br\/cache\/imagens\/8d7e8daf-53ee-46e6-93c8-862823f78ca9\"><\/a><\/div><a href=\"https:\/\/institucional.ufpel.edu.br\/servidores\/id\/166149\"><span class=\"tabela-detalhe-titulo\">SIGMAR DE LIMA<\/span><\/td><\/tr><tr><td><div class=\"servidor-foto\"><a href=\"https:\/\/institucional.ufpel.edu.br\/servidores\/id\/29135\"><\/a><\/div><a href=\"https:\/\/institucional.ufpel.edu.br\/servidores\/id\/29135\"><span class=\"tabela-detalhe-titulo\">S\u00d4NIA SOUZA FRANCO<\/span><\/td><\/tr><tr><td><div class=\"servidor-foto\"><a href=\"https:\/\/institucional.ufpel.edu.br\/servidores\/id\/223777\"><\/a><\/div><a href=\"https:\/\/institucional.ufpel.edu.br\/servidores\/id\/223777\"><span class=\"tabela-detalhe-titulo\">STEFFANI NIKOLI DAPPER<\/span><\/td><\/tr><tr><td><div class=\"servidor-foto\"><a href=\"https:\/\/institucional.ufpel.edu.br\/servidores\/id\/11167\"><\/a><\/div><a href=\"https:\/\/institucional.ufpel.edu.br\/servidores\/id\/11167\"><span class=\"tabela-detalhe-titulo\">TAMARA LEITZKE CALDEIRA BESKOW<\/span><span class=\"cobalto-label\">Coordenadora de Curso de P\u00f3s-Gradua\u00e7\u00e3o<\/span><\/td><\/tr><tr><td><div class=\"servidor-foto\"><a href=\"https:\/\/institucional.ufpel.edu.br\/servidores\/id\/164227\"><img src=\"https:\/\/institucional.ufpel.edu.br\/cache\/imagens\/c4db9e1f-91b0-4a12-bcc4-98f51c30698a\"><\/a><\/div><a href=\"https:\/\/institucional.ufpel.edu.br\/servidores\/id\/164227\"><span class=\"tabela-detalhe-titulo\">THALES SEBBEN PETRY<\/span><\/td><\/tr><tr><td><div class=\"servidor-foto\"><a href=\"https:\/\/institucional.ufpel.edu.br\/servidores\/id\/168755\"><img src=\"https:\/\/institucional.ufpel.edu.br\/cache\/imagens\/55bcbf11-e90c-4574-846f-8be81caf9ded\"><\/a><\/div><a href=\"https:\/\/institucional.ufpel.edu.br\/servidores\/id\/168755\"><span class=\"tabela-detalhe-titulo\">TIAGO THOMPSEN PRIMO<\/span><\/td><\/tr><tr><td><div class=\"servidor-foto\"><a href=\"https:\/\/institucional.ufpel.edu.br\/servidores\/id\/145061\"><img src=\"https:\/\/institucional.ufpel.edu.br\/cache\/imagens\/0939e0db-7cba-4e7c-ae9a-d3075ff6b07f\"><\/a><\/div><a href=\"https:\/\/institucional.ufpel.edu.br\/servidores\/id\/145061\"><span class=\"tabela-detalhe-titulo\">TIRZAH MOREIRA SIQUEIRA<\/span><\/td><\/tr><tr><td><div class=\"servidor-foto\"><a href=\"https:\/\/institucional.ufpel.edu.br\/servidores\/id\/30745\"><img src=\"https:\/\/institucional.ufpel.edu.br\/cache\/imagens\/4d5e1a11-b5d3-44ac-b974-cc3f9010768a\"><\/a><\/div><a href=\"https:\/\/institucional.ufpel.edu.br\/servidores\/id\/30745\"><span class=\"tabela-detalhe-titulo\">VALMIR FRANCISCO RISSO<\/span><\/td><\/tr><tr><td><div class=\"servidor-foto\"><a href=\"https:\/\/institucional.ufpel.edu.br\/servidores\/id\/61205\"><img src=\"https:\/\/institucional.ufpel.edu.br\/cache\/imagens\/f2ca6f39-fdba-489a-a141-9dd5ee491cb0\"><\/a><\/div><a href=\"https:\/\/institucional.ufpel.edu.br\/servidores\/id\/61205\"><span class=\"tabela-detalhe-titulo\">VANESSA SACRAMENTO CERQUEIRA<\/span><span class=\"cobalto-label\">Coordenadora de Curso de P\u00f3s-Gradua\u00e7\u00e3o<\/span><\/td><\/tr><tr><td><div class=\"servidor-foto\"><a href=\"https:\/\/institucional.ufpel.edu.br\/servidores\/id\/133292\"><img src=\"https:\/\/institucional.ufpel.edu.br\/cache\/imagens\/aebc0f98-b477-49c8-af25-00f315ce7ad2\"><\/a><\/div><a href=\"https:\/\/institucional.ufpel.edu.br\/servidores\/id\/133292\"><span class=\"tabela-detalhe-titulo\">VITER MAGALHAES PINTO<\/span><\/td><\/tr><tr><td><div class=\"servidor-foto\"><a href=\"https:\/\/institucional.ufpel.edu.br\/servidores\/id\/20189\"><\/a><\/div><a href=\"https:\/\/institucional.ufpel.edu.br\/servidores\/id\/20189\"><span class=\"tabela-detalhe-titulo\">WALTER RUBEN IRIONDO OTERO<\/span><\/td><\/tr><tr><td><div class=\"servidor-foto\"><a href=\"https:\/\/institucional.ufpel.edu.br\/servidores\/id\/153156\"><img src=\"https:\/\/institucional.ufpel.edu.br\/cache\/imagens\/2703f5b2-11dc-4fb0-baf9-d86c96d73e96\"><\/a><\/div><a href=\"https:\/\/institucional.ufpel.edu.br\/servidores\/id\/153156\"><span class=\"tabela-detalhe-titulo\">WILLIAN CEZAR NADALETI<\/span><span class=\"cobalto-label\">Coordenador de Curso de Gradua\u00e7\u00e3o<\/span><\/td><\/tr><\/table><\/div>\n","protected":false},"excerpt":{"rendered":"","protected":false},"author":67,"featured_media":0,"parent":0,"menu_order":0,"comment_status":"closed","ping_status":"closed","template":"","meta":{"footnotes":""},"class_list":["post-7419","page","type-page","status-publish","hentry"],"publishpress_future_action":{"enabled":false,"date":"2026-05-04 15:37:19","action":"change-status","newStatus":"draft","terms":[],"taxonomy":"","extraData":[]},"publishpress_future_workflow_manual_trigger":{"enabledWorkflows":[]},"_links":{"self":[{"href":"https:\/\/wp.ufpel.edu.br\/ceng\/wp-json\/wp\/v2\/pages\/7419","targetHints":{"allow":["GET"]}}],"collection":[{"href":"https:\/\/wp.ufpel.edu.br\/ceng\/wp-json\/wp\/v2\/pages"}],"about":[{"href":"https:\/\/wp.ufpel.edu.br\/ceng\/wp-json\/wp\/v2\/types\/page"}],"author":[{"embeddable":true,"href":"https:\/\/wp.ufpel.edu.br\/ceng\/wp-json\/wp\/v2\/users\/67"}],"replies":[{"embeddable":true,"href":"https:\/\/wp.ufpel.edu.br\/ceng\/wp-json\/wp\/v2\/comments?post=7419"}],"version-history":[{"count":4,"href":"https:\/\/wp.ufpel.edu.br\/ceng\/wp-json\/wp\/v2\/pages\/7419\/revisions"}],"predecessor-version":[{"id":7425,"href":"https:\/\/wp.ufpel.edu.br\/ceng\/wp-json\/wp\/v2\/pages\/7419\/revisions\/7425"}],"wp:attachment":[{"href":"https:\/\/wp.ufpel.edu.br\/ceng\/wp-json\/wp\/v2\/media?parent=7419"}],"curies":[{"name":"wp","href":"https:\/\/api.w.org\/{rel}","templated":true}]}}