{"id":344,"date":"2017-09-02T21:34:10","date_gmt":"2017-09-03T00:34:10","guid":{"rendered":"https:\/\/wp.ufpel.edu.br\/ceihe\/?page_id=344"},"modified":"2017-11-27T12:45:42","modified_gmt":"2017-11-27T14:45:42","slug":"veranopolis","status":"publish","type":"page","link":"https:\/\/wp.ufpel.edu.br\/ceihe\/veranopolis\/","title":{"rendered":"Veran\u00f3polis"},"content":{"rendered":"<table border=\"0\" width=\"513\">\n<tbody>\n<tr>\n<td style=\"width: 200px\"><a href=\"https:\/\/wp.ufpel.edu.br\/ceihe\/files\/2017\/09\/1-33-2.jpg\"><img class=\"alignleft size-thumbnail wp-image-814\" src=\"https:\/\/wp.ufpel.edu.br\/ceihe\/files\/2017\/09\/1-33-2-200x200.jpg\" alt=\"\" width=\"200\" height=\"200\" \/><\/a><\/td>\n<td style=\"vertical-align: top\">\n<p style=\"text-align: justify\"><span style=\"font-family: tahoma,arial,helvetica,sans-serif\">PREFEITURA MUNICIPAL DE VERAN\u00d3POLIS. Relat\u00f3rio referente ao exerc\u00edcio de 1956 do prefeito municipal Saul Irineu Farina apresentado \u00e0 C\u00e2mara Municipal de Vereadores em 1\u00ba junho de 1957, por ocasi\u00e3o de sua 1\u00aa reuni\u00e3o ordin\u00e1ria do ano. Tip Santo Ant\u00f4nio \u2013 P\u00e3o dos pobres, Porto Alegre, 1957.<\/span><\/p>\n<\/td>\n<\/tr>\n<\/tbody>\n<\/table>\n<p><\/p>\n","protected":false},"excerpt":{"rendered":"<p>PREFEITURA MUNICIPAL DE VERAN\u00d3POLIS. Relat\u00f3rio referente ao exerc\u00edcio de 1956 do prefeito municipal Saul Irineu Farina apresentado \u00e0 C\u00e2mara Municipal de Vereadores em 1\u00ba junho de 1957, por ocasi\u00e3o de sua 1\u00aa reuni\u00e3o ordin\u00e1ria do ano. Tip Santo Ant\u00f4nio \u2013 P\u00e3o dos pobres, Porto Alegre, 1957.<\/p>\n","protected":false},"author":777,"featured_media":0,"parent":0,"menu_order":0,"comment_status":"closed","ping_status":"closed","template":"","meta":{"footnotes":""},"class_list":["post-344","page","type-page","status-publish","hentry"],"_links":{"self":[{"href":"https:\/\/wp.ufpel.edu.br\/ceihe\/wp-json\/wp\/v2\/pages\/344","targetHints":{"allow":["GET"]}}],"collection":[{"href":"https:\/\/wp.ufpel.edu.br\/ceihe\/wp-json\/wp\/v2\/pages"}],"about":[{"href":"https:\/\/wp.ufpel.edu.br\/ceihe\/wp-json\/wp\/v2\/types\/page"}],"author":[{"embeddable":true,"href":"https:\/\/wp.ufpel.edu.br\/ceihe\/wp-json\/wp\/v2\/users\/777"}],"replies":[{"embeddable":true,"href":"https:\/\/wp.ufpel.edu.br\/ceihe\/wp-json\/wp\/v2\/comments?post=344"}],"version-history":[{"count":4,"href":"https:\/\/wp.ufpel.edu.br\/ceihe\/wp-json\/wp\/v2\/pages\/344\/revisions"}],"predecessor-version":[{"id":815,"href":"https:\/\/wp.ufpel.edu.br\/ceihe\/wp-json\/wp\/v2\/pages\/344\/revisions\/815"}],"wp:attachment":[{"href":"https:\/\/wp.ufpel.edu.br\/ceihe\/wp-json\/wp\/v2\/media?parent=344"}],"curies":[{"name":"wp","href":"https:\/\/api.w.org\/{rel}","templated":true}]}}