{"id":121,"date":"2017-06-30T18:22:50","date_gmt":"2017-06-30T21:22:50","guid":{"rendered":"https:\/\/wp.ufpel.edu.br\/ceihe\/?page_id=121"},"modified":"2017-09-12T14:38:32","modified_gmt":"2017-09-12T17:38:32","slug":"revistas","status":"publish","type":"page","link":"https:\/\/wp.ufpel.edu.br\/ceihe\/revistas\/","title":{"rendered":"Revistas"},"content":{"rendered":"<p><a href=\"http:\/\/seer.ufrgs.br\/index.php\/asphe\/index\"><img class=\"aligncenter size-medium wp-image-148\" src=\"https:\/\/wp.ufpel.edu.br\/ceihe\/files\/2017\/06\/Revistahistoriadaeduca\u00e7\u00e3o-400x79.jpg\" alt=\"\" width=\"400\" height=\"79\" srcset=\"https:\/\/wp.ufpel.edu.br\/ceihe\/files\/2017\/06\/Revistahistoriadaeduca\u00e7\u00e3o-400x79.jpg 400w, https:\/\/wp.ufpel.edu.br\/ceihe\/files\/2017\/06\/Revistahistoriadaeduca\u00e7\u00e3o.jpg 646w\" sizes=\"(max-width: 400px) 100vw, 400px\" \/><\/a><\/p>\n<p>A revista Hist\u00f3ria da Educa\u00e7\u00e3o \u00e9 mantida pela Associa\u00e7\u00e3o Sul-Rio-Grandense de Pesquisadores em Hist\u00f3ria da Educa\u00e7\u00e3o &#8211; Asphe\/RS, com o apoio da Universidade Federal do Rio Grande do Sul e da Universidade Federal de Santa Maria.<br \/>\n\u00c9 publicada no Brasil desde 1997, com periodicidade quadrimestral. Tem como cobertura tem\u00e1tica a \u00e1rea de Hist\u00f3ria da Educa\u00e7\u00e3o e por miss\u00e3o constituir-se num ve\u00edculo de divulga\u00e7\u00e3o de estudos do campo historiogr\u00e1fico educacional. Objetiva, sobretudo, divulgar resultados de pesquisas realizadas por professores e estudantes de gradua\u00e7\u00e3o e p\u00f3s-gradua\u00e7\u00e3o e tem como p\u00fablico alvo professores, estudantes, pesquisadores e interessados em hist\u00f3ria da educa\u00e7\u00e3o.<br \/>\nHist\u00f3ria da Educa\u00e7\u00e3o foi a primeira revista brasileira especializada no g\u00eanero. O n\u00famero inaugural foi lan\u00e7ado em 28 de abril de 1997, por ocasi\u00e3o do primeiro encontro da Associa\u00e7\u00e3o Sul-Rio-Grandense de Pesquisadores em Hist\u00f3ria da Educa\u00e7\u00e3o, ocorrido em S\u00e3o Leopoldo\/RS.<\/p>\n<p><a href=\"http:\/\/rbhe.sbhe.org.br\/index.php\/rbhe\"><img class=\"aligncenter size-medium wp-image-150\" src=\"https:\/\/wp.ufpel.edu.br\/ceihe\/files\/2017\/06\/revistabrasileiradehistoriadaeduca\u00e7\u00e3o-400x78.jpg\" alt=\"\" width=\"400\" height=\"78\" srcset=\"https:\/\/wp.ufpel.edu.br\/ceihe\/files\/2017\/06\/revistabrasileiradehistoriadaeduca\u00e7\u00e3o-400x78.jpg 400w, https:\/\/wp.ufpel.edu.br\/ceihe\/files\/2017\/06\/revistabrasileiradehistoriadaeduca\u00e7\u00e3o.jpg 646w\" sizes=\"(max-width: 400px) 100vw, 400px\" \/><\/a><\/p>\n<p>A Revista Brasileira de Hist\u00f3ria da Educa\u00e7\u00e3o (RBHE) \u00e9 a publica\u00e7\u00e3o oficial da Sociedade Brasileira de Hist\u00f3ria da Educa\u00e7\u00e3o (SBHE). Sediada atualmente na Universidade Estadual de Maring\u00e1 e publicada trimestralmente, a RBHE tem o objetivo de divulgar a produ\u00e7\u00e3o cient\u00edfica nacional e internacional sobre Hist\u00f3ria e Historiografia da Educa\u00e7\u00e3o, que se revele de interesse para as grandes \u00e1reas de pesquisa em Educa\u00e7\u00e3o e em Hist\u00f3ria, abrindo novos horizontes de discuss\u00e3o e estimulando debates interdisciplinares.<\/p>\n<p><a href=\"http:\/\/www.seer.ufu.br\/index.php\/che\/issue\/view\/1376\"><img class=\"aligncenter size-medium wp-image-151\" src=\"https:\/\/wp.ufpel.edu.br\/ceihe\/files\/2017\/06\/revistacadernosdehistoriadaeduca\u00e7\u00e3o-400x73.jpg\" alt=\"\" width=\"400\" height=\"73\" srcset=\"https:\/\/wp.ufpel.edu.br\/ceihe\/files\/2017\/06\/revistacadernosdehistoriadaeduca\u00e7\u00e3o-400x73.jpg 400w, https:\/\/wp.ufpel.edu.br\/ceihe\/files\/2017\/06\/revistacadernosdehistoriadaeduca\u00e7\u00e3o.jpg 645w\" sizes=\"(max-width: 400px) 100vw, 400px\" \/><\/a><\/p>\n<p>O peri\u00f3dico Cadernos de Hist\u00f3ria da Educa\u00e7\u00e3o est\u00e1 vinculado \u00e0 \u00e1rea de Hist\u00f3ria da Educa\u00e7\u00e3o, cobrindo uma s\u00e9rie de tem\u00e1ticas pr\u00f3prias dessa \u00e1rea, o que inclui: Hist\u00f3ria das Institui\u00e7\u00f5es Escolares, Hist\u00f3ria das Disciplinas Escolares, Hist\u00f3ria do Pensamento Educacional, Imprensa e Hist\u00f3ria da Educa\u00e7\u00e3o, Historiografia da Educa\u00e7\u00e3o\u00a0etc. O peri\u00f3dico pretende divulgar os resultados de estudos e de pesquisas de car\u00e1ter cient\u00edfico realizados por pesquisadores brasileiros e estrangeiros afetos \u00e0 tem\u00e1tica da Hist\u00f3ria e Historiografia da Educa\u00e7\u00e3o, bem como promover o interc\u00e2mbio de ideias e de novos conhecimentos entre pesquisadores brasileiros e estrangeiros vinculados a institui\u00e7\u00f5es acad\u00eamico-cient\u00edficas que se dediquem \u00e0 investiga\u00e7\u00e3o no campo da Hist\u00f3ria e da Historiografia da Educa\u00e7\u00e3o.<\/p>\n<p><a href=\"http:\/\/revistas.ufpr.br\/rhhe\/index\"><img class=\"aligncenter size-medium wp-image-152\" src=\"https:\/\/wp.ufpel.edu.br\/ceihe\/files\/2017\/06\/revistahistoriaehistoriografia-400x66.jpg\" alt=\"\" width=\"400\" height=\"66\" srcset=\"https:\/\/wp.ufpel.edu.br\/ceihe\/files\/2017\/06\/revistahistoriaehistoriografia-400x66.jpg 400w, https:\/\/wp.ufpel.edu.br\/ceihe\/files\/2017\/06\/revistahistoriaehistoriografia.jpg 646w\" sizes=\"(max-width: 400px) 100vw, 400px\" \/><\/a><\/p>\n<p>A\u00a0Revista de Hist\u00f3ria e Historiografia da Educa\u00e7\u00e3o\u00a0\u00e9 uma publica\u00e7\u00e3o organizada pelo Grupo de Trabalho em Hist\u00f3ria da Educa\u00e7\u00e3o\u00a0da Associa\u00e7\u00e3o Nacional de Hist\u00f3ria, em parceria com seus n\u00facleos regionais. Tem como objetivo a divulga\u00e7\u00e3o da produ\u00e7\u00e3o cient\u00edfica no \u00e2mbito da Hist\u00f3ria da Educa\u00e7\u00e3o, proveniente de institui\u00e7\u00f5es de pesquisa nacionais e internacionais.<\/p>\n<p><a href=\"http:\/\/www.histedbr.fe.unicamp.br\/\" target=\"_blank\" rel=\"noopener\"><img class=\"wp-image-526  aligncenter\" src=\"https:\/\/wp.ufpel.edu.br\/ceihe\/files\/2017\/06\/histedbr-1.jpg\" alt=\"\" width=\"400\" height=\"65\" srcset=\"https:\/\/wp.ufpel.edu.br\/ceihe\/files\/2017\/06\/histedbr-1.jpg 959w, https:\/\/wp.ufpel.edu.br\/ceihe\/files\/2017\/06\/histedbr-1-400x65.jpg 400w, https:\/\/wp.ufpel.edu.br\/ceihe\/files\/2017\/06\/histedbr-1-768x125.jpg 768w\" sizes=\"(max-width: 400px) 100vw, 400px\" \/><\/a><\/p>\n<p>A\u00a0<em>Revista HISTEDBR On-line<\/em>\u00a0\u00e9 uma publica\u00e7\u00e3o do Grupo de Estudos e Pesquisas \u201cHist\u00f3ria, Sociedade e Educa\u00e7\u00e3o no Brasil\u201d \u2013 HISTEDBR da Faculdade de Educa\u00e7\u00e3o\/UNICAMP, que tem por objetivo publicar artigos resultantes de pesquisa ou de reflex\u00e3o acad\u00eamica, estudos anal\u00edticos e resenhas na \u00e1rea de hist\u00f3ria da educa\u00e7\u00e3o.<\/p>\n<p>&nbsp;<\/p>\n","protected":false},"excerpt":{"rendered":"<p>A revista Hist\u00f3ria da Educa\u00e7\u00e3o \u00e9 mantida pela Associa\u00e7\u00e3o Sul-Rio-Grandense de Pesquisadores em Hist\u00f3ria da Educa\u00e7\u00e3o &#8211; Asphe\/RS, com o apoio da Universidade Federal do Rio Grande do Sul e da Universidade Federal de Santa Maria. \u00c9 publicada no Brasil desde 1997, com periodicidade quadrimestral. Tem como cobertura tem\u00e1tica a \u00e1rea de Hist\u00f3ria da Educa\u00e7\u00e3o [&hellip;]<\/p>\n","protected":false},"author":777,"featured_media":0,"parent":0,"menu_order":0,"comment_status":"closed","ping_status":"closed","template":"","meta":{"footnotes":""},"class_list":["post-121","page","type-page","status-publish","hentry"],"_links":{"self":[{"href":"https:\/\/wp.ufpel.edu.br\/ceihe\/wp-json\/wp\/v2\/pages\/121","targetHints":{"allow":["GET"]}}],"collection":[{"href":"https:\/\/wp.ufpel.edu.br\/ceihe\/wp-json\/wp\/v2\/pages"}],"about":[{"href":"https:\/\/wp.ufpel.edu.br\/ceihe\/wp-json\/wp\/v2\/types\/page"}],"author":[{"embeddable":true,"href":"https:\/\/wp.ufpel.edu.br\/ceihe\/wp-json\/wp\/v2\/users\/777"}],"replies":[{"embeddable":true,"href":"https:\/\/wp.ufpel.edu.br\/ceihe\/wp-json\/wp\/v2\/comments?post=121"}],"version-history":[{"count":9,"href":"https:\/\/wp.ufpel.edu.br\/ceihe\/wp-json\/wp\/v2\/pages\/121\/revisions"}],"predecessor-version":[{"id":527,"href":"https:\/\/wp.ufpel.edu.br\/ceihe\/wp-json\/wp\/v2\/pages\/121\/revisions\/527"}],"wp:attachment":[{"href":"https:\/\/wp.ufpel.edu.br\/ceihe\/wp-json\/wp\/v2\/media?parent=121"}],"curies":[{"name":"wp","href":"https:\/\/api.w.org\/{rel}","templated":true}]}}