{"id":919,"date":"2020-05-11T18:07:35","date_gmt":"2020-05-11T21:07:35","guid":{"rendered":"https:\/\/wp.ufpel.edu.br\/ceherb\/?page_id=919"},"modified":"2022-08-04T13:21:26","modified_gmt":"2022-08-04T16:21:26","slug":"molecular-biology","status":"publish","type":"page","link":"https:\/\/wp.ufpel.edu.br\/ceherb\/en\/molecular-biology\/","title":{"rendered":"Molecular Biology Laboratory"},"content":{"rendered":"\n<p>O Laborat\u00f3rio de Biologia Molecular possui infraestrutura para preparo de solu\u00e7\u00f5es, isolamento de \u00e1cidos nucl\u00e9icos e amplifica\u00e7\u00f5es e an\u00e1lises de DNA\/RNA. Os equipamentos dispon\u00edveis fornecem suporte para extra\u00e7\u00e3o de DNA\/RNA, an\u00e1lises de express\u00e3o g\u00eanica e isolamento e clonagem de fragmentos.<\/p>\n\n\n\n<p>Localiza\u00e7\u00e3o&nbsp;<\/p>\n\n\n\n<ul class=\"wp-block-list\"><li>Pr\u00e9dio 35 do Campus Cap\u00e3o do Le\u00e3o da UFPel<\/li><li>Faculdade de agronomia Eliseu Maciel<\/li><\/ul>\n\n\n\n<p>Equipamentos<\/p>\n\n\n\n<p>O Laborat\u00f3rio de biologia molecular possui diversos equipamentos para isolamento e an\u00e1lise de \u00e1cidos nucleicos, incluindo:<\/p>\n\n\n\n<ul class=\"wp-block-list\"><li>Bancadas para manipula\u00e7\u00e3o de rea\u00e7\u00f5es;<\/li><li>Dois freezers verticais para acondicionamento de enzimas, amostras e reagentes;<\/li><li>Uma capela para manipula\u00e7\u00e3o de reagentes qu\u00edmicos vol\u00e1teis;<\/li><li>Uma centr\u00edfuga refrigerada com capacidade para microtubos de 1.5 a 2.0 mL, tubos tipo falcon de 15 a 50 mL e microplacas;<\/li><li>Uma mini centr\u00edfuga spin para tubos de 0.2 a 2.0 mL;<\/li><li>Um banho seco com agita\u00e7\u00e3o com controle r\u00edgido de temperatura;<\/li><li>Um termociclador para rea\u00e7\u00f5es em cadeia da polimerase (PCR);<\/li><li>Um termociclador para PCR quantitativo em tempo real (qPCR);<\/li><li>Um ultrafreezer para armazenamento de amostras e \u00e1cidos nucleicos \u00e0 -80 \u00b0C;<\/li><li>Uma balan\u00e7a anal\u00edtica;<\/li><li>Uma fonte e cubas para eletroforese;<\/li><li>Uma m\u00e1quina de gelo;<\/li><li>Uma autoclave;<\/li><li>Um espectrofot\u00f4metro;<\/li><li>Um micro-ondas;<\/li><li>Um fotodocumentador;<\/li><li>Um agitador Magn\u00e9tico<\/li><li>Micropipetas com capacidade de volume de 0.2 \u00b5L a 5 mL<\/li><\/ul>\n\n\n\n<p>Respons\u00e1vel<\/p>\n\n\n\n<p>Prof. Dirceu Agostinetto \u2013&nbsp;agostinetto.d@ceherb<\/p>\n\n\n\n<p><\/p>\n\n\n\n<figure class=\"wp-block-image size-large\"><img loading=\"lazy\" decoding=\"async\" width=\"1024\" height=\"473\" src=\"https:\/\/wp.ufpel.edu.br\/ceherb\/files\/2022\/08\/Termociclador-para-PCR-quantitativo-em-tempo-real-1024x473.jpeg\" alt=\"\" class=\"wp-image-2019\" srcset=\"https:\/\/wp.ufpel.edu.br\/ceherb\/files\/2022\/08\/Termociclador-para-PCR-quantitativo-em-tempo-real-1024x473.jpeg 1024w, https:\/\/wp.ufpel.edu.br\/ceherb\/files\/2022\/08\/Termociclador-para-PCR-quantitativo-em-tempo-real-400x185.jpeg 400w, https:\/\/wp.ufpel.edu.br\/ceherb\/files\/2022\/08\/Termociclador-para-PCR-quantitativo-em-tempo-real-768x355.jpeg 768w, https:\/\/wp.ufpel.edu.br\/ceherb\/files\/2022\/08\/Termociclador-para-PCR-quantitativo-em-tempo-real.jpeg 1156w\" sizes=\"auto, (max-width: 1024px) 100vw, 1024px\" \/><\/figure>\n\n\n\n<figure class=\"wp-block-image size-large\"><img loading=\"lazy\" decoding=\"async\" width=\"473\" height=\"1024\" src=\"https:\/\/wp.ufpel.edu.br\/ceherb\/files\/2022\/08\/Fotodocumentador-473x1024.jpeg\" alt=\"\" class=\"wp-image-2020\" srcset=\"https:\/\/wp.ufpel.edu.br\/ceherb\/files\/2022\/08\/Fotodocumentador-473x1024.jpeg 473w, https:\/\/wp.ufpel.edu.br\/ceherb\/files\/2022\/08\/Fotodocumentador-185x400.jpeg 185w, https:\/\/wp.ufpel.edu.br\/ceherb\/files\/2022\/08\/Fotodocumentador.jpeg 534w\" sizes=\"auto, (max-width: 473px) 100vw, 473px\" \/><figcaption>Fotodocumentador<\/figcaption><\/figure>\n\n\n\n<figure class=\"wp-block-image size-large\"><img loading=\"lazy\" decoding=\"async\" width=\"1024\" height=\"473\" src=\"https:\/\/wp.ufpel.edu.br\/ceherb\/files\/2022\/08\/Lab-1024x473.jpeg\" alt=\"\" class=\"wp-image-2021\" srcset=\"https:\/\/wp.ufpel.edu.br\/ceherb\/files\/2022\/08\/Lab-1024x473.jpeg 1024w, https:\/\/wp.ufpel.edu.br\/ceherb\/files\/2022\/08\/Lab-400x185.jpeg 400w, https:\/\/wp.ufpel.edu.br\/ceherb\/files\/2022\/08\/Lab-768x355.jpeg 768w, https:\/\/wp.ufpel.edu.br\/ceherb\/files\/2022\/08\/Lab.jpeg 1156w\" sizes=\"auto, (max-width: 1024px) 100vw, 1024px\" \/><figcaption>Vis\u00e3o geral do Laborat\u00f3rio<\/figcaption><\/figure>\n","protected":false},"excerpt":{"rendered":"<p>O Laborat\u00f3rio de Biologia Molecular possui infraestrutura para preparo de solu\u00e7\u00f5es, isolamento de \u00e1cidos nucl\u00e9icos e amplifica\u00e7\u00f5es e an\u00e1lises de DNA\/RNA. Os equipamentos dispon\u00edveis fornecem suporte para extra\u00e7\u00e3o de DNA\/RNA, an\u00e1lises de express\u00e3o g\u00eanica e isolamento e clonagem de fragmentos. Localiza\u00e7\u00e3o&nbsp; Pr\u00e9dio 35 do Campus Cap\u00e3o do Le\u00e3o da UFPel Faculdade de agronomia Eliseu Maciel [&hellip;]<\/p>\n","protected":false},"author":994,"featured_media":0,"parent":0,"menu_order":0,"comment_status":"closed","ping_status":"closed","template":"","meta":{"footnotes":""},"class_list":["post-919","page","type-page","status-publish","hentry","post"],"jetpack_sharing_enabled":true,"jetpack_likes_enabled":true,"_links":{"self":[{"href":"https:\/\/wp.ufpel.edu.br\/ceherb\/wp-json\/wp\/v2\/pages\/919","targetHints":{"allow":["GET"]}}],"collection":[{"href":"https:\/\/wp.ufpel.edu.br\/ceherb\/wp-json\/wp\/v2\/pages"}],"about":[{"href":"https:\/\/wp.ufpel.edu.br\/ceherb\/wp-json\/wp\/v2\/types\/page"}],"author":[{"embeddable":true,"href":"https:\/\/wp.ufpel.edu.br\/ceherb\/wp-json\/wp\/v2\/users\/994"}],"replies":[{"embeddable":true,"href":"https:\/\/wp.ufpel.edu.br\/ceherb\/wp-json\/wp\/v2\/comments?post=919"}],"version-history":[{"count":2,"href":"https:\/\/wp.ufpel.edu.br\/ceherb\/wp-json\/wp\/v2\/pages\/919\/revisions"}],"predecessor-version":[{"id":2023,"href":"https:\/\/wp.ufpel.edu.br\/ceherb\/wp-json\/wp\/v2\/pages\/919\/revisions\/2023"}],"wp:attachment":[{"href":"https:\/\/wp.ufpel.edu.br\/ceherb\/wp-json\/wp\/v2\/media?parent=919"}],"curies":[{"name":"wp","href":"https:\/\/api.w.org\/{rel}","templated":true}]}}