{"id":173,"date":"2020-04-08T15:02:01","date_gmt":"2020-04-08T18:02:01","guid":{"rendered":"https:\/\/wp.ufpel.edu.br\/ceherb\/?page_id=173"},"modified":"2020-05-11T18:12:05","modified_gmt":"2020-05-11T21:12:05","slug":"servicos-a-comunidade","status":"publish","type":"page","link":"https:\/\/wp.ufpel.edu.br\/ceherb\/servicos-a-comunidade\/","title":{"rendered":"Servi\u00e7os \u00e0 Comunidade"},"content":{"rendered":"<p>Os membros do <strong>CEHERB<\/strong> participam ativamente de servi\u00e7os \u00e0 comunidade, tanto em n\u00edveis regionais como nacional e internacional.<\/p>\n<ul>\n<li>Prof\u00ba Dr\u00ba Dirceu Agostinetto \u00e9 Diretor da <a href=\"https:\/\/wp.ufpel.edu.br\/faem\/\">Faculdade de Agronomia Eliseu Maciel<\/a>, Universidade Federal de Pelotas;<\/li>\n<li>Prof\u00ba Dr\u00ba Luis Antonio de Avila \u00e9 Segundo Vice-presidente da <a href=\"http:\/\/sbcpd.org\/\">Sociedade Brasileira da Ci\u00eancia das Plantas Daninhas<\/a> e Presidente da comiss\u00e3o organizadora do <a href=\"https:\/\/www.iwsc2020.com\/\">Internacional Weed Science Congress<\/a> (2020);<\/li>\n<li>Prof\u00ba Dr\u00ba Edinalvo Rabaioli Camargo: Coordenador de sess\u00e3o do <a href=\"https:\/\/www.iwsc2020.com\/\">International Weed Science Congress<\/a> e Vice-Coordenador do <a href=\"https:\/\/wp.ufpel.edu.br\/ppgfs\/\">Programa de P\u00f3s-Gradua\u00e7\u00e3o em Fitossanidade<\/a> da Universidade Federal de Pelotas.<\/li>\n<\/ul>\n<p>&nbsp;<\/p>\n","protected":false},"excerpt":{"rendered":"<p>Os membros do CEHERB participam ativamente de servi\u00e7os \u00e0 comunidade, tanto em n\u00edveis regionais como nacional e internacional. Prof\u00ba Dr\u00ba Dirceu Agostinetto \u00e9 Diretor da Faculdade de Agronomia Eliseu Maciel, Universidade Federal de Pelotas; Prof\u00ba Dr\u00ba Luis Antonio de Avila \u00e9 Segundo Vice-presidente da Sociedade Brasileira da Ci\u00eancia das Plantas Daninhas e Presidente da comiss\u00e3o [&hellip;]<\/p>\n","protected":false},"author":994,"featured_media":0,"parent":0,"menu_order":0,"comment_status":"closed","ping_status":"closed","template":"","meta":{"footnotes":""},"class_list":["post-173","page","type-page","status-publish","hentry","post"],"jetpack_sharing_enabled":true,"jetpack_likes_enabled":true,"_links":{"self":[{"href":"https:\/\/wp.ufpel.edu.br\/ceherb\/wp-json\/wp\/v2\/pages\/173","targetHints":{"allow":["GET"]}}],"collection":[{"href":"https:\/\/wp.ufpel.edu.br\/ceherb\/wp-json\/wp\/v2\/pages"}],"about":[{"href":"https:\/\/wp.ufpel.edu.br\/ceherb\/wp-json\/wp\/v2\/types\/page"}],"author":[{"embeddable":true,"href":"https:\/\/wp.ufpel.edu.br\/ceherb\/wp-json\/wp\/v2\/users\/994"}],"replies":[{"embeddable":true,"href":"https:\/\/wp.ufpel.edu.br\/ceherb\/wp-json\/wp\/v2\/comments?post=173"}],"version-history":[{"count":5,"href":"https:\/\/wp.ufpel.edu.br\/ceherb\/wp-json\/wp\/v2\/pages\/173\/revisions"}],"predecessor-version":[{"id":197,"href":"https:\/\/wp.ufpel.edu.br\/ceherb\/wp-json\/wp\/v2\/pages\/173\/revisions\/197"}],"wp:attachment":[{"href":"https:\/\/wp.ufpel.edu.br\/ceherb\/wp-json\/wp\/v2\/media?parent=173"}],"curies":[{"name":"wp","href":"https:\/\/api.w.org\/{rel}","templated":true}]}}