{"id":1470,"date":"2021-08-19T20:50:47","date_gmt":"2021-08-19T23:50:47","guid":{"rendered":"https:\/\/wp.ufpel.edu.br\/ceherb\/?page_id=1470"},"modified":"2022-06-23T10:13:12","modified_gmt":"2022-06-23T13:13:12","slug":"homepage","status":"publish","type":"page","link":"https:\/\/wp.ufpel.edu.br\/ceherb\/","title":{"rendered":"Home Page"},"content":{"rendered":"\n<p class=\"has-text-align-left\">O&nbsp;Centro de Herbologia&nbsp;(CEHERB), criado em 2005, \u00e9 um grupo de pesquisa sediado na Faculdade de Agronomia Eliseu Maciel, Campus Universit\u00e1rio, Universidade Federal de Pelotas, no munic\u00edpio do Cap\u00e3o do Le\u00e3o. O grupo re\u00fane professores e pesquisadores de diferentes institui\u00e7\u00f5es e coopera com pesquisadores de diversas partes do Brasil e do Mundo. Atua em pesquisa, ensino e extens\u00e3o nas mais diversas linhas de pesquisa e atividades na \u00e1rea de Herbologia. O grupo destaca-se pela sua produ\u00e7\u00e3o cient\u00edfica, forma\u00e7\u00e3o de recursos humanos e interc\u00e2mbio com institui\u00e7\u00f5es nacionais e internacionais.<\/p>\n\n\n\n<p><strong>Objetivos<\/strong>:<\/p>\n\n\n\n<ul class=\"wp-block-list\"><li>Capacitar recursos humanos com alta qualidade em todos os n\u00edveis, com valores t\u00e9cnicos, cient\u00edficos, morais e \u00e9ticos;<\/li><li>Produzir ci\u00eancia, resolvendo problem\u00e1ticas em curto, m\u00e9dio e longo prazo;<\/li><li>Produzir tecnologia para o mundo de mudan\u00e7as constantes, focando na sustentabilidade do setor agr\u00edcola.<\/li><\/ul>\n\n\n<style>.wp-block-kadence-spacer.kt-block-spacer-_4b2078-1d .kt-block-spacer{height:30px;}.wp-block-kadence-spacer.kt-block-spacer-_4b2078-1d .kt-divider{border-top-width:1px;height:1px;border-top-color:#eee;width:80%;border-top-style:solid;}<\/style>\n<div class=\"wp-block-kadence-spacer aligncenter kt-block-spacer-_4b2078-1d\"><div class=\"kt-block-spacer kt-block-spacer-halign-center\"><\/div><\/div>\n\n\n\n<h2 class=\"has-text-align-center wp-block-heading\" style=\"font-size:30px\"><strong><span style=\"color:#46a04a\" class=\"has-inline-color\">Not\u00edcias<\/span><\/strong><\/h2>\n\n\n\n<div class=\"wp-block-group\"><div class=\"wp-block-group__inner-container is-layout-flow wp-block-group-is-layout-flow\">\n<div class=\"wp-block-group has-black-color has-text-color\"><div class=\"wp-block-group__inner-container is-layout-flow wp-block-group-is-layout-flow\">\n<div class=\"wp-block-columns is-layout-flex wp-container-core-columns-is-layout-9d6595d7 wp-block-columns-is-layout-flex\">\n<div class=\"wp-block-column is-layout-flow wp-block-column-is-layout-flow\" style=\"flex-basis:100%\"><style>.kb-posts-id-_7faf54-41 .entry.loop-entry .entry-header .entry-title{font-size:18px;line-height:20px;}.kb-posts-id-_7faf54-41 .kb-post-list-item{display:grid;}<\/style><ul class=\"wp-block-kadence-posts kb-posts kadence-posts-list kb-posts-id-_7faf54-41 content-wrap grid-cols kb-posts-style-unboxed grid-sm-col-2 grid-lg-col-3 item-image-style-above\"><li class=\"kb-post-list-item\">\n\t<article class=\"entry content-bg loop-entry post-2109 post type-post status-publish format-standard hentry category-edital-pt category-noticias\">\n\t\t\t\t<div class=\"entry-content-wrap\">\n\t\t\t<header class=\"entry-header\">\n\t<h2 class=\"entry-title\"><a href=\"https:\/\/wp.ufpel.edu.br\/ceherb\/2025\/04\/02\/processo-seletivo-de-estagio-voluntario-para-atuar-no-ceherb-laboratorio-de-dinamica-de-herbicidas-2\/\" rel=\"bookmark\">Processo seletivo de est\u00e1gio volunt\u00e1rio para atuar no CEHERB \u2013 Laborat\u00f3rio de Din\u00e2mica de herbicidas<\/a><\/h2>\t<div class=\"entry-meta entry-meta-divider-dot\">\n\t\t\t\t<span class=\"posted-on\">\n\t\t\t\t<time class=\"entry-date published\" datetime=\"2025-04-02T18:42:59-03:00\">02\/04\/2025<\/time><time class=\"updated\" datetime=\"2025-05-19T10:31:31-03:00\">19\/05\/2025<\/time>\t\t\t<\/span>\n\t\t\t\t\t\t<span class=\"category-links\">\n\t\t\t\t<span class=\"category-link-items\"><a href=\"https:\/\/wp.ufpel.edu.br\/ceherb\/category\/edital-pt\/\" rel=\"category tag\">Edital<\/a>, <a href=\"https:\/\/wp.ufpel.edu.br\/ceherb\/category\/noticias\/\" rel=\"category tag\">Not\u00edcias<\/a><\/span>\t\t\t<\/span>\n\t\t\t\t<\/div><!-- .entry-meta -->\n\t<\/header><!-- .entry-header -->\n\t<div class=\"entry-summary\">\n\t\t<p>Per\u00edodo de inscri\u00e7\u00f5es: da publica\u00e7\u00e3o o at\u00e9 17 de abril. Mais informa\u00e7\u00f5es no edital: https:\/\/wp.ufpel.edu.br\/ceherb\/files\/2025\/04\/Edital-No-1-de-25-de-marc\u0327o-de-2025.pdf Edital retificado: https:\/\/wp.ufpel.edu.br\/ceherb\/files\/2025\/04\/Edital-RETIFICADO-No-1-de-25-de-marco-de-2025.docx-1.pdf Inscri\u00e7\u00f5es homologadas: https:\/\/wp.ufpel.edu.br\/ceherb\/files\/2025\/04\/Inscricoes-homologadas-1.pdf Resultado sele\u00e7\u00e3o: https:\/\/wp.ufpel.edu.br\/ceherb\/files\/2025\/04\/Selecao-dos-candidatos.pdf<\/p>\n\t<\/div><!-- .entry-summary -->\n\t<footer class=\"entry-footer\">\n\t<\/footer><!-- .entry-footer -->\t\t<\/div>\n\t<\/article>\n<\/li>\n<li class=\"kb-post-list-item\">\n\t<article class=\"entry content-bg loop-entry post-2104 post type-post status-publish format-standard hentry category-edital-pt category-noticias\">\n\t\t\t\t<div class=\"entry-content-wrap\">\n\t\t\t<header class=\"entry-header\">\n\t<h2 class=\"entry-title\"><a href=\"https:\/\/wp.ufpel.edu.br\/ceherb\/2025\/04\/02\/processo-seletivo-de-estagio-voluntario-para-atuar-no-ceherb-laboratorio-de-dinamica-de-herbicidas\/\" rel=\"bookmark\">Processo seletivo de est\u00e1gio volunt\u00e1rio para atuar no CEHERB \u2013 Laborat\u00f3rio de Din\u00e2mica de herbicidas<\/a><\/h2>\t<div class=\"entry-meta entry-meta-divider-dot\">\n\t\t\t\t<span class=\"posted-on\">\n\t\t\t\t<time class=\"entry-date published\" datetime=\"2025-04-02T18:35:39-03:00\">02\/04\/2025<\/time><time class=\"updated\" datetime=\"2025-04-02T18:54:41-03:00\">02\/04\/2025<\/time>\t\t\t<\/span>\n\t\t\t\t\t\t<span class=\"category-links\">\n\t\t\t\t<span class=\"category-link-items\"><a href=\"https:\/\/wp.ufpel.edu.br\/ceherb\/category\/edital-pt\/\" rel=\"category tag\">Edital<\/a>, <a href=\"https:\/\/wp.ufpel.edu.br\/ceherb\/category\/noticias\/\" rel=\"category tag\">Not\u00edcias<\/a><\/span>\t\t\t<\/span>\n\t\t\t\t<\/div><!-- .entry-meta -->\n\t<\/header><!-- .entry-header -->\n\t<div class=\"entry-summary\">\n\t\t<p>Per\u00edodo de inscri\u00e7\u00f5es: 14\/03\/2024 at\u00e9 21\/03\/2024 Aos interessados enviar os documentos: curriculum vitae (1 p\u00e1gina), hist\u00f3rico escolar e atestado de matr\u00edcula. Enviar documentos para o e-mail: ceherb.cromatografia@gmail.com Inscri\u00e7\u00f5es homologadas: Candidatos Inscri\u00e7\u00e3o Motivo Andrigo Silva da Silva Homologada Emilly Cruz Garcia Homologada Gabriel Antonio Silva Azeredo N\u00e3o homologada Faltou Hist\u00f3rico escolar Gustavo Peres Buznello Homologada Lais [&hellip;]<\/p>\n\t<\/div><!-- .entry-summary -->\n\t<footer class=\"entry-footer\">\n\t<\/footer><!-- .entry-footer -->\t\t<\/div>\n\t<\/article>\n<\/li>\n<li class=\"kb-post-list-item\">\n\t<article class=\"entry content-bg loop-entry post-1997 post type-post status-publish format-standard has-post-thumbnail hentry category-edital category-noticias post-with-thumbnail post-with-thumbnail-large\">\n\t\t\t\t<a aria-hidden=\"true\" tabindex=\"-1\" role=\"presentation\" class=\"post-thumbnail kadence-thumbnail-ratio-9-16\" href=\"https:\/\/wp.ufpel.edu.br\/ceherb\/2022\/06\/23\/ppg-fitossanidade-abre-selecao-para-aluno-de-mestrado-e-doutorado\/\" aria-label=\"PPG Fitossanidade abre sele\u00e7\u00e3o para aluno de mestrado e doutorado\">\n\t\t\t<div class=\"post-thumbnail-inner\">\n\t\t\t\t<img loading=\"lazy\" decoding=\"async\" width=\"720\" height=\"253\" src=\"https:\/\/wp.ufpel.edu.br\/ceherb\/files\/2022\/06\/banner-1080x380-1-768x270.jpg\" class=\"attachment-medium_large size-medium_large wp-post-image\" alt=\"PPG Fitossanidade abre sele\u00e7\u00e3o para aluno de mestrado e doutorado\" srcset=\"https:\/\/wp.ufpel.edu.br\/ceherb\/files\/2022\/06\/banner-1080x380-1-768x270.jpg 768w, https:\/\/wp.ufpel.edu.br\/ceherb\/files\/2022\/06\/banner-1080x380-1-400x141.jpg 400w, https:\/\/wp.ufpel.edu.br\/ceherb\/files\/2022\/06\/banner-1080x380-1-1024x360.jpg 1024w, https:\/\/wp.ufpel.edu.br\/ceherb\/files\/2022\/06\/banner-1080x380-1.jpg 1080w\" sizes=\"auto, (max-width: 720px) 100vw, 720px\" \/>\t\t\t<\/div>\n\t\t<\/a><!-- .post-thumbnail -->\n\t\t\t\t<div class=\"entry-content-wrap\">\n\t\t\t<header class=\"entry-header\">\n\t<h2 class=\"entry-title\"><a href=\"https:\/\/wp.ufpel.edu.br\/ceherb\/2022\/06\/23\/ppg-fitossanidade-abre-selecao-para-aluno-de-mestrado-e-doutorado\/\" rel=\"bookmark\">PPG Fitossanidade abre sele\u00e7\u00e3o para aluno de mestrado e doutorado<\/a><\/h2>\t<div class=\"entry-meta entry-meta-divider-dot\">\n\t\t\t\t<span class=\"posted-on\">\n\t\t\t\t<time class=\"entry-date published\" datetime=\"2022-06-23T10:05:57-03:00\">23\/06\/2022<\/time><time class=\"updated\" datetime=\"2022-06-23T10:07:19-03:00\">23\/06\/2022<\/time>\t\t\t<\/span>\n\t\t\t\t\t\t<span class=\"category-links\">\n\t\t\t\t<span class=\"category-link-items\"><a href=\"https:\/\/wp.ufpel.edu.br\/ceherb\/category\/edital\/\" rel=\"category tag\">Edital<\/a>, <a href=\"https:\/\/wp.ufpel.edu.br\/ceherb\/category\/noticias\/\" rel=\"category tag\">Not\u00edcias<\/a><\/span>\t\t\t<\/span>\n\t\t\t\t<\/div><!-- .entry-meta -->\n\t<\/header><!-- .entry-header -->\n\t<div class=\"entry-summary\">\n\t\t<p>As inscri\u00e7\u00f5es ao Exame de Sele\u00e7\u00e3o para o Programa de P\u00f3s-Gradua\u00e7\u00e3o em Fitossanidade da UFPel em n\u00edvel de MESTRADO e&nbsp;DOUTORADO, estar\u00e3o abertas no per\u00edodo de 17 de junho a 25 de julho de 2022 e dever\u00e3o ser realizadas online via formul\u00e1rio&nbsp;online. Ser\u00e3o disponibilizadas 7 (sete) vagas para o mestrado e 6 (seis) de doutorado. Calend\u00e1rio [&hellip;]<\/p>\n\t<\/div><!-- .entry-summary -->\n\t<footer class=\"entry-footer\">\n\t<\/footer><!-- .entry-footer -->\t\t<\/div>\n\t<\/article>\n<\/li>\n<\/ul><\/div>\n<\/div>\n<\/div><\/div>\n<\/div><\/div>\n\n\n<style>.wp-block-kadence-advancedbtn.kt-btns_17bdfc-84, .site .entry-content .wp-block-kadence-advancedbtn.kt-btns_17bdfc-84, .wp-block-kadence-advancedbtn.kb-btns_17bdfc-84, .site .entry-content .wp-block-kadence-advancedbtn.kb-btns_17bdfc-84{margin-top:0px;margin-bottom:0px;}.wp-block-kadence-advancedbtn.kb-btns_17bdfc-84{gap:var(--global-kb-gap-xs, 0.5rem );justify-content:center;align-items:center;}.kt-btns_17bdfc-84 .kt-button{font-weight:normal;font-style:normal;}.kt-btns_17bdfc-84 .kt-btn-wrap-0{margin-right:5px;}.wp-block-kadence-advancedbtn.kt-btns_17bdfc-84 .kt-btn-wrap-0 .kt-button{color:#ffffff;background:#46a04a;border-color:#46a04a;}.wp-block-kadence-advancedbtn.kt-btns_17bdfc-84 .kt-btn-wrap-0 .kt-button:hover, .wp-block-kadence-advancedbtn.kt-btns_17bdfc-84 .kt-btn-wrap-0 .kt-button:focus{color:#ffffff;border-color:#46a04a;}.wp-block-kadence-advancedbtn.kt-btns_17bdfc-84 .kt-btn-wrap-0 .kt-button::before{display:none;}.wp-block-kadence-advancedbtn.kt-btns_17bdfc-84 .kt-btn-wrap-0 .kt-button:hover, .wp-block-kadence-advancedbtn.kt-btns_17bdfc-84 .kt-btn-wrap-0 .kt-button:focus{background:#183819;}<\/style>\n<div class=\"wp-block-kadence-advancedbtn kt-btn-align-center kt-btn-tablet-align-inherit kt-btn-mobile-align-inherit kt-btns-wrap kt-btns_17bdfc-84\"><div class=\"kt-btn-wrap kt-btn-wrap-0\"><a class=\"kt-button button kt-btn-0-action kt-btn-size-large kt-btn-style-basic kt-btn-svg-show-always kt-btn-has-text-true kt-btn-has-svg-false\" href=\"https:\/\/wp.ufpel.edu.br\/ceherb\/noticias\/\" style=\"border-radius:50px\"><span class=\"kt-btn-inner-text\">Veja mais not\u00edcias<\/span><\/a><\/div><\/div>\n\n\n<style>.wp-block-kadence-spacer.kt-block-spacer-_0f24e2-0f .kt-block-spacer{height:100px;}.wp-block-kadence-spacer.kt-block-spacer-_0f24e2-0f .kt-divider{border-top-width:1px;height:1px;border-top-color:#eee;width:80%;border-top-style:solid;}<\/style>\n<div class=\"wp-block-kadence-spacer aligncenter kt-block-spacer-_0f24e2-0f\"><div class=\"kt-block-spacer kt-block-spacer-halign-center\"><\/div><\/div>\n\n\n\n<p><\/p>\n","protected":false},"excerpt":{"rendered":"<p>O&nbsp;Centro de Herbologia&nbsp;(CEHERB), criado em 2005, \u00e9 um grupo de pesquisa sediado na Faculdade de Agronomia Eliseu Maciel, Campus Universit\u00e1rio, Universidade Federal de Pelotas, no munic\u00edpio do Cap\u00e3o do Le\u00e3o. O grupo re\u00fane professores e pesquisadores de diferentes institui\u00e7\u00f5es e coopera com pesquisadores de diversas partes do Brasil e do Mundo. Atua em pesquisa, ensino [&hellip;]<\/p>\n","protected":false},"author":994,"featured_media":0,"parent":0,"menu_order":0,"comment_status":"closed","ping_status":"closed","template":"","meta":{"footnotes":""},"class_list":["post-1470","page","type-page","status-publish","hentry","post"],"jetpack_sharing_enabled":true,"jetpack_likes_enabled":true,"_links":{"self":[{"href":"https:\/\/wp.ufpel.edu.br\/ceherb\/wp-json\/wp\/v2\/pages\/1470","targetHints":{"allow":["GET"]}}],"collection":[{"href":"https:\/\/wp.ufpel.edu.br\/ceherb\/wp-json\/wp\/v2\/pages"}],"about":[{"href":"https:\/\/wp.ufpel.edu.br\/ceherb\/wp-json\/wp\/v2\/types\/page"}],"author":[{"embeddable":true,"href":"https:\/\/wp.ufpel.edu.br\/ceherb\/wp-json\/wp\/v2\/users\/994"}],"replies":[{"embeddable":true,"href":"https:\/\/wp.ufpel.edu.br\/ceherb\/wp-json\/wp\/v2\/comments?post=1470"}],"version-history":[{"count":18,"href":"https:\/\/wp.ufpel.edu.br\/ceherb\/wp-json\/wp\/v2\/pages\/1470\/revisions"}],"predecessor-version":[{"id":2006,"href":"https:\/\/wp.ufpel.edu.br\/ceherb\/wp-json\/wp\/v2\/pages\/1470\/revisions\/2006"}],"wp:attachment":[{"href":"https:\/\/wp.ufpel.edu.br\/ceherb\/wp-json\/wp\/v2\/media?parent=1470"}],"curies":[{"name":"wp","href":"https:\/\/api.w.org\/{rel}","templated":true}]}}