{"id":138,"date":"2020-04-08T01:03:39","date_gmt":"2020-04-08T04:03:39","guid":{"rendered":"https:\/\/wp.ufpel.edu.br\/ceherb\/?page_id=138"},"modified":"2021-09-05T15:16:24","modified_gmt":"2021-09-05T18:16:24","slug":"profo-dro-edinalvo-rabaioli-camargo","status":"publish","type":"page","link":"https:\/\/wp.ufpel.edu.br\/ceherb\/profo-dro-edinalvo-rabaioli-camargo\/","title":{"rendered":"Prof. Ph.D. Edinalvo Rabaioli Camargo"},"content":{"rendered":"<p><img loading=\"lazy\" decoding=\"async\" class=\"alignright  wp-image-1594\" src=\"https:\/\/wp.ufpel.edu.br\/ceherb\/files\/2021\/09\/IMG_7724-1-400x322.jpeg\" alt=\"\" width=\"510\" height=\"410\" srcset=\"https:\/\/wp.ufpel.edu.br\/ceherb\/files\/2021\/09\/IMG_7724-1-400x322.jpeg 400w, https:\/\/wp.ufpel.edu.br\/ceherb\/files\/2021\/09\/IMG_7724-1-768x619.jpeg 768w, https:\/\/wp.ufpel.edu.br\/ceherb\/files\/2021\/09\/IMG_7724-1.jpeg 1000w\" sizes=\"auto, (max-width: 510px) 100vw, 510px\" \/><\/p>\n<p><strong>Professor Adjunto<\/strong><br \/>\nUniversidade Federal de Pelotas<br \/>\n<strong>E-mail:<\/strong>\u00a0<span lang=\"PT-BR\">edinalvo_camargo@yahoo.com.br<br \/>\n<\/span><strong>Telefone:<\/strong> (<span lang=\"PT-BR\">53)3275-7383<br \/>\n<strong><a href=\"http:\/\/lattes.cnpq.br\/1423135119732932\">Curriculum Lattes<\/a><br \/>\n<a href=\"https:\/\/scholar.google.com.br\/citations?user=xIqTRGsAAAAJ&amp;hl=pt-PT\">Google Scholar<\/a><br \/>\n<\/strong><\/span><span lang=\"PT-BR\"><strong><a href=\"https:\/\/orcid.org\/0000-0001-8025-1042\">Orcid<\/a><\/strong><\/span><\/p>\n<div id=\"pg-3774-0\" class=\"panel-grid panel-no-style\">\n<div id=\"pgc-3774-0-1\" class=\"panel-grid-cell\">\n<div><\/div>\n<div id=\"panel-3774-0-1-1\" class=\"so-panel widget widget_sow-editor panel-last-child\" data-index=\"2\">\n<div class=\"so-widget-sow-editor so-widget-sow-editor-base\">\n<div><\/div>\n<div class=\"siteorigin-widget-tinymce textwidget\"><strong>Educa\u00e7\u00e3o<\/strong><\/div>\n<ul>\n<li>Ph.D. em Agronomia, Texas A&amp;M University, 2012.<\/li>\n<li>Mestrado em Agronomia, Universidade Federal de Santa Maria, 2007.<\/li>\n<li>Engenheiro Agr\u00f4nomo, Universidade Federal de Santa Maria, 2005.<\/li>\n<\/ul>\n<\/div>\n<\/div>\n<\/div>\n<\/div>\n<div id=\"pg-3774-0\" class=\"panel-grid panel-no-style\">\n<div id=\"pgc-3774-0-1\" class=\"panel-grid-cell\">\n<div id=\"panel-3774-0-1-1\" class=\"so-panel widget widget_sow-editor panel-last-child\" data-index=\"2\">\n<div class=\"so-widget-sow-editor so-widget-sow-editor-base\">\n<div><\/div>\n<div class=\"siteorigin-widget-tinymce textwidget\"><strong>Linhas de Pesquisa<\/strong><\/div>\n<ul>\n<li class=\"siteorigin-widget-tinymce textwidget\">Din\u00e2mica de herbicidas no ambiente<\/li>\n<li class=\"siteorigin-widget-tinymce textwidget\">Tecnologia e inova\u00e7\u00e3o em herbologia<\/li>\n<li class=\"siteorigin-widget-tinymce textwidget\">Resist\u00eancia de Plantas Daninhas \u00e0 herbicidas em terras baixas<\/li>\n<\/ul>\n<\/div>\n<\/div>\n<\/div>\n<\/div>\n<div id=\"pg-3774-1\" class=\"panel-grid panel-no-style\">\n<div id=\"pgc-3774-1-0\" class=\"panel-grid-cell\">\n<div id=\"panel-3774-1-0-0\" class=\"so-panel widget widget_sow-editor panel-first-child\" data-index=\"3\">\n<div class=\"so-widget-sow-editor so-widget-sow-editor-base\">\n<p><strong>Orientados de p\u00f3s-gradua\u00e7\u00e3o<\/strong><\/p>\n<\/div>\n<table style=\"width: 372px;height: 170px\" border=\"0\" width=\"373\" cellspacing=\"0\" cellpadding=\"0\">\n<colgroup>\n<col width=\"177\" \/>\n<col width=\"77\" \/>\n<col width=\"75\" \/>\n<col width=\"44\" \/><\/colgroup>\n<tbody>\n<tr style=\"height: 23px;background-color: #5ed64b\">\n<td class=\"xl65\" style=\"width: 535px;height: 23px\" width=\"177\" height=\"21\">Aluno<\/td>\n<td class=\"xl66\" style=\"width: 117px;height: 23px\" width=\"77\">N\u00edvel<\/td>\n<td class=\"xl66\" style=\"width: 70px;height: 23px\" width=\"75\">Ingresso<\/td>\n<td class=\"xl67\" style=\"width: 132px;height: 23px\" width=\"44\">Final<\/td>\n<\/tr>\n<tr style=\"height: 42px\">\n<td class=\"xl71\" style=\"width: 535px;height: 42px\" height=\"21\">Bruna Christofari Ceolin<\/td>\n<td class=\"xl72\" style=\"text-align: left;width: 117px;height: 42px\">Doutorado<\/td>\n<td class=\"xl69\" style=\"text-align: left;width: 70px;height: 42px\" align=\"right\">2019<\/td>\n<td class=\"xl70\" style=\"text-align: left;width: 132px;height: 42px\" align=\"right\">2023<\/td>\n<\/tr>\n<tr style=\"height: 42px\">\n<td class=\"xl71\" style=\"width: 535px;height: 42px\" height=\"21\">Diego Martins Chiapinotto<\/td>\n<td class=\"xl72\" style=\"text-align: left;width: 117px;height: 42px\">Doutorado<\/td>\n<td class=\"xl69\" style=\"text-align: left;width: 70px;height: 42px\" align=\"right\">2020<\/td>\n<td class=\"xl70\" style=\"text-align: left;width: 132px;height: 42px\" align=\"right\">2024<\/td>\n<\/tr>\n<tr style=\"height: 42px\">\n<td class=\"xl71\" style=\"width: 535px;height: 42px\" height=\"21\">Cyrano Cardoso Busato<\/td>\n<td class=\"xl68\" style=\"text-align: left;width: 117px;height: 42px\">Doutorado<\/td>\n<td class=\"xl69\" style=\"text-align: left;width: 70px;height: 42px\" align=\"right\">2021<\/td>\n<td class=\"xl70\" style=\"text-align: left;width: 132px;height: 42px\" align=\"right\">2025<\/td>\n<\/tr>\n<tr style=\"height: 22px\">\n<td style=\"width: 535px;height: 22px\">Mateus Vicente Alves<\/td>\n<td style=\"text-align: left;width: 117px;height: 22px\">Mestrado<\/td>\n<td style=\"text-align: left;width: 70px;height: 22px\">2021<\/td>\n<td style=\"text-align: left;width: 132px;height: 22px\">2023<\/td>\n<\/tr>\n<\/tbody>\n<\/table>\n<\/div>\n<\/div>\n<\/div>\n","protected":false},"excerpt":{"rendered":"<p>Professor Adjunto Universidade Federal de Pelotas E-mail:\u00a0edinalvo_camargo@yahoo.com.br Telefone: (53)3275-7383 Curriculum Lattes Google Scholar Orcid Educa\u00e7\u00e3o Ph.D. em Agronomia, Texas A&amp;M University, 2012. Mestrado em Agronomia, Universidade Federal de Santa Maria, 2007. Engenheiro Agr\u00f4nomo, Universidade Federal de Santa Maria, 2005. Linhas de Pesquisa Din\u00e2mica de herbicidas no ambiente Tecnologia e inova\u00e7\u00e3o em herbologia Resist\u00eancia de Plantas [&hellip;]<\/p>\n","protected":false},"author":994,"featured_media":0,"parent":0,"menu_order":0,"comment_status":"closed","ping_status":"closed","template":"","meta":{"footnotes":""},"class_list":["post-138","page","type-page","status-publish","hentry","post"],"jetpack_sharing_enabled":true,"jetpack_likes_enabled":true,"_links":{"self":[{"href":"https:\/\/wp.ufpel.edu.br\/ceherb\/wp-json\/wp\/v2\/pages\/138","targetHints":{"allow":["GET"]}}],"collection":[{"href":"https:\/\/wp.ufpel.edu.br\/ceherb\/wp-json\/wp\/v2\/pages"}],"about":[{"href":"https:\/\/wp.ufpel.edu.br\/ceherb\/wp-json\/wp\/v2\/types\/page"}],"author":[{"embeddable":true,"href":"https:\/\/wp.ufpel.edu.br\/ceherb\/wp-json\/wp\/v2\/users\/994"}],"replies":[{"embeddable":true,"href":"https:\/\/wp.ufpel.edu.br\/ceherb\/wp-json\/wp\/v2\/comments?post=138"}],"version-history":[{"count":20,"href":"https:\/\/wp.ufpel.edu.br\/ceherb\/wp-json\/wp\/v2\/pages\/138\/revisions"}],"predecessor-version":[{"id":1604,"href":"https:\/\/wp.ufpel.edu.br\/ceherb\/wp-json\/wp\/v2\/pages\/138\/revisions\/1604"}],"wp:attachment":[{"href":"https:\/\/wp.ufpel.edu.br\/ceherb\/wp-json\/wp\/v2\/media?parent=138"}],"curies":[{"name":"wp","href":"https:\/\/api.w.org\/{rel}","templated":true}]}}