{"id":603,"date":"2019-09-02T18:05:45","date_gmt":"2019-09-02T21:05:45","guid":{"rendered":"https:\/\/wp.ufpel.edu.br\/cec\/?page_id=603"},"modified":"2026-04-06T11:35:49","modified_gmt":"2026-04-06T14:35:49","slug":"monitoria-voluntaria","status":"publish","type":"page","link":"https:\/\/wp.ufpel.edu.br\/cec\/monitoria\/monitoria-voluntaria\/","title":{"rendered":"Monitoria Volunt\u00e1ria"},"content":{"rendered":"<p style=\"text-align: justify;\">\u00a0 \u00a0 \u00a0 \u00a0A monitoria volunt\u00e1ria faz parte do Programa de Monitoria da UFPEL,\u00a0 regulamentado atrav\u00e9s da <span style=\"color: #0000ff;\"><a style=\"color: #0000ff;\" href=\"https:\/\/wp.ufpel.edu.br\/scs\/files\/2018\/10\/SEI_UFPel-0312781-Resolu%C3%A7%C3%A3o-32.2018.pdf\">Resolu\u00e7\u00e3o n\u00ba 32, de 11 de outubro de 2018<\/a>,<\/span> do COCEPE, cabendo \u00e0 Pr\u00f3-Reitoria de Ensino estabelecer diretrizes complementares com o prop\u00f3sito de garantir o seu pleno funcionamento na Institui\u00e7\u00e3o.<\/p>\n<p style=\"text-align: justify;\">\u00a0 \u00a0 \u00a0 A distribui\u00e7\u00e3o de vagas de monitoria volunt\u00e1ria dar-se-\u00e1 por interm\u00e9dio de Editais espec\u00edficos, publicados semestralmente pela Pr\u00f3-Reitoria de Ensino (PRE), os quais estabelecer\u00e3o a vig\u00eancia, os procedimentos e os crit\u00e9rios para habilita\u00e7\u00e3o dos docentes interessados.<\/p>\n<p>\u00a0 \u00a0 \u00a0 Para acessar os <strong>editais de solicita\u00e7\u00e3o de vagas<\/strong>\u00a0em andamento, clique <span style=\"color: #0000ff;\"><a style=\"color: #0000ff;\" href=\"https:\/\/wp.ufpel.edu.br\/pre\/editais\/\">AQUI<\/a><\/span><\/p>\n<p>Em caso de ter perdido o prazo para inscri\u00e7\u00e3o no Edital, o docente respons\u00e1vel pelo(s) componente(s) curricular(es) pode abrir um processo no SEI do tipo Gradua\u00e7\u00e3o: Monitorias, e anexar o documento: PRE SOLICITA\u00c7\u00c3O DE MONITORIA VOLUNT\u00c1RIA. Preencher todos os campos, assinar e enviar \u00e0 unidade Nuprop. Sua solicita\u00e7\u00e3o ser\u00e1 avaliada e respondida o mais breve poss\u00edvel.<\/p>\n<p><strong>\u00a0<span style=\"font-family: georgia, palatino, serif;\"> \u00a0 \u00a0<\/span><\/strong><span style=\"color: #000000; font-family: georgia, palatino, serif;\"> <strong>RELAT\u00d3RIO FINAL\u00a0<\/strong><\/span><\/p>\n<ul>\n<li style=\"text-align: left;\"><strong>Relat\u00f3rio Final de Monitoria<\/strong>: Ao t\u00e9rmino das atividades da monitoria, o professor orientador deve abrir um processo no SEI (tipo de processo &#8211; <em>Gradua\u00e7\u00e3o: Monitorias<\/em>), incluir e preencher o documento <strong><em>PRE Relat\u00f3rio de Monitoria <\/em><\/strong>e enviar ao NUPROP, \u00a0sendo condi\u00e7\u00e3o indispens\u00e1vel para fins de certifica\u00e7\u00e3o.<\/li>\n<\/ul>\n<p>Importante: Na busca por um tipo de processo ou tipo de documento no SEI, existe um filtro identificado pelo sinal de +. Caso n\u00e3o esteja listando o processo ou o documento que voc\u00ea procura, desative este filtro clicando no mesmo. Isso vai habilitar a busca dentre todas as op\u00e7\u00f5es existentes, por padr\u00e3o o filtro lista apenas as op\u00e7\u00f5es mais utilizadas.<\/p>\n<p><span style=\"font-family: georgia, palatino, serif;\"><strong>D\u00favidas: nuprop@ufpel.edu.br<\/strong><\/span><\/p>\n","protected":false},"excerpt":{"rendered":"<p>\u00a0 \u00a0 \u00a0 \u00a0A monitoria volunt\u00e1ria faz parte do Programa de Monitoria da UFPEL,\u00a0 regulamentado atrav\u00e9s da Resolu\u00e7\u00e3o n\u00ba 32, de 11 de outubro de 2018, do COCEPE, cabendo \u00e0 Pr\u00f3-Reitoria de Ensino estabelecer diretrizes complementares com o prop\u00f3sito de garantir o seu pleno funcionamento na Institui\u00e7\u00e3o. \u00a0 \u00a0 \u00a0 A distribui\u00e7\u00e3o de vagas de [&hellip;]<\/p>\n","protected":false},"author":252,"featured_media":0,"parent":597,"menu_order":0,"comment_status":"closed","ping_status":"closed","template":"","meta":{"footnotes":""},"class_list":["post-603","page","type-page","status-publish","hentry"],"_links":{"self":[{"href":"https:\/\/wp.ufpel.edu.br\/cec\/wp-json\/wp\/v2\/pages\/603","targetHints":{"allow":["GET"]}}],"collection":[{"href":"https:\/\/wp.ufpel.edu.br\/cec\/wp-json\/wp\/v2\/pages"}],"about":[{"href":"https:\/\/wp.ufpel.edu.br\/cec\/wp-json\/wp\/v2\/types\/page"}],"author":[{"embeddable":true,"href":"https:\/\/wp.ufpel.edu.br\/cec\/wp-json\/wp\/v2\/users\/252"}],"replies":[{"embeddable":true,"href":"https:\/\/wp.ufpel.edu.br\/cec\/wp-json\/wp\/v2\/comments?post=603"}],"version-history":[{"count":3,"href":"https:\/\/wp.ufpel.edu.br\/cec\/wp-json\/wp\/v2\/pages\/603\/revisions"}],"predecessor-version":[{"id":1369,"href":"https:\/\/wp.ufpel.edu.br\/cec\/wp-json\/wp\/v2\/pages\/603\/revisions\/1369"}],"up":[{"embeddable":true,"href":"https:\/\/wp.ufpel.edu.br\/cec\/wp-json\/wp\/v2\/pages\/597"}],"wp:attachment":[{"href":"https:\/\/wp.ufpel.edu.br\/cec\/wp-json\/wp\/v2\/media?parent=603"}],"curies":[{"name":"wp","href":"https:\/\/api.w.org\/{rel}","templated":true}]}}