{"id":977,"date":"2023-05-26T11:51:44","date_gmt":"2023-05-26T14:51:44","guid":{"rendered":"https:\/\/wp.ufpel.edu.br\/carlosritter\/?page_id=977"},"modified":"2023-10-04T16:06:10","modified_gmt":"2023-10-04T19:06:10","slug":"videos","status":"publish","type":"page","link":"https:\/\/wp.ufpel.edu.br\/carlosritter\/?page_id=977","title":{"rendered":"V\u00cdDEOS"},"content":{"rendered":"<div>Esta p\u00e1gina esta em constru\u00e7\u00e3o, mas disponibilizamos abaixo\u00a0 alguns links relacionados com o MCNCR.<\/div>\n<ul>\n<li><span style=\"font-size: 12pt; font-family: arial, helvetica, sans-serif;\"><a href=\"https:\/\/www.youtube.com\/watch?v=aOqNrIMgtFg\" target=\"_blank\" rel=\"noopener\">\u00a0Dia do Bioma Pampa &#8211; Oficina de Ilustra\u00e7\u00e3o Cient\u00edfica<\/a> Edi\u00e7\u00e3o Comemorativa<\/span><\/li>\n<li><span style=\"font-size: 12pt; font-family: arial, helvetica, sans-serif;\">\u00a0A rep\u00f3rter <a class=\"x1i10hfl xjbqb8w x6umtig x1b1mbwd xaqea5y xav7gou x9f619 x1ypdohk xt0psk2 xe8uvvx xdj266r x11i5rnm xat24cr x1mh8g0r xexx8yu x4uap5 x18d9i69 xkhd6sd x16tdsg8 x1hl2dhg xggy1nq x1a2a7pz xt0b8zv x1qq9wsj xo1l8bm\" tabindex=\"0\" role=\"link\" href=\"https:\/\/www.facebook.com\/lenise.s.soares?__cft__[0]=AZV69mLeCvBTtBvr2wrZEkPJyk9VjpX961sUrz8poPDYmtHaQe4FSgVs0DB0Sjuk0zDEWrzTmc_K46XOQqZbuC9GiMWG6mKwEPE-TDtCi8i4TFlHWSXpTctkH50JL22mmKqBAj4TT4k5s2hJXG710ugyAvJAoi6TDap1nNcXDRniI0kcNkuZv3FAYcWIUeoVoQe0J2kNAiYtxhqF-ttL-HYv&amp;__tn__=-]K-y-R\"><span class=\"xt0psk2\">Lenise Slawski <\/span><\/a>\u00a0 da \u00a0<a class=\"x1i10hfl xjbqb8w x6umtig x1b1mbwd xaqea5y xav7gou x9f619 x1ypdohk xt0psk2 xe8uvvx xdj266r x11i5rnm xat24cr x1mh8g0r xexx8yu x4uap5 x18d9i69 xkhd6sd x16tdsg8 x1hl2dhg xggy1nq x1a2a7pz xt0b8zv x1qq9wsj xo1l8bm\" tabindex=\"0\" role=\"link\" href=\"https:\/\/www.facebook.com\/TVCamaraPelotas\/?__cft__[0]=AZV69mLeCvBTtBvr2wrZEkPJyk9VjpX961sUrz8poPDYmtHaQe4FSgVs0DB0Sjuk0zDEWrzTmc_K46XOQqZbuC9GiMWG6mKwEPE-TDtCi8i4TFlHWSXpTctkH50JL22mmKqBAj4TT4k5s2hJXG710ugyAvJAoi6TDap1nNcXDRniI0kcNkuZv3FAYcWIUeoVoQe0J2kNAiYtxhqF-ttL-HYv&amp;__tn__=kK-y-R\"><span class=\"xt0psk2\">TV C\u00e2mara Pelotas<\/span><\/a> produziu uma mat\u00e9ria especial\u00a0 que mostra um pouco mais dessa nova sede. <a href=\"https:\/\/www.facebook.com\/TVCamaraPelotas\/videos\/1280446395456040\/\" target=\"_blank\" rel=\"noopener\">CLIQUE AQUI E\u00a0ASSISTA O V\u00cdDEO<\/a><\/span><\/li>\n<li>\n<div id=\"container\" class=\"style-scope ytd-playlist-video-renderer\">\n<div id=\"meta\" class=\"style-scope ytd-playlist-video-renderer\">\n<pre class=\"style-scope ytd-playlist-video-renderer\" aria-label=\"Simp\u00f3sio Intelig\u00eancia Artificial para Conserva\u00e7\u00e3o da Biodiversidade Museu de Ci\u00eancias Naturais Carlos Ritter - UFPel Transmitido h\u00e1 2 anos 1 hora e 47 minutos 380 visualiza\u00e7\u00f5es\"><span style=\"font-size: 12pt; font-family: arial, helvetica, sans-serif;\"><a href=\"https:\/\/www.youtube.com\/playlist?list=PLDDhNNGSXLVqvDJeB3Fg_G5YlkuyhCOKx\" target=\"_blank\" rel=\"noopener\">Simp\u00f3sio Intelig\u00eancia Artificial para Conserva\u00e7\u00e3o da Biodiversidade<\/a><\/span><\/pre>\n<\/div>\n<\/div>\n<\/li>\n<li><span style=\"font-size: 12pt; font-family: arial, helvetica, sans-serif;\"><a href=\"https:\/\/www.facebook.com\/mcncarlosritter\/videos\/270664380693591\/\" target=\"_blank\" rel=\"noopener\"><span class=\"x193iq5w xeuugli x13faqbe x1vvkbs x1xmvt09 x1lliihq x1s928wv xhkezso x1gmr53x x1cpjm7i x1fgarty x1943h6x xtoi2st x3x7a5m x1603h9y x1u7k74 x1xlr1w8 xzsf02u x1yc453h\" dir=\"auto\">Museu Carlos Ritter 360<\/span><\/a><strong><span class=\"x193iq5w xeuugli x13faqbe x1vvkbs x1xmvt09 x1lliihq x1s928wv xhkezso x1gmr53x x1cpjm7i x1fgarty x1943h6x xtoi2st x3x7a5m x1603h9y x1u7k74 x1xlr1w8 xzsf02u x1yc453h\" dir=\"auto\">\u00ba\u00a0<\/span><\/strong><\/span><\/li>\n<li><span style=\"font-size: 12pt; font-family: arial, helvetica, sans-serif;\"><a href=\"https:\/\/www.youtube.com\/watch?v=Wis_BsTUq0c&amp;list=PLDDhNNGSXLVqDKl3oXFH7Klo9i8Ic4C1x&amp;index=7\" target=\"_blank\" rel=\"noopener\">Animais e Cerveja no Museu Carlos Ritter em Pelotas<\/a><\/span><\/li>\n<li><span style=\"font-size: 12pt; font-family: arial, helvetica, sans-serif;\"><a href=\"https:\/\/www.youtube.com\/watch?v=Wis_BsTUq0c&amp;list=PLDDhNNGSXLVqDKl3oXFH7Klo9i8Ic4C1x&amp;index=6\" target=\"_blank\" rel=\"noopener\">Lan\u00e7amento do selo 50 anos\u00a0<\/a><\/span><\/li>\n<li><span style=\"font-size: 12pt; font-family: arial, helvetica, sans-serif;\"><a href=\"https:\/\/www.youtube.com\/watch?v=SkazbSSxQIA&amp;list=PLDDhNNGSXLVqDKl3oXFH7Klo9i8Ic4C1x&amp;index=5\" target=\"_blank\" rel=\"noopener\"><span id=\"video-title\" class=\"style-scope ytd-playlist-panel-video-renderer\" title=\"Reinaugura\u00e7\u00e3o do Museu de Ci\u00eancias Naturais Carlos Ritter\" aria-label=\"Reinaugura\u00e7\u00e3o do Museu de Ci\u00eancias Naturais Carlos Ritter Jo\u00e3o Iganci 2 minutos e 30 segundos\">Reinaugura\u00e7\u00e3o do Museu de Ci\u00eancias Naturais Carlos Ritter<\/span><\/a><\/span><\/li>\n<li><span style=\"font-size: 12pt; font-family: arial, helvetica, sans-serif;\"><a class=\"yt-simple-endpoint style-scope yt-formatted-string\" dir=\"auto\" spellcheck=\"false\" href=\"https:\/\/www.youtube.com\/playlist?list=PLDDhNNGSXLVqDKl3oXFH7Klo9i8Ic4C1x\">Divulga\u00e7\u00e3o Cient\u00edfica<\/a><\/span><\/li>\n<li><span style=\"font-size: 12pt; font-family: arial, helvetica, sans-serif;\"><a class=\"yt-simple-endpoint style-scope yt-formatted-string\" dir=\"auto\" spellcheck=\"false\" href=\"https:\/\/www.youtube.com\/@museucarlosrittermcncr3007\">Museu de Ci\u00eancias Naturais Carlos Ritter MCNCR<\/a><\/span><span style=\"font-size: 12pt; font-family: arial, helvetica, sans-serif;\"><span style=\"font-size: 12pt; font-family: arial, helvetica, sans-serif;\">6<\/span><\/span><\/li>\n<li><span style=\"font-size: 12pt; font-family: arial, helvetica, sans-serif;\"><span style=\"font-size: 12pt; font-family: arial, helvetica, sans-serif;\"><a href=\"https:\/\/www.youtube.com\/watch?v=8WzN_LjQ9og&amp;list=LLsFfwqPHcHjLYQ0XYJ0Og-Q&amp;index=16\" target=\"_blank\" rel=\"noopener\">Museu Carlos Ritter<\/a> &#8211; Minuto de Turismo UCPel<br \/>\n<\/span><\/span><\/li>\n<li><span style=\"color: #000000;\"><a style=\"text-align: justify; font-family: var(--fonte-corpo); color: #000000;\" href=\"https:\/\/ccs2.ufpel.edu.br\/wp\/2023\/09\/01\/museu-de-ciencias-naturais-carlos-ritter-inaugura-exposicao-comunicacao-em-organismos-nao-humanos\/?fbclid=IwAR21A5zxPS5A4sJub0KTB38pSdYbu2asFtfQcDmn1_kMPLf36KPQm8jkf0c\">Exposi\u00e7\u00e3o <\/a><\/span><strong><span style=\"color: #008000;\"><a style=\"color: #008000;\" href=\"https:\/\/globoplay.globo.com\/v\/11909679\/?s=0s\" target=\"_blank\" rel=\"noopener\"><span style=\"color: #000000;\"><a style=\"text-align: justify; font-family: var(--fonte-corpo); color: #000000;\" href=\"https:\/\/ccs2.ufpel.edu.br\/wp\/2023\/09\/01\/museu-de-ciencias-naturais-carlos-ritter-inaugura-exposicao-comunicacao-em-organismos-nao-humanos\/?fbclid=IwAR21A5zxPS5A4sJub0KTB38pSdYbu2asFtfQcDmn1_kMPLf36KPQm8jkf0c\">\u201cComunica\u00e7\u00e3o em Organismos n\u00e3o-Humanos<\/a> &#8211;<\/span> Veja a Reportagem da\u00a0 RBS TV<\/a>:<\/span><\/strong><\/li>\n<\/ul>\n<div><\/div>\n","protected":false},"excerpt":{"rendered":"<p>Esta p\u00e1gina esta em constru\u00e7\u00e3o, mas disponibilizamos abaixo\u00a0 alguns links relacionados com o MCNCR. \u00a0Dia do Bioma Pampa &#8211; Oficina de Ilustra\u00e7\u00e3o Cient\u00edfica Edi\u00e7\u00e3o Comemorativa \u00a0A rep\u00f3rter Lenise Slawski \u00a0 da \u00a0TV C\u00e2mara Pelotas produziu uma mat\u00e9ria especial\u00a0 que mostra um pouco mais dessa nova sede. CLIQUE AQUI E\u00a0ASSISTA O V\u00cdDEO Simp\u00f3sio Intelig\u00eancia Artificial para [&hellip;]<\/p>\n","protected":false},"author":593,"featured_media":0,"parent":83,"menu_order":0,"comment_status":"closed","ping_status":"closed","template":"","meta":{"footnotes":""},"class_list":["post-977","page","type-page","status-publish","hentry"],"jetpack_sharing_enabled":true,"_links":{"self":[{"href":"https:\/\/wp.ufpel.edu.br\/carlosritter\/index.php?rest_route=\/wp\/v2\/pages\/977","targetHints":{"allow":["GET"]}}],"collection":[{"href":"https:\/\/wp.ufpel.edu.br\/carlosritter\/index.php?rest_route=\/wp\/v2\/pages"}],"about":[{"href":"https:\/\/wp.ufpel.edu.br\/carlosritter\/index.php?rest_route=\/wp\/v2\/types\/page"}],"author":[{"embeddable":true,"href":"https:\/\/wp.ufpel.edu.br\/carlosritter\/index.php?rest_route=\/wp\/v2\/users\/593"}],"replies":[{"embeddable":true,"href":"https:\/\/wp.ufpel.edu.br\/carlosritter\/index.php?rest_route=%2Fwp%2Fv2%2Fcomments&post=977"}],"version-history":[{"count":14,"href":"https:\/\/wp.ufpel.edu.br\/carlosritter\/index.php?rest_route=\/wp\/v2\/pages\/977\/revisions"}],"predecessor-version":[{"id":1627,"href":"https:\/\/wp.ufpel.edu.br\/carlosritter\/index.php?rest_route=\/wp\/v2\/pages\/977\/revisions\/1627"}],"up":[{"embeddable":true,"href":"https:\/\/wp.ufpel.edu.br\/carlosritter\/index.php?rest_route=\/wp\/v2\/pages\/83"}],"wp:attachment":[{"href":"https:\/\/wp.ufpel.edu.br\/carlosritter\/index.php?rest_route=%2Fwp%2Fv2%2Fmedia&parent=977"}],"curies":[{"name":"wp","href":"https:\/\/api.w.org\/{rel}","templated":true}]}}