{"id":13,"date":"2011-10-13T09:55:29","date_gmt":"2011-10-13T12:55:29","guid":{"rendered":"https:\/\/wp.ufpel.edu.br\/cape\/"},"modified":"2011-10-13T15:50:26","modified_gmt":"2011-10-13T18:50:26","slug":"programacao","status":"publish","type":"page","link":"https:\/\/wp.ufpel.edu.br\/cape\/programacao\/","title":{"rendered":"Programa\u00e7\u00e3o"},"content":{"rendered":"<div align=\"justify\"><strong>Local: <\/strong><br \/>\nAudit\u00f3rio da Secretaria Municipal de Educa\u00e7\u00e3o e Desporto (SMED)<br \/>\nRua: General Neto, 860 (Centro &#8211; Pelotas RS) &#8211; Cep: 96015-280<\/p>\n<p><strong>Hor\u00e1rios de la primera parte del curso (UFPEL):<\/strong><br \/>\nS\u00e1bados por la ma\u00f1ana de 8h a 13h (dias 12\/11; 19\/11; 26\/11; 03\/11)<\/p>\n<p><strong>Hor\u00e1rios de la segunda parte del curso (Consejer\u00eda):<\/strong><br \/>\nNocturno: de 18h a 22h<\/p>\n<p><strong>Nombre de los ponentes (UFPEL)<\/strong><br \/>\nAna Lourdes da Rosa Nieves Fernandez (Coordinadora del curso de Espa\u00f1ol a distancia REGESD)<br \/>\nJavier Eduardo Silveira Luzardo (Director Adjunto del Centro de Educaci\u00f3n a Distancia &#8211; UFPEL)<br \/>\nJuan Carlos Lozano Guzm\u00e1n (Director del C\u00edrculo Hispano do Brasil)<\/p>\n<p><strong>Ponencias:<\/strong><br \/>\n1er d\u00eda: Mesa Redonda, debates y actuaciones musicales (5a CRE, SMED, UFPEL)<br \/>\n2do d\u00eda: Las variedades del espa\u00f1ol y su ense\u00f1anza en el siglo XXI (Juan Carlos Lozano Guzm\u00e1n)<br \/>\n3er d\u00eda: Gram\u00e1tica y Morfolog\u00eda del Espa\u00f1ol (Ana Lourdes da Rosa Nieves Fernandez)<br \/>\n4 d\u00eda: Producci\u00f3n de materiales did\u00e1cticos de espa\u00f1ol y las nuevas tecnolog\u00edas\u00a0 (Javier Luzardo)<\/p>\n<p><strong>Titulaciones:<\/strong><br \/>\n<strong><em>Ponente 1 (Guzm\u00e1n):<\/em><\/strong><br \/>\nNacido en Almu\u00f1ecar  (Granada). Formado em licenciatura em letras espanhol e literaturas de  L\u00edngua Espanhola pela Universidade Federal de Pelotas &#8211; UFPEL.  Realizando Especializa\u00e7\u00e3o na Universidade Gama Filho, UGF, Brasil, em  Ensino da Lingua Espanhola e uso novas tecnologias . Examinador e  preparador para obten\u00e7\u00e3o dos diplomas DELE, organizados pelo Instituto  Cervantes no Centro de Idiomas Mab (Pelotas). Atualmente \u00e9 o Diretor do  C\u00edrculo Hispano do Brasil na cidade de Pelotas e Rio Grande onde realiza  atividades culturais para a difus\u00e3o da L\u00edngua Espanhola.<\/p>\n<p><strong><em>Ponente 2 :Ana Lourdes da Rosa Nieves Brochi Fern\u00e1ndez<\/em><\/strong><br \/>\nPossui gradua\u00e7\u00e3o em Letras Licenciatura Plena em Portugu\u00eas e  Ingl\u00eas pela Universidade Cat\u00f3lica de Pelotas (1983), gradua\u00e7\u00e3o em Letras  Portugu\u00eas e Espanhol pela Universidade Cat\u00f3lica de Pelotas (1994),  mestrado em Letras pela Universidade Cat\u00f3lica de Pelotas (2001) e  doutorado em Letras pela Universidade Cat\u00f3lica de Pelotas (2010).  Atualmente \u00e9 professor adjunto 1 da Universidade Federal de Pelotas e  coordenadora adjunta do Curso de Espanhol \u00e0 distancia do projeto REGESD.  Tem experi\u00eancia na \u00e1rea de Letras, com \u00eanfase em L\u00edngua Espanhola. Atua  principalmente nos seguintes temas: ensino e aprendizagem de l\u00edngua  espanhola, fon\u00e9tica e fonologia de l\u00edngua espanhola e lingu\u00edstica  aplicada.<\/p>\n<p><strong><em>Ponente 3: Javier Eduardo Silveira Luzardo<\/em><\/strong><br \/>\nProfessor  assistente da Universidade Federal de Pelotas, faz parte do Curso de  Forma\u00e7\u00e3o de Professores de Espanhol como L\u00edngua Estrangeira FPELE,  vinculado ao programa UAB. Mestre em Ling\u00fc\u00edstica Aplicada pelo programa  de p\u00f3s-gradua\u00e7\u00e3o em Letras da Universidade Cat\u00f3lica de Pelotas (UCPEL),  pesquisando a fricativa sibilante \/s\/ nos Dialetos Portugueses no  Uruguai (DPU). Professor da Universidade Federal de Pelotas no curso de  Letras Espanhol nos per\u00edodos de 2004 a 2006, al\u00e9m de ter atuado como  professor da FURG (Funda\u00e7\u00e3o Universidade Federal do Rio Grande), lotado  no Instituto de Letras e Artes, 2008 e 2009. Forma\u00e7\u00e3o \u00e9 Licenciatura  Plena em Letras Portugu\u00eas \/ Espanhol e Respectivas Literaturas (Furg).  Tamb\u00e9m especilista em L\u00edngua Espanhola (UCPel). Convidado para compor o  quadro de professores no processo de estrutura\u00e7\u00e3o do Curso de Letras na  Faculdade Atl\u00e2ntico Sul &#8211; Pelotas &#8211; RS (atual Anhanguera). Ministrou  aulas no setor privado e p\u00fablico estadual e Municipal;\u00a0 Pelo Instituto  Cervantes examinador dos Diplomas DELE (Diploma de Espanhol como L\u00edngua  Estrangeira). Atualmente cursa MBA em Gest\u00e3o de Pessoas Faculdades  Anhanguera de Pelotas.<\/p>\n<\/div>\n","protected":false},"excerpt":{"rendered":"<p>Local: Audit\u00f3rio da Secretaria Municipal de Educa\u00e7\u00e3o e Desporto (SMED) Rua: General Neto, 860 (Centro &#8211; Pelotas RS) &#8211; Cep: 96015-280 Hor\u00e1rios de la primera parte del curso (UFPEL): S\u00e1bados por la ma\u00f1ana de 8h a 13h (dias 12\/11; 19\/11; 26\/11; 03\/11) Hor\u00e1rios de la segunda parte del curso (Consejer\u00eda): Nocturno: de 18h a 22h &hellip; <\/p>\n<p><a class=\"more-link btn\" href=\"https:\/\/wp.ufpel.edu.br\/cape\/programacao\/\">Continue lendo<\/a><\/p>\n","protected":false},"author":142,"featured_media":0,"parent":0,"menu_order":2,"comment_status":"closed","ping_status":"closed","template":"","meta":{"footnotes":""},"class_list":["post-13","page","type-page","status-publish","hentry","nodate","item-wrap"],"_links":{"self":[{"href":"https:\/\/wp.ufpel.edu.br\/cape\/wp-json\/wp\/v2\/pages\/13","targetHints":{"allow":["GET"]}}],"collection":[{"href":"https:\/\/wp.ufpel.edu.br\/cape\/wp-json\/wp\/v2\/pages"}],"about":[{"href":"https:\/\/wp.ufpel.edu.br\/cape\/wp-json\/wp\/v2\/types\/page"}],"author":[{"embeddable":true,"href":"https:\/\/wp.ufpel.edu.br\/cape\/wp-json\/wp\/v2\/users\/142"}],"replies":[{"embeddable":true,"href":"https:\/\/wp.ufpel.edu.br\/cape\/wp-json\/wp\/v2\/comments?post=13"}],"version-history":[{"count":7,"href":"https:\/\/wp.ufpel.edu.br\/cape\/wp-json\/wp\/v2\/pages\/13\/revisions"}],"predecessor-version":[{"id":40,"href":"https:\/\/wp.ufpel.edu.br\/cape\/wp-json\/wp\/v2\/pages\/13\/revisions\/40"}],"wp:attachment":[{"href":"https:\/\/wp.ufpel.edu.br\/cape\/wp-json\/wp\/v2\/media?parent=13"}],"curies":[{"name":"wp","href":"https:\/\/api.w.org\/{rel}","templated":true}]}}