{"id":248,"date":"2018-03-22T11:26:14","date_gmt":"2018-03-22T14:26:14","guid":{"rendered":"https:\/\/wp.ufpel.edu.br\/camu\/?page_id=248"},"modified":"2018-03-22T11:27:47","modified_gmt":"2018-03-22T14:27:47","slug":"2015-3","status":"publish","type":"page","link":"https:\/\/wp.ufpel.edu.br\/camu\/2015-3\/","title":{"rendered":"Certificados"},"content":{"rendered":"<p><strong>PASSEIO \u00e0S COL\u00d4NIAS<\/strong><\/p>\n<p>Participa\u00e7\u00e3o:<br \/>\n<a title=\"Adrieli Terra\" href=\"https:\/\/wp.ufpel.edu.br\/camu\/files\/2017\/03\/adrieli-terra.pdf\">Adrieli Terra<br \/>\n<\/a><a title=\"Caio Ghirardello\" href=\"https:\/\/wp.ufpel.edu.br\/camu\/files\/2017\/03\/caio-ghirardello.pdf\">Caio Ghirardello<br \/>\n<\/a><a title=\"Carliston Ribeiro\" href=\"https:\/\/wp.ufpel.edu.br\/camu\/files\/2017\/03\/carliston-ribeiro.pdf\">Carliston Ribeiro<br \/>\n<\/a><a title=\"Cristina Schmalfuss\" href=\"https:\/\/wp.ufpel.edu.br\/camu\/files\/2017\/03\/cristina-schmalfuss.pdf\">Cristina Schmalfuss<br \/>\n<\/a><a title=\"Danilo Rangel\" href=\"https:\/\/wp.ufpel.edu.br\/camu\/files\/2017\/03\/danilo-rangel.pdf\">Danilo Rangel<br \/>\n<\/a><a title=\"Fabiano Neis\" href=\"https:\/\/wp.ufpel.edu.br\/camu\/files\/2017\/03\/fabiano-neis.pdf\">Fabiano Neis<br \/>\n<\/a><a title=\"Jonas Fachini\" href=\"https:\/\/wp.ufpel.edu.br\/camu\/files\/2017\/03\/jonas-fachini.pdf\">Jonas Fachini<br \/>\n<\/a><a title=\"Matheus Bastos\" href=\"https:\/\/wp.ufpel.edu.br\/camu\/files\/2017\/03\/matheus-bastos.pdf\">Matheus Bastos<br \/>\n<\/a><a title=\"Mauricio Pinheiro\" href=\"https:\/\/wp.ufpel.edu.br\/camu\/files\/2017\/03\/mauricio-pinheiro.pdf\">Mauricio Pinheiro<br \/>\n<\/a><a title=\"Milene Macedo\" href=\"https:\/\/wp.ufpel.edu.br\/camu\/files\/2017\/03\/milene-macedo.pdf\">Milene Macedo<br \/>\n<\/a><a title=\"Miri\u00e3 Manoel\" href=\"https:\/\/wp.ufpel.edu.br\/camu\/files\/2017\/03\/miric3a3-manoel.pdf\">Miri\u00e3 Manoel<br \/>\n<\/a><a title=\"Thiago Cardozo\" href=\"https:\/\/wp.ufpel.edu.br\/camu\/files\/2017\/03\/thiago-cardozo.pdf\">Thiago Cardozo<\/a><a title=\"Miri\u00e3 Manoel\" href=\"https:\/\/wp.ufpel.edu.br\/camu\/files\/2017\/03\/miric3a3-manoel.pdf\"><br \/>\n<\/a><\/p>\n<p>Organiza\u00e7\u00e3o:<br \/>\n<a title=\"ORG-Aline Mota\" href=\"https:\/\/wp.ufpel.edu.br\/camu\/files\/2017\/03\/org-aline-mota.pdf\">Aline Mota<br \/>\n<\/a><a title=\"ORG-Anderson Passos\" href=\"https:\/\/wp.ufpel.edu.br\/camu\/files\/2017\/03\/org-anderson-passos.pdf\">Anderson Passos<br \/>\n<\/a><a title=\"ORG-Camila Silveira\" href=\"https:\/\/wp.ufpel.edu.br\/camu\/files\/2017\/03\/org-camila-silveira.pdf\">Camila Silveira<br \/>\n<\/a><a title=\"ORG-Rochele Moura\" href=\"https:\/\/wp.ufpel.edu.br\/camu\/files\/2017\/03\/org-rochele-moura.pdf\">Rochele Moura<\/a><\/p>\n<hr \/>\n<p><strong><br \/>\nSEMANA DOS CALOUROS<\/strong><\/p>\n<p>Participa\u00e7\u00e3o:<br \/>\n<a title=\"Adrieli Terra\" href=\"https:\/\/wp.ufpel.edu.br\/camu\/files\/2017\/03\/adrieli-terra1.pdf\">Adrieli Terra<br \/>\n<\/a><a title=\"Andr\u00e9a Rold\u00e3o\" href=\"https:\/\/wp.ufpel.edu.br\/camu\/files\/2017\/03\/andrc3a9a-roldc3a3o.pdf\">Andr\u00e9a Rold\u00e3o<br \/>\n<\/a><a title=\"Ariana Costa\" href=\"https:\/\/wp.ufpel.edu.br\/camu\/files\/2017\/03\/ariana-costa.pdf\">Ariana Costa<br \/>\n<\/a><a title=\"Caio Ghirardello\" href=\"https:\/\/wp.ufpel.edu.br\/camu\/files\/2017\/03\/caio-ghirardello1.pdf\">Caio Ghirardello<br \/>\n<\/a><a title=\"Carliston Ribeiro\" href=\"https:\/\/wp.ufpel.edu.br\/camu\/files\/2017\/03\/carliston-ribeiro1.pdf\">Carliston Ribeiro<br \/>\n<\/a><a title=\"Carolina Nogueira\" href=\"https:\/\/wp.ufpel.edu.br\/camu\/files\/2017\/03\/carolina-nogueira.pdf\">Carolina Nogueira<br \/>\n<\/a><a title=\"Cristina Schmalfuss\" href=\"https:\/\/wp.ufpel.edu.br\/camu\/files\/2017\/03\/cristina-schmalfuss1.pdf\">Cristina Schmalfuss<br \/>\n<\/a><a title=\"Daniel Lemos\" href=\"https:\/\/wp.ufpel.edu.br\/camu\/files\/2017\/03\/daniel-lemos.pdf\">Daniel Lemos<br \/>\n<\/a><a title=\"Erleci Souza\" href=\"https:\/\/wp.ufpel.edu.br\/camu\/files\/2017\/03\/erleci-souza.pdf\">Erleci Souza<br \/>\n<\/a><a title=\"Giovani Matthies\" href=\"https:\/\/wp.ufpel.edu.br\/camu\/files\/2017\/03\/giovani-matthies.pdf\">Giovani Matthies<br \/>\n<\/a><a title=\"Joice Avila\" href=\"https:\/\/wp.ufpel.edu.br\/camu\/files\/2017\/03\/joice-avila.pdf\">Joice Avila<br \/>\n<\/a><a title=\"Laura da Silva\" href=\"https:\/\/wp.ufpel.edu.br\/camu\/files\/2017\/03\/laura-da-silva.pdf\">Laura da Silva<br \/>\n<\/a><a title=\"Leandro Pereira\" href=\"https:\/\/wp.ufpel.edu.br\/camu\/files\/2017\/03\/leandro-pereira.pdf\">Leandro Pereira<br \/>\n<\/a><a title=\"Lucas Barboza\" href=\"https:\/\/wp.ufpel.edu.br\/camu\/files\/2017\/03\/lucas-barboza.pdf\">Lucas Barboza<br \/>\n<\/a><a title=\"Lucia Helena da Silveira\" href=\"https:\/\/wp.ufpel.edu.br\/camu\/files\/2017\/03\/lucia-helena-da-silveira.pdf\">Lucia Helena da Silveira<br \/>\n<\/a><a title=\"Lucia Maske\" href=\"https:\/\/wp.ufpel.edu.br\/camu\/files\/2017\/03\/lucia-maske.pdf\">Lucia Maske<br \/>\n<\/a><a title=\"Luiz Neto\" href=\"https:\/\/wp.ufpel.edu.br\/camu\/files\/2017\/03\/luiz-neto.pdf\">Luiz Neto<br \/>\n<\/a><a title=\"Maria Suzana dos Santos\" href=\"https:\/\/wp.ufpel.edu.br\/camu\/files\/2017\/03\/maria-suzana-dos-santos.pdf\">Maria Suzana dos Santos<br \/>\n<\/a><a title=\"Maria Waleska Martins\" href=\"https:\/\/wp.ufpel.edu.br\/camu\/files\/2017\/03\/maria-waleska-martins.pdf\">Maria Waleska Martins<br \/>\n<\/a><a title=\"Mariana Lobato\" href=\"https:\/\/wp.ufpel.edu.br\/camu\/files\/2017\/03\/mariana-lobato.pdf\">Mariana Lobato<br \/>\n<\/a><a title=\"Marina Nascimento\" href=\"https:\/\/wp.ufpel.edu.br\/camu\/files\/2017\/03\/marina-nascimento.pdf\">Marina Nascimento<br \/>\n<\/a><a title=\"Marlene Oliveira\" href=\"https:\/\/wp.ufpel.edu.br\/camu\/files\/2017\/03\/marlene-oliveira.pdf\">Marlene Oliveira<br \/>\n<\/a><a title=\"Marta Helena Silveira\" href=\"https:\/\/wp.ufpel.edu.br\/camu\/files\/2017\/03\/marta-helena-silveira.pdf\">Marta Helena Silveira<br \/>\n<\/a><a title=\"Mauricio Pinheiro\" href=\"https:\/\/wp.ufpel.edu.br\/camu\/files\/2017\/03\/mauricio-pinheiro1.pdf\">Mauricio Pinheiro<br \/>\n<\/a><a title=\"Milene Macedo\" href=\"https:\/\/wp.ufpel.edu.br\/camu\/files\/2017\/03\/milene-macedo1.pdf\">Milene Macedo<br \/>\n<\/a><a title=\"Rafael Chaves\" href=\"https:\/\/wp.ufpel.edu.br\/camu\/files\/2017\/03\/rafael-chaves.pdf\">Rafael Chaves<br \/>\n<\/a><a title=\"Rodrigo Gomes\" href=\"https:\/\/wp.ufpel.edu.br\/camu\/files\/2017\/03\/rodrigo-gomes.pdf\">Rodrigo Gomes<br \/>\n<\/a><a title=\"Thiago Cardozo\" href=\"https:\/\/wp.ufpel.edu.br\/camu\/files\/2017\/03\/thiago-cardozo1.pdf\">Thiago Cardozo<br \/>\n<\/a><a title=\"Vict\u00f3ria Alves\" href=\"https:\/\/wp.ufpel.edu.br\/camu\/files\/2017\/03\/victc3b3ria-alves.pdf\">Vict\u00f3ria Alves<br \/>\n<\/a><a title=\"William Behling\" href=\"https:\/\/wp.ufpel.edu.br\/camu\/files\/2017\/03\/william-behling.pdf\">William Behling<\/a><a title=\"Milene Macedo\" href=\"https:\/\/wp.ufpel.edu.br\/camu\/files\/2017\/03\/milene-macedo1.pdf\"><br \/>\n<\/a><\/p>\n<p>Organiza\u00e7\u00e3o:<a title=\"Milene Macedo\" href=\"https:\/\/wp.ufpel.edu.br\/camu\/files\/2017\/03\/milene-macedo1.pdf\"><br \/>\n<\/a><a title=\"ORG- Aline Mota\" href=\"https:\/\/wp.ufpel.edu.br\/camu\/files\/2017\/03\/org-aline-mota1.pdf\">Aline Mota<br \/>\n<\/a><a title=\"ORG- Anderson Passos\" href=\"https:\/\/wp.ufpel.edu.br\/camu\/files\/2017\/03\/org-anderson-passos1.pdf\">Anderson Passos<br \/>\n<\/a><a title=\"ORG- Camila Silveira\" href=\"https:\/\/wp.ufpel.edu.br\/camu\/files\/2017\/03\/org-camila-silveira1.pdf\">Camila Silveira<br \/>\n<\/a><a title=\"ORG- Danilo Rangel\" href=\"https:\/\/wp.ufpel.edu.br\/camu\/files\/2017\/03\/org-danilo-rangel.pdf\">Danilo Rangel<br \/>\n<\/a><a title=\"ORG- Miri\u00e3 Manoel\" href=\"https:\/\/wp.ufpel.edu.br\/camu\/files\/2017\/03\/org-miric3a3-manoel.pdf\">Miri\u00e3 Manoel<br \/>\n<\/a><a title=\"ORG- Rochele Moura\" href=\"https:\/\/wp.ufpel.edu.br\/camu\/files\/2017\/03\/org-rochele-moura1.pdf\">Rochele Moura<br \/>\n<\/a><a title=\"ORG- Susan Garcia\" href=\"https:\/\/wp.ufpel.edu.br\/camu\/files\/2017\/03\/org-susan-garcia.pdf\">Susan Garcia<\/a><\/p>\n","protected":false},"excerpt":{"rendered":"<p>PASSEIO \u00e0S COL\u00d4NIAS Participa\u00e7\u00e3o: Adrieli Terra Caio Ghirardello Carliston Ribeiro Cristina Schmalfuss Danilo Rangel Fabiano Neis Jonas Fachini Matheus Bastos Mauricio Pinheiro Milene Macedo Miri\u00e3 Manoel Thiago Cardozo Organiza\u00e7\u00e3o: Aline Mota Anderson Passos Camila Silveira Rochele Moura SEMANA DOS CALOUROS Participa\u00e7\u00e3o: Adrieli Terra Andr\u00e9a Rold\u00e3o Ariana Costa Caio Ghirardello Carliston Ribeiro Carolina Nogueira Cristina Schmalfuss &hellip; <a href=\"https:\/\/wp.ufpel.edu.br\/camu\/2015-3\/\" class=\"more-link\">Continue lendo<span class=\"screen-reader-text\"> &#8220;Certificados&#8221;<\/span><\/a><\/p>\n","protected":false},"author":830,"featured_media":0,"parent":0,"menu_order":0,"comment_status":"closed","ping_status":"closed","template":"","meta":{"jetpack_post_was_ever_published":false,"footnotes":""},"class_list":["post-248","page","type-page","status-publish","hentry"],"jetpack_sharing_enabled":true,"jetpack_shortlink":"https:\/\/wp.me\/P9MPYQ-40","jetpack_likes_enabled":true,"jetpack-related-posts":[],"_links":{"self":[{"href":"https:\/\/wp.ufpel.edu.br\/camu\/wp-json\/wp\/v2\/pages\/248","targetHints":{"allow":["GET"]}}],"collection":[{"href":"https:\/\/wp.ufpel.edu.br\/camu\/wp-json\/wp\/v2\/pages"}],"about":[{"href":"https:\/\/wp.ufpel.edu.br\/camu\/wp-json\/wp\/v2\/types\/page"}],"author":[{"embeddable":true,"href":"https:\/\/wp.ufpel.edu.br\/camu\/wp-json\/wp\/v2\/users\/830"}],"replies":[{"embeddable":true,"href":"https:\/\/wp.ufpel.edu.br\/camu\/wp-json\/wp\/v2\/comments?post=248"}],"version-history":[{"count":3,"href":"https:\/\/wp.ufpel.edu.br\/camu\/wp-json\/wp\/v2\/pages\/248\/revisions"}],"predecessor-version":[{"id":253,"href":"https:\/\/wp.ufpel.edu.br\/camu\/wp-json\/wp\/v2\/pages\/248\/revisions\/253"}],"wp:attachment":[{"href":"https:\/\/wp.ufpel.edu.br\/camu\/wp-json\/wp\/v2\/media?parent=248"}],"curies":[{"name":"wp","href":"https:\/\/api.w.org\/{rel}","templated":true}]}}