{"id":17,"date":"2014-06-10T08:40:54","date_gmt":"2014-06-10T11:40:54","guid":{"rendered":"https:\/\/wp.ufpel.edu.br\/camaradepesquisa\/?page_id=17"},"modified":"2017-07-10T19:24:25","modified_gmt":"2017-07-10T22:24:25","slug":"pesquisadores-do-clc","status":"publish","type":"page","link":"https:\/\/wp.ufpel.edu.br\/camaradepesquisa\/pesquisadores-do-clc\/","title":{"rendered":"Coordenadores de projetos"},"content":{"rendered":"<ul>\n<li>\n<h3><span style=\"color: #0000ff\"><a style=\"font-size: 16px;font-family: 'Pontano Sans', arial, sans-serif\" href=\"http:\/\/lattes.cnpq.br\/9788719859553141\"><span style=\"color: #0000ff\">Alessandra Baldo<\/span><\/a><\/span><\/h3>\n<\/li>\n<li>\n<h3><span style=\"color: #0000ff\"><a style=\"font-size: 16px;font-family: 'Pontano Sans', arial, sans-serif\" href=\"http:\/\/lattes.cnpq.br\/9671613350365467\"><span style=\"color: #0000ff\">Alfeu Sparemberger<\/span><\/a><\/span><\/h3>\n<\/li>\n<li>\n<h3><span style=\"color: #0000ff\"><a style=\"font-size: 16px;font-family: 'Pontano Sans', arial, sans-serif\" href=\"http:\/\/lattes.cnpq.br\/7681505154374222\"><span style=\"color: #0000ff\">Ana Lourdes da Rosa Nieves Brochi Fern\u00e1ndez<\/span><\/a><\/span><\/h3>\n<\/li>\n<li>\n<h3><span style=\"color: #0000ff\"><a style=\"font-size: 16px;font-family: 'Pontano Sans', arial, sans-serif\" href=\"http:\/\/lattes.cnpq.br\/2459320830644110\"><span style=\"color: #0000ff\">Ana Paula Nobre da Cunha<\/span><\/a><\/span><\/h3>\n<\/li>\n<\/ul>\n<p>&nbsp;<\/p>\n<ul>\n<li>\n<h3><a href=\"http:\/\/lattes.cnpq.br\/7722188771417051\">Andrea Czarbonay Perrot<\/a><\/h3>\n<\/li>\n<li>\n<h3><a href=\"http:\/\/lattes.cnpq.br\/6728317404750242\">Andrea Cristiane Kahmann<\/a><\/h3>\n<\/li>\n<li>\n<h3><a href=\"http:\/\/lattes.cnpq.br\/2329619753972869\">\u00c2ngela Nediane dos Santos<\/a><\/h3>\n<\/li>\n<li>\n<h3><span style=\"color: #0000ff\"><span style=\"color: #0000ff\">Aulus Mandagar\u00e1 Martins<\/span><\/span><\/h3>\n<\/li>\n<li>\n<h3><span style=\"color: #0000ff\"><span style=\"color: #0000ff\">Beatriz Vi\u00e9gas-Faria<\/span><\/span><\/h3>\n<\/li>\n<li>\n<h3><a href=\"http:\/\/lattes.cnpq.br\/1384555680953895\">C\u00edntia \u00c1vila Blank<\/a><\/h3>\n<\/li>\n<li>\n<h3><span style=\"color: #0000ff\"><span style=\"color: #0000ff\">C\u00edntia da Costa Alc\u00e2ntara<\/span><\/span><\/h3>\n<\/li>\n<li>\n<h3><span style=\"color: #0000ff\"><span style=\"color: #0000ff\">Claudia Lorena Vouto da Fonseca<\/span><\/span><\/h3>\n<\/li>\n<li>\n<h3><span style=\"color: #0000ff\"><span style=\"color: #0000ff\">Cleide In\u00eas Wittke<\/span><\/span><\/h3>\n<\/li>\n<li>\n<h3><a href=\"http:\/\/lattes.cnpq.br\/9399552968699184\">Daiane Neumann<\/a><\/h3>\n<\/li>\n<li>\n<h3><span style=\"color: #0000ff\"><span style=\"color: #0000ff\">Daniele Gallindo Gon\u00e7alves Silva<\/span><\/span><\/h3>\n<\/li>\n<li>\n<h3><span style=\"color: #0000ff\"><span style=\"color: #0000ff\">Eduardo Marks de Marques<\/span><\/span><\/h3>\n<\/li>\n<li>\n<h3><span style=\"color: #0000ff\"><span style=\"color: #0000ff\">F\u00e1bio Souza da Cruz<\/span><\/span><\/h3>\n<\/li>\n<li>\n<h3><span style=\"color: #0000ff\">Fl\u00e1via Medianeira de Oliveira<\/span><\/h3>\n<\/li>\n<li>\n<h3><a href=\"http:\/\/lattes.cnpq.br\/8599512241342306\">Gilmar Adolfo Hermes<\/a><\/h3>\n<\/li>\n<li>\n<h3><span style=\"color: #0000ff\">Giovana Ferreira Gon\u00e7alves<\/span><\/h3>\n<\/li>\n<li>\n<h3><span style=\"color: #0000ff\">Helano Jader Cavalcante Ribeiro<\/span><\/h3>\n<\/li>\n<li>\n<h3><span style=\"color: #0000ff\"><span style=\"color: #0000ff\">Imgart Gr\u00fctzmann<\/span><\/span><\/h3>\n<\/li>\n<li>\n<h3><span style=\"color: #0000ff\"><span style=\"color: #0000ff\">Isabella Ferreira Mozzillo<\/span><\/span><\/h3>\n<\/li>\n<li>\n<h3><span style=\"color: #0000ff\">Juliana Steil Tenfen<\/span><\/h3>\n<\/li>\n<li>\n<h3><span style=\"color: #0000ff\"><span style=\"color: #0000ff\">Karina Giacomelli<\/span><\/span><\/h3>\n<\/li>\n<li>\n<h3><span style=\"color: #0000ff\"><span style=\"color: #0000ff\">Let\u00edcia Fonseca Richthofen de Freitas<\/span><\/span><\/h3>\n<\/li>\n<li>\n<h3><a href=\"http:\/\/lattes.cnpq.br\/2001548222755825\">Luciana Vinhas<\/a><\/h3>\n<\/li>\n<li>\n<h3><span style=\"color: #0000ff\"><span style=\"color: #0000ff\">Lu\u00eds Isa\u00edas Centeno do Amaral<\/span><\/span><\/h3>\n<\/li>\n<li>\n<h3><span style=\"color: #0000ff\"><span style=\"color: #0000ff\">Maria Jos\u00e9 Blaskovski Vieira<\/span><\/span><\/h3>\n<\/li>\n<li>\n<h3><span style=\"color: #0000ff\"><span style=\"color: #0000ff\">Maria Nilse Schneider<\/span><\/span><\/h3>\n<\/li>\n<li>\n<h3><span style=\"color: #0000ff\"><span style=\"color: #0000ff\">Marisa Helena Degasperi<\/span><\/span><\/h3>\n<\/li>\n<li>\n<h3><a href=\"http:\/\/lattes.cnpq.br\/5207826249043969\">Marislei Ribeiro Duarte<\/a><\/h3>\n<\/li>\n<li>\n<h3><span style=\"color: #0000ff\"><span style=\"color: #0000ff\">Mariza Pereira Zanini<\/span><\/span><\/h3>\n<\/li>\n<li>\n<h3><span style=\"color: #0000ff\"><span style=\"color: #0000ff\">Mirian Rose Brum-de-Paula<\/span><\/span><\/h3>\n<\/li>\n<li>\n<h3><span style=\"color: #0000ff\"><span style=\"color: #0000ff\">Michele Negrini<\/span><\/span><\/h3>\n<\/li>\n<li>\n<h3><a href=\"http:\/\/lattes.cnpq.br\/1000545445158079\">Mitizi de Miranda Gomes<\/a><\/h3>\n<\/li>\n<li>\n<h3><a href=\"http:\/\/lattes.cnpq.br\/4671628074991361\"><span style=\"color: #0000ff\">Paula Branco de Ara\u00fajo Brauner<\/span><\/a><\/h3>\n<\/li>\n<li>\n<h3><span style=\"color: #0000ff\"><span style=\"color: #0000ff\">Rafael Vetromille-Castro<\/span><\/span><\/h3>\n<\/li>\n<li>\n<h3><a href=\"http:\/\/lattes.cnpq.br\/7230106202961229\">Raquel Recuero<\/a><\/h3>\n<\/li>\n<li>\n<h3><span style=\"color: #0000ff\">Rejane Flor Machado<\/span><\/h3>\n<\/li>\n<li>\n<h3><span style=\"color: #0000ff\">Renata Kabke Pinheiro<\/span><\/h3>\n<\/li>\n<li>\n<h3><span style=\"color: #0000ff\"><span style=\"color: #0000ff\">Ricardo Zimmermann Fiegenbaum<\/span><\/span><\/h3>\n<\/li>\n<li>\n<h3><span style=\"color: #0000ff\"><span style=\"color: #0000ff\">Roberta Rego Rodrigues<\/span><\/span><\/h3>\n<\/li>\n<li>\n<h3><a href=\"http:\/\/lattes.cnpq.br\/5137658241976035\">S\u00edlvia Porto Leite<\/a><\/h3>\n<\/li>\n<li>\n<h3><a href=\"http:\/\/lattes.cnpq.br\/0081286250806899\">Tatiana Bolivar Lebedeff<\/a><\/h3>\n<\/li>\n<li>\n<h3><a href=\"http:\/\/lattes.cnpq.br\/3364992748035948\">Uruguay Cortazzo<\/a><\/h3>\n<\/li>\n<\/ul>\n","protected":false},"excerpt":{"rendered":"<p>Alessandra Baldo Alfeu Sparemberger Ana Lourdes da Rosa Nieves Brochi Fern\u00e1ndez Ana Paula Nobre da Cunha &nbsp; Andrea Czarbonay Perrot Andrea Cristiane Kahmann \u00c2ngela Nediane dos Santos Aulus Mandagar\u00e1 Martins Beatriz Vi\u00e9gas-Faria C\u00edntia \u00c1vila Blank C\u00edntia da Costa Alc\u00e2ntara Claudia&#8230; <a class=\"more-link\" href=\"https:\/\/wp.ufpel.edu.br\/camaradepesquisa\/pesquisadores-do-clc\/\">Continue lendo &rarr;<\/a><\/p>\n","protected":false},"author":386,"featured_media":0,"parent":0,"menu_order":3,"comment_status":"closed","ping_status":"closed","template":"","meta":{"footnotes":""},"class_list":["post-17","page","type-page","status-publish","hentry"],"jetpack_sharing_enabled":true,"_links":{"self":[{"href":"https:\/\/wp.ufpel.edu.br\/camaradepesquisa\/wp-json\/wp\/v2\/pages\/17","targetHints":{"allow":["GET"]}}],"collection":[{"href":"https:\/\/wp.ufpel.edu.br\/camaradepesquisa\/wp-json\/wp\/v2\/pages"}],"about":[{"href":"https:\/\/wp.ufpel.edu.br\/camaradepesquisa\/wp-json\/wp\/v2\/types\/page"}],"author":[{"embeddable":true,"href":"https:\/\/wp.ufpel.edu.br\/camaradepesquisa\/wp-json\/wp\/v2\/users\/386"}],"replies":[{"embeddable":true,"href":"https:\/\/wp.ufpel.edu.br\/camaradepesquisa\/wp-json\/wp\/v2\/comments?post=17"}],"version-history":[{"count":11,"href":"https:\/\/wp.ufpel.edu.br\/camaradepesquisa\/wp-json\/wp\/v2\/pages\/17\/revisions"}],"predecessor-version":[{"id":375,"href":"https:\/\/wp.ufpel.edu.br\/camaradepesquisa\/wp-json\/wp\/v2\/pages\/17\/revisions\/375"}],"wp:attachment":[{"href":"https:\/\/wp.ufpel.edu.br\/camaradepesquisa\/wp-json\/wp\/v2\/media?parent=17"}],"curies":[{"name":"wp","href":"https:\/\/api.w.org\/{rel}","templated":true}]}}