{"id":30,"date":"2023-02-23T17:20:31","date_gmt":"2023-02-23T20:20:31","guid":{"rendered":"https:\/\/wp.ufpel.edu.br\/calendarios\/?page_id=30"},"modified":"2024-02-20T11:11:26","modified_gmt":"2024-02-20T14:11:26","slug":"pro-reitoria-administrativa-pra","status":"publish","type":"page","link":"https:\/\/wp.ufpel.edu.br\/calendarios\/pro-reitoria-administrativa-pra\/","title":{"rendered":"Pr\u00f3-Reitoria Administrativa\/PRA"},"content":{"rendered":"<p><div id=\"cobalto-calendario\" class=\"dados-cobalto cobalto-calendario\"><\/div>\n<script>\n\tconst agendaQueryURL = 'https:\/\/api.ufpel.edu.br\/publico\/calendario\/70\/ano\/2024\/impressao',\n\t\t  mostraLegenda  = '1';\n<\/script>\n<script src=\"https:\/\/wp.ufpel.edu.br\/calendarios\/wp-content\/plugins\/dados-cobalto\/lib\/..\/js\/fullcalendar-5.11.0\/lib\/main.min.js\"><\/script>\n<script src=\"https:\/\/wp.ufpel.edu.br\/calendarios\/wp-content\/plugins\/dados-cobalto\/lib\/..\/js\/fullcalendar-5.11.0\/lib\/locales\/pt-br.js\"><\/script>\n<script src=\"https:\/\/wp.ufpel.edu.br\/calendarios\/wp-content\/plugins\/dados-cobalto\/lib\/..\/js\/tooltip\/popper.min.js\"><\/script>\n<script src=\"https:\/\/wp.ufpel.edu.br\/calendarios\/wp-content\/plugins\/dados-cobalto\/lib\/..\/js\/tooltip\/tooltip.min.js\"><\/script>\n<script src=\"https:\/\/wp.ufpel.edu.br\/calendarios\/wp-content\/plugins\/dados-cobalto\/lib\/..\/js\/agenda-fc.js\"><\/script><br \/>\n<div class=\"dados-cobalto cobalto-calendario\"><div class=\"cobalto-calendario-legenda\"><div class=\"cobalto-calendario-legenda-item\"><span class=\"cobalto-calendario-tipo\" style=\"background:#9FC6E7\"><\/span> Pr\u00f3-Reitoria Administrativa\/PRA<\/div><\/div><div class=\"cobalto-calendario-mes\"><strong>Janeiro \/ 2024<\/strong><\/div><div class=\"cobalto-calendario-linha cobalto-calendario-linha-impar\"><span class=\"cobalto-calendario-tipo\" style=\"background:#9FC6E7\" title=\"Pr\u00f3-Reitoria Administrativa\/PRA\"><\/span><span class=\"cobalto-calendario-dia\"><strong>02 Ter\u00e7a<\/strong><\/span><span class=\"cobalto-calendario-descricao\"><a href=\"https:\/\/wp.ufpel.edu.br\/pra\/pgc\/\"><span class=\"cobalto-evento-item-hora\"><\/span>IN\u00cdCIO: Per\u00edodo para elabora\u00e7\u00e3o do Plano de Contrata\u00e7\u00f5es Anual (PCA)<\/a><\/span><\/div><div class=\"cobalto-calendario-linha cobalto-calendario-linha-impar\"><span class=\"cobalto-calendario-tipo\" style=\"background:#9FC6E7\" title=\"Pr\u00f3-Reitoria Administrativa\/PRA\"><\/span><span class=\"cobalto-calendario-dia\"><strong><\/strong><\/span><span class=\"cobalto-calendario-descricao\"><span class=\"cobalto-evento-item-hora\"><\/span>IN\u00cdCIO: Per\u00edodo para solicita\u00e7\u00e3o de materiais de consumo em estoque no Almoxarifado Central<\/span><\/div><div class=\"cobalto-calendario-linha cobalto-calendario-linha-par\"><span class=\"cobalto-calendario-tipo\" style=\"background:#9FC6E7\" title=\"Pr\u00f3-Reitoria Administrativa\/PRA\"><\/span><span class=\"cobalto-calendario-dia\"><strong>03 Quarta<\/strong><\/span><span class=\"cobalto-calendario-descricao\"><span class=\"cobalto-evento-item-hora\"><\/span>Prazo final para encaminhamento de processos de pagamento com documentos fiscais emitidos em dezembro\/23<\/span><\/div><div class=\"cobalto-calendario-linha cobalto-calendario-linha-impar\"><span class=\"cobalto-calendario-tipo\" style=\"background:#9FC6E7\" title=\"Pr\u00f3-Reitoria Administrativa\/PRA\"><\/span><span class=\"cobalto-calendario-dia\"><strong>15 Segunda<\/strong><\/span><span class=\"cobalto-calendario-descricao\"><span class=\"cobalto-evento-item-hora\"><\/span>FIM: Per\u00edodo para solicita\u00e7\u00e3o de materiais de consumo em estoque no Almoxarifado Central<\/span><\/div><div class=\"cobalto-calendario-mes\"><strong>Fevereiro \/ 2024<\/strong><\/div><div class=\"cobalto-calendario-linha cobalto-calendario-linha-par\"><span class=\"cobalto-calendario-tipo\" style=\"background:#9FC6E7\" title=\"Pr\u00f3-Reitoria Administrativa\/PRA\"><\/span><span class=\"cobalto-calendario-dia\"><strong>01 Quinta<\/strong><\/span><span class=\"cobalto-calendario-descricao\"><span class=\"cobalto-evento-item-hora\"><\/span>IN\u00cdCIO: Per\u00edodo para solicita\u00e7\u00e3o de materiais de consumo em estoque no Almoxarifado Central<\/span><\/div><div class=\"cobalto-calendario-linha cobalto-calendario-linha-impar\"><span class=\"cobalto-calendario-tipo\" style=\"background:#9FC6E7\" title=\"Pr\u00f3-Reitoria Administrativa\/PRA\"><\/span><span class=\"cobalto-calendario-dia\"><strong>02 Sexta<\/strong><\/span><span class=\"cobalto-calendario-descricao\"><span class=\"cobalto-evento-item-hora\"><\/span>Prazo final para encaminhamento de processos de pagamento com documentos fiscais emitidos em janeiro<\/span><\/div><div class=\"cobalto-calendario-linha cobalto-calendario-linha-par\"><span class=\"cobalto-calendario-tipo\" style=\"background:#9FC6E7\" title=\"Pr\u00f3-Reitoria Administrativa\/PRA\"><\/span><span class=\"cobalto-calendario-dia\"><strong>03 S\u00e1bado<\/strong><\/span><span class=\"cobalto-calendario-descricao\"><span class=\"cobalto-evento-item-hora\"><\/span>IN\u00cdCIO: Per\u00edodo para envio de demandas para o PAAV<\/span><\/div><div class=\"cobalto-calendario-linha cobalto-calendario-linha-impar\"><span class=\"cobalto-calendario-tipo\" style=\"background:#9FC6E7\" title=\"Pr\u00f3-Reitoria Administrativa\/PRA\"><\/span><span class=\"cobalto-calendario-dia\"><strong>15 Quinta<\/strong><\/span><span class=\"cobalto-calendario-descricao\"><span class=\"cobalto-evento-item-hora\"><\/span>FIM: Per\u00edodo para solicita\u00e7\u00e3o de materiais de consumo em estoque no Almoxarifado Central<\/span><\/div><div class=\"cobalto-calendario-mes\"><strong>Mar\u00e7o \/ 2024<\/strong><\/div><div class=\"cobalto-calendario-linha cobalto-calendario-linha-par\"><span class=\"cobalto-calendario-tipo\" style=\"background:#9FC6E7\" title=\"Pr\u00f3-Reitoria Administrativa\/PRA\"><\/span><span class=\"cobalto-calendario-dia\"><strong>01 Sexta<\/strong><\/span><span class=\"cobalto-calendario-descricao\"><span class=\"cobalto-evento-item-hora\"><\/span>IN\u00cdCIO: Per\u00edodo para solicita\u00e7\u00e3o de materiais de consumo em estoque no Almoxarifado Central<\/span><\/div><div class=\"cobalto-calendario-linha cobalto-calendario-linha-impar\"><span class=\"cobalto-calendario-tipo\" style=\"background:#9FC6E7\" title=\"Pr\u00f3-Reitoria Administrativa\/PRA\"><\/span><span class=\"cobalto-calendario-dia\"><strong>04 Segunda<\/strong><\/span><span class=\"cobalto-calendario-descricao\"><span class=\"cobalto-evento-item-hora\"><\/span>Prazo final para encaminhamento de processos de pagamento com documentos fiscais emitidos em fevereiro<\/span><\/div><div class=\"cobalto-calendario-linha cobalto-calendario-linha-par\"><span class=\"cobalto-calendario-tipo\" style=\"background:#9FC6E7\" title=\"Pr\u00f3-Reitoria Administrativa\/PRA\"><\/span><span class=\"cobalto-calendario-dia\"><strong>15 Sexta<\/strong><\/span><span class=\"cobalto-calendario-descricao\"><span class=\"cobalto-evento-item-hora\"><\/span>FIM: Per\u00edodo para solicita\u00e7\u00e3o de materiais de consumo em estoque no Almoxarifado Central<\/span><\/div><div class=\"cobalto-calendario-linha cobalto-calendario-linha-impar\"><span class=\"cobalto-calendario-tipo\" style=\"background:#9FC6E7\" title=\"Pr\u00f3-Reitoria Administrativa\/PRA\"><\/span><span class=\"cobalto-calendario-dia\"><strong>29 Sexta<\/strong><\/span><span class=\"cobalto-calendario-descricao\"><a href=\"https:\/\/wp.ufpel.edu.br\/pra\/pgc\/\"><span class=\"cobalto-evento-item-hora\"><\/span>FIM: Per\u00edodo para elabora\u00e7\u00e3o do Plano de Contrata\u00e7\u00f5es Anual (PCA)<\/a><\/span><\/div><div class=\"cobalto-calendario-mes\"><strong>Abril \/ 2024<\/strong><\/div><div class=\"cobalto-calendario-linha cobalto-calendario-linha-par\"><span class=\"cobalto-calendario-tipo\" style=\"background:#9FC6E7\" title=\"Pr\u00f3-Reitoria Administrativa\/PRA\"><\/span><span class=\"cobalto-calendario-dia\"><strong>01 Segunda<\/strong><\/span><span class=\"cobalto-calendario-descricao\"><span class=\"cobalto-evento-item-hora\"><\/span>IN\u00cdCIO: Per\u00edodo para solicita\u00e7\u00e3o de materiais de consumo em estoque no Almoxarifado Central<\/span><\/div><div class=\"cobalto-calendario-linha cobalto-calendario-linha-impar\"><span class=\"cobalto-calendario-tipo\" style=\"background:#9FC6E7\" title=\"Pr\u00f3-Reitoria Administrativa\/PRA\"><\/span><span class=\"cobalto-calendario-dia\"><strong>02 Ter\u00e7a<\/strong><\/span><span class=\"cobalto-calendario-descricao\"><span class=\"cobalto-evento-item-hora\"><\/span>Prazo final para encaminhamento de processos de pagamento com documentos fiscais emitidos em mar\u00e7o<\/span><\/div><div class=\"cobalto-calendario-linha cobalto-calendario-linha-par\"><span class=\"cobalto-calendario-tipo\" style=\"background:#9FC6E7\" title=\"Pr\u00f3-Reitoria Administrativa\/PRA\"><\/span><span class=\"cobalto-calendario-dia\"><strong>15 Segunda<\/strong><\/span><span class=\"cobalto-calendario-descricao\"><span class=\"cobalto-evento-item-hora\"><\/span>FIM: Per\u00edodo para solicita\u00e7\u00e3o de materiais de consumo em estoque no Almoxarifado Central<\/span><\/div><div class=\"cobalto-calendario-linha cobalto-calendario-linha-impar\"><span class=\"cobalto-calendario-tipo\" style=\"background:#9FC6E7\" title=\"Pr\u00f3-Reitoria Administrativa\/PRA\"><\/span><span class=\"cobalto-calendario-dia\"><strong>30 Ter\u00e7a<\/strong><\/span><span class=\"cobalto-calendario-descricao\"><span class=\"cobalto-evento-item-hora\"><\/span>FIM: Per\u00edodo para envio de demandas para o PAAV<\/span><\/div><div class=\"cobalto-calendario-mes\"><strong>Maio \/ 2024<\/strong><\/div><div class=\"cobalto-calendario-linha cobalto-calendario-linha-par\"><span class=\"cobalto-calendario-tipo\" style=\"background:#9FC6E7\" title=\"Pr\u00f3-Reitoria Administrativa\/PRA\"><\/span><span class=\"cobalto-calendario-dia\"><strong>02 Quinta<\/strong><\/span><span class=\"cobalto-calendario-descricao\"><span class=\"cobalto-evento-item-hora\"><\/span>IN\u00cdCIO: Per\u00edodo para solicita\u00e7\u00e3o de materiais de consumo em estoque no Almoxarifado Central<\/span><\/div><div class=\"cobalto-calendario-linha cobalto-calendario-linha-impar\"><span class=\"cobalto-calendario-tipo\" style=\"background:#9FC6E7\" title=\"Pr\u00f3-Reitoria Administrativa\/PRA\"><\/span><span class=\"cobalto-calendario-dia\"><strong>03 Sexta<\/strong><\/span><span class=\"cobalto-calendario-descricao\"><span class=\"cobalto-evento-item-hora\"><\/span>Prazo final para encaminhamento de processos de pagamento com documentos fiscais emitidos em abril<\/span><\/div><div class=\"cobalto-calendario-linha cobalto-calendario-linha-par\"><span class=\"cobalto-calendario-tipo\" style=\"background:#9FC6E7\" title=\"Pr\u00f3-Reitoria Administrativa\/PRA\"><\/span><span class=\"cobalto-calendario-dia\"><strong>15 Quarta<\/strong><\/span><span class=\"cobalto-calendario-descricao\"><span class=\"cobalto-evento-item-hora\"><\/span>FIM: Per\u00edodo para solicita\u00e7\u00e3o de materiais de consumo em estoque no Almoxarifado Central<\/span><\/div><div class=\"cobalto-calendario-mes\"><strong>Junho \/ 2024<\/strong><\/div><div class=\"cobalto-calendario-linha cobalto-calendario-linha-impar\"><span class=\"cobalto-calendario-tipo\" style=\"background:#9FC6E7\" title=\"Pr\u00f3-Reitoria Administrativa\/PRA\"><\/span><span class=\"cobalto-calendario-dia\"><strong>03 Segunda<\/strong><\/span><span class=\"cobalto-calendario-descricao\"><span class=\"cobalto-evento-item-hora\"><\/span>Prazo final para encaminhamento de processos de pagamento com documentos fiscais emitidos em maio<\/span><\/div><div class=\"cobalto-calendario-linha cobalto-calendario-linha-impar\"><span class=\"cobalto-calendario-tipo\" style=\"background:#9FC6E7\" title=\"Pr\u00f3-Reitoria Administrativa\/PRA\"><\/span><span class=\"cobalto-calendario-dia\"><strong><\/strong><\/span><span class=\"cobalto-calendario-descricao\"><span class=\"cobalto-evento-item-hora\"><\/span>IN\u00cdCIO: Per\u00edodo para solicita\u00e7\u00e3o de materiais de consumo em estoque no Almoxarifado Central<\/span><\/div><div class=\"cobalto-calendario-linha cobalto-calendario-linha-par\"><span class=\"cobalto-calendario-tipo\" style=\"background:#9FC6E7\" title=\"Pr\u00f3-Reitoria Administrativa\/PRA\"><\/span><span class=\"cobalto-calendario-dia\"><strong>07 Sexta<\/strong><\/span><span class=\"cobalto-calendario-descricao\"><span class=\"cobalto-evento-item-hora\"><\/span>Prazo final para manifesta\u00e7\u00e3o em rela\u00e7\u00e3o aos empenhos inscritos em Restos a Pagar, em fun\u00e7\u00e3o do bloqueio dos empenhos a ser realizado em 30\/junho<\/span><\/div><div class=\"cobalto-calendario-linha cobalto-calendario-linha-impar\"><span class=\"cobalto-calendario-tipo\" style=\"background:#9FC6E7\" title=\"Pr\u00f3-Reitoria Administrativa\/PRA\"><\/span><span class=\"cobalto-calendario-dia\"><strong>17 Segunda<\/strong><\/span><span class=\"cobalto-calendario-descricao\"><span class=\"cobalto-evento-item-hora\"><\/span>FIM: Per\u00edodo para solicita\u00e7\u00e3o de materiais de consumo em estoque no Almoxarifado Central<\/span><\/div><div class=\"cobalto-calendario-mes\"><strong>Julho \/ 2024<\/strong><\/div><div class=\"cobalto-calendario-linha cobalto-calendario-linha-par\"><span class=\"cobalto-calendario-tipo\" style=\"background:#9FC6E7\" title=\"Pr\u00f3-Reitoria Administrativa\/PRA\"><\/span><span class=\"cobalto-calendario-dia\"><strong>01 Segunda<\/strong><\/span><span class=\"cobalto-calendario-descricao\"><span class=\"cobalto-evento-item-hora\"><\/span>IN\u00cdCIO: Per\u00edodo para solicita\u00e7\u00e3o de materiais de consumo em estoque no Almoxarifado Central<\/span><\/div><div class=\"cobalto-calendario-linha cobalto-calendario-linha-impar\"><span class=\"cobalto-calendario-tipo\" style=\"background:#9FC6E7\" title=\"Pr\u00f3-Reitoria Administrativa\/PRA\"><\/span><span class=\"cobalto-calendario-dia\"><strong>02 Ter\u00e7a<\/strong><\/span><span class=\"cobalto-calendario-descricao\"><span class=\"cobalto-evento-item-hora\"><\/span>Prazo final para encaminhamento de processos de pagamento com documentos fiscais emitidos em junho<\/span><\/div><div class=\"cobalto-calendario-linha cobalto-calendario-linha-par\"><span class=\"cobalto-calendario-tipo\" style=\"background:#9FC6E7\" title=\"Pr\u00f3-Reitoria Administrativa\/PRA\"><\/span><span class=\"cobalto-calendario-dia\"><strong>15 Segunda<\/strong><\/span><span class=\"cobalto-calendario-descricao\"><span class=\"cobalto-evento-item-hora\"><\/span>FIM: Per\u00edodo para solicita\u00e7\u00e3o de materiais de consumo em estoque no Almoxarifado Central<\/span><\/div><div class=\"cobalto-calendario-mes\"><strong>Agosto \/ 2024<\/strong><\/div><div class=\"cobalto-calendario-linha cobalto-calendario-linha-impar\"><span class=\"cobalto-calendario-tipo\" style=\"background:#9FC6E7\" title=\"Pr\u00f3-Reitoria Administrativa\/PRA\"><\/span><span class=\"cobalto-calendario-dia\"><strong>01 Quinta<\/strong><\/span><span class=\"cobalto-calendario-descricao\"><span class=\"cobalto-evento-item-hora\"><\/span>IN\u00cdCIO: Per\u00edodo para solicita\u00e7\u00e3o de materiais de consumo em estoque no Almoxarifado Central<\/span><\/div><div class=\"cobalto-calendario-linha cobalto-calendario-linha-par\"><span class=\"cobalto-calendario-tipo\" style=\"background:#9FC6E7\" title=\"Pr\u00f3-Reitoria Administrativa\/PRA\"><\/span><span class=\"cobalto-calendario-dia\"><strong>02 Sexta<\/strong><\/span><span class=\"cobalto-calendario-descricao\"><span class=\"cobalto-evento-item-hora\"><\/span>Prazo final para encaminhamento de processos de pagamento com documentos fiscais emitidos em julho<\/span><\/div><div class=\"cobalto-calendario-linha cobalto-calendario-linha-impar\"><span class=\"cobalto-calendario-tipo\" style=\"background:#9FC6E7\" title=\"Pr\u00f3-Reitoria Administrativa\/PRA\"><\/span><span class=\"cobalto-calendario-dia\"><strong>15 Quinta<\/strong><\/span><span class=\"cobalto-calendario-descricao\"><span class=\"cobalto-evento-item-hora\"><\/span>FIM: Per\u00edodo para solicita\u00e7\u00e3o de materiais de consumo em estoque no Almoxarifado Central<\/span><\/div><div class=\"cobalto-calendario-mes\"><strong>Setembro \/ 2024<\/strong><\/div><div class=\"cobalto-calendario-linha cobalto-calendario-linha-par\"><span class=\"cobalto-calendario-tipo\" style=\"background:#9FC6E7\" title=\"Pr\u00f3-Reitoria Administrativa\/PRA\"><\/span><span class=\"cobalto-calendario-dia\"><strong>02 Segunda<\/strong><\/span><span class=\"cobalto-calendario-descricao\"><span class=\"cobalto-evento-item-hora\"><\/span>IN\u00cdCIO: Per\u00edodo para solicita\u00e7\u00e3o de materiais de consumo em estoque no Almoxarifado Central<\/span><\/div><div class=\"cobalto-calendario-linha cobalto-calendario-linha-par\"><span class=\"cobalto-calendario-tipo\" style=\"background:#9FC6E7\" title=\"Pr\u00f3-Reitoria Administrativa\/PRA\"><\/span><span class=\"cobalto-calendario-dia\"><strong><\/strong><\/span><span class=\"cobalto-calendario-descricao\"><span class=\"cobalto-evento-item-hora\"><\/span>Prazo final para encaminhamento de processos de pagamento com documentos fiscais emitidos em agosto<\/span><\/div><div class=\"cobalto-calendario-linha cobalto-calendario-linha-impar\"><span class=\"cobalto-calendario-tipo\" style=\"background:#9FC6E7\" title=\"Pr\u00f3-Reitoria Administrativa\/PRA\"><\/span><span class=\"cobalto-calendario-dia\"><strong>16 Segunda<\/strong><\/span><span class=\"cobalto-calendario-descricao\"><a href=\"https:\/\/wp.ufpel.edu.br\/pra\/pgc\/\"><span class=\"cobalto-evento-item-hora\"><\/span>IN\u00cdCIO: Prazo para revis\u00e3o e altera\u00e7\u00e3o do Plano de Contrata\u00e7\u00f5es Anual (PCA) pelos usu\u00e1rios requisitantes<\/a><\/span><\/div><div class=\"cobalto-calendario-linha cobalto-calendario-linha-impar\"><span class=\"cobalto-calendario-tipo\" style=\"background:#9FC6E7\" title=\"Pr\u00f3-Reitoria Administrativa\/PRA\"><\/span><span class=\"cobalto-calendario-dia\"><strong><\/strong><\/span><span class=\"cobalto-calendario-descricao\"><span class=\"cobalto-evento-item-hora\"><\/span>FIM: Per\u00edodo para solicita\u00e7\u00e3o de materiais de consumo em estoque no Almoxarifado Central<\/span><\/div><div class=\"cobalto-calendario-mes\"><strong>Outubro \/ 2024<\/strong><\/div><div class=\"cobalto-calendario-linha cobalto-calendario-linha-par\"><span class=\"cobalto-calendario-tipo\" style=\"background:#9FC6E7\" title=\"Pr\u00f3-Reitoria Administrativa\/PRA\"><\/span><span class=\"cobalto-calendario-dia\"><strong>01 Ter\u00e7a<\/strong><\/span><span class=\"cobalto-calendario-descricao\"><span class=\"cobalto-evento-item-hora\"><\/span>IN\u00cdCIO: Per\u00edodo para solicita\u00e7\u00e3o de materiais de consumo em estoque no Almoxarifado Central<\/span><\/div><div class=\"cobalto-calendario-linha cobalto-calendario-linha-impar\"><span class=\"cobalto-calendario-tipo\" style=\"background:#9FC6E7\" title=\"Pr\u00f3-Reitoria Administrativa\/PRA\"><\/span><span class=\"cobalto-calendario-dia\"><strong>02 Quarta<\/strong><\/span><span class=\"cobalto-calendario-descricao\"><span class=\"cobalto-evento-item-hora\"><\/span>Prazo final para encaminhamento de processos de pagamento com documentos fiscais emitidos em setembro<\/span><\/div><div class=\"cobalto-calendario-linha cobalto-calendario-linha-par\"><span class=\"cobalto-calendario-tipo\" style=\"background:#9FC6E7\" title=\"Pr\u00f3-Reitoria Administrativa\/PRA\"><\/span><span class=\"cobalto-calendario-dia\"><strong>15 Ter\u00e7a<\/strong><\/span><span class=\"cobalto-calendario-descricao\"><span class=\"cobalto-evento-item-hora\"><\/span>FIM: Per\u00edodo para solicita\u00e7\u00e3o de materiais de consumo em estoque no Almoxarifado Central<\/span><\/div><div class=\"cobalto-calendario-linha cobalto-calendario-linha-impar\"><span class=\"cobalto-calendario-tipo\" style=\"background:#9FC6E7\" title=\"Pr\u00f3-Reitoria Administrativa\/PRA\"><\/span><span class=\"cobalto-calendario-dia\"><strong>31 Quinta<\/strong><\/span><span class=\"cobalto-calendario-descricao\"><a href=\"https:\/\/wp.ufpel.edu.br\/pra\/pgc\/\"><span class=\"cobalto-evento-item-hora\"><\/span>FIM: Prazo para revis\u00e3o e altera\u00e7\u00e3o do Plano de Contrata\u00e7\u00f5es Anual (PCA) pelos usu\u00e1rios requisitantes<\/a><\/span><\/div><div class=\"cobalto-calendario-mes\"><strong>Novembro \/ 2024<\/strong><\/div><div class=\"cobalto-calendario-linha cobalto-calendario-linha-par\"><span class=\"cobalto-calendario-tipo\" style=\"background:#9FC6E7\" title=\"Pr\u00f3-Reitoria Administrativa\/PRA\"><\/span><span class=\"cobalto-calendario-dia\"><strong>01 Sexta<\/strong><\/span><span class=\"cobalto-calendario-descricao\"><span class=\"cobalto-evento-item-hora\"><\/span>IN\u00cdCIO: Per\u00edodo para solicita\u00e7\u00e3o de materiais de consumo em estoque no Almoxarifado Central<\/span><\/div><div class=\"cobalto-calendario-linha cobalto-calendario-linha-impar\"><span class=\"cobalto-calendario-tipo\" style=\"background:#9FC6E7\" title=\"Pr\u00f3-Reitoria Administrativa\/PRA\"><\/span><span class=\"cobalto-calendario-dia\"><strong>04 Segunda<\/strong><\/span><span class=\"cobalto-calendario-descricao\"><span class=\"cobalto-evento-item-hora\"><\/span>Prazo final para encaminhamento de processos de pagamento com documentos fiscais emitidos em outubro<\/span><\/div><div class=\"cobalto-calendario-linha cobalto-calendario-linha-par\"><span class=\"cobalto-calendario-tipo\" style=\"background:#9FC6E7\" title=\"Pr\u00f3-Reitoria Administrativa\/PRA\"><\/span><span class=\"cobalto-calendario-dia\"><strong>20 Quarta<\/strong><\/span><span class=\"cobalto-calendario-descricao\"><span class=\"cobalto-evento-item-hora\"><\/span>FIM: Per\u00edodo para solicita\u00e7\u00e3o de materiais de consumo em estoque no Almoxarifado Central<\/span><\/div><div class=\"cobalto-calendario-mes\"><strong>Dezembro \/ 2024<\/strong><\/div><div class=\"cobalto-calendario-linha cobalto-calendario-linha-impar\"><span class=\"cobalto-calendario-tipo\" style=\"background:#9FC6E7\" title=\"Pr\u00f3-Reitoria Administrativa\/PRA\"><\/span><span class=\"cobalto-calendario-dia\"><strong>02 Segunda<\/strong><\/span><span class=\"cobalto-calendario-descricao\"><span class=\"cobalto-evento-item-hora\"><\/span>IN\u00cdCIO: Per\u00edodo para solicita\u00e7\u00e3o da renova\u00e7\u00e3o da Autoriza\u00e7\u00e3o para Condu\u00e7\u00e3o de Ve\u00edculo Oficial (com validade anual)<\/span><\/div><div class=\"cobalto-calendario-linha cobalto-calendario-linha-impar\"><span class=\"cobalto-calendario-tipo\" style=\"background:#9FC6E7\" title=\"Pr\u00f3-Reitoria Administrativa\/PRA\"><\/span><span class=\"cobalto-calendario-dia\"><strong><\/strong><\/span><span class=\"cobalto-calendario-descricao\"><span class=\"cobalto-evento-item-hora\"><\/span>Prazo final para encaminhamento de processos de pagamento com documentos fiscais emitidos em novembro<\/span><\/div><div class=\"cobalto-calendario-linha cobalto-calendario-linha-par\"><span class=\"cobalto-calendario-tipo\" style=\"background:#9FC6E7\" title=\"Pr\u00f3-Reitoria Administrativa\/PRA\"><\/span><span class=\"cobalto-calendario-dia\"><strong>31 Ter\u00e7a<\/strong><\/span><span class=\"cobalto-calendario-descricao\"><span class=\"cobalto-evento-item-hora\"><\/span>FIM: Per\u00edodo para solicita\u00e7\u00e3o da renova\u00e7\u00e3o da Autoriza\u00e7\u00e3o para Condu\u00e7\u00e3o de Ve\u00edculo Oficial (com validade anual)<\/span><\/div><div class=\"cobalto-calendario-legenda\"><div class=\"cobalto-calendario-legenda-item\"><span class=\"cobalto-calendario-tipo\" style=\"background:#9FC6E7\"><\/span> Pr\u00f3-Reitoria Administrativa\/PRA<\/div><\/div><\/div> <!-- .dados-cobalto --><\/p>\n","protected":false},"excerpt":{"rendered":"","protected":false},"author":667,"featured_media":0,"parent":0,"menu_order":0,"comment_status":"closed","ping_status":"closed","template":"","meta":{"footnotes":""},"class_list":["post-30","page","type-page","status-publish","hentry"],"_links":{"self":[{"href":"https:\/\/wp.ufpel.edu.br\/calendarios\/wp-json\/wp\/v2\/pages\/30","targetHints":{"allow":["GET"]}}],"collection":[{"href":"https:\/\/wp.ufpel.edu.br\/calendarios\/wp-json\/wp\/v2\/pages"}],"about":[{"href":"https:\/\/wp.ufpel.edu.br\/calendarios\/wp-json\/wp\/v2\/types\/page"}],"author":[{"embeddable":true,"href":"https:\/\/wp.ufpel.edu.br\/calendarios\/wp-json\/wp\/v2\/users\/667"}],"replies":[{"embeddable":true,"href":"https:\/\/wp.ufpel.edu.br\/calendarios\/wp-json\/wp\/v2\/comments?post=30"}],"version-history":[{"count":5,"href":"https:\/\/wp.ufpel.edu.br\/calendarios\/wp-json\/wp\/v2\/pages\/30\/revisions"}],"predecessor-version":[{"id":103,"href":"https:\/\/wp.ufpel.edu.br\/calendarios\/wp-json\/wp\/v2\/pages\/30\/revisions\/103"}],"wp:attachment":[{"href":"https:\/\/wp.ufpel.edu.br\/calendarios\/wp-json\/wp\/v2\/media?parent=30"}],"curies":[{"name":"wp","href":"https:\/\/api.w.org\/{rel}","templated":true}]}}