{"id":1028,"date":"2023-10-15T15:29:59","date_gmt":"2023-10-15T18:29:59","guid":{"rendered":"https:\/\/wp.ufpel.edu.br\/cafv\/?page_id=1028"},"modified":"2024-04-12T00:23:34","modified_gmt":"2024-04-12T03:23:34","slug":"representantes","status":"publish","type":"page","link":"https:\/\/wp.ufpel.edu.br\/cafv\/representantes\/","title":{"rendered":"Representantes Discentes"},"content":{"rendered":"<p><strong>Considera\u00e7\u00f5es:<\/strong><\/p>\n<p>1. A presen\u00e7a dos Representantes Discentes nas reuni\u00f5es dos respectivos \u00f3rg\u00e3os \u00e9 obrigat\u00f3ria, sob pena de destitui\u00e7\u00e3o do cargo (arts. 47 e 48 do Estatuto do CAFV).<br \/>\n2. Os Representantes Discentes s\u00e3o membros votantes e regulares dos respectivos \u00f3rg\u00e3os, devendo a respectiva presid\u00eancia convocar os titulares e suplentes para todas as reuni\u00f5es aprazadas, garantindo-lhes acesso \u00e0 pauta e colhendo suas manifesta\u00e7\u00f5es e votos (arts. 75, 88 e 123 do Regimento Geral da Universidade).<br \/>\n3. Os Representantes Discentes ter\u00e3o suas faltas abonadas quando se derem em raz\u00e3o de presen\u00e7a em reuni\u00f5es dos \u00f3rg\u00e3os que comp\u00f5em (art. 196 do Regimento Geral da Universidade).<\/p>\n<p><strong>Lista de representantes discentes por ano letivo:<\/strong><\/p>\n<p><a href=\"https:\/\/wp.ufpel.edu.br\/cafv\/representantes2024\/\">Representantes discentes &#8211; 2024<\/a><\/p>\n<p><a href=\"https:\/\/wp.ufpel.edu.br\/cafv\/representantes2023\/\">Representantes discentes &#8211; 2023<\/a><\/p>\n","protected":false},"excerpt":{"rendered":"<p>Considera\u00e7\u00f5es: 1. A presen\u00e7a dos Representantes Discentes nas reuni\u00f5es dos respectivos \u00f3rg\u00e3os \u00e9 obrigat\u00f3ria, sob pena de destitui\u00e7\u00e3o do cargo [&hellip;]<\/p>\n","protected":false},"author":883,"featured_media":0,"parent":0,"menu_order":0,"comment_status":"closed","ping_status":"closed","template":"","meta":{"footnotes":""},"class_list":["post-1028","page","type-page","status-publish","hentry","post"],"yoast_head":"<!-- This site is optimized with the Yoast SEO plugin v26.7 - https:\/\/yoast.com\/wordpress\/plugins\/seo\/ -->\n<title>Representantes Discentes - Centro Acad\u00eamico Ferreira Vianna<\/title>\n<meta name=\"robots\" content=\"index, follow, max-snippet:-1, max-image-preview:large, max-video-preview:-1\" \/>\n<link rel=\"canonical\" href=\"https:\/\/wp.ufpel.edu.br\/cafv\/representantes\/\" \/>\n<meta property=\"og:locale\" content=\"pt_BR\" \/>\n<meta property=\"og:type\" content=\"article\" \/>\n<meta property=\"og:title\" content=\"Representantes Discentes - Centro Acad\u00eamico Ferreira Vianna\" \/>\n<meta property=\"og:description\" content=\"Considera\u00e7\u00f5es: 1. A presen\u00e7a dos Representantes Discentes nas reuni\u00f5es dos respectivos \u00f3rg\u00e3os \u00e9 obrigat\u00f3ria, sob pena de destitui\u00e7\u00e3o do cargo [&hellip;]\" \/>\n<meta property=\"og:url\" content=\"https:\/\/wp.ufpel.edu.br\/cafv\/representantes\/\" \/>\n<meta property=\"og:site_name\" content=\"Centro Acad\u00eamico Ferreira Vianna\" \/>\n<meta property=\"article:modified_time\" content=\"2024-04-12T03:23:34+00:00\" \/>\n<meta name=\"twitter:card\" content=\"summary_large_image\" \/>\n<meta name=\"twitter:label1\" content=\"Est. tempo de leitura\" \/>\n\t<meta name=\"twitter:data1\" content=\"1 minuto\" \/>\n<script type=\"application\/ld+json\" class=\"yoast-schema-graph\">{\"@context\":\"https:\/\/schema.org\",\"@graph\":[{\"@type\":\"WebPage\",\"@id\":\"https:\/\/wp.ufpel.edu.br\/cafv\/representantes\/\",\"url\":\"https:\/\/wp.ufpel.edu.br\/cafv\/representantes\/\",\"name\":\"Representantes Discentes - Centro Acad\u00eamico Ferreira Vianna\",\"isPartOf\":{\"@id\":\"https:\/\/wp.ufpel.edu.br\/cafv\/#website\"},\"datePublished\":\"2023-10-15T18:29:59+00:00\",\"dateModified\":\"2024-04-12T03:23:34+00:00\",\"breadcrumb\":{\"@id\":\"https:\/\/wp.ufpel.edu.br\/cafv\/representantes\/#breadcrumb\"},\"inLanguage\":\"pt-BR\",\"potentialAction\":[{\"@type\":\"ReadAction\",\"target\":[\"https:\/\/wp.ufpel.edu.br\/cafv\/representantes\/\"]}]},{\"@type\":\"BreadcrumbList\",\"@id\":\"https:\/\/wp.ufpel.edu.br\/cafv\/representantes\/#breadcrumb\",\"itemListElement\":[{\"@type\":\"ListItem\",\"position\":1,\"name\":\"In\u00edcio\",\"item\":\"https:\/\/wp.ufpel.edu.br\/cafv\/\"},{\"@type\":\"ListItem\",\"position\":2,\"name\":\"Representantes Discentes\"}]},{\"@type\":\"WebSite\",\"@id\":\"https:\/\/wp.ufpel.edu.br\/cafv\/#website\",\"url\":\"https:\/\/wp.ufpel.edu.br\/cafv\/\",\"name\":\"Centro Acad\u00eamico Ferreira Vianna\",\"description\":\"\",\"publisher\":{\"@id\":\"https:\/\/wp.ufpel.edu.br\/cafv\/#organization\"},\"potentialAction\":[{\"@type\":\"SearchAction\",\"target\":{\"@type\":\"EntryPoint\",\"urlTemplate\":\"https:\/\/wp.ufpel.edu.br\/cafv\/?s={search_term_string}\"},\"query-input\":{\"@type\":\"PropertyValueSpecification\",\"valueRequired\":true,\"valueName\":\"search_term_string\"}}],\"inLanguage\":\"pt-BR\"},{\"@type\":\"Organization\",\"@id\":\"https:\/\/wp.ufpel.edu.br\/cafv\/#organization\",\"name\":\"Centro Acad\u00eamico Ferreira Vianna\",\"url\":\"https:\/\/wp.ufpel.edu.br\/cafv\/\",\"logo\":{\"@type\":\"ImageObject\",\"inLanguage\":\"pt-BR\",\"@id\":\"https:\/\/wp.ufpel.edu.br\/cafv\/#\/schema\/logo\/image\/\",\"url\":\"https:\/\/wp.ufpel.edu.br\/cafv\/files\/2018\/10\/cropped-Logo-CAFV-e1539522538285.png\",\"contentUrl\":\"https:\/\/wp.ufpel.edu.br\/cafv\/files\/2018\/10\/cropped-Logo-CAFV-e1539522538285.png\",\"width\":100,\"height\":100,\"caption\":\"Centro Acad\u00eamico Ferreira Vianna\"},\"image\":{\"@id\":\"https:\/\/wp.ufpel.edu.br\/cafv\/#\/schema\/logo\/image\/\"}}]}<\/script>\n<!-- \/ Yoast SEO plugin. -->","yoast_head_json":{"title":"Representantes Discentes - Centro Acad\u00eamico Ferreira Vianna","robots":{"index":"index","follow":"follow","max-snippet":"max-snippet:-1","max-image-preview":"max-image-preview:large","max-video-preview":"max-video-preview:-1"},"canonical":"https:\/\/wp.ufpel.edu.br\/cafv\/representantes\/","og_locale":"pt_BR","og_type":"article","og_title":"Representantes Discentes - Centro Acad\u00eamico Ferreira Vianna","og_description":"Considera\u00e7\u00f5es: 1. A presen\u00e7a dos Representantes Discentes nas reuni\u00f5es dos respectivos \u00f3rg\u00e3os \u00e9 obrigat\u00f3ria, sob pena de destitui\u00e7\u00e3o do cargo [&hellip;]","og_url":"https:\/\/wp.ufpel.edu.br\/cafv\/representantes\/","og_site_name":"Centro Acad\u00eamico Ferreira Vianna","article_modified_time":"2024-04-12T03:23:34+00:00","twitter_card":"summary_large_image","twitter_misc":{"Est. tempo de leitura":"1 minuto"},"schema":{"@context":"https:\/\/schema.org","@graph":[{"@type":"WebPage","@id":"https:\/\/wp.ufpel.edu.br\/cafv\/representantes\/","url":"https:\/\/wp.ufpel.edu.br\/cafv\/representantes\/","name":"Representantes Discentes - Centro Acad\u00eamico Ferreira Vianna","isPartOf":{"@id":"https:\/\/wp.ufpel.edu.br\/cafv\/#website"},"datePublished":"2023-10-15T18:29:59+00:00","dateModified":"2024-04-12T03:23:34+00:00","breadcrumb":{"@id":"https:\/\/wp.ufpel.edu.br\/cafv\/representantes\/#breadcrumb"},"inLanguage":"pt-BR","potentialAction":[{"@type":"ReadAction","target":["https:\/\/wp.ufpel.edu.br\/cafv\/representantes\/"]}]},{"@type":"BreadcrumbList","@id":"https:\/\/wp.ufpel.edu.br\/cafv\/representantes\/#breadcrumb","itemListElement":[{"@type":"ListItem","position":1,"name":"In\u00edcio","item":"https:\/\/wp.ufpel.edu.br\/cafv\/"},{"@type":"ListItem","position":2,"name":"Representantes Discentes"}]},{"@type":"WebSite","@id":"https:\/\/wp.ufpel.edu.br\/cafv\/#website","url":"https:\/\/wp.ufpel.edu.br\/cafv\/","name":"Centro Acad\u00eamico Ferreira Vianna","description":"","publisher":{"@id":"https:\/\/wp.ufpel.edu.br\/cafv\/#organization"},"potentialAction":[{"@type":"SearchAction","target":{"@type":"EntryPoint","urlTemplate":"https:\/\/wp.ufpel.edu.br\/cafv\/?s={search_term_string}"},"query-input":{"@type":"PropertyValueSpecification","valueRequired":true,"valueName":"search_term_string"}}],"inLanguage":"pt-BR"},{"@type":"Organization","@id":"https:\/\/wp.ufpel.edu.br\/cafv\/#organization","name":"Centro Acad\u00eamico Ferreira Vianna","url":"https:\/\/wp.ufpel.edu.br\/cafv\/","logo":{"@type":"ImageObject","inLanguage":"pt-BR","@id":"https:\/\/wp.ufpel.edu.br\/cafv\/#\/schema\/logo\/image\/","url":"https:\/\/wp.ufpel.edu.br\/cafv\/files\/2018\/10\/cropped-Logo-CAFV-e1539522538285.png","contentUrl":"https:\/\/wp.ufpel.edu.br\/cafv\/files\/2018\/10\/cropped-Logo-CAFV-e1539522538285.png","width":100,"height":100,"caption":"Centro Acad\u00eamico Ferreira Vianna"},"image":{"@id":"https:\/\/wp.ufpel.edu.br\/cafv\/#\/schema\/logo\/image\/"}}]}},"jetpack_sharing_enabled":true,"_links":{"self":[{"href":"https:\/\/wp.ufpel.edu.br\/cafv\/wp-json\/wp\/v2\/pages\/1028","targetHints":{"allow":["GET"]}}],"collection":[{"href":"https:\/\/wp.ufpel.edu.br\/cafv\/wp-json\/wp\/v2\/pages"}],"about":[{"href":"https:\/\/wp.ufpel.edu.br\/cafv\/wp-json\/wp\/v2\/types\/page"}],"author":[{"embeddable":true,"href":"https:\/\/wp.ufpel.edu.br\/cafv\/wp-json\/wp\/v2\/users\/883"}],"replies":[{"embeddable":true,"href":"https:\/\/wp.ufpel.edu.br\/cafv\/wp-json\/wp\/v2\/comments?post=1028"}],"version-history":[{"count":3,"href":"https:\/\/wp.ufpel.edu.br\/cafv\/wp-json\/wp\/v2\/pages\/1028\/revisions"}],"predecessor-version":[{"id":1050,"href":"https:\/\/wp.ufpel.edu.br\/cafv\/wp-json\/wp\/v2\/pages\/1028\/revisions\/1050"}],"wp:attachment":[{"href":"https:\/\/wp.ufpel.edu.br\/cafv\/wp-json\/wp\/v2\/media?parent=1028"}],"curies":[{"name":"wp","href":"https:\/\/api.w.org\/{rel}","templated":true}]}}