{"id":9,"date":"2013-09-10T09:31:03","date_gmt":"2013-09-10T12:31:03","guid":{"rendered":"https:\/\/wp.ufpel.edu.br\/cadernodeletras\/?page_id=9"},"modified":"2014-06-03T13:47:25","modified_gmt":"2014-06-03T16:47:25","slug":"normas-para-submissao","status":"publish","type":"page","link":"https:\/\/wp.ufpel.edu.br\/cadernodeletras\/normas-para-submissao\/","title":{"rendered":"Normas para submiss\u00e3o"},"content":{"rendered":"<div>\n<p align=\"center\">\u00a0<strong>CADERNO DE LETRAS &#8211; UFPEL<\/strong><\/p>\n<address>\u00a0<\/address>\n<\/div>\n<div>A Caderno de Letras \u00e9 um peri\u00f3dico de acesso p\u00fablico e gratuito, estando seu conte\u00fado dispon\u00edvel sem \u00f4nus para os usu\u00e1rios ou institui\u00e7\u00f5es que acessarem os textos publicados nas suas vers\u00f5es impressa ou eletr\u00f4nica. Os interessados no conte\u00fado da revista podem \u2013 desde que preservada a autoria &#8211; ler, copiar, distribuir, imprimir, pesquisar e\/ou efetuar link para os n\u00fameros de interesse da publica\u00e7\u00e3o sem a necessidade de autoriza\u00e7\u00e3o pr\u00e9via do Editor ou Comiss\u00e3o Editorial. Os autores ficam cientes, desde o in\u00edcio do processo de submiss\u00e3o dos seus textos, da pol\u00edtica de acesso livre e de direitos autorais adotada pelo peri\u00f3dico, declarando que:<\/div>\n<address>\u00a0<\/address>\n<div><\/div>\n<div>1) o(s) autor(es) citados participaram do trabalho e responsabilizam-se publicamente por ele;<\/div>\n<address>\u00a0<\/address>\n<div>2) o trabalho publicado \u00e9 de sua autoria e que assumem integral responsabilidade diante de terceiros, quer de natureza moral ou patrimonial, em raz\u00e3o do seu conte\u00fado, declarando que a obra \u00e9 original e que n\u00e3o infringe quaisquer direitos de propriedade intelectual.<\/div>\n<address>\u00a0<\/address>\n<div><\/div>\n<div>Os artigos submetidos \u00e0 revista ser\u00e3o avaliados anonimamente por pares na modalidade cega, sendo solicitados dois pareceres &#8211; caso haja diverg\u00eancia entre eles, um terceiro parecer ser\u00e1 solicitado para os encaminhamentos finais.\u00a0A resposta aos autores ser\u00e1 dada dentro do prazo da periodicidade da revista (semestralmente), a\u00ed inclusas todas as etapas do processo: submiss\u00e3o, pareceres, solicita\u00e7\u00e3o de ajustes, reprova\u00e7\u00e3o\/publica\u00e7\u00e3o. Caso o material submetido n\u00e3o esteja atendendo a tem\u00e1tica proposta para a edi\u00e7\u00e3o ser\u00e1 solicitado ao(s) autor(es) que reencaminhe(m) o material para outra edi\u00e7\u00e3o. Dentre os crit\u00e9rios de sele\u00e7\u00e3o dos textos submetidos est\u00e3o inclu\u00eddos a contribui\u00e7\u00e3o relevante para os estudos cient\u00edficos na \u00e1rea dos estudos lingu\u00edsticos e liter\u00e1rios ou \u00e1reas afins, evidenciando a inser\u00e7\u00e3o da publica\u00e7\u00e3o em uma proposta interdisciplinar, bem como o atendimento aos aspectos de coes\u00e3o e coer\u00eancia exigidos em uma reda\u00e7\u00e3o acad\u00eamica e a adequa\u00e7\u00e3o metodol\u00f3gica e te\u00f3rica dos objetivos propostos em cada trabalho<\/div>\n<p>A revista Caderno de Letras da Universidade Federal de Pelotas (UFPEL) publica artigos cient\u00edficos, cujas discuss\u00f5es dizem respeito \u00e0s diversas \u00e1reas da Lingu\u00edstica e da Literatura, tanto da l\u00edngua materna quanto de estrangeiras (franc\u00eas, ingl\u00eas, alem\u00e3o e espanhol).<\/p>\n<address>\u00a0<\/address>\n<p align=\"center\"><strong>NORMAS PARA TRABALHOS SUBMETIDOS A ESTE PERI\u00d3DICO<\/strong><\/p>\n<address>\u00a0<\/address>\n<p>1- O trabalho pode ser escrito em portugu\u00eas, ingl\u00eas, franc\u00eas, espanhol e alem\u00e3o.<\/p>\n<p>2-\u00a0O texto deve ser in\u00e9dito e estar em conformidade com as tem\u00e1ticas das chamadas semestrais de Lingu\u00edstica e Literatura.<\/p>\n<p>3- Juntamente ao corpo do e-mail devem constar: t\u00edtulo, autor, institui\u00e7\u00e3o de origem, endere\u00e7o completo e e-mail.<\/p>\n<p>4- O artigo deve conter: t\u00edtulo, dois resumos (at\u00e9 20 linhas) e palavras-chave (de tr\u00eas a cinco) em portugu\u00eas e em l\u00edngua estrangeira (a saber: ingl\u00eas, franc\u00eas, espanhol ou alem\u00e3o).<\/p>\n<p>5- O trabalho deve ter no m\u00ednimo 12 p\u00e1ginas e no m\u00e1ximo 25 p\u00e1ginas (incluindo refer\u00eancias, notas e quadros), em fonte Times New Roman, tamanho 12 (cita\u00e7\u00f5es longas, com recuo de 4 cm e em tamanho 11).<\/p>\n<p>6- As notas devem vir em rodap\u00e9 e as refer\u00eancias seguem as normas da ABNT (sobrenome em letras mai\u00fasculas e t\u00edtulos em it\u00e1lico).<\/p>\n<p>7- Dar-se-\u00e1 prefer\u00eancia a publica\u00e7\u00f5es que apresentam resultados de pesquisas com contribui\u00e7\u00f5es novas \u00e0s \u00e1reas de Lingu\u00edstica e Literatura (em l\u00edngua materna e estrangeira).<\/p>\n","protected":false},"excerpt":{"rendered":"<p>\u00a0CADERNO DE LETRAS &#8211; UFPEL \u00a0 A Caderno de Letras \u00e9 um peri\u00f3dico de acesso p\u00fablico e gratuito, estando seu conte\u00fado dispon\u00edvel sem \u00f4nus para os usu\u00e1rios ou institui\u00e7\u00f5es que acessarem os textos publicados nas suas vers\u00f5es impressa ou eletr\u00f4nica. Os interessados no conte\u00fado da revista podem \u2013 desde que preservada a autoria &#8211; ler, &hellip; <\/p>\n<p><a class=\"more-link btn\" href=\"https:\/\/wp.ufpel.edu.br\/cadernodeletras\/normas-para-submissao\/\">Continue lendo<\/a><\/p>\n","protected":false},"author":310,"featured_media":0,"parent":0,"menu_order":0,"comment_status":"closed","ping_status":"closed","template":"","meta":{"footnotes":""},"class_list":["post-9","page","type-page","status-publish","hentry","nodate","item-wrap"],"_links":{"self":[{"href":"https:\/\/wp.ufpel.edu.br\/cadernodeletras\/wp-json\/wp\/v2\/pages\/9","targetHints":{"allow":["GET"]}}],"collection":[{"href":"https:\/\/wp.ufpel.edu.br\/cadernodeletras\/wp-json\/wp\/v2\/pages"}],"about":[{"href":"https:\/\/wp.ufpel.edu.br\/cadernodeletras\/wp-json\/wp\/v2\/types\/page"}],"author":[{"embeddable":true,"href":"https:\/\/wp.ufpel.edu.br\/cadernodeletras\/wp-json\/wp\/v2\/users\/310"}],"replies":[{"embeddable":true,"href":"https:\/\/wp.ufpel.edu.br\/cadernodeletras\/wp-json\/wp\/v2\/comments?post=9"}],"version-history":[{"count":13,"href":"https:\/\/wp.ufpel.edu.br\/cadernodeletras\/wp-json\/wp\/v2\/pages\/9\/revisions"}],"predecessor-version":[{"id":264,"href":"https:\/\/wp.ufpel.edu.br\/cadernodeletras\/wp-json\/wp\/v2\/pages\/9\/revisions\/264"}],"wp:attachment":[{"href":"https:\/\/wp.ufpel.edu.br\/cadernodeletras\/wp-json\/wp\/v2\/media?parent=9"}],"curies":[{"name":"wp","href":"https:\/\/api.w.org\/{rel}","templated":true}]}}