{"id":7,"date":"2013-09-10T09:29:19","date_gmt":"2013-09-10T12:29:19","guid":{"rendered":"https:\/\/wp.ufpel.edu.br\/cadernodeletras\/?page_id=7"},"modified":"2015-08-18T17:20:57","modified_gmt":"2015-08-18T20:20:57","slug":"expediente","status":"publish","type":"page","link":"https:\/\/wp.ufpel.edu.br\/cadernodeletras\/expediente\/","title":{"rendered":"Expediente"},"content":{"rendered":"<h4 style=\"text-align: center\"><strong>Revista do Centro de Letras e Comunica\u00e7\u00e3o da Universidade Federal de Pelotas<\/strong><\/h4>\n<h4 style=\"text-align: center\"><strong>ISSN 0102-9576 (impressa) | ISSN 2358-1409 (online)<\/strong><\/h4>\n<p>&nbsp;<\/p>\n<p><strong>Comiss\u00e3o Editorial:<\/strong><\/p>\n<p>Cl\u00e1udia Lorena Vouto da Fonseca (<a href=\"http:\/\/lattes.cnpq.br\/7009414478179425\" target=\"_blank\">Curr\u00edculo Lattes<\/a>)<\/p>\n<p>Helano Jader Cavalcante Ribeiro (<a href=\"http:\/\/lattes.cnpq.br\/1446597388661121\" target=\"_blank\"><em>Curr\u00edculo Lattes<\/em><\/a>)<\/p>\n<p>Juliana Steil (<em><a href=\"http:\/\/lattes.cnpq.br\/5586916987453183\" target=\"_blank\">Curr\u00edculo Lattes<\/a><\/em>)<\/p>\n<p>&nbsp;<\/p>\n<p><strong>Conselho Editorial:<\/strong><\/p>\n<div>Alckmar Luiz dos Santos (UFSC) &#8211; <em>(Curr\u00edculo Lattes)<\/em><\/div>\n<div>Alfeu Sparemberger (UFPel<em>) &#8211; <a href=\"http:\/\/buscatextual.cnpq.br\/buscatextual\/visualizacv.do?metodo=apresentar&amp;id=K4786597J1\" target=\"_blank\"><em>(Curr\u00edculo Lattes)<\/em><\/a><br \/>\n<\/em><\/div>\n<div>Aline Coelho da Silva (UFPel) &#8211;<a href=\"http:\/\/buscatextual.cnpq.br\/buscatextual\/visualizacv.do?metodo=apresentar&amp;id=K4765334E8\" target=\"_blank\"> <em>(Curr\u00edculo Lattes)<\/em><\/a><br \/>\nAna Maria Stahl Zilles (Unisinos) &#8211; <em>(Curr\u00edculo Lattes)<\/em><br \/>\nAna Paula Teixeira Porto (URI\/FW) &#8211; <em>(Curr\u00edculo Lattes)<\/em><br \/>\nAndr\u00e9 Luis Gomes (UNB) &#8211; <em>(Curr\u00edculo Lattes)<\/em><br \/>\nArtur Em\u00edlio Alarcon Vaz (FURG) &#8211; <em>(Curr\u00edculo Lattes)<\/em><br \/>\nAulus Mandagar\u00e1 Martins (UFPel) &#8211;<a href=\"http:\/\/buscatextual.cnpq.br\/buscatextual\/visualizacv.do?metodo=apresentar&amp;id=K4721111J8\" target=\"_blank\"> <em>(Curr\u00edculo Lattes)<\/em><\/a><\/div>\n<div>Beatriz Vi\u00e9gas-Faria (UFPel) &#8211; <a href=\"http:\/\/buscatextual.cnpq.br\/buscatextual\/visualizacv.do?metodo=apresentar&amp;id=K4706069Z4\" target=\"_blank\"><em>(Curr\u00edculo Lattes)<\/em><\/a><\/div>\n<div>C\u00e9lia Maria Magalh\u00e3es (UFMG) &#8211; <em>(Curr\u00edculo Lattes)<\/em><\/div>\n<div>Cristiane Fuzer (UFSM) &#8211; <em>(Curr\u00edculo Lattes)<\/em><\/div>\n<div>Cleci Regina Bevilacqua (UFRGS) &#8211; <em>(Curr\u00edculo Lattes)<\/em><br \/>\nCleide In\u00eas Wittke (UFPel) &#8211; <a href=\"http:\/\/buscatextual.cnpq.br\/buscatextual\/visualizacv.do?metodo=apresentar&amp;id=K4737536T6\" target=\"_blank\"><em>(Curr\u00edculo Lattes)<\/em><\/a><\/div>\n<div>Danielle Gallindo Gon\u00e7alves Silva (UFPel) &#8211; <a href=\"http:\/\/buscatextual.cnpq.br\/buscatextual\/visualizacv.do?metodo=apresentar&amp;id=K4753800Z5\" target=\"_blank\"><em>(Curr\u00edculo Lattes)<\/em><\/a><br \/>\nElena Palmero (UFRJ) &#8211; <em>(Curr\u00edculo Lattes)<\/em><br \/>\nEvelyne Dogliani (UFMG) &#8211; <em>(Curr\u00edculo Lattes)<\/em><br \/>\nGilvan M\u00fcller de Oliveira (UFSC) &#8211; <em>(Curr\u00edculo Lattes)<\/em><\/div>\n<div>Giovana Ferreira Gon\u00e7alves (UFPel) &#8211; <a href=\"http:\/\/buscatextual.cnpq.br\/buscatextual\/visualizacv.do?metodo=apresentar&amp;id=K4706067J6\" target=\"_blank\"><em>(Curr\u00edculo Lattes)<\/em><\/a><br \/>\nIsabella Mozzillo (UFPel) &#8211; <a href=\"http:\/\/buscatextual.cnpq.br\/buscatextual\/visualizacv.do?metodo=apresentar&amp;id=K4760571H3\" target=\"_blank\"><em>(Curr\u00edculo Lattes)<\/em><\/a><br \/>\nJo\u00e3o Manuel dos Santos Cunha (UFPel) &#8211; <a href=\"http:\/\/buscatextual.cnpq.br\/buscatextual\/visualizacv.do?metodo=apresentar&amp;id=K4798615E1\" target=\"_blank\"><em>(Curr\u00edculo Lattes)<\/em><\/a><br \/>\nJo\u00e3o Luis Pereira Ourique (UFPel) &#8211; <a href=\"http:\/\/buscatextual.cnpq.br\/buscatextual\/visualizacv.do?metodo=apresentar&amp;id=K4777519E8\" target=\"_blank\"><em>(Curr\u00edculo Lattes)<\/em><\/a><br \/>\nJorge Campos (PUC-RS) &#8211; <em>(Curr\u00edculo Lattes)<\/em><br \/>\nLet\u00edcia Fonseca Richthofen de Freitas (UFPel) &#8211; <a href=\"http:\/\/buscatextual.cnpq.br\/buscatextual\/visualizacv.do?metodo=apresentar&amp;id=K4707928E6\" target=\"_blank\"><em>(Curr\u00edculo Lattes)<\/em><\/a><br \/>\nLizandro Carlos Calegari (URI\/FW) &#8211; <em>(Curr\u00edculo Lattes)<\/em><br \/>\nLuana Teixeira Porto (URI\/FW) &#8211; <em>(Curr\u00edculo Lattes)<\/em><br \/>\nLuis Ernesto Behares (Universidad de la Rep\u00fablica, Montevideo \/ Uruguay) &#8211; <em>(Curr\u00edculo Lattes)<\/em><br \/>\nLuis Centeno do Amaral (UFPel) &#8211; <a href=\"http:\/\/buscatextual.cnpq.br\/buscatextual\/visualizacv.do?metodo=apresentar&amp;id=K4766990T9\" target=\"_blank\"><em>(Curr\u00edculo Lattes)<\/em><\/a><\/div>\n<div>Luiz Barros Montez (UFRJ) &#8211; <em>(Curr\u00edculo Lattes)<\/em><\/div>\n<div>Marcelo M\u00f3dolo (USP) &#8211; <em>(Curr\u00edculo Lattes)<\/em><br \/>\nMarcia Ivana de Lima e Silva (UFRGS) &#8211; <em>(Curr\u00edculo Lattes)<\/em><\/div>\n<div>Marisa Helena Degasperi (UFPel) &#8211; <a href=\"http:\/\/buscatextual.cnpq.br\/buscatextual\/visualizacv.do?metodo=apresentar&amp;id=K4162269P6\" target=\"_blank\"><em>(Curr\u00edculo Lattes)<\/em><\/a><\/div>\n<div>Maristela Machado (UFPel) &#8211; <a href=\"http:\/\/buscatextual.cnpq.br\/buscatextual\/visualizacv.do?metodo=apresentar&amp;id=K4786394A6\" target=\"_blank\"><em>(Curr\u00edculo Lattes)<\/em><\/a><br \/>\nPaulo Coimbra Guedes (UFRGS) &#8211; <em>(Curr\u00edculo Lattes)<\/em><br \/>\nPaulo Ricardo Silveira Borges (UFPel) &#8211; <a href=\"http:\/\/buscatextual.cnpq.br\/buscatextual\/visualizacv.do?metodo=apresentar&amp;id=K4797084A9\" target=\"_blank\"><em>(Curr\u00edculo Lattes)<\/em><\/a><\/div>\n<div>Rafael Vetromille-Castro (UFPel) &#8211; <a href=\"http:\/\/buscatextual.cnpq.br\/buscatextual\/visualizacv.do?metodo=apresentar&amp;id=K4707318U8\" target=\"_blank\"><em>(Curr\u00edculo Lattes)<\/em><\/a><\/div>\n<div>Renata Azevedo Requi\u00e3o (UFPel) &#8211; <em>(Curr\u00edculo Lattes)<\/em><br \/>\nRoberta Rego Rodrigues (UFPel) &#8211;<a href=\"http:\/\/buscatextual.cnpq.br\/buscatextual\/visualizacv.do?metodo=apresentar&amp;id=K4777766A2\" target=\"_blank\"> <em>(Curr\u00edculo Lattes)<\/em><\/a><\/div>\n<div>Rita Terezinha Schmidt (UFRGS) &#8211; <em>(Curr\u00edculo Lattes)<\/em><br \/>\nRos\u00e2ngela Hammes Rodrigues (UFSC) &#8211; <em>(Curr\u00edculo Lattes)<\/em><br \/>\nRosani \u00darsula Ketzer Umbach (UFSM) &#8211; <em>(Curr\u00edculo Lattes)<\/em><br \/>\nRosely Perez Xavier (UFSC) &#8211; <em>(Curr\u00edculo Lattes)<\/em><\/div>\n<div>Sergio Romanelli (UFSC) &#8211; <em>(Curr\u00edculo Lattes)<\/em><br \/>\nSilvia Costa Kurtz dos Santos (UFPel) &#8211; <a href=\"http:\/\/buscatextual.cnpq.br\/buscatextual\/visualizacv.do?metodo=apresentar&amp;id=K4781485J0\" target=\"_blank\"><em>(Curr\u00edculo Lattes)<\/em><\/a><br \/>\nTerezinha Kuhn Junkes (UFSC) &#8211; <em>(Curr\u00edculo Lattes)<\/em><\/div>\n<div>Uruguay Cortazzo (UFPel) &#8211;<a href=\"http:\/\/buscatextual.cnpq.br\/buscatextual\/visualizacv.do?metodo=apresentar&amp;id=K4751605T2\" target=\"_blank\"> <em>(Curr\u00edculo Lattes)<\/em><\/a><\/div>\n<div>Valeska Virg\u00ednia Soares Souza (UFU) &#8211; <em>(Curr\u00edculo Lattes)<\/em><\/div>\n<div>Walter Carlos Costa (UFSC) &#8211; <em>(Curr\u00edculo Lattes)<\/em><\/div>\n","protected":false},"excerpt":{"rendered":"<p>Revista do Centro de Letras e Comunica\u00e7\u00e3o da Universidade Federal de Pelotas ISSN 0102-9576 (impressa) | ISSN 2358-1409 (online) &nbsp; Comiss\u00e3o Editorial: Cl\u00e1udia Lorena Vouto da Fonseca (Curr\u00edculo Lattes) Helano Jader Cavalcante Ribeiro (Curr\u00edculo Lattes) Juliana Steil (Curr\u00edculo Lattes) &nbsp; Conselho Editorial: Alckmar Luiz dos Santos (UFSC) &#8211; (Curr\u00edculo Lattes) Alfeu Sparemberger (UFPel) &#8211; (Curr\u00edculo &hellip; <\/p>\n<p><a class=\"more-link btn\" href=\"https:\/\/wp.ufpel.edu.br\/cadernodeletras\/expediente\/\">Continue lendo<\/a><\/p>\n","protected":false},"author":310,"featured_media":0,"parent":0,"menu_order":0,"comment_status":"closed","ping_status":"closed","template":"","meta":{"footnotes":""},"class_list":["post-7","page","type-page","status-publish","hentry","nodate","item-wrap"],"_links":{"self":[{"href":"https:\/\/wp.ufpel.edu.br\/cadernodeletras\/wp-json\/wp\/v2\/pages\/7","targetHints":{"allow":["GET"]}}],"collection":[{"href":"https:\/\/wp.ufpel.edu.br\/cadernodeletras\/wp-json\/wp\/v2\/pages"}],"about":[{"href":"https:\/\/wp.ufpel.edu.br\/cadernodeletras\/wp-json\/wp\/v2\/types\/page"}],"author":[{"embeddable":true,"href":"https:\/\/wp.ufpel.edu.br\/cadernodeletras\/wp-json\/wp\/v2\/users\/310"}],"replies":[{"embeddable":true,"href":"https:\/\/wp.ufpel.edu.br\/cadernodeletras\/wp-json\/wp\/v2\/comments?post=7"}],"version-history":[{"count":48,"href":"https:\/\/wp.ufpel.edu.br\/cadernodeletras\/wp-json\/wp\/v2\/pages\/7\/revisions"}],"predecessor-version":[{"id":418,"href":"https:\/\/wp.ufpel.edu.br\/cadernodeletras\/wp-json\/wp\/v2\/pages\/7\/revisions\/418"}],"wp:attachment":[{"href":"https:\/\/wp.ufpel.edu.br\/cadernodeletras\/wp-json\/wp\/v2\/media?parent=7"}],"curies":[{"name":"wp","href":"https:\/\/api.w.org\/{rel}","templated":true}]}}