{"id":204,"date":"2014-04-13T14:35:59","date_gmt":"2014-04-13T17:35:59","guid":{"rendered":"https:\/\/wp.ufpel.edu.br\/cadernodeletras\/?page_id=204"},"modified":"2014-05-20T09:24:27","modified_gmt":"2014-05-20T12:24:27","slug":"colaboradores","status":"publish","type":"page","link":"https:\/\/wp.ufpel.edu.br\/cadernodeletras\/colaboradores\/","title":{"rendered":"Colaboradores"},"content":{"rendered":"<h4><strong>Revista do Centro de Letras e Comunica\u00e7\u00e3o da Universidade Federal de Pelotas &#8211; ISSN 0102-9576<\/strong><\/h4>\n<p>&nbsp;<\/p>\n<p>Adriana S. Pagano<\/p>\n<p>Aglae Gastal Giovio Irigoyen<\/p>\n<p>Alessandra Baldo<\/p>\n<p>Aliny Sousa Mendes<\/p>\n<p>Ana Ruth Moresco Miranda<\/p>\n<p>Ana Thereza Basilio Vieira<\/p>\n<p>Andr\u00e9 Luis Mitidieri<\/p>\n<p>Andr\u00e9 Luiz Gaspari Madureira<\/p>\n<p>Andr\u00e9a Cesco<\/p>\n<p>Angela B. Kleiman<\/p>\n<p>Anne Marie Moor<\/p>\n<p>Antonio Hohlfeldt<\/p>\n<p>Ariane de Escobar Rossi<\/p>\n<p>Carin Cassia de Louro Freitas<\/p>\n<p>Carla Callegaro Corr\u00eaa Kader<\/p>\n<p>Carla L. Reichmann<\/p>\n<p>Carmen L\u00facia Matzenaurr Hernandorena<\/p>\n<p>Celdon Fritzen<\/p>\n<p>C\u00edntia da Costa Alc\u00e2ntara<\/p>\n<p>Cleci Regina Bevilacqua<\/p>\n<p>Cleide In\u00eas Wittke<\/p>\n<p>Cristiane Fuzer<\/p>\n<p>Daniel Andrioli Rasch<\/p>\n<p>Daniela de Freitas Ledur<\/p>\n<p>Daniele Blos<\/p>\n<p>Daniele Gallindo Gon\u00e7alves Silva<\/p>\n<p>Danilo Lopes Brito<\/p>\n<p>David William Foster<\/p>\n<p>D\u00e9sir\u00e9e Motta-Roth<\/p>\n<p>Diego Braga<\/p>\n<p>Edith Barreto<\/p>\n<p>Edleide Santos Menezes<\/p>\n<p>Elenice Maria Larroza Andersen<\/p>\n<p>Eliane Santos Raupp<\/p>\n<p>Elisa Costa Brand\u00e3o de Carvalho<\/p>\n<p>Elisa Cristina Lopes<\/p>\n<p>Elisa Gruppioni<\/p>\n<p>Elizamari R. Becker<\/p>\n<p>Elton Vergara Nunes<\/p>\n<p>Fabiano Bruno Gon\u00e7alves<\/p>\n<p>Fernanda Pizarro de Magalh\u00e3es<\/p>\n<p>Fl\u00e1via Mara de Macedo<\/p>\n<p>Gabriela Jardim da Silva<\/p>\n<p>Giacomo P. Figueredo<\/p>\n<p>Gilserina de Alcino Rangel<\/p>\n<p>Gladir da Silva Cabral<\/p>\n<p>Guido Gilberto Fernandes<\/p>\n<p>Henriete Karam<\/p>\n<p>Isabella Mozzillo de Moura<\/p>\n<p>Jaqueline Bohn Donada<\/p>\n<p>Jean-Paul Bronckart<\/p>\n<p>Jo\u00e3o Luis Pereira Ourique<\/p>\n<p>Jo\u00e3o Manuel dos Santos Cunha<\/p>\n<p>Jos\u00e9 \u00c9dil De Lima Alves<\/p>\n<p>Joselaine Brondani Medeiros<\/p>\n<p>Juliana Braga Mesquita<\/p>\n<p>Karol Souza Garcia<\/p>\n<p>K\u00edcila Ferreguetti<\/p>\n<p>L\u00edgia Maria Fonseca Blank<\/p>\n<p>Lourdes Maria Bragagnolo Frison<\/p>\n<p>Lucas Vieira de Ara\u00fajo<\/p>\n<p>Lu\u00eds Amaral<\/p>\n<p>Luiz Barros Montez<\/p>\n<p>Mara L\u00facia Barbosa da Silva<\/p>\n<p>Marcos C\u00e9sar de Paula Soares<\/p>\n<p>Maria Am\u00e9lia Lozano Dias<\/p>\n<p>Maria Beatriz Mecking Caringi<\/p>\n<p>Maria Laura Maciel Alves<\/p>\n<p>Marina de Oliveira<\/p>\n<p>M\u00e1rio Os\u00f3rio Magalh\u00e3es<\/p>\n<p>Marisa Helena Degasperi<\/p>\n<p>Maristela Gon\u00e7alves Sousa Machado<\/p>\n<p>Marlene Durigan<\/p>\n<p>Mary Neiva Surdi da Luz<\/p>\n<p>Maur\u00edcio Silva<\/p>\n<p>Michele Salles El Kadri<\/p>\n<p>Noemia Echenique de Rego Magalh\u00e3es<\/p>\n<p>Noemia Echenique Magalh\u00e3es<\/p>\n<p>Patr\u00edcia Chittoni Ramos Reuillard<\/p>\n<p>Paula Branco de Araujo Brauner<\/p>\n<p>Paula Cogno Lermen<\/p>\n<p>Paulo C\u00e9sar Silva de Oliveira<\/p>\n<p>Paulo Ricardo Silveira Borges<\/p>\n<p>Pedro Luiz Brum Fickel<\/p>\n<p>Rafael Dias Ferreira<\/p>\n<p>Rafael Munhoz<\/p>\n<p>Rebeca Schumacher Eder Fu\u00e3o<\/p>\n<p>Regina Zilberman<\/p>\n<p>Rejane Flor Machado<\/p>\n<p>Renata Baum Ortiz<\/p>\n<p>Roberta Rego Rodrigues<\/p>\n<p>Roberto Arruda de Oliveira<\/p>\n<p>Ros\u00e2ngela Hammes Rodrigues<\/p>\n<p>Rosely Perez Xavier<\/p>\n<p>S\u00edlvia Costa Kurtz dos Santos<\/p>\n<p>Solange Mittmann<\/p>\n<p>Suzana Vasconcelos de Melo<\/p>\n<p>T\u00e2nia Liparini<\/p>\n<p>Telma Gimenez<\/p>\n<p>Valburga Huber<\/p>\n<p>Val\u00e9ria Sabrina Pereira<\/p>\n<p>Victorino Piccinini<\/p>\n<p>Vinicius Cesar Dreger de Ara\u00fajo<\/p>\n<p>Wagner Corsino Ernedino<\/p>\n<p>Wagner Rodrigues Silva<\/p>\n<p>Wania Branco de Araujo Brauner<\/p>\n<p>&nbsp;<\/p>\n","protected":false},"excerpt":{"rendered":"<p>Revista do Centro de Letras e Comunica\u00e7\u00e3o da Universidade Federal de Pelotas &#8211; ISSN 0102-9576 &nbsp; Adriana S. Pagano Aglae Gastal Giovio Irigoyen Alessandra Baldo Aliny Sousa Mendes Ana Ruth Moresco Miranda Ana Thereza Basilio Vieira Andr\u00e9 Luis Mitidieri Andr\u00e9 Luiz Gaspari Madureira Andr\u00e9a Cesco Angela B. Kleiman Anne Marie Moor Antonio Hohlfeldt Ariane de &hellip; <\/p>\n<p><a class=\"more-link btn\" href=\"https:\/\/wp.ufpel.edu.br\/cadernodeletras\/colaboradores\/\">Continue lendo<\/a><\/p>\n","protected":false},"author":310,"featured_media":0,"parent":0,"menu_order":0,"comment_status":"closed","ping_status":"closed","template":"","meta":{"footnotes":""},"class_list":["post-204","page","type-page","status-publish","hentry","nodate","item-wrap"],"_links":{"self":[{"href":"https:\/\/wp.ufpel.edu.br\/cadernodeletras\/wp-json\/wp\/v2\/pages\/204","targetHints":{"allow":["GET"]}}],"collection":[{"href":"https:\/\/wp.ufpel.edu.br\/cadernodeletras\/wp-json\/wp\/v2\/pages"}],"about":[{"href":"https:\/\/wp.ufpel.edu.br\/cadernodeletras\/wp-json\/wp\/v2\/types\/page"}],"author":[{"embeddable":true,"href":"https:\/\/wp.ufpel.edu.br\/cadernodeletras\/wp-json\/wp\/v2\/users\/310"}],"replies":[{"embeddable":true,"href":"https:\/\/wp.ufpel.edu.br\/cadernodeletras\/wp-json\/wp\/v2\/comments?post=204"}],"version-history":[{"count":7,"href":"https:\/\/wp.ufpel.edu.br\/cadernodeletras\/wp-json\/wp\/v2\/pages\/204\/revisions"}],"predecessor-version":[{"id":249,"href":"https:\/\/wp.ufpel.edu.br\/cadernodeletras\/wp-json\/wp\/v2\/pages\/204\/revisions\/249"}],"wp:attachment":[{"href":"https:\/\/wp.ufpel.edu.br\/cadernodeletras\/wp-json\/wp\/v2\/media?parent=204"}],"curies":[{"name":"wp","href":"https:\/\/api.w.org\/{rel}","templated":true}]}}