{"id":139,"date":"2014-02-17T16:37:31","date_gmt":"2014-02-17T19:37:31","guid":{"rendered":"https:\/\/wp.ufpel.edu.br\/cadernodeletras\/?page_id=139"},"modified":"2014-05-20T09:18:18","modified_gmt":"2014-05-20T12:18:18","slug":"presentation","status":"publish","type":"page","link":"https:\/\/wp.ufpel.edu.br\/cadernodeletras\/presentation\/","title":{"rendered":"PR\u00c9SENTATION"},"content":{"rendered":"<p align=\"center\"><b>CADERNO DE LETRAS &#8211; PR\u00c9SENTATION<\/b><\/p>\n<p>&nbsp;<\/p>\n<p>La revue scientifique <b><i>Caderno de Letras<\/i><\/b>\u00a0 est parue en 1982, gr\u00e2ce aux efforts des enseignants et des chercheurs faisant partie du <i>Departamento de Letras<\/i> de l\u2019<i>Instituto de Letras e Artes<\/i> de l\u2019<i>Universidade Federal de Pelotas<\/i> avant m\u00eame la cr\u00e9ation du Cours de Lettres en 1984. L&#8217;importance d&#8217;une publication ayant pour but l&#8217;\u00e9change d&#8217;exp\u00e9riences et le d\u00e9bat acad\u00e9mique entre les chercheurs de l\u2019<i>Universidade Federal de Pelotas <\/i>et des institutions nationales et internationales a guid\u00e9 les \u00e9ditions du <b><i>Caderno de Letras<\/i><\/b> pour le consolider comme un jalon important au cours des ann\u00e9es.<\/p>\n<p>Pour que cette publication continue jusqu\u2019\u00e0 pr\u00e9sent, l&#8217;effort requis du comit\u00e9 \u00e9ditorial, du comit\u00e9 de lecture, des auteurs, des relecteurs, des diagrammeurs et des \u00e9diteurs a \u00e9t\u00e9 immense, en particulier en ce qui concerne la mise \u00e0 jour constante selon les crit\u00e8res d&#8217;\u00e9valuation en vigueur dans chaque p\u00e9riode. En ce sens, l&#8217;image de la couverture a trait \u00e0 cette id\u00e9e d&#8217;ouverture au d\u00e9bat et de renouvellement : la peinture de Paul Klee<i>, Livre ouvert<\/i>, de 1930. Cette vision pr\u00e9voit toujours le dialogue propos\u00e9 par la revue, dont la politique \u00e9ditoriale est de devenir un v\u00e9hicule pour la diversit\u00e9 des recherches et des discussions dans le domaine des \u00e9tudes linguistiques et litt\u00e9raires.<\/p>\n<p>Il faut signaler que le <b><i>Caderno de Letras<\/i><\/b>\u00a0 a \u00e9t\u00e9 consolid\u00e9e comme une publication annuelle depuis 2003 et qu\u2019\u00e0 partir de la moiti\u00e9 de l&#8217;ann\u00e9e 2012 sa p\u00e9riodicit\u00e9 est devenue s\u00e9mestrielle ayant une \u00e9dition consacr\u00e9e aux \u00e9tudes linguistiques (premier semestre) et une autre aux \u00e9tudes litt\u00e9raires (second semestre). Pour chaque num\u00e9ro un appel \u00e0 publication est effectu\u00e9 et divulgu\u00e9 sur la page Internet de la revue (<a href=\"http:\/\/cadernodeletras.ufpel.edu.br\/\"><i>cadernodeletras.ufpel.edu.br<\/i><\/a>), dans les r\u00e9seaux sociaux, sur les sites des institutions et dans des \u00e9v\u00e9nements li\u00e9s aux questions \u00e0 l&#8217;\u00e9tude. Depuis 2014 la revue a aussi une version \u00e9lectronique o\u00f9 tous les num\u00e9ros d\u00e9j\u00e0 publi\u00e9s sont disponibles pour consultation.<\/p>\n<p>Outre les appels th\u00e9matiques sp\u00e9cifiques, la revue est toujours disponible pour recevoir des articles susceptibles d&#8217;int\u00e9grer les futures \u00e9ditions ou num\u00e9ros sp\u00e9ciaux et ouvre des canaux de communication pour r\u00e9pondre \u00e0 des questions et pour faire contact avec les contributeurs et les relecteurs.<\/p>\n<p>Actuellement, le <b><i>Caderno de Letras<\/i><\/b>\u00a0 est une revue scientifique publi\u00e9e par le <i>Centro de Letras e Comunica\u00e7\u00e3o<\/i> de l\u2019<i>Universidade Federal de Pelotas.<\/i><\/p>\n<p>&nbsp;<\/p>\n<p align=\"right\">Jo\u00e3o Luis Pereira Ourique \u2013 \u00c9diteur<\/p>\n<p style=\"text-align: left\" align=\"right\">Traduction &#8211; Isabella Mozzillo<\/p>\n","protected":false},"excerpt":{"rendered":"<p>CADERNO DE LETRAS &#8211; PR\u00c9SENTATION &nbsp; La revue scientifique Caderno de Letras\u00a0 est parue en 1982, gr\u00e2ce aux efforts des enseignants et des chercheurs faisant partie du Departamento de Letras de l\u2019Instituto de Letras e Artes de l\u2019Universidade Federal de Pelotas avant m\u00eame la cr\u00e9ation du Cours de Lettres en 1984. L&#8217;importance d&#8217;une publication ayant &hellip; <\/p>\n<p><a class=\"more-link btn\" href=\"https:\/\/wp.ufpel.edu.br\/cadernodeletras\/presentation\/\">Continue lendo<\/a><\/p>\n","protected":false},"author":310,"featured_media":0,"parent":0,"menu_order":0,"comment_status":"closed","ping_status":"closed","template":"","meta":{"footnotes":""},"class_list":["post-139","page","type-page","status-publish","hentry","nodate","item-wrap"],"_links":{"self":[{"href":"https:\/\/wp.ufpel.edu.br\/cadernodeletras\/wp-json\/wp\/v2\/pages\/139","targetHints":{"allow":["GET"]}}],"collection":[{"href":"https:\/\/wp.ufpel.edu.br\/cadernodeletras\/wp-json\/wp\/v2\/pages"}],"about":[{"href":"https:\/\/wp.ufpel.edu.br\/cadernodeletras\/wp-json\/wp\/v2\/types\/page"}],"author":[{"embeddable":true,"href":"https:\/\/wp.ufpel.edu.br\/cadernodeletras\/wp-json\/wp\/v2\/users\/310"}],"replies":[{"embeddable":true,"href":"https:\/\/wp.ufpel.edu.br\/cadernodeletras\/wp-json\/wp\/v2\/comments?post=139"}],"version-history":[{"count":2,"href":"https:\/\/wp.ufpel.edu.br\/cadernodeletras\/wp-json\/wp\/v2\/pages\/139\/revisions"}],"predecessor-version":[{"id":245,"href":"https:\/\/wp.ufpel.edu.br\/cadernodeletras\/wp-json\/wp\/v2\/pages\/139\/revisions\/245"}],"wp:attachment":[{"href":"https:\/\/wp.ufpel.edu.br\/cadernodeletras\/wp-json\/wp\/v2\/media?parent=139"}],"curies":[{"name":"wp","href":"https:\/\/api.w.org\/{rel}","templated":true}]}}