{"id":6400,"date":"2026-08-14T08:50:39","date_gmt":"2026-08-14T11:50:39","guid":{"rendered":"https:\/\/wp.ufpel.edu.br\/ca\/?post_type=rea_do_servidor&#038;p=6400"},"modified":"2026-08-20T11:31:07","modified_gmt":"2026-08-20T14:31:07","slug":"afastamentos-a-servico","status":"publish","type":"rea_do_servidor","link":"https:\/\/wp.ufpel.edu.br\/ca\/rea_do_servidor\/afastamentos-a-servico\/","title":{"rendered":"Afastamentos \u00e0 Servi\u00e7o"},"content":{"rendered":"<div id=\"pl-6400\"  class=\"panel-layout\" ><div id=\"pg-6400-0\"  class=\"panel-grid panel-no-style\" ><div id=\"pgc-6400-0-0\"  class=\"panel-grid-cell\" ><div id=\"panel-6400-0-0-0\" class=\"so-panel widget widget_siteorigin-panels-postloop panel-first-child panel-last-child\" data-index=\"0\" >\n\t<div id=\"vantage-grid-loop\" class=\"vantage-grid-loop grid-loop-columns-3\">\n\t\t\t\t\t<article class=\"grid-post post-5171 rea_do_servidor type-rea_do_servidor status-publish has-post-thumbnail hentry area-do-servidor-30-afastamentos-a-servico post post-with-thumbnail post-with-thumbnail-large\">\n\n\t\t\t\t\t\t\t\t\t<a class=\"grid-thumbnail\" href=\"https:\/\/wp.ufpel.edu.br\/ca\/rea_do_servidor\/afastamento-a-servico-no-pais\/\">\n\t\t\t\t\t\t<img loading=\"lazy\" decoding=\"async\" width=\"436\" height=\"272\" src=\"https:\/\/wp.ufpel.edu.br\/ca\/files\/2024\/11\/area-do-servidor-Afastamento-no-Pais-436x272.png\" class=\"attachment-vantage-grid-loop size-vantage-grid-loop wp-post-image\" alt=\"\" data-attachment-id=\"5172\" data-permalink=\"https:\/\/wp.ufpel.edu.br\/ca\/rea_do_servidor\/afastamento-a-servico-no-pais\/area-do-servidor-afastamento-no-pais\/#main\" data-orig-file=\"https:\/\/wp.ufpel.edu.br\/ca\/files\/2024\/11\/area-do-servidor-Afastamento-no-Pais.png\" data-orig-size=\"1920,1080\" data-comments-opened=\"0\" data-image-meta=\"{&quot;aperture&quot;:&quot;0&quot;,&quot;credit&quot;:&quot;&quot;,&quot;camera&quot;:&quot;&quot;,&quot;caption&quot;:&quot;&quot;,&quot;created_timestamp&quot;:&quot;0&quot;,&quot;copyright&quot;:&quot;&quot;,&quot;focal_length&quot;:&quot;0&quot;,&quot;iso&quot;:&quot;0&quot;,&quot;shutter_speed&quot;:&quot;0&quot;,&quot;title&quot;:&quot;&quot;,&quot;orientation&quot;:&quot;0&quot;}\" data-image-title=\"\u00e1rea-do-servidor-Afastamento-no-Pa\u00eds\" data-image-description=\"\" data-image-caption=\"\" data-large-file=\"https:\/\/wp.ufpel.edu.br\/ca\/files\/2024\/11\/area-do-servidor-Afastamento-no-Pais-1024x576.png\" \/>\t\t\t\t\t<\/a>\n\t\t\t\t\n\t\t\t\t<h3><a href=\"https:\/\/wp.ufpel.edu.br\/ca\/rea_do_servidor\/afastamento-a-servico-no-pais\/\">Afastamento \u00e0 servi\u00e7o NO PA\u00cdS<\/a><\/h3>\n\t\t\t\t<div class=\"excerpt\"><p> [&hellip;]<\/p>\n<\/div>\n\t\t\t\t\t\t\t\t\t\t\t<\/article>\n\t\t\t\t\t\t<article class=\"grid-post post-5157 rea_do_servidor type-rea_do_servidor status-publish has-post-thumbnail hentry area-do-servidor-30-afastamentos-a-servico post post-with-thumbnail post-with-thumbnail-large\">\n\n\t\t\t\t\t\t\t\t\t<a class=\"grid-thumbnail\" href=\"https:\/\/wp.ufpel.edu.br\/ca\/rea_do_servidor\/afastamento-a-servico-no-exterior\/\">\n\t\t\t\t\t\t<img loading=\"lazy\" decoding=\"async\" width=\"436\" height=\"272\" src=\"https:\/\/wp.ufpel.edu.br\/ca\/files\/2024\/11\/Afastamento-No-externior-436x272.png\" class=\"attachment-vantage-grid-loop size-vantage-grid-loop wp-post-image\" alt=\"\" data-attachment-id=\"5166\" data-permalink=\"https:\/\/wp.ufpel.edu.br\/ca\/rea_do_servidor\/abertura-de-chamado-para-a-ti-tecnologia-da-informacao\/afastamento-no-externior\/#main\" data-orig-file=\"https:\/\/wp.ufpel.edu.br\/ca\/files\/2024\/11\/Afastamento-No-externior.png\" data-orig-size=\"1920,1080\" data-comments-opened=\"0\" data-image-meta=\"{&quot;aperture&quot;:&quot;0&quot;,&quot;credit&quot;:&quot;&quot;,&quot;camera&quot;:&quot;&quot;,&quot;caption&quot;:&quot;&quot;,&quot;created_timestamp&quot;:&quot;0&quot;,&quot;copyright&quot;:&quot;&quot;,&quot;focal_length&quot;:&quot;0&quot;,&quot;iso&quot;:&quot;0&quot;,&quot;shutter_speed&quot;:&quot;0&quot;,&quot;title&quot;:&quot;&quot;,&quot;orientation&quot;:&quot;0&quot;}\" data-image-title=\"Afastamento-No-externior\" data-image-description=\"\" data-image-caption=\"\" data-large-file=\"https:\/\/wp.ufpel.edu.br\/ca\/files\/2024\/11\/Afastamento-No-externior-1024x576.png\" \/>\t\t\t\t\t<\/a>\n\t\t\t\t\n\t\t\t\t<h3><a href=\"https:\/\/wp.ufpel.edu.br\/ca\/rea_do_servidor\/afastamento-a-servico-no-exterior\/\">Afastamento \u00e0 servi\u00e7o NO EXTERIOR<\/a><\/h3>\n\t\t\t\t<div class=\"excerpt\"><p> [&hellip;]<\/p>\n<\/div>\n\t\t\t\t\t\t\t\t\t\t\t<\/article>\n\t\t\t\t<\/div>\n\n\t<\/div><\/div><\/div><\/div>","protected":false},"excerpt":{"rendered":"<p> [&hellip;]<\/p>\n","protected":false},"featured_media":6402,"menu_order":0,"template":"","area-do-servidor-30":[85,81],"class_list":["post-6400","rea_do_servidor","type-rea_do_servidor","status-publish","has-post-thumbnail","hentry","area-do-servidor-30-cdi-principal","area-do-servidor-30-cdi","post","post-with-thumbnail","post-with-thumbnail-large"],"acf":[],"yoast_head":"<!-- This site is optimized with the Yoast SEO plugin v28.1 - https:\/\/yoast.com\/product\/yoast-seo-wordpress\/ -->\n<title>Afastamentos \u00e0 Servi\u00e7o &#8211; Centro de Artes UFPEL<\/title>\n<meta name=\"robots\" content=\"index, follow, max-snippet:-1, max-image-preview:large, max-video-preview:-1\" \/>\n<link rel=\"canonical\" href=\"https:\/\/wp.ufpel.edu.br\/ca\/rea_do_servidor\/afastamentos-a-servico\/\" \/>\n<meta property=\"og:locale\" content=\"pt_BR\" \/>\n<meta property=\"og:type\" content=\"article\" \/>\n<meta property=\"og:title\" content=\"Afastamentos \u00e0 Servi\u00e7o &#8211; Centro de Artes UFPEL\" \/>\n<meta property=\"og:description\" content=\"[&hellip;]\" \/>\n<meta property=\"og:url\" content=\"https:\/\/wp.ufpel.edu.br\/ca\/rea_do_servidor\/afastamentos-a-servico\/\" \/>\n<meta property=\"og:site_name\" content=\"Centro de Artes UFPEL\" \/>\n<meta property=\"article:modified_time\" content=\"2026-08-20T14:31:07+00:00\" \/>\n<meta property=\"og:image\" content=\"https:\/\/wp.ufpel.edu.br\/ca\/files\/2026\/08\/WhatsApp-Image-2026-08-13-at-17.43.58.jpeg\" \/>\n\t<meta property=\"og:image:width\" content=\"1393\" \/>\n\t<meta property=\"og:image:height\" content=\"752\" \/>\n\t<meta property=\"og:image:type\" content=\"image\/jpeg\" \/>\n<meta name=\"twitter:card\" content=\"summary_large_image\" \/>\n<meta name=\"twitter:label1\" content=\"Est. tempo de leitura\" \/>\n\t<meta name=\"twitter:data1\" content=\"1 minuto\" \/>\n<script type=\"application\/ld+json\" class=\"yoast-schema-graph\">{\"@context\":\"https:\\\/\\\/schema.org\",\"@graph\":[{\"@type\":\"WebPage\",\"@id\":\"https:\\\/\\\/wp.ufpel.edu.br\\\/ca\\\/rea_do_servidor\\\/afastamentos-a-servico\\\/\",\"url\":\"https:\\\/\\\/wp.ufpel.edu.br\\\/ca\\\/rea_do_servidor\\\/afastamentos-a-servico\\\/\",\"name\":\"Afastamentos \u00e0 Servi\u00e7o &#8211; Centro de Artes UFPEL\",\"isPartOf\":{\"@id\":\"https:\\\/\\\/wp.ufpel.edu.br\\\/ca\\\/#website\"},\"primaryImageOfPage\":{\"@id\":\"https:\\\/\\\/wp.ufpel.edu.br\\\/ca\\\/rea_do_servidor\\\/afastamentos-a-servico\\\/#primaryimage\"},\"image\":{\"@id\":\"https:\\\/\\\/wp.ufpel.edu.br\\\/ca\\\/rea_do_servidor\\\/afastamentos-a-servico\\\/#primaryimage\"},\"thumbnailUrl\":\"https:\\\/\\\/wp.ufpel.edu.br\\\/ca\\\/files\\\/2026\\\/08\\\/WhatsApp-Image-2026-08-13-at-17.43.58.jpeg\",\"datePublished\":\"2026-08-14T11:50:39+00:00\",\"dateModified\":\"2026-08-20T14:31:07+00:00\",\"breadcrumb\":{\"@id\":\"https:\\\/\\\/wp.ufpel.edu.br\\\/ca\\\/rea_do_servidor\\\/afastamentos-a-servico\\\/#breadcrumb\"},\"inLanguage\":\"pt-BR\",\"potentialAction\":[{\"@type\":\"ReadAction\",\"target\":[\"https:\\\/\\\/wp.ufpel.edu.br\\\/ca\\\/rea_do_servidor\\\/afastamentos-a-servico\\\/\"]}]},{\"@type\":\"ImageObject\",\"inLanguage\":\"pt-BR\",\"@id\":\"https:\\\/\\\/wp.ufpel.edu.br\\\/ca\\\/rea_do_servidor\\\/afastamentos-a-servico\\\/#primaryimage\",\"url\":\"https:\\\/\\\/wp.ufpel.edu.br\\\/ca\\\/files\\\/2026\\\/08\\\/WhatsApp-Image-2026-08-13-at-17.43.58.jpeg\",\"contentUrl\":\"https:\\\/\\\/wp.ufpel.edu.br\\\/ca\\\/files\\\/2026\\\/08\\\/WhatsApp-Image-2026-08-13-at-17.43.58.jpeg\",\"width\":1393,\"height\":752},{\"@type\":\"BreadcrumbList\",\"@id\":\"https:\\\/\\\/wp.ufpel.edu.br\\\/ca\\\/rea_do_servidor\\\/afastamentos-a-servico\\\/#breadcrumb\",\"itemListElement\":[{\"@type\":\"ListItem\",\"position\":1,\"name\":\"In\u00edcio\",\"item\":\"https:\\\/\\\/wp.ufpel.edu.br\\\/ca\\\/\"},{\"@type\":\"ListItem\",\"position\":2,\"name\":\"Afastamentos \u00e0 Servi\u00e7o\"}]},{\"@type\":\"WebSite\",\"@id\":\"https:\\\/\\\/wp.ufpel.edu.br\\\/ca\\\/#website\",\"url\":\"https:\\\/\\\/wp.ufpel.edu.br\\\/ca\\\/\",\"name\":\"Centro de Artes UFPEL\",\"description\":\"Universidade Federal de Pelotas\",\"publisher\":{\"@id\":\"https:\\\/\\\/wp.ufpel.edu.br\\\/ca\\\/#organization\"},\"potentialAction\":[{\"@type\":\"SearchAction\",\"target\":{\"@type\":\"EntryPoint\",\"urlTemplate\":\"https:\\\/\\\/wp.ufpel.edu.br\\\/ca\\\/?s={search_term_string}\"},\"query-input\":{\"@type\":\"PropertyValueSpecification\",\"valueRequired\":true,\"valueName\":\"search_term_string\"}}],\"inLanguage\":\"pt-BR\"},{\"@type\":\"Organization\",\"@id\":\"https:\\\/\\\/wp.ufpel.edu.br\\\/ca\\\/#organization\",\"name\":\"Centro de Artes UFPEL\",\"url\":\"https:\\\/\\\/wp.ufpel.edu.br\\\/ca\\\/\",\"logo\":{\"@type\":\"ImageObject\",\"inLanguage\":\"pt-BR\",\"@id\":\"https:\\\/\\\/wp.ufpel.edu.br\\\/ca\\\/#\\\/schema\\\/logo\\\/image\\\/\",\"url\":\"https:\\\/\\\/wp.ufpel.edu.br\\\/ca\\\/files\\\/2022\\\/07\\\/CA_COVER-01.png\",\"contentUrl\":\"https:\\\/\\\/wp.ufpel.edu.br\\\/ca\\\/files\\\/2022\\\/07\\\/CA_COVER-01.png\",\"width\":1758,\"height\":1244,\"caption\":\"Centro de Artes UFPEL\"},\"image\":{\"@id\":\"https:\\\/\\\/wp.ufpel.edu.br\\\/ca\\\/#\\\/schema\\\/logo\\\/image\\\/\"}}]}<\/script>\n<!-- \/ Yoast SEO plugin. -->","yoast_head_json":{"title":"Afastamentos \u00e0 Servi\u00e7o &#8211; Centro de Artes UFPEL","robots":{"index":"index","follow":"follow","max-snippet":"max-snippet:-1","max-image-preview":"max-image-preview:large","max-video-preview":"max-video-preview:-1"},"canonical":"https:\/\/wp.ufpel.edu.br\/ca\/rea_do_servidor\/afastamentos-a-servico\/","og_locale":"pt_BR","og_type":"article","og_title":"Afastamentos \u00e0 Servi\u00e7o &#8211; Centro de Artes UFPEL","og_description":"[&hellip;]","og_url":"https:\/\/wp.ufpel.edu.br\/ca\/rea_do_servidor\/afastamentos-a-servico\/","og_site_name":"Centro de Artes UFPEL","article_modified_time":"2026-08-20T14:31:07+00:00","og_image":[{"width":1393,"height":752,"url":"https:\/\/wp.ufpel.edu.br\/ca\/files\/2026\/08\/WhatsApp-Image-2026-08-13-at-17.43.58.jpeg","type":"image\/jpeg"}],"twitter_card":"summary_large_image","twitter_misc":{"Est. tempo de leitura":"1 minuto"},"schema":{"@context":"https:\/\/schema.org","@graph":[{"@type":"WebPage","@id":"https:\/\/wp.ufpel.edu.br\/ca\/rea_do_servidor\/afastamentos-a-servico\/","url":"https:\/\/wp.ufpel.edu.br\/ca\/rea_do_servidor\/afastamentos-a-servico\/","name":"Afastamentos \u00e0 Servi\u00e7o &#8211; Centro de Artes UFPEL","isPartOf":{"@id":"https:\/\/wp.ufpel.edu.br\/ca\/#website"},"primaryImageOfPage":{"@id":"https:\/\/wp.ufpel.edu.br\/ca\/rea_do_servidor\/afastamentos-a-servico\/#primaryimage"},"image":{"@id":"https:\/\/wp.ufpel.edu.br\/ca\/rea_do_servidor\/afastamentos-a-servico\/#primaryimage"},"thumbnailUrl":"https:\/\/wp.ufpel.edu.br\/ca\/files\/2026\/08\/WhatsApp-Image-2026-08-13-at-17.43.58.jpeg","datePublished":"2026-08-14T11:50:39+00:00","dateModified":"2026-08-20T14:31:07+00:00","breadcrumb":{"@id":"https:\/\/wp.ufpel.edu.br\/ca\/rea_do_servidor\/afastamentos-a-servico\/#breadcrumb"},"inLanguage":"pt-BR","potentialAction":[{"@type":"ReadAction","target":["https:\/\/wp.ufpel.edu.br\/ca\/rea_do_servidor\/afastamentos-a-servico\/"]}]},{"@type":"ImageObject","inLanguage":"pt-BR","@id":"https:\/\/wp.ufpel.edu.br\/ca\/rea_do_servidor\/afastamentos-a-servico\/#primaryimage","url":"https:\/\/wp.ufpel.edu.br\/ca\/files\/2026\/08\/WhatsApp-Image-2026-08-13-at-17.43.58.jpeg","contentUrl":"https:\/\/wp.ufpel.edu.br\/ca\/files\/2026\/08\/WhatsApp-Image-2026-08-13-at-17.43.58.jpeg","width":1393,"height":752},{"@type":"BreadcrumbList","@id":"https:\/\/wp.ufpel.edu.br\/ca\/rea_do_servidor\/afastamentos-a-servico\/#breadcrumb","itemListElement":[{"@type":"ListItem","position":1,"name":"In\u00edcio","item":"https:\/\/wp.ufpel.edu.br\/ca\/"},{"@type":"ListItem","position":2,"name":"Afastamentos \u00e0 Servi\u00e7o"}]},{"@type":"WebSite","@id":"https:\/\/wp.ufpel.edu.br\/ca\/#website","url":"https:\/\/wp.ufpel.edu.br\/ca\/","name":"Centro de Artes UFPEL","description":"Universidade Federal de Pelotas","publisher":{"@id":"https:\/\/wp.ufpel.edu.br\/ca\/#organization"},"potentialAction":[{"@type":"SearchAction","target":{"@type":"EntryPoint","urlTemplate":"https:\/\/wp.ufpel.edu.br\/ca\/?s={search_term_string}"},"query-input":{"@type":"PropertyValueSpecification","valueRequired":true,"valueName":"search_term_string"}}],"inLanguage":"pt-BR"},{"@type":"Organization","@id":"https:\/\/wp.ufpel.edu.br\/ca\/#organization","name":"Centro de Artes UFPEL","url":"https:\/\/wp.ufpel.edu.br\/ca\/","logo":{"@type":"ImageObject","inLanguage":"pt-BR","@id":"https:\/\/wp.ufpel.edu.br\/ca\/#\/schema\/logo\/image\/","url":"https:\/\/wp.ufpel.edu.br\/ca\/files\/2022\/07\/CA_COVER-01.png","contentUrl":"https:\/\/wp.ufpel.edu.br\/ca\/files\/2022\/07\/CA_COVER-01.png","width":1758,"height":1244,"caption":"Centro de Artes UFPEL"},"image":{"@id":"https:\/\/wp.ufpel.edu.br\/ca\/#\/schema\/logo\/image\/"}}]}},"jetpack_sharing_enabled":true,"publishpress_future_workflow_manual_trigger":{"enabledWorkflows":[]},"_links":{"self":[{"href":"https:\/\/wp.ufpel.edu.br\/ca\/wp-json\/wp\/v2\/rea_do_servidor\/6400","targetHints":{"allow":["GET"]}}],"collection":[{"href":"https:\/\/wp.ufpel.edu.br\/ca\/wp-json\/wp\/v2\/rea_do_servidor"}],"about":[{"href":"https:\/\/wp.ufpel.edu.br\/ca\/wp-json\/wp\/v2\/types\/rea_do_servidor"}],"wp:featuredmedia":[{"embeddable":true,"href":"https:\/\/wp.ufpel.edu.br\/ca\/wp-json\/wp\/v2\/media\/6402"}],"wp:attachment":[{"href":"https:\/\/wp.ufpel.edu.br\/ca\/wp-json\/wp\/v2\/media?parent=6400"}],"wp:term":[{"taxonomy":"area-do-servidor-30","embeddable":true,"href":"https:\/\/wp.ufpel.edu.br\/ca\/wp-json\/wp\/v2\/area-do-servidor-30?post=6400"}],"curies":[{"name":"wp","href":"https:\/\/api.w.org\/{rel}","templated":true}]}}