{"id":3351,"date":"2023-05-08T10:33:01","date_gmt":"2023-05-08T13:33:01","guid":{"rendered":"https:\/\/wp.ufpel.edu.br\/ca\/?page_id=3351"},"modified":"2024-08-29T16:39:20","modified_gmt":"2024-08-29T19:39:20","slug":"centraldeautoaprendizagem","status":"publish","type":"page","link":"https:\/\/wp.ufpel.edu.br\/ca\/centraldeautoaprendizagem\/","title":{"rendered":"Central de Autoaprendizagem"},"content":{"rendered":"<div id=\"pl-3351\"  class=\"panel-layout\" ><div id=\"pg-3351-0\"  class=\"panel-grid panel-no-style\" ><div id=\"pgc-3351-0-0\"  class=\"panel-grid-cell\" ><div id=\"panel-3351-0-0-0\" class=\"so-panel widget widget_sow-editor panel-first-child panel-last-child\" data-index=\"0\" ><div\n\t\t\t\n\t\t\tclass=\"so-widget-sow-editor so-widget-sow-editor-base\"\n\t\t\t\n\t\t>\n<div class=\"siteorigin-widget-tinymce textwidget\">\n\t<p style=\"text-align: justify;\">A Central de Autoaprendizagem \u00e9 projetada para ajud\u00e1-lo a se tornar mais aut\u00f4nomo no uso das Tecnologias de Informa\u00e7\u00e3o e Comunica\u00e7\u00e3o - TICs - na Educa\u00e7\u00e3o . Nesta pagina, voc\u00ea encontrar\u00e1 uma variedade de tutoriais em v\u00eddeo e cursos relacionados a equipamentos, softwares entre outros, oferecidos pela equipe especializada do LIG - Laborat\u00f3rio de Inform\u00e1tica da Gradua\u00e7\u00e3o e projeto Te Liga no CA.<\/p>\n<p style=\"text-align: justify;\">Com a Central de Autoaprendizagem, voc\u00ea pode aprender no seu pr\u00f3prio ritmo e no seu pr\u00f3prio tempo.<\/p>\n<p>&nbsp;<\/p>\n<\/div>\n<\/div><\/div><\/div><\/div><div id=\"pg-3351-1\"  class=\"panel-grid panel-has-style\" ><div class=\"siteorigin-panels-stretch panel-row-style panel-row-style-for-3351-1\" data-stretch-type=\"full\" ><div id=\"pgc-3351-1-0\"  class=\"panel-grid-cell\" ><div id=\"panel-3351-1-0-0\" class=\"so-panel widget widget_siteorigin-panels-postloop panel-first-child panel-last-child\" data-index=\"1\" ><h3 class=\"widget-title\">Treinamentos e Tutoriais em V\u00eddeo<\/h3>\n\t<div id=\"vantage-grid-loop\" class=\"vantage-grid-loop grid-loop-columns-3\">\n\t\t\t\t\t<article class=\"grid-post post-4464 tutoriais type-tutoriais status-publish has-post-thumbnail hentry post post-with-thumbnail post-with-thumbnail-large\">\n\n\t\t\t\t\t\t\t\t\t<a class=\"grid-thumbnail\" href=\"https:\/\/wp.ufpel.edu.br\/ca\/tutoriais\/4464\/\">\n\t\t\t\t\t\t<img loading=\"lazy\" decoding=\"async\" width=\"436\" height=\"272\" src=\"https:\/\/wp.ufpel.edu.br\/ca\/files\/2024\/01\/capa-436x272.png\" class=\"attachment-vantage-grid-loop size-vantage-grid-loop wp-post-image\" alt=\"\" data-attachment-id=\"4466\" data-permalink=\"https:\/\/wp.ufpel.edu.br\/ca\/tutoriais\/4464\/capa-2\/#main\" data-orig-file=\"https:\/\/wp.ufpel.edu.br\/ca\/files\/2024\/01\/capa.png\" data-orig-size=\"1920,1080\" data-comments-opened=\"0\" data-image-meta=\"{&quot;aperture&quot;:&quot;0&quot;,&quot;credit&quot;:&quot;&quot;,&quot;camera&quot;:&quot;&quot;,&quot;caption&quot;:&quot;&quot;,&quot;created_timestamp&quot;:&quot;0&quot;,&quot;copyright&quot;:&quot;&quot;,&quot;focal_length&quot;:&quot;0&quot;,&quot;iso&quot;:&quot;0&quot;,&quot;shutter_speed&quot;:&quot;0&quot;,&quot;title&quot;:&quot;&quot;,&quot;orientation&quot;:&quot;0&quot;}\" data-image-title=\"capa\" data-image-description=\"\" data-image-caption=\"\" data-medium-file=\"https:\/\/wp.ufpel.edu.br\/ca\/files\/2024\/01\/capa-600x338.png\" data-large-file=\"https:\/\/wp.ufpel.edu.br\/ca\/files\/2024\/01\/capa-1024x576.png\" \/>\t\t\t\t\t<\/a>\n\t\t\t\t\n\t\t\t\t<h3><a href=\"https:\/\/wp.ufpel.edu.br\/ca\/tutoriais\/4464\/\">CAPACITA\u00c7\u00c3O SIGEPE FREQU\u00caNCIA<\/a><\/h3>\n\t\t\t\t<div class=\"excerpt\"><p> [&hellip;]<\/p>\n<\/div>\n\t\t\t\t\t\t\t\t\t\t\t<\/article>\n\t\t\t\t\t\t<article class=\"grid-post post-4032 tutoriais type-tutoriais status-publish has-post-thumbnail hentry post post-with-thumbnail post-with-thumbnail-large\">\n\n\t\t\t\t\t\t\t\t\t<a class=\"grid-thumbnail\" href=\"https:\/\/wp.ufpel.edu.br\/ca\/tutoriais\/sei-principais-procedimentos\/\">\n\t\t\t\t\t\t<img loading=\"lazy\" decoding=\"async\" width=\"436\" height=\"272\" src=\"https:\/\/wp.ufpel.edu.br\/ca\/files\/2023\/07\/SEI-TUMB-436x272.png\" class=\"attachment-vantage-grid-loop size-vantage-grid-loop wp-post-image\" alt=\"\" data-attachment-id=\"4034\" data-permalink=\"https:\/\/wp.ufpel.edu.br\/ca\/tutoriais\/sei-principais-procedimentos\/sei-tumb\/#main\" data-orig-file=\"https:\/\/wp.ufpel.edu.br\/ca\/files\/2023\/07\/SEI-TUMB.png\" data-orig-size=\"1920,1080\" data-comments-opened=\"0\" data-image-meta=\"{&quot;aperture&quot;:&quot;0&quot;,&quot;credit&quot;:&quot;&quot;,&quot;camera&quot;:&quot;&quot;,&quot;caption&quot;:&quot;&quot;,&quot;created_timestamp&quot;:&quot;0&quot;,&quot;copyright&quot;:&quot;&quot;,&quot;focal_length&quot;:&quot;0&quot;,&quot;iso&quot;:&quot;0&quot;,&quot;shutter_speed&quot;:&quot;0&quot;,&quot;title&quot;:&quot;&quot;,&quot;orientation&quot;:&quot;0&quot;}\" data-image-title=\"SEI-TUMB\" data-image-description=\"\" data-image-caption=\"\" data-medium-file=\"https:\/\/wp.ufpel.edu.br\/ca\/files\/2023\/07\/SEI-TUMB-600x338.png\" data-large-file=\"https:\/\/wp.ufpel.edu.br\/ca\/files\/2023\/07\/SEI-TUMB-1024x576.png\" \/>\t\t\t\t\t<\/a>\n\t\t\t\t\n\t\t\t\t<h3><a href=\"https:\/\/wp.ufpel.edu.br\/ca\/tutoriais\/sei-principais-procedimentos\/\">SEI &#8211; Principais Procedimentos | Em V\u00eddeo<\/a><\/h3>\n\t\t\t\t<div class=\"excerpt\"><p> [&hellip;]<\/p>\n<\/div>\n\t\t\t\t\t\t\t\t\t\t\t<\/article>\n\t\t\t\t\t\t<article class=\"grid-post post-3787 tutoriais type-tutoriais status-publish has-post-thumbnail hentry post post-with-thumbnail post-with-thumbnail-large\">\n\n\t\t\t\t\t\t\t\t\t<a class=\"grid-thumbnail\" href=\"https:\/\/wp.ufpel.edu.br\/ca\/tutoriais\/tudo-sobre-projetores-em-video\/\">\n\t\t\t\t\t\t<img loading=\"lazy\" decoding=\"async\" width=\"436\" height=\"272\" src=\"https:\/\/wp.ufpel.edu.br\/ca\/files\/2023\/06\/Tudo-sobre-projetores-436x272.png\" class=\"attachment-vantage-grid-loop size-vantage-grid-loop wp-post-image\" alt=\"\" data-attachment-id=\"3789\" data-permalink=\"https:\/\/wp.ufpel.edu.br\/ca\/tutoriais\/tudo-sobre-projetores-em-video\/tudo-sobre-projetores\/#main\" data-orig-file=\"https:\/\/wp.ufpel.edu.br\/ca\/files\/2023\/06\/Tudo-sobre-projetores.png\" data-orig-size=\"1920,1080\" data-comments-opened=\"0\" data-image-meta=\"{&quot;aperture&quot;:&quot;0&quot;,&quot;credit&quot;:&quot;&quot;,&quot;camera&quot;:&quot;&quot;,&quot;caption&quot;:&quot;&quot;,&quot;created_timestamp&quot;:&quot;0&quot;,&quot;copyright&quot;:&quot;&quot;,&quot;focal_length&quot;:&quot;0&quot;,&quot;iso&quot;:&quot;0&quot;,&quot;shutter_speed&quot;:&quot;0&quot;,&quot;title&quot;:&quot;&quot;,&quot;orientation&quot;:&quot;0&quot;}\" data-image-title=\"Tudo-sobre-projetores\" data-image-description=\"\" data-image-caption=\"\" data-medium-file=\"https:\/\/wp.ufpel.edu.br\/ca\/files\/2023\/06\/Tudo-sobre-projetores-600x338.png\" data-large-file=\"https:\/\/wp.ufpel.edu.br\/ca\/files\/2023\/06\/Tudo-sobre-projetores-1024x576.png\" \/>\t\t\t\t\t<\/a>\n\t\t\t\t\n\t\t\t\t<h3><a href=\"https:\/\/wp.ufpel.edu.br\/ca\/tutoriais\/tudo-sobre-projetores-em-video\/\">Tudo Sobre projetores | Em v\u00eddeo |<\/a><\/h3>\n\t\t\t\t<div class=\"excerpt\"><p> [&hellip;]<\/p>\n<\/div>\n\t\t\t\t\t\t\t\t\t\t\t<\/article>\n\t\t\t\t\t\t\t<div class=\"clear\"><\/div>\n\t\t\t\t\t\t\t<article class=\"grid-post post-3666 tutoriais type-tutoriais status-publish has-post-thumbnail hentry post post-with-thumbnail post-with-thumbnail-large\">\n\n\t\t\t\t\t\t\t\t\t<a class=\"grid-thumbnail\" href=\"https:\/\/wp.ufpel.edu.br\/ca\/tutoriais\/manuseio-e-limpeza-de-lentes-objetivas\/\">\n\t\t\t\t\t\t<img loading=\"lazy\" decoding=\"async\" width=\"436\" height=\"272\" src=\"https:\/\/wp.ufpel.edu.br\/ca\/files\/2023\/05\/lentes-436x272.png\" class=\"attachment-vantage-grid-loop size-vantage-grid-loop wp-post-image\" alt=\"\" data-attachment-id=\"3668\" data-permalink=\"https:\/\/wp.ufpel.edu.br\/ca\/tutoriais\/manuseio-e-limpeza-de-lentes-objetivas\/lentes\/#main\" data-orig-file=\"https:\/\/wp.ufpel.edu.br\/ca\/files\/2023\/05\/lentes.png\" data-orig-size=\"1920,1080\" data-comments-opened=\"0\" data-image-meta=\"{&quot;aperture&quot;:&quot;0&quot;,&quot;credit&quot;:&quot;&quot;,&quot;camera&quot;:&quot;&quot;,&quot;caption&quot;:&quot;&quot;,&quot;created_timestamp&quot;:&quot;0&quot;,&quot;copyright&quot;:&quot;&quot;,&quot;focal_length&quot;:&quot;0&quot;,&quot;iso&quot;:&quot;0&quot;,&quot;shutter_speed&quot;:&quot;0&quot;,&quot;title&quot;:&quot;&quot;,&quot;orientation&quot;:&quot;0&quot;}\" data-image-title=\"lentes\" data-image-description=\"\" data-image-caption=\"\" data-medium-file=\"https:\/\/wp.ufpel.edu.br\/ca\/files\/2023\/05\/lentes-600x338.png\" data-large-file=\"https:\/\/wp.ufpel.edu.br\/ca\/files\/2023\/05\/lentes-1024x576.png\" \/>\t\t\t\t\t<\/a>\n\t\t\t\t\n\t\t\t\t<h3><a href=\"https:\/\/wp.ufpel.edu.br\/ca\/tutoriais\/manuseio-e-limpeza-de-lentes-objetivas\/\">Manuseio e limpeza de Lentes Objetivas | Em v\u00eddeo |<\/a><\/h3>\n\t\t\t\t<div class=\"excerpt\"><p> [&hellip;]<\/p>\n<\/div>\n\t\t\t\t\t\t\t\t\t\t\t<\/article>\n\t\t\t\t\t\t<article class=\"grid-post post-3553 tutoriais type-tutoriais status-publish has-post-thumbnail hentry post post-with-thumbnail post-with-thumbnail-large\">\n\n\t\t\t\t\t\t\t\t\t<a class=\"grid-thumbnail\" href=\"https:\/\/wp.ufpel.edu.br\/ca\/tutoriais\/registro-de-video-de-concurso-publico-com-obs-studio\/\">\n\t\t\t\t\t\t<img loading=\"lazy\" decoding=\"async\" width=\"436\" height=\"272\" src=\"https:\/\/wp.ufpel.edu.br\/ca\/files\/2023\/05\/OBS-STUDIO-436x272.png\" class=\"attachment-vantage-grid-loop size-vantage-grid-loop wp-post-image\" alt=\"\" data-attachment-id=\"3555\" data-permalink=\"https:\/\/wp.ufpel.edu.br\/ca\/tutoriais\/registro-de-video-de-concurso-publico-com-obs-studio\/obs-studio\/#main\" data-orig-file=\"https:\/\/wp.ufpel.edu.br\/ca\/files\/2023\/05\/OBS-STUDIO.png\" data-orig-size=\"1920,1080\" data-comments-opened=\"0\" data-image-meta=\"{&quot;aperture&quot;:&quot;0&quot;,&quot;credit&quot;:&quot;&quot;,&quot;camera&quot;:&quot;&quot;,&quot;caption&quot;:&quot;&quot;,&quot;created_timestamp&quot;:&quot;0&quot;,&quot;copyright&quot;:&quot;&quot;,&quot;focal_length&quot;:&quot;0&quot;,&quot;iso&quot;:&quot;0&quot;,&quot;shutter_speed&quot;:&quot;0&quot;,&quot;title&quot;:&quot;&quot;,&quot;orientation&quot;:&quot;0&quot;}\" data-image-title=\"OBS-STUDIO\" data-image-description=\"\" data-image-caption=\"\" data-medium-file=\"https:\/\/wp.ufpel.edu.br\/ca\/files\/2023\/05\/OBS-STUDIO-600x338.png\" data-large-file=\"https:\/\/wp.ufpel.edu.br\/ca\/files\/2023\/05\/OBS-STUDIO-1024x576.png\" \/>\t\t\t\t\t<\/a>\n\t\t\t\t\n\t\t\t\t<h3><a href=\"https:\/\/wp.ufpel.edu.br\/ca\/tutoriais\/registro-de-video-de-concurso-publico-com-obs-studio\/\">Registro de v\u00eddeo de Concurso P\u00fablico com OBS Studio | Em v\u00eddeo |<\/a><\/h3>\n\t\t\t\t<div class=\"excerpt\"><p> [&hellip;]<\/p>\n<\/div>\n\t\t\t\t\t\t\t\t\t\t\t<\/article>\n\t\t\t\t\t\t<article class=\"grid-post post-3510 tutoriais type-tutoriais status-publish has-post-thumbnail hentry post post-with-thumbnail post-with-thumbnail-large\">\n\n\t\t\t\t\t\t\t\t\t<a class=\"grid-thumbnail\" href=\"https:\/\/wp.ufpel.edu.br\/ca\/tutoriais\/como-solicitar-suporte-de-rede-e-computadores\/\">\n\t\t\t\t\t\t<img loading=\"lazy\" decoding=\"async\" width=\"436\" height=\"272\" src=\"https:\/\/wp.ufpel.edu.br\/ca\/files\/2023\/05\/BG-SUPORTE-DE-COMPUTADORES-436x272.png\" class=\"attachment-vantage-grid-loop size-vantage-grid-loop wp-post-image\" alt=\"\" data-attachment-id=\"3512\" data-permalink=\"https:\/\/wp.ufpel.edu.br\/ca\/tutoriais\/como-solicitar-suporte-de-rede-e-computadores\/bg-suporte-de-computadores\/#main\" data-orig-file=\"https:\/\/wp.ufpel.edu.br\/ca\/files\/2023\/05\/BG-SUPORTE-DE-COMPUTADORES.png\" data-orig-size=\"1920,1080\" data-comments-opened=\"0\" data-image-meta=\"{&quot;aperture&quot;:&quot;0&quot;,&quot;credit&quot;:&quot;&quot;,&quot;camera&quot;:&quot;&quot;,&quot;caption&quot;:&quot;&quot;,&quot;created_timestamp&quot;:&quot;0&quot;,&quot;copyright&quot;:&quot;&quot;,&quot;focal_length&quot;:&quot;0&quot;,&quot;iso&quot;:&quot;0&quot;,&quot;shutter_speed&quot;:&quot;0&quot;,&quot;title&quot;:&quot;&quot;,&quot;orientation&quot;:&quot;0&quot;}\" data-image-title=\"BG-SUPORTE-DE-COMPUTADORES\" data-image-description=\"\" data-image-caption=\"\" data-medium-file=\"https:\/\/wp.ufpel.edu.br\/ca\/files\/2023\/05\/BG-SUPORTE-DE-COMPUTADORES-600x338.png\" data-large-file=\"https:\/\/wp.ufpel.edu.br\/ca\/files\/2023\/05\/BG-SUPORTE-DE-COMPUTADORES-1024x576.png\" \/>\t\t\t\t\t<\/a>\n\t\t\t\t\n\t\t\t\t<h3><a href=\"https:\/\/wp.ufpel.edu.br\/ca\/tutoriais\/como-solicitar-suporte-de-rede-e-computadores\/\">Como solicitar suporte de rede e computadores | Em V\u00eddeo |<\/a><\/h3>\n\t\t\t\t<div class=\"excerpt\"><p> [&hellip;]<\/p>\n<\/div>\n\t\t\t\t\t\t\t\t\t\t\t<\/article>\n\t\t\t\t\t\t\t<div class=\"clear\"><\/div>\n\t\t\t\t\t<\/div>\n\n\t<\/div><\/div><\/div><\/div><div id=\"pg-3351-2\"  class=\"panel-grid panel-no-style\" ><div id=\"pgc-3351-2-0\"  class=\"panel-grid-cell\" ><div id=\"panel-3351-2-0-0\" class=\"so-panel widget widget_sow-editor panel-first-child panel-last-child\" data-index=\"2\" ><div\n\t\t\t\n\t\t\tclass=\"so-widget-sow-editor so-widget-sow-editor-base\"\n\t\t\t\n\t\t><h3 class=\"widget-title\">Pr\u00f3ximos tutoriais, cursos e treinamentos <\/h3>\n<div class=\"siteorigin-widget-tinymce textwidget\">\n\t<\/div>\n<\/div><\/div><\/div><\/div><div id=\"pg-3351-3\"  class=\"panel-grid panel-no-style\" ><div id=\"pgc-3351-3-0\"  class=\"panel-grid-cell\" ><div id=\"panel-3351-3-0-0\" class=\"so-panel widget widget_sow-editor panel-first-child panel-last-child\" data-index=\"3\" ><div\n\t\t\t\n\t\t\tclass=\"so-widget-sow-editor so-widget-sow-editor-base\"\n\t\t\t\n\t\t>\n<div class=\"siteorigin-widget-tinymce textwidget\">\n\t<p><img data-attachment-id=\"3449\" data-permalink=\"https:\/\/wp.ufpel.edu.br\/ca\/centraldeautoaprendizagem\/introweb\/#main\" data-orig-file=\"https:\/\/wp.ufpel.edu.br\/ca\/files\/2023\/05\/Introweb.png\" data-orig-size=\"1920,1080\" data-comments-opened=\"0\" data-image-meta=\"{&quot;aperture&quot;:&quot;0&quot;,&quot;credit&quot;:&quot;&quot;,&quot;camera&quot;:&quot;&quot;,&quot;caption&quot;:&quot;&quot;,&quot;created_timestamp&quot;:&quot;0&quot;,&quot;copyright&quot;:&quot;&quot;,&quot;focal_length&quot;:&quot;0&quot;,&quot;iso&quot;:&quot;0&quot;,&quot;shutter_speed&quot;:&quot;0&quot;,&quot;title&quot;:&quot;&quot;,&quot;orientation&quot;:&quot;0&quot;}\" data-image-title=\"Introweb\" data-image-description=\"\" data-image-caption=\"\" data-medium-file=\"https:\/\/wp.ufpel.edu.br\/ca\/files\/2023\/05\/Introweb-600x338.png\" data-large-file=\"https:\/\/wp.ufpel.edu.br\/ca\/files\/2023\/05\/Introweb-1024x576.png\" loading=\"lazy\" decoding=\"async\" class=\"wp-image-3449 aligncenter\" src=\"https:\/\/wp.ufpel.edu.br\/ca\/files\/2023\/05\/Introweb-600x338.png\" alt=\"\" width=\"1505\" height=\"848\" srcset=\"https:\/\/wp.ufpel.edu.br\/ca\/files\/2023\/05\/Introweb-600x338.png 600w, https:\/\/wp.ufpel.edu.br\/ca\/files\/2023\/05\/Introweb-1024x576.png 1024w, https:\/\/wp.ufpel.edu.br\/ca\/files\/2023\/05\/Introweb-400x225.png 400w, https:\/\/wp.ufpel.edu.br\/ca\/files\/2023\/05\/Introweb-768x432.png 768w, https:\/\/wp.ufpel.edu.br\/ca\/files\/2023\/05\/Introweb-1536x864.png 1536w, https:\/\/wp.ufpel.edu.br\/ca\/files\/2023\/05\/Introweb.png 1920w\" sizes=\"auto, (max-width: 1505px) 100vw, 1505px\" \/><\/p>\n<\/div>\n<\/div><\/div><\/div><div id=\"pgc-3351-3-1\"  class=\"panel-grid-cell\" ><div id=\"panel-3351-3-1-0\" class=\"so-panel widget widget_sow-editor panel-first-child panel-last-child\" data-index=\"4\" ><div\n\t\t\t\n\t\t\tclass=\"so-widget-sow-editor so-widget-sow-editor-base\"\n\t\t\t\n\t\t><h3 class=\"widget-title\">Oficina: Introdu\u00e7\u00e3o a transmiss\u00f5es e webconfer\u00eancias | EM V\u00cdDEO  <\/h3>\n<div class=\"siteorigin-widget-tinymce textwidget\">\n\t<p>Em breve teremos uma oficina do b\u00e1sico para voc\u00ea realizar suas transmiss\u00f5es ao vivo e webconfer\u00eancias. Fique ligado<\/p>\n<p style=\"text-align: right;\"><b>Dispon\u00edvel em breve<\/b><\/p>\n<hr \/>\n<p style=\"text-align: right;\">\n<p>&nbsp;<\/p>\n<\/div>\n<\/div><\/div><\/div><\/div><div id=\"pg-3351-4\"  class=\"panel-grid panel-has-style\" ><div class=\"siteorigin-panels-stretch panel-row-style panel-row-style-for-3351-4\" data-stretch-type=\"full\" ><div id=\"pgc-3351-4-0\"  class=\"panel-grid-cell\" ><div class=\"so-rounded panel-cell-style panel-cell-style-for-3351-4-0\" ><div id=\"panel-3351-4-0-0\" class=\"so-panel widget widget_sow-image panel-first-child panel-last-child\" data-index=\"5\" ><div\n\t\t\t\n\t\t\tclass=\"so-widget-sow-image so-widget-sow-image-default-c67d20f9f743-3510\"\n\t\t\t\n\t\t>\n<div class=\"sow-image-container\">\n\t\t<img \n\tsrc=\"https:\/\/wp.ufpel.edu.br\/ca\/files\/2023\/05\/logo-LIG-PNG.png\" width=\"892\" height=\"420\" srcset=\"https:\/\/wp.ufpel.edu.br\/ca\/files\/2023\/05\/logo-LIG-PNG.png 892w, https:\/\/wp.ufpel.edu.br\/ca\/files\/2023\/05\/logo-LIG-PNG-600x283.png 600w, https:\/\/wp.ufpel.edu.br\/ca\/files\/2023\/05\/logo-LIG-PNG-400x188.png 400w, https:\/\/wp.ufpel.edu.br\/ca\/files\/2023\/05\/logo-LIG-PNG-768x362.png 768w\" sizes=\"(max-width: 892px) 100vw, 892px\" alt=\"\" \t\tclass=\"so-widget-image\"\/>\n\t<\/div>\n\n<\/div><\/div><\/div><\/div><div id=\"pgc-3351-4-1\"  class=\"panel-grid-cell\" ><div id=\"panel-3351-4-1-0\" class=\"so-panel widget widget_sow-editor panel-first-child panel-last-child\" data-index=\"6\" ><div\n\t\t\t\n\t\t\tclass=\"so-widget-sow-editor so-widget-sow-editor-base\"\n\t\t\t\n\t\t>\n<div class=\"siteorigin-widget-tinymce textwidget\">\n\t<p><strong><span style=\"font-size: 10pt;\">Equipe: <\/span><\/strong><\/p>\n<p><span style=\"font-size: 10pt;\">R\u00e9gis Dutra -<span style=\"font-size: 8pt;\"> T\u00e9cnico em Audiovisual<br \/>\n<span style=\"font-size: 10pt;\">Luana de Melo Pereira<\/span>\u00a0 - Assistente em administra\u00e7\u00e3o<\/span><\/span><br \/>\n<span style=\"font-size: 10pt;\">Dayara Franco - <span style=\"font-size: 8pt;\">Bolsista - Acad\u00eamica do Curso de Cinema e Audiovisual\u00a0<\/span><\/span><br \/>\n<span style=\"font-size: 10pt;\">Giulia Kist -<span style=\"font-size: 8pt;\"> Bolsista - Acad\u00eamica do Curso de Cinema e Audiovisual\u00a0<\/span><\/span><\/p>\n<p><span style=\"font-size: 10pt;\">A\u00e7\u00e3o desenvolvida pelo projeto LIG - Centro de Artes sob coordena\u00e7\u00e3o de R\u00e9gis Dutra Coopera\u00e7\u00e3o do N\u00facleo Administrativo do Centro de Ares, Especializa\u00e7\u00e3o em Artes EAD, Te liga no CA e Curso de Cinema e Audiovisual.<\/span><\/p>\n<\/div>\n<\/div><\/div><\/div><\/div><\/div><\/div>","protected":false},"excerpt":{"rendered":"<p> [&hellip;]<\/p>\n","protected":false},"author":1182,"featured_media":3458,"parent":0,"menu_order":0,"comment_status":"closed","ping_status":"closed","template":"","meta":{"_acf_changed":false,"footnotes":""},"class_list":["post-3351","page","type-page","status-publish","has-post-thumbnail","hentry","post","post-with-thumbnail","post-with-thumbnail-large"],"acf":[],"yoast_head":"<!-- This site is optimized with the Yoast SEO plugin v26.7 - https:\/\/yoast.com\/wordpress\/plugins\/seo\/ -->\n<title>Central de Autoaprendizagem &#8211; Centro de Artes UFPEL<\/title>\n<meta name=\"robots\" content=\"index, follow, max-snippet:-1, max-image-preview:large, max-video-preview:-1\" \/>\n<link rel=\"canonical\" href=\"https:\/\/wp.ufpel.edu.br\/ca\/centraldeautoaprendizagem\/\" \/>\n<meta property=\"og:locale\" content=\"pt_BR\" \/>\n<meta property=\"og:type\" content=\"article\" \/>\n<meta property=\"og:title\" content=\"Central de Autoaprendizagem &#8211; Centro de Artes UFPEL\" \/>\n<meta property=\"og:description\" content=\"[&hellip;]\" \/>\n<meta property=\"og:url\" content=\"https:\/\/wp.ufpel.edu.br\/ca\/centraldeautoaprendizagem\/\" \/>\n<meta property=\"og:site_name\" content=\"Centro de Artes UFPEL\" \/>\n<meta property=\"article:modified_time\" content=\"2024-08-29T19:39:20+00:00\" \/>\n<meta property=\"og:image\" content=\"https:\/\/wp.ufpel.edu.br\/ca\/files\/2023\/05\/SITE-LIG.png\" \/>\n\t<meta property=\"og:image:width\" content=\"1920\" \/>\n\t<meta property=\"og:image:height\" content=\"500\" \/>\n\t<meta property=\"og:image:type\" content=\"image\/png\" \/>\n<meta name=\"twitter:card\" content=\"summary_large_image\" \/>\n<meta name=\"twitter:label1\" content=\"Est. tempo de leitura\" \/>\n\t<meta name=\"twitter:data1\" content=\"2 minutos\" \/>\n<script type=\"application\/ld+json\" class=\"yoast-schema-graph\">{\"@context\":\"https:\/\/schema.org\",\"@graph\":[{\"@type\":\"WebPage\",\"@id\":\"https:\/\/wp.ufpel.edu.br\/ca\/centraldeautoaprendizagem\/\",\"url\":\"https:\/\/wp.ufpel.edu.br\/ca\/centraldeautoaprendizagem\/\",\"name\":\"Central de Autoaprendizagem &#8211; Centro de Artes UFPEL\",\"isPartOf\":{\"@id\":\"https:\/\/wp.ufpel.edu.br\/ca\/#website\"},\"primaryImageOfPage\":{\"@id\":\"https:\/\/wp.ufpel.edu.br\/ca\/centraldeautoaprendizagem\/#primaryimage\"},\"image\":{\"@id\":\"https:\/\/wp.ufpel.edu.br\/ca\/centraldeautoaprendizagem\/#primaryimage\"},\"thumbnailUrl\":\"https:\/\/wp.ufpel.edu.br\/ca\/files\/2023\/05\/SITE-LIG.png\",\"datePublished\":\"2023-05-08T13:33:01+00:00\",\"dateModified\":\"2024-08-29T19:39:20+00:00\",\"breadcrumb\":{\"@id\":\"https:\/\/wp.ufpel.edu.br\/ca\/centraldeautoaprendizagem\/#breadcrumb\"},\"inLanguage\":\"pt-BR\",\"potentialAction\":[{\"@type\":\"ReadAction\",\"target\":[\"https:\/\/wp.ufpel.edu.br\/ca\/centraldeautoaprendizagem\/\"]}]},{\"@type\":\"ImageObject\",\"inLanguage\":\"pt-BR\",\"@id\":\"https:\/\/wp.ufpel.edu.br\/ca\/centraldeautoaprendizagem\/#primaryimage\",\"url\":\"https:\/\/wp.ufpel.edu.br\/ca\/files\/2023\/05\/SITE-LIG.png\",\"contentUrl\":\"https:\/\/wp.ufpel.edu.br\/ca\/files\/2023\/05\/SITE-LIG.png\",\"width\":1920,\"height\":500},{\"@type\":\"BreadcrumbList\",\"@id\":\"https:\/\/wp.ufpel.edu.br\/ca\/centraldeautoaprendizagem\/#breadcrumb\",\"itemListElement\":[{\"@type\":\"ListItem\",\"position\":1,\"name\":\"In\u00edcio\",\"item\":\"https:\/\/wp.ufpel.edu.br\/ca\/\"},{\"@type\":\"ListItem\",\"position\":2,\"name\":\"Central de Autoaprendizagem\"}]},{\"@type\":\"WebSite\",\"@id\":\"https:\/\/wp.ufpel.edu.br\/ca\/#website\",\"url\":\"https:\/\/wp.ufpel.edu.br\/ca\/\",\"name\":\"Centro de Artes UFPEL\",\"description\":\"Universidade Federal de Pelotas\",\"publisher\":{\"@id\":\"https:\/\/wp.ufpel.edu.br\/ca\/#organization\"},\"potentialAction\":[{\"@type\":\"SearchAction\",\"target\":{\"@type\":\"EntryPoint\",\"urlTemplate\":\"https:\/\/wp.ufpel.edu.br\/ca\/?s={search_term_string}\"},\"query-input\":{\"@type\":\"PropertyValueSpecification\",\"valueRequired\":true,\"valueName\":\"search_term_string\"}}],\"inLanguage\":\"pt-BR\"},{\"@type\":\"Organization\",\"@id\":\"https:\/\/wp.ufpel.edu.br\/ca\/#organization\",\"name\":\"Centro de Artes UFPEL\",\"url\":\"https:\/\/wp.ufpel.edu.br\/ca\/\",\"logo\":{\"@type\":\"ImageObject\",\"inLanguage\":\"pt-BR\",\"@id\":\"https:\/\/wp.ufpel.edu.br\/ca\/#\/schema\/logo\/image\/\",\"url\":\"https:\/\/wp.ufpel.edu.br\/ca\/files\/2022\/07\/CA_COVER-01.png\",\"contentUrl\":\"https:\/\/wp.ufpel.edu.br\/ca\/files\/2022\/07\/CA_COVER-01.png\",\"width\":1758,\"height\":1244,\"caption\":\"Centro de Artes UFPEL\"},\"image\":{\"@id\":\"https:\/\/wp.ufpel.edu.br\/ca\/#\/schema\/logo\/image\/\"}}]}<\/script>\n<!-- \/ Yoast SEO plugin. -->","yoast_head_json":{"title":"Central de Autoaprendizagem &#8211; Centro de Artes UFPEL","robots":{"index":"index","follow":"follow","max-snippet":"max-snippet:-1","max-image-preview":"max-image-preview:large","max-video-preview":"max-video-preview:-1"},"canonical":"https:\/\/wp.ufpel.edu.br\/ca\/centraldeautoaprendizagem\/","og_locale":"pt_BR","og_type":"article","og_title":"Central de Autoaprendizagem &#8211; Centro de Artes UFPEL","og_description":"[&hellip;]","og_url":"https:\/\/wp.ufpel.edu.br\/ca\/centraldeautoaprendizagem\/","og_site_name":"Centro de Artes UFPEL","article_modified_time":"2024-08-29T19:39:20+00:00","og_image":[{"width":1920,"height":500,"url":"https:\/\/wp.ufpel.edu.br\/ca\/files\/2023\/05\/SITE-LIG.png","type":"image\/png"}],"twitter_card":"summary_large_image","twitter_misc":{"Est. tempo de leitura":"2 minutos"},"schema":{"@context":"https:\/\/schema.org","@graph":[{"@type":"WebPage","@id":"https:\/\/wp.ufpel.edu.br\/ca\/centraldeautoaprendizagem\/","url":"https:\/\/wp.ufpel.edu.br\/ca\/centraldeautoaprendizagem\/","name":"Central de Autoaprendizagem &#8211; Centro de Artes UFPEL","isPartOf":{"@id":"https:\/\/wp.ufpel.edu.br\/ca\/#website"},"primaryImageOfPage":{"@id":"https:\/\/wp.ufpel.edu.br\/ca\/centraldeautoaprendizagem\/#primaryimage"},"image":{"@id":"https:\/\/wp.ufpel.edu.br\/ca\/centraldeautoaprendizagem\/#primaryimage"},"thumbnailUrl":"https:\/\/wp.ufpel.edu.br\/ca\/files\/2023\/05\/SITE-LIG.png","datePublished":"2023-05-08T13:33:01+00:00","dateModified":"2024-08-29T19:39:20+00:00","breadcrumb":{"@id":"https:\/\/wp.ufpel.edu.br\/ca\/centraldeautoaprendizagem\/#breadcrumb"},"inLanguage":"pt-BR","potentialAction":[{"@type":"ReadAction","target":["https:\/\/wp.ufpel.edu.br\/ca\/centraldeautoaprendizagem\/"]}]},{"@type":"ImageObject","inLanguage":"pt-BR","@id":"https:\/\/wp.ufpel.edu.br\/ca\/centraldeautoaprendizagem\/#primaryimage","url":"https:\/\/wp.ufpel.edu.br\/ca\/files\/2023\/05\/SITE-LIG.png","contentUrl":"https:\/\/wp.ufpel.edu.br\/ca\/files\/2023\/05\/SITE-LIG.png","width":1920,"height":500},{"@type":"BreadcrumbList","@id":"https:\/\/wp.ufpel.edu.br\/ca\/centraldeautoaprendizagem\/#breadcrumb","itemListElement":[{"@type":"ListItem","position":1,"name":"In\u00edcio","item":"https:\/\/wp.ufpel.edu.br\/ca\/"},{"@type":"ListItem","position":2,"name":"Central de Autoaprendizagem"}]},{"@type":"WebSite","@id":"https:\/\/wp.ufpel.edu.br\/ca\/#website","url":"https:\/\/wp.ufpel.edu.br\/ca\/","name":"Centro de Artes UFPEL","description":"Universidade Federal de Pelotas","publisher":{"@id":"https:\/\/wp.ufpel.edu.br\/ca\/#organization"},"potentialAction":[{"@type":"SearchAction","target":{"@type":"EntryPoint","urlTemplate":"https:\/\/wp.ufpel.edu.br\/ca\/?s={search_term_string}"},"query-input":{"@type":"PropertyValueSpecification","valueRequired":true,"valueName":"search_term_string"}}],"inLanguage":"pt-BR"},{"@type":"Organization","@id":"https:\/\/wp.ufpel.edu.br\/ca\/#organization","name":"Centro de Artes UFPEL","url":"https:\/\/wp.ufpel.edu.br\/ca\/","logo":{"@type":"ImageObject","inLanguage":"pt-BR","@id":"https:\/\/wp.ufpel.edu.br\/ca\/#\/schema\/logo\/image\/","url":"https:\/\/wp.ufpel.edu.br\/ca\/files\/2022\/07\/CA_COVER-01.png","contentUrl":"https:\/\/wp.ufpel.edu.br\/ca\/files\/2022\/07\/CA_COVER-01.png","width":1758,"height":1244,"caption":"Centro de Artes UFPEL"},"image":{"@id":"https:\/\/wp.ufpel.edu.br\/ca\/#\/schema\/logo\/image\/"}}]}},"jetpack_sharing_enabled":true,"publishpress_future_action":{"enabled":false,"date":"2026-05-06 23:05:18","action":"change-status","newStatus":"private","terms":[],"taxonomy":"","extraData":[]},"publishpress_future_workflow_manual_trigger":{"enabledWorkflows":[]},"_links":{"self":[{"href":"https:\/\/wp.ufpel.edu.br\/ca\/wp-json\/wp\/v2\/pages\/3351","targetHints":{"allow":["GET"]}}],"collection":[{"href":"https:\/\/wp.ufpel.edu.br\/ca\/wp-json\/wp\/v2\/pages"}],"about":[{"href":"https:\/\/wp.ufpel.edu.br\/ca\/wp-json\/wp\/v2\/types\/page"}],"author":[{"embeddable":true,"href":"https:\/\/wp.ufpel.edu.br\/ca\/wp-json\/wp\/v2\/users\/1182"}],"replies":[{"embeddable":true,"href":"https:\/\/wp.ufpel.edu.br\/ca\/wp-json\/wp\/v2\/comments?post=3351"}],"version-history":[{"count":181,"href":"https:\/\/wp.ufpel.edu.br\/ca\/wp-json\/wp\/v2\/pages\/3351\/revisions"}],"predecessor-version":[{"id":4887,"href":"https:\/\/wp.ufpel.edu.br\/ca\/wp-json\/wp\/v2\/pages\/3351\/revisions\/4887"}],"wp:featuredmedia":[{"embeddable":true,"href":"https:\/\/wp.ufpel.edu.br\/ca\/wp-json\/wp\/v2\/media\/3458"}],"wp:attachment":[{"href":"https:\/\/wp.ufpel.edu.br\/ca\/wp-json\/wp\/v2\/media?parent=3351"}],"curies":[{"name":"wp","href":"https:\/\/api.w.org\/{rel}","templated":true}]}}