{"id":2,"date":"2021-03-09T18:55:54","date_gmt":"2021-03-09T21:55:54","guid":{"rendered":"https:\/\/wp.ufpel.edu.br\/ca\/?page_id=2"},"modified":"2025-09-19T17:48:35","modified_gmt":"2025-09-19T20:48:35","slug":"inicio","status":"publish","type":"page","link":"https:\/\/wp.ufpel.edu.br\/ca\/","title":{"rendered":"P\u00e1gina Inicial"},"content":{"rendered":"<div id=\"pl-2\"  class=\"panel-layout\" ><div id=\"pg-2-0\"  class=\"panel-grid panel-has-style\" ><div class=\"siteorigin-panels-stretch panel-row-style panel-row-style-for-2-0\" data-stretch-type=\"full\" ><div id=\"pgc-2-0-0\"  class=\"panel-grid-cell\" ><div id=\"panel-2-0-0-0\" class=\"so-panel widget widget_sow-headline panel-first-child\" data-index=\"0\" ><div\n\t\t\t\n\t\t\tclass=\"so-widget-sow-headline so-widget-sow-headline-default-0e914e20c7cc-2\"\n\t\t\t\n\t\t><div class=\"sow-headline-container \">\n\t\t\t\t\t\t\t<h1 class=\"sow-headline\">\n\t\t\t\t\t\tAcesso R\u00e1pido\t\t\t\t\t\t<\/h1>\n\t\t\t\t\t\t<\/div>\n<\/div><\/div><div id=\"panel-2-0-0-1\" class=\"so-panel widget widget_sow-features panel-last-child\" data-index=\"1\" ><div id=\"acesso_rapido_icones\" class=\"panel-widget-style panel-widget-style-for-2-0-0-1\" ><div\n\t\t\t\n\t\t\tclass=\"so-widget-sow-features so-widget-sow-features-default-2be1dbd0b8b1-2\"\n\t\t\t\n\t\t><ul\n\tclass=\"sow-features-list\n\tsow-features-responsive\">\n\n\t\t\t<li\n\t\t\tclass=\"sow-features-feature sow-icon-container-position-top\"\n\t\t\tstyle=\"display: flex; flex-direction: column; width: calc(33.333% - 25px);\"\n\t\t>\n\t\t\t\n\t\t\t\t\t\t<a\t\t\t\tclass=\"sow-icon-container sow-container-round\"\n\t\t\t\tstyle=\"color: #404040; \"\n\t\t\t\t\n\t\t\t\t\t\t\t\t\thref=\"https:\/\/wp.ufpel.edu.br\/calendarios\/administrativo\/\"\n\t\t\t\t\t\t\t\t>\n\t\t\t\t<span class=\"sow-icon-fontawesome sow-fas\" data-sow-icon=\"&#xf783;\"\n\t\tstyle=\"font-size: 38px; color: #fff\" \n\t\taria-hidden=\"true\"><\/span>\t\t\t<\/a>\n\n\t\t\t<div class=\"textwidget\">\n\t\t\t\t\n\t\t\t\t\t\t\t\t\t<h6 class=\"sow-features-feature-title\">\n\t\t\t\t\t\t\t\t\t\t\t\t\t<a\n\t\t\t\t\t\t\t\thref=\"https:\/\/wp.ufpel.edu.br\/calendarios\/administrativo\/\"\n\t\t\t\t\t\t\t\t\t\t\t\t\t\t\t>\n\t\t\t\t\t\t\tCalend\u00e1rio Administrativo\t\t\t\t\t\t\t<\/a>\n\t\t\t\t\t\t\t\t\t\t\t\t<\/h6>\n\t\t\t\t\n\t\t\t\t\t\t\t<\/div>\n\t\t\t\t\t\t\t\t<\/li>\n\n\t\t\t<li\n\t\t\tclass=\"sow-features-feature sow-icon-container-position-top\"\n\t\t\tstyle=\"display: flex; flex-direction: column; width: calc(33.333% - 25px);\"\n\t\t>\n\t\t\t\n\t\t\t\t\t\t<a\t\t\t\tclass=\"sow-icon-container sow-container-round\"\n\t\t\t\tstyle=\"color: #444444; \"\n\t\t\t\ttitle=\"Calend\u00e1rio Acad\u00eamico\"\n\t\t\t\t\t\t\t\t\thref=\"https:\/\/wp.ufpel.edu.br\/cra\/calendarios-academicos\/\"\n\t\t\t\t\t\t\t\t>\n\t\t\t\t<span class=\"sow-icon-fontawesome sow-far\" data-sow-icon=\"&#xf073;\"\n\t\tstyle=\"font-size: 38px; color: #eeeeee\" \n\t\taria-hidden=\"true\"><\/span>\t\t\t<\/a>\n\n\t\t\t<div class=\"textwidget\">\n\t\t\t\t\n\t\t\t\t\t\t\t\t\t<h6 class=\"sow-features-feature-title\">\n\t\t\t\t\t\t\t\t\t\t\t\t\t<a\n\t\t\t\t\t\t\t\thref=\"https:\/\/wp.ufpel.edu.br\/cra\/calendarios-academicos\/\"\n\t\t\t\t\t\t\t\t\t\t\t\t\t\t\t>\n\t\t\t\t\t\t\tCalend\u00e1rio Acad\u00eamico\t\t\t\t\t\t\t<\/a>\n\t\t\t\t\t\t\t\t\t\t\t\t<\/h6>\n\t\t\t\t\n\t\t\t\t\t\t\t<\/div>\n\t\t\t\t\t\t\t\t<\/li>\n\n\t\t\t<li\n\t\t\tclass=\"sow-features-feature sow-icon-container-position-top\"\n\t\t\tstyle=\"display: flex; flex-direction: column; width: calc(33.333% - 25px);\"\n\t\t>\n\t\t\t\n\t\t\t\t\t\t<a\t\t\t\tclass=\"sow-icon-container sow-container-round\"\n\t\t\t\tstyle=\"color: #444444; \"\n\t\t\t\t\n\t\t\t\t\t\t\t\t\thref=\"https:\/\/wp.ufpel.edu.br\/ca\/agendamento-de-salas\/\"\n\t\t\t\t\t\t\t\t>\n\t\t\t\t<span class=\"sow-icon-fontawesome sow-far\" data-sow-icon=\"&#xf044;\"\n\t\tstyle=\"font-size: 38px; color: #eeeeee\" \n\t\taria-hidden=\"true\"><\/span>\t\t\t<\/a>\n\n\t\t\t<div class=\"textwidget\">\n\t\t\t\t\n\t\t\t\t\t\t\t\t\t<h6 class=\"sow-features-feature-title\">\n\t\t\t\t\t\t\t\t\t\t\t\t\t<a\n\t\t\t\t\t\t\t\thref=\"https:\/\/wp.ufpel.edu.br\/ca\/agendamento-de-salas\/\"\n\t\t\t\t\t\t\t\t\t\t\t\t\t\t\t>\n\t\t\t\t\t\t\tAgendamento de Salas\t\t\t\t\t\t\t<\/a>\n\t\t\t\t\t\t\t\t\t\t\t\t<\/h6>\n\t\t\t\t\n\t\t\t\t\t\t\t<\/div>\n\t\t\t\t\t\t\t\t<\/li>\n\n\t\t\t<li\n\t\t\tclass=\"sow-features-feature sow-icon-container-position-top\"\n\t\t\tstyle=\"display: flex; flex-direction: column; width: calc(33.333% - 25px);\"\n\t\t>\n\t\t\t\n\t\t\t\t\t\t<a\t\t\t\tclass=\"sow-icon-container sow-container-round\"\n\t\t\t\tstyle=\"color: #444444; \"\n\t\t\t\t\n\t\t\t\t\t\t\t\t\thref=\"https:\/\/wp.ufpel.edu.br\/ca\/area-do-servidor\/\"\n\t\t\t\t\t\t\t\t>\n\t\t\t\t<span class=\"sow-icon-fontawesome sow-fas\" data-sow-icon=\"&#xf2bb;\"\n\t\tstyle=\"font-size: 38px; color: #eeeeee\" \n\t\taria-hidden=\"true\"><\/span>\t\t\t<\/a>\n\n\t\t\t<div class=\"textwidget\">\n\t\t\t\t\n\t\t\t\t\t\t\t\t\t<h6 class=\"sow-features-feature-title\">\n\t\t\t\t\t\t\t\t\t\t\t\t\t<a\n\t\t\t\t\t\t\t\thref=\"https:\/\/wp.ufpel.edu.br\/ca\/area-do-servidor\/\"\n\t\t\t\t\t\t\t\t\t\t\t\t\t\t\t>\n\t\t\t\t\t\t\t\u00c1rea do Servidor\t\t\t\t\t\t\t<\/a>\n\t\t\t\t\t\t\t\t\t\t\t\t<\/h6>\n\t\t\t\t\n\t\t\t\t\t\t\t<\/div>\n\t\t\t\t\t\t\t\t<\/li>\n\n\t\t\t<li\n\t\t\tclass=\"sow-features-feature sow-icon-container-position-top\"\n\t\t\tstyle=\"display: flex; flex-direction: column; width: calc(33.333% - 25px);\"\n\t\t>\n\t\t\t\n\t\t\t\t\t\t<a\t\t\t\tclass=\"sow-icon-container sow-container-round\"\n\t\t\t\tstyle=\"color: #444444; \"\n\t\t\t\t\n\t\t\t\t\t\t\t\t\thref=\"https:\/\/wp.ufpel.edu.br\/ca\/envie-sua-noticia\/\"\n\t\t\t\t\t\t\t\t>\n\t\t\t\t<span class=\"sow-icon-fontawesome sow-fas\" data-sow-icon=\"&#xf0a1;\"\n\t\tstyle=\"font-size: 38px; color: #eeeeee\" \n\t\taria-hidden=\"true\"><\/span>\t\t\t<\/a>\n\n\t\t\t<div class=\"textwidget\">\n\t\t\t\t\n\t\t\t\t\t\t\t\t\t<h6 class=\"sow-features-feature-title\">\n\t\t\t\t\t\t\t\t\t\t\t\t\t<a\n\t\t\t\t\t\t\t\thref=\"https:\/\/wp.ufpel.edu.br\/ca\/envie-sua-noticia\/\"\n\t\t\t\t\t\t\t\t\t\t\t\t\t\t\t>\n\t\t\t\t\t\t\tEnvie sua not\u00edcia\t\t\t\t\t\t\t<\/a>\n\t\t\t\t\t\t\t\t\t\t\t\t<\/h6>\n\t\t\t\t\n\t\t\t\t\t\t\t<\/div>\n\t\t\t\t\t\t\t\t<\/li>\n\n\t\t\t<li\n\t\t\tclass=\"sow-features-feature sow-icon-container-position-top\"\n\t\t\tstyle=\"display: flex; flex-direction: column; width: calc(33.333% - 25px);\"\n\t\t>\n\t\t\t\n\t\t\t\t\t\t<a\t\t\t\tclass=\"sow-icon-container sow-container-round\"\n\t\t\t\tstyle=\"color: #444444; \"\n\t\t\t\t\n\t\t\t\t\t\t\t\t\thref=\"https:\/\/wp.ufpel.edu.br\/ca\/reserva-de-equipamentos\/\"\n\t\t\t\t\t\t\t\t>\n\t\t\t\t<span class=\"sow-icon-ionicons\" data-sow-icon=\"&#xf380;\"\n\t\tstyle=\"font-size: 38px; color: #eeeeee\" \n\t\taria-hidden=\"true\"><\/span>\t\t\t<\/a>\n\n\t\t\t<div class=\"textwidget\">\n\t\t\t\t\n\t\t\t\t\t\t\t\t\t<h6 class=\"sow-features-feature-title\">\n\t\t\t\t\t\t\t\t\t\t\t\t\t<a\n\t\t\t\t\t\t\t\thref=\"https:\/\/wp.ufpel.edu.br\/ca\/reserva-de-equipamentos\/\"\n\t\t\t\t\t\t\t\t\t\t\t\t\t\t\t>\n\t\t\t\t\t\t\tReserva de Equipamentos \t\t\t\t\t\t\t<\/a>\n\t\t\t\t\t\t\t\t\t\t\t\t<\/h6>\n\t\t\t\t\n\t\t\t\t\t\t\t<\/div>\n\t\t\t\t\t\t\t\t<\/li>\n\n\t<\/ul>\n<\/div><\/div><\/div><\/div><\/div><\/div><div id=\"pg-2-1\"  class=\"panel-grid panel-has-style\" ><div class=\"siteorigin-panels-stretch panel-row-style panel-row-style-for-2-1\" data-stretch-type=\"full\" ><div id=\"pgc-2-1-0\"  class=\"panel-grid-cell\" ><div id=\"panel-2-1-0-0\" class=\"so-panel widget widget_sow-headline panel-first-child\" data-index=\"2\" ><div\n\t\t\t\n\t\t\tclass=\"so-widget-sow-headline so-widget-sow-headline-default-6b52635ceda7-2\"\n\t\t\t\n\t\t><div class=\"sow-headline-container \">\n\t\t\t\t\t\t\t<h1 class=\"sow-headline\">\n\t\t\t\t\t\tNot\u00edcias\t\t\t\t\t\t<\/h1>\n\t\t\t\t\t\t<\/div>\n<\/div><\/div><div id=\"panel-2-1-0-1\" class=\"so-panel widget widget_sow-blog\" data-index=\"3\" ><div\n\t\t\t\n\t\t\tclass=\"so-widget-sow-blog so-widget-sow-blog-standard-8268d8411c36-2\"\n\t\t\t\n\t\t>\t\t<div\n\t\tclass=\"sow-blog sow-blog-layout-standard\"\n\t\tdata-template=\"standard\"\n\t\tdata-settings=\"{&quot;columns&quot;:&quot;&quot;,&quot;featured_image_empty&quot;:true,&quot;featured_image_size&quot;:&quot;full&quot;,&quot;featured_image_size_width&quot;:&quot;&quot;,&quot;featured_image_size_height&quot;:&quot;&quot;,&quot;tag&quot;:&quot;h2&quot;,&quot;content&quot;:&quot;excerpt&quot;,&quot;excerpt_length&quot;:55,&quot;date&quot;:true,&quot;author&quot;:true,&quot;categories&quot;:true,&quot;comment_count&quot;:true,&quot;so_field_container_state&quot;:&quot;open&quot;,&quot;featured_image&quot;:&quot;&quot;,&quot;trim_manual_excerpt&quot;:&quot;&quot;,&quot;read_more&quot;:&quot;&quot;,&quot;filter_categories&quot;:false,&quot;tags&quot;:&quot;&quot;,&quot;template&quot;:&quot;standard&quot;}\"\n\t\tdata-paged=\"1\"\n\t\tdata-paging-id=\"8268d8411c36\"\n\t\tdata-total-pages=\"31\"\n\t\tdata-hash=\"3e53c94e\"\n\t>\n\t\t\n\t\t\t\t\t\t\t<div class=\"sow-blog-posts\">\n\t\t\t\t<article id=\"post-5729\" class=\"post-5729 post type-post status-publish format-standard hentry category-noticias\" style=\"margin: 0 0 40px\">\n\t\t\t\t<div class=\"sow-blog-content-wrapper\"\n\t\t style=\"padding: 25px 30px 38px;\">\n\t\t\t\t<header class=\"sow-entry-header\">\n\t\t\t<h2 class=\"sow-entry-title\" style=\"margin: 0 0 5px;\"><a href=\"https:\/\/wp.ufpel.edu.br\/ca\/cerimonia-de-posse-da-nova-gestao-no-centro-e-artes-da-ufpel\/\" rel=\"bookmark\">Cerim\u00f4nia de posse da nova gest\u00e3o no Centro e Artes da UFPel<\/a><\/h2>\t\t\t<div class=\"sow-entry-meta\">\n\t\t\t\t\t\t\t<span class=\"sow-entry-date\">\n\t\t\t\t<a href=\"https:\/\/wp.ufpel.edu.br\/ca\/cerimonia-de-posse-da-nova-gestao-no-centro-e-artes-da-ufpel\/\" rel=\"bookmark\">\n\t\t\t\t\t<time class=\"published\" datetime=\"2025-09-19T11:18:03-03:00\">\n\t\t\t\t\t\t19\/09\/2025\t\t\t\t\t<\/time>\n\t\t\t\t\t<time class=\"updated\" datetime=\"2025-09-19T11:18:03-03:00\">\n\t\t\t\t\t\t19\/09\/2025\t\t\t\t\t<\/time>\n\t\t\t\t<\/a>\n\t\t\t<\/span>\n\t\t\n\t\t\t\t\t<span class=\"sow-entry-author-link byline\">\n\t\t\t\t\t\t\t\t\t<span class=\"sow-author author vcard\">\n\t\t\t\t\t\t<a class=\"url fn n\" href=\"https:\/\/wp.ufpel.edu.br\/ca\/author\/esthercosta\/\" rel=\"author\">\n\t\t\t\t\t\t\testhercosta\t\t\t\t\t\t<\/a>\n\t\t\t\t\t<\/span>\n\t\t\t\t\t\t\t<\/span>\n\t\t\n\t\t<span class=\"sow-entry-categories\"><a href=\"https:\/\/wp.ufpel.edu.br\/ca\/category\/noticias\/\">Not\u00edcias<\/a><\/span>\n\t\t\t\t\t<\/div>\n\t\t<\/header>\n\n\t\t\t\t\t<div\n\t\t\t\tclass=\"sow-entry-content\"\n\t\t\t\tstyle=\"margin-top: 20px;\"\n\t\t\t>\n\t\t\t\t<p>\u00a0\u00a0O Centro de Artes da UFPel realizou, no dia 16 de setembro de 2025, a posse da nova diretora Roberta Coelho Barros, da vice-diretora Raquel Azambuja Santos, da chefia do n\u00facleo administrativo Luana de Melo Pereira e sua vice Renata Schmidt de Arruda Gomes. &nbsp; \u00a0\u00a0O evento conduzido pelo servidor t\u00e9cnico administrativo Matheus Pinho, ocorreu...<\/p>\t\t\t<\/div>\n\t\t\t\t<\/div>\n<\/article>\n<article id=\"post-5700\" class=\"post-5700 post type-post status-publish format-standard hentry category-geral\" style=\"margin: 0 0 40px\">\n\t\t\t\t<div class=\"sow-blog-content-wrapper\"\n\t\t style=\"padding: 25px 30px 38px;\">\n\t\t\t\t<header class=\"sow-entry-header\">\n\t\t\t<h2 class=\"sow-entry-title\" style=\"margin: 0 0 5px;\"><a href=\"https:\/\/wp.ufpel.edu.br\/ca\/marcelo-cazarre-uma-vida-dedicada-a-musica-a-educacao-e-ao-afeto\/\" rel=\"bookmark\">Marcelo Cazarr\u00e9: Uma Vida Dedicada \u00e0 M\u00fasica, \u00e0 Educa\u00e7\u00e3o e ao Afeto<\/a><\/h2>\t\t\t<div class=\"sow-entry-meta\">\n\t\t\t\t\t\t\t<span class=\"sow-entry-date\">\n\t\t\t\t<a href=\"https:\/\/wp.ufpel.edu.br\/ca\/marcelo-cazarre-uma-vida-dedicada-a-musica-a-educacao-e-ao-afeto\/\" rel=\"bookmark\">\n\t\t\t\t\t<time class=\"published\" datetime=\"2025-07-23T15:06:25-03:00\">\n\t\t\t\t\t\t23\/07\/2025\t\t\t\t\t<\/time>\n\t\t\t\t\t<time class=\"updated\" datetime=\"2025-07-23T15:07:46-03:00\">\n\t\t\t\t\t\t23\/07\/2025\t\t\t\t\t<\/time>\n\t\t\t\t<\/a>\n\t\t\t<\/span>\n\t\t\n\t\t\t\t\t<span class=\"sow-entry-author-link byline\">\n\t\t\t\t\t\t\t\t\t<span class=\"sow-author author vcard\">\n\t\t\t\t\t\t<a class=\"url fn n\" href=\"https:\/\/wp.ufpel.edu.br\/ca\/author\/linkcursoslivres\/\" rel=\"author\">\n\t\t\t\t\t\t\tLIG302\t\t\t\t\t\t<\/a>\n\t\t\t\t\t<\/span>\n\t\t\t\t\t\t\t<\/span>\n\t\t\n\t\t<span class=\"sow-entry-categories\"><a href=\"https:\/\/wp.ufpel.edu.br\/ca\/category\/geral\/\">Geral<\/a><\/span>\n\t\t\t\t\t<\/div>\n\t\t<\/header>\n\n\t\t\t\t\t<div\n\t\t\t\tclass=\"sow-entry-content\"\n\t\t\t\tstyle=\"margin-top: 20px;\"\n\t\t\t>\n\t\t\t\t<p>Em mem\u00f3ria de Marcelo Cazarr\u00e9 Pianista, pesquisador e professor da UFPel h\u00e1 quase 30 anos, Marcelo Cazarr\u00e9 nos deixou em maio de 2025, aos 52 anos, mas seu legado na m\u00fasica, na educa\u00e7\u00e3o e, sobretudo, nas pessoas que conviveram com ele permanece vivo. Cazarr\u00e9 graduou-se em piano na UFSM, concluiu seu mestrado e doutorado na...<\/p>\t\t\t<\/div>\n\t\t\t\t<\/div>\n<\/article>\n<article id=\"post-5679\" class=\"post-5679 post type-post status-publish format-standard hentry category-geral\" style=\"margin: 0 0 40px\">\n\t\t\t\t<div class=\"sow-blog-content-wrapper\"\n\t\t style=\"padding: 25px 30px 38px;\">\n\t\t\t\t<header class=\"sow-entry-header\">\n\t\t\t<h2 class=\"sow-entry-title\" style=\"margin: 0 0 5px;\"><a href=\"https:\/\/wp.ufpel.edu.br\/ca\/resultado-das-eleicoes\/\" rel=\"bookmark\">RESULTADO DAS ELEI\u00c7\u00d5ES<\/a><\/h2>\t\t\t<div class=\"sow-entry-meta\">\n\t\t\t\t\t\t\t<span class=\"sow-entry-date\">\n\t\t\t\t<a href=\"https:\/\/wp.ufpel.edu.br\/ca\/resultado-das-eleicoes\/\" rel=\"bookmark\">\n\t\t\t\t\t<time class=\"published\" datetime=\"2025-07-09T17:22:04-03:00\">\n\t\t\t\t\t\t09\/07\/2025\t\t\t\t\t<\/time>\n\t\t\t\t\t<time class=\"updated\" datetime=\"2025-07-09T17:28:37-03:00\">\n\t\t\t\t\t\t09\/07\/2025\t\t\t\t\t<\/time>\n\t\t\t\t<\/a>\n\t\t\t<\/span>\n\t\t\n\t\t\t\t\t<span class=\"sow-entry-author-link byline\">\n\t\t\t\t\t\t\t\t\t<span class=\"sow-author author vcard\">\n\t\t\t\t\t\t<a class=\"url fn n\" href=\"https:\/\/wp.ufpel.edu.br\/ca\/author\/linkcursoslivres\/\" rel=\"author\">\n\t\t\t\t\t\t\tLIG302\t\t\t\t\t\t<\/a>\n\t\t\t\t\t<\/span>\n\t\t\t\t\t\t\t<\/span>\n\t\t\n\t\t<span class=\"sow-entry-categories\"><a href=\"https:\/\/wp.ufpel.edu.br\/ca\/category\/geral\/\">Geral<\/a><\/span>\n\t\t\t\t\t<\/div>\n\t\t<\/header>\n\n\t\t\t\t\t<div\n\t\t\t\tclass=\"sow-entry-content\"\n\t\t\t\tstyle=\"margin-top: 20px;\"\n\t\t\t>\n\t\t\t\t<p>A Comiss\u00e3o Eleitoral do Centro de Artes divulga o resultado da consulta \u00e0 comunidade acad\u00eamica para os cargos de Dire\u00e7\u00e3o e Dire\u00e7\u00e3o-Adjunta e Chefe do N\u00facleo Administrativo e Chefe-Adjunto, referente a gest\u00e3o de 2025-2029. Ap\u00f3s a apura\u00e7\u00e3o dos votos, resultou no seguinte: Dire\u00e7\u00e3o e Dire\u00e7\u00e3o-Adjunta CHAPA 02 &#8211; ABRA\u00c7A CA &#8211; Roberta Coelho Barros e...<\/p>\t\t\t<\/div>\n\t\t\t\t<\/div>\n<\/article>\n<article id=\"post-5676\" class=\"post-5676 post type-post status-publish format-standard hentry category-geral\" style=\"margin: 0 0 40px\">\n\t\t\t\t<div class=\"sow-blog-content-wrapper\"\n\t\t style=\"padding: 25px 30px 38px;\">\n\t\t\t\t<header class=\"sow-entry-header\">\n\t\t\t<h2 class=\"sow-entry-title\" style=\"margin: 0 0 5px;\"><a href=\"https:\/\/wp.ufpel.edu.br\/ca\/hoje-e-dia-votacao-eleicoes-ca\/\" rel=\"bookmark\">Hoje \u00e9 dia Vota\u00e7\u00e3o &#8211; Elei\u00e7\u00f5es CA<\/a><\/h2>\t\t\t<div class=\"sow-entry-meta\">\n\t\t\t\t\t\t\t<span class=\"sow-entry-date\">\n\t\t\t\t<a href=\"https:\/\/wp.ufpel.edu.br\/ca\/hoje-e-dia-votacao-eleicoes-ca\/\" rel=\"bookmark\">\n\t\t\t\t\t<time class=\"published\" datetime=\"2025-07-07T11:02:30-03:00\">\n\t\t\t\t\t\t07\/07\/2025\t\t\t\t\t<\/time>\n\t\t\t\t\t<time class=\"updated\" datetime=\"2025-07-07T11:02:30-03:00\">\n\t\t\t\t\t\t07\/07\/2025\t\t\t\t\t<\/time>\n\t\t\t\t<\/a>\n\t\t\t<\/span>\n\t\t\n\t\t\t\t\t<span class=\"sow-entry-author-link byline\">\n\t\t\t\t\t\t\t\t\t<span class=\"sow-author author vcard\">\n\t\t\t\t\t\t<a class=\"url fn n\" href=\"https:\/\/wp.ufpel.edu.br\/ca\/author\/linkcursoslivres\/\" rel=\"author\">\n\t\t\t\t\t\t\tLIG302\t\t\t\t\t\t<\/a>\n\t\t\t\t\t<\/span>\n\t\t\t\t\t\t\t<\/span>\n\t\t\n\t\t<span class=\"sow-entry-categories\"><a href=\"https:\/\/wp.ufpel.edu.br\/ca\/category\/geral\/\">Geral<\/a><\/span>\n\t\t\t\t\t<\/div>\n\t\t<\/header>\n\n\t\t\t\t\t<div\n\t\t\t\tclass=\"sow-entry-content\"\n\t\t\t\tstyle=\"margin-top: 20px;\"\n\t\t\t>\n\t\t\t\t<p>Hoje \u00e9 dia Vota\u00e7\u00e3o &#8211; Elei\u00e7\u00f5es CA &nbsp; Exer\u00e7a seu direito como estudante\/t\u00e9cnico\/docente e vote nas Elei\u00e7\u00f5es CA 2025. &nbsp; Onde votar:\u00a0Toda a vota\u00e7\u00e3o \u00e9 de forma on-line.\u00a0Pelo sistema on-line de vota\u00e7\u00e3o Helios voting. Como votar:\u00a0Voc\u00ea receber\u00e1 um\u00a0 link para seu email cadastrado no cobalto. &nbsp; Para votar tenha em m\u00e3os o seu ID, senha...<\/p>\t\t\t<\/div>\n\t\t\t\t<\/div>\n<\/article>\n\t\t\t<\/div>\n\t\t\t\t\t\t<nav class=\"sow-post-navigation\">\n\t\t\t\t<h3 class=\"screen-reader-text\">Pagination<\/h3>\n\t\t\t\t<div class=\"sow-nav-links\">\n\t\t\t\t\t<span aria-current=\"page\" class=\"page-numbers current\">1<\/span>\n<a class=\"page-numbers\" href=\"https:\/\/wp.ufpel.edu.br\/ca\/hoje-e-dia-votacao-eleicoes-ca\/?sow-8268d8411c36=2\">2<\/a>\n<a class=\"page-numbers\" href=\"https:\/\/wp.ufpel.edu.br\/ca\/hoje-e-dia-votacao-eleicoes-ca\/?sow-8268d8411c36=3\">3<\/a>\n<span class=\"page-numbers dots\">&hellip;<\/span>\n<a class=\"page-numbers\" href=\"https:\/\/wp.ufpel.edu.br\/ca\/hoje-e-dia-votacao-eleicoes-ca\/?sow-8268d8411c36=31\">31<\/a>\n<a class=\"next page-numbers\" href=\"https:\/\/wp.ufpel.edu.br\/ca\/hoje-e-dia-votacao-eleicoes-ca\/?sow-8268d8411c36=2\">&rarr;<\/a>\t\t\t\t<\/div>\n\t\t\t<\/nav>\n\t\t\t\t\t\t\t\t<\/div>\n\t<\/div><\/div><div id=\"panel-2-1-0-2\" class=\"so-panel widget widget_sow-button panel-last-child\" data-index=\"4\" ><div\n\t\t\t\n\t\t\tclass=\"so-widget-sow-button so-widget-sow-button-flat-f13078d6616d-5676\"\n\t\t\t\n\t\t><div class=\"ow-button-base ow-button-align-center\"\n>\n\t\t\t<a\n\t\t\t\t\thref=\"https:\/\/wp.ufpel.edu.br\/ca\/noticias\/\"\n\t\t\t\t\tclass=\"sowb-button ow-icon-placement-left\" \t>\n\t\t<span>\n\t\t\t\n\t\t\tVer mais not\u00edcias\t\t<\/span>\n\t\t\t<\/a>\n\t<\/div>\n<\/div><\/div><\/div><\/div><\/div><div id=\"pg-2-2\"  class=\"panel-grid panel-no-style\" ><div id=\"pgc-2-2-0\"  class=\"panel-grid-cell panel-grid-cell-empty\" ><\/div><\/div><div id=\"pg-2-3\"  class=\"panel-grid panel-has-style\" ><div class=\"siteorigin-panels-stretch panel-row-style panel-row-style-for-2-3\" data-stretch-type=\"full\" ><div id=\"pgc-2-3-0\"  class=\"panel-grid-cell\" ><div id=\"panel-2-3-0-0\" class=\"so-panel widget widget_sow-headline panel-first-child\" data-index=\"5\" ><div\n\t\t\t\n\t\t\tclass=\"so-widget-sow-headline so-widget-sow-headline-default-6b52635ceda7-5676\"\n\t\t\t\n\t\t><div class=\"sow-headline-container \">\n\t\t\t\t\t\t\t<h1 class=\"sow-headline\">\n\t\t\t\t\t\tInformes Administrativos\t\t\t\t\t\t<\/h1>\n\t\t\t\t\t\t<\/div>\n<\/div><\/div><div id=\"panel-2-3-0-1\" class=\"so-panel widget widget_siteorigin-panels-postloop\" data-index=\"6\" >\n\t<div id=\"vantage-grid-loop\" class=\"vantage-grid-loop grid-loop-columns-3\">\n\t\t\t\t\t<article class=\"grid-post post-5468 informes type-informes status-publish has-post-thumbnail hentry post post-with-thumbnail post-with-thumbnail-large\">\n\n\t\t\t\t\t\t\t\t\t<a class=\"grid-thumbnail\" href=\"https:\/\/wp.ufpel.edu.br\/ca\/informes\/informacoes-importantes-inicio-do-semestre-2025-1-em-22-abril-de-2025\/\">\n\t\t\t\t\t\t<img loading=\"lazy\" decoding=\"async\" width=\"436\" height=\"272\" src=\"https:\/\/wp.ufpel.edu.br\/ca\/files\/2025\/01\/IMG-20250129-WA0382-436x272.jpg\" class=\"attachment-vantage-grid-loop size-vantage-grid-loop wp-post-image\" alt=\"\" data-attachment-id=\"5281\" data-permalink=\"https:\/\/wp.ufpel.edu.br\/ca\/informes\/preenchimento-do-pca-2026-plano-de-contratacao-anual\/img-20250129-wa0382\/#main\" data-orig-file=\"https:\/\/wp.ufpel.edu.br\/ca\/files\/2025\/01\/IMG-20250129-WA0382.jpg\" data-orig-size=\"1600,900\" data-comments-opened=\"0\" data-image-meta=\"{&quot;aperture&quot;:&quot;0&quot;,&quot;credit&quot;:&quot;&quot;,&quot;camera&quot;:&quot;&quot;,&quot;caption&quot;:&quot;&quot;,&quot;created_timestamp&quot;:&quot;0&quot;,&quot;copyright&quot;:&quot;&quot;,&quot;focal_length&quot;:&quot;0&quot;,&quot;iso&quot;:&quot;0&quot;,&quot;shutter_speed&quot;:&quot;0&quot;,&quot;title&quot;:&quot;&quot;,&quot;orientation&quot;:&quot;0&quot;}\" data-image-title=\"IMG-20250129-WA0382\" data-image-description=\"\" data-image-caption=\"\" data-medium-file=\"https:\/\/wp.ufpel.edu.br\/ca\/files\/2025\/01\/IMG-20250129-WA0382-600x338.jpg\" data-large-file=\"https:\/\/wp.ufpel.edu.br\/ca\/files\/2025\/01\/IMG-20250129-WA0382-1024x576.jpg\" \/>\t\t\t\t\t<\/a>\n\t\t\t\t\n\t\t\t\t<h3><a href=\"https:\/\/wp.ufpel.edu.br\/ca\/informes\/informacoes-importantes-inicio-do-semestre-2025-1-em-22-abril-de-2025\/\">Informa\u00e7\u00f5es importantes: in\u00edcio do semestre 2025\/1 em 22 abril de 2025<\/a><\/h3>\n\t\t\t\t<div class=\"excerpt\"><p>&#8230;<\/p>\n<\/div>\n\t\t\t\t\t\t\t\t\t\t\t<\/article>\n\t\t\t\t\t\t<article class=\"grid-post post-5279 informes type-informes status-publish has-post-thumbnail hentry categoria-informes categoria-servidores post post-with-thumbnail post-with-thumbnail-large\">\n\n\t\t\t\t\t\t\t\t\t<a class=\"grid-thumbnail\" href=\"https:\/\/wp.ufpel.edu.br\/ca\/informes\/preenchimento-do-pca-2026-plano-de-contratacao-anual\/\">\n\t\t\t\t\t\t<img loading=\"lazy\" decoding=\"async\" width=\"436\" height=\"272\" src=\"https:\/\/wp.ufpel.edu.br\/ca\/files\/2025\/01\/IMG-20250129-WA0382-436x272.jpg\" class=\"attachment-vantage-grid-loop size-vantage-grid-loop wp-post-image\" alt=\"\" data-attachment-id=\"5281\" data-permalink=\"https:\/\/wp.ufpel.edu.br\/ca\/informes\/preenchimento-do-pca-2026-plano-de-contratacao-anual\/img-20250129-wa0382\/#main\" data-orig-file=\"https:\/\/wp.ufpel.edu.br\/ca\/files\/2025\/01\/IMG-20250129-WA0382.jpg\" data-orig-size=\"1600,900\" data-comments-opened=\"0\" data-image-meta=\"{&quot;aperture&quot;:&quot;0&quot;,&quot;credit&quot;:&quot;&quot;,&quot;camera&quot;:&quot;&quot;,&quot;caption&quot;:&quot;&quot;,&quot;created_timestamp&quot;:&quot;0&quot;,&quot;copyright&quot;:&quot;&quot;,&quot;focal_length&quot;:&quot;0&quot;,&quot;iso&quot;:&quot;0&quot;,&quot;shutter_speed&quot;:&quot;0&quot;,&quot;title&quot;:&quot;&quot;,&quot;orientation&quot;:&quot;0&quot;}\" data-image-title=\"IMG-20250129-WA0382\" data-image-description=\"\" data-image-caption=\"\" data-medium-file=\"https:\/\/wp.ufpel.edu.br\/ca\/files\/2025\/01\/IMG-20250129-WA0382-600x338.jpg\" data-large-file=\"https:\/\/wp.ufpel.edu.br\/ca\/files\/2025\/01\/IMG-20250129-WA0382-1024x576.jpg\" \/>\t\t\t\t\t<\/a>\n\t\t\t\t\n\t\t\t\t<h3><a href=\"https:\/\/wp.ufpel.edu.br\/ca\/informes\/preenchimento-do-pca-2026-plano-de-contratacao-anual\/\">Preenchimento do PCA 2026 &#8211; Plano de Contrata\u00e7\u00e3o Anual<\/a><\/h3>\n\t\t\t\t<div class=\"excerpt\"><p>&#8230;<\/p>\n<\/div>\n\t\t\t\t\t\t\t\t\t\t\t<\/article>\n\t\t\t\t\t\t<article class=\"grid-post post-5081 informes type-informes status-publish has-post-thumbnail hentry post post-with-thumbnail post-with-thumbnail-large\">\n\n\t\t\t\t\t\t\t\t\t<a class=\"grid-thumbnail\" href=\"https:\/\/wp.ufpel.edu.br\/ca\/informes\/nova-versao-do-sei-4-0\/\">\n\t\t\t\t\t\t<img loading=\"lazy\" decoding=\"async\" width=\"436\" height=\"272\" src=\"https:\/\/wp.ufpel.edu.br\/ca\/files\/2022\/12\/Informes-CA-436x272.png\" class=\"attachment-vantage-grid-loop size-vantage-grid-loop wp-post-image\" alt=\"\" data-attachment-id=\"1939\" data-permalink=\"https:\/\/wp.ufpel.edu.br\/ca\/informes\/informe-exemplo-1\/informes-ca\/#main\" data-orig-file=\"https:\/\/wp.ufpel.edu.br\/ca\/files\/2022\/12\/Informes-CA.png\" data-orig-size=\"2000,1080\" data-comments-opened=\"0\" data-image-meta=\"{&quot;aperture&quot;:&quot;0&quot;,&quot;credit&quot;:&quot;&quot;,&quot;camera&quot;:&quot;&quot;,&quot;caption&quot;:&quot;&quot;,&quot;created_timestamp&quot;:&quot;0&quot;,&quot;copyright&quot;:&quot;&quot;,&quot;focal_length&quot;:&quot;0&quot;,&quot;iso&quot;:&quot;0&quot;,&quot;shutter_speed&quot;:&quot;0&quot;,&quot;title&quot;:&quot;&quot;,&quot;orientation&quot;:&quot;0&quot;}\" data-image-title=\"Informes-CA\" data-image-description=\"\" data-image-caption=\"\" data-medium-file=\"https:\/\/wp.ufpel.edu.br\/ca\/files\/2022\/12\/Informes-CA-600x324.png\" data-large-file=\"https:\/\/wp.ufpel.edu.br\/ca\/files\/2022\/12\/Informes-CA-1024x553.png\" \/>\t\t\t\t\t<\/a>\n\t\t\t\t\n\t\t\t\t<h3><a href=\"https:\/\/wp.ufpel.edu.br\/ca\/informes\/nova-versao-do-sei-4-0\/\">Nova vers\u00e3o do SEI &#8211; 4.0<\/a><\/h3>\n\t\t\t\t<div class=\"excerpt\"><p>&#8230;<\/p>\n<\/div>\n\t\t\t\t\t\t\t\t\t\t\t<\/article>\n\t\t\t\t\t\t\t<div class=\"clear\"><\/div>\n\t\t\t\t\t\t\t<article class=\"grid-post post-4874 informes type-informes status-publish has-post-thumbnail hentry categoria-informes post post-with-thumbnail post-with-thumbnail-large\">\n\n\t\t\t\t\t\t\t\t\t<a class=\"grid-thumbnail\" href=\"https:\/\/wp.ufpel.edu.br\/ca\/informes\/eleicoes-dos-colegiados-setoriais-de-cultura-do-rs\/\">\n\t\t\t\t\t\t<img loading=\"lazy\" decoding=\"async\" width=\"436\" height=\"272\" src=\"https:\/\/wp.ufpel.edu.br\/ca\/files\/2022\/12\/Informes-CA-436x272.png\" class=\"attachment-vantage-grid-loop size-vantage-grid-loop wp-post-image\" alt=\"\" data-attachment-id=\"1939\" data-permalink=\"https:\/\/wp.ufpel.edu.br\/ca\/informes\/informe-exemplo-1\/informes-ca\/#main\" data-orig-file=\"https:\/\/wp.ufpel.edu.br\/ca\/files\/2022\/12\/Informes-CA.png\" data-orig-size=\"2000,1080\" data-comments-opened=\"0\" data-image-meta=\"{&quot;aperture&quot;:&quot;0&quot;,&quot;credit&quot;:&quot;&quot;,&quot;camera&quot;:&quot;&quot;,&quot;caption&quot;:&quot;&quot;,&quot;created_timestamp&quot;:&quot;0&quot;,&quot;copyright&quot;:&quot;&quot;,&quot;focal_length&quot;:&quot;0&quot;,&quot;iso&quot;:&quot;0&quot;,&quot;shutter_speed&quot;:&quot;0&quot;,&quot;title&quot;:&quot;&quot;,&quot;orientation&quot;:&quot;0&quot;}\" data-image-title=\"Informes-CA\" data-image-description=\"\" data-image-caption=\"\" data-medium-file=\"https:\/\/wp.ufpel.edu.br\/ca\/files\/2022\/12\/Informes-CA-600x324.png\" data-large-file=\"https:\/\/wp.ufpel.edu.br\/ca\/files\/2022\/12\/Informes-CA-1024x553.png\" \/>\t\t\t\t\t<\/a>\n\t\t\t\t\n\t\t\t\t<h3><a href=\"https:\/\/wp.ufpel.edu.br\/ca\/informes\/eleicoes-dos-colegiados-setoriais-de-cultura-do-rs\/\">Elei\u00e7\u00f5es dos Colegiados Setoriais de Cultura do RS<\/a><\/h3>\n\t\t\t\t<div class=\"excerpt\"><p>&#8230;<\/p>\n<\/div>\n\t\t\t\t\t\t\t\t\t\t\t<\/article>\n\t\t\t\t\t\t<article class=\"grid-post post-4501 informes type-informes status-publish has-post-thumbnail hentry categoria-coordenadores-e-chefias categoria-informes categoria-servidores post post-with-thumbnail post-with-thumbnail-large\">\n\n\t\t\t\t\t\t\t\t\t<a class=\"grid-thumbnail\" href=\"https:\/\/wp.ufpel.edu.br\/ca\/informes\/preenchimento-do-pca-2025-plano-de-contratacao-anual\/\">\n\t\t\t\t\t\t<img loading=\"lazy\" decoding=\"async\" width=\"436\" height=\"272\" src=\"https:\/\/wp.ufpel.edu.br\/ca\/files\/2022\/12\/Informes-CA-436x272.png\" class=\"attachment-vantage-grid-loop size-vantage-grid-loop wp-post-image\" alt=\"\" data-attachment-id=\"1939\" data-permalink=\"https:\/\/wp.ufpel.edu.br\/ca\/informes\/informe-exemplo-1\/informes-ca\/#main\" data-orig-file=\"https:\/\/wp.ufpel.edu.br\/ca\/files\/2022\/12\/Informes-CA.png\" data-orig-size=\"2000,1080\" data-comments-opened=\"0\" data-image-meta=\"{&quot;aperture&quot;:&quot;0&quot;,&quot;credit&quot;:&quot;&quot;,&quot;camera&quot;:&quot;&quot;,&quot;caption&quot;:&quot;&quot;,&quot;created_timestamp&quot;:&quot;0&quot;,&quot;copyright&quot;:&quot;&quot;,&quot;focal_length&quot;:&quot;0&quot;,&quot;iso&quot;:&quot;0&quot;,&quot;shutter_speed&quot;:&quot;0&quot;,&quot;title&quot;:&quot;&quot;,&quot;orientation&quot;:&quot;0&quot;}\" data-image-title=\"Informes-CA\" data-image-description=\"\" data-image-caption=\"\" data-medium-file=\"https:\/\/wp.ufpel.edu.br\/ca\/files\/2022\/12\/Informes-CA-600x324.png\" data-large-file=\"https:\/\/wp.ufpel.edu.br\/ca\/files\/2022\/12\/Informes-CA-1024x553.png\" \/>\t\t\t\t\t<\/a>\n\t\t\t\t\n\t\t\t\t<h3><a href=\"https:\/\/wp.ufpel.edu.br\/ca\/informes\/preenchimento-do-pca-2025-plano-de-contratacao-anual\/\">Preenchimento do PCA 2025 \u2013 Plano de Contrata\u00e7\u00e3o Anual<\/a><\/h3>\n\t\t\t\t<div class=\"excerpt\"><p>&#8230;<\/p>\n<\/div>\n\t\t\t\t\t\t\t\t\t\t\t<\/article>\n\t\t\t\t\t\t<article class=\"grid-post post-4384 informes type-informes status-publish has-post-thumbnail hentry categoria-horarios categoria-informes post post-with-thumbnail post-with-thumbnail-large\">\n\n\t\t\t\t\t\t\t\t\t<a class=\"grid-thumbnail\" href=\"https:\/\/wp.ufpel.edu.br\/ca\/informes\/atendimento-presencial-no-ca-no-periodo-nao-letivo\/\">\n\t\t\t\t\t\t<img loading=\"lazy\" decoding=\"async\" width=\"436\" height=\"272\" src=\"https:\/\/wp.ufpel.edu.br\/ca\/files\/2022\/12\/Informes-CA-436x272.png\" class=\"attachment-vantage-grid-loop size-vantage-grid-loop wp-post-image\" alt=\"\" data-attachment-id=\"1939\" data-permalink=\"https:\/\/wp.ufpel.edu.br\/ca\/informes\/informe-exemplo-1\/informes-ca\/#main\" data-orig-file=\"https:\/\/wp.ufpel.edu.br\/ca\/files\/2022\/12\/Informes-CA.png\" data-orig-size=\"2000,1080\" data-comments-opened=\"0\" data-image-meta=\"{&quot;aperture&quot;:&quot;0&quot;,&quot;credit&quot;:&quot;&quot;,&quot;camera&quot;:&quot;&quot;,&quot;caption&quot;:&quot;&quot;,&quot;created_timestamp&quot;:&quot;0&quot;,&quot;copyright&quot;:&quot;&quot;,&quot;focal_length&quot;:&quot;0&quot;,&quot;iso&quot;:&quot;0&quot;,&quot;shutter_speed&quot;:&quot;0&quot;,&quot;title&quot;:&quot;&quot;,&quot;orientation&quot;:&quot;0&quot;}\" data-image-title=\"Informes-CA\" data-image-description=\"\" data-image-caption=\"\" data-medium-file=\"https:\/\/wp.ufpel.edu.br\/ca\/files\/2022\/12\/Informes-CA-600x324.png\" data-large-file=\"https:\/\/wp.ufpel.edu.br\/ca\/files\/2022\/12\/Informes-CA-1024x553.png\" \/>\t\t\t\t\t<\/a>\n\t\t\t\t\n\t\t\t\t<h3><a href=\"https:\/\/wp.ufpel.edu.br\/ca\/informes\/atendimento-presencial-no-ca-no-periodo-nao-letivo\/\">Atendimento presencial no CA no per\u00edodo N\u00c3O LETIVO<\/a><\/h3>\n\t\t\t\t<div class=\"excerpt\"><p>&#8230;<\/p>\n<\/div>\n\t\t\t\t\t\t\t\t\t\t\t<\/article>\n\t\t\t\t\t\t\t<div class=\"clear\"><\/div>\n\t\t\t\t\t<\/div>\n\n\t\t\t<nav id=\"nav-below\" class=\"site-navigation paging-navigation\">\n\t\t\t<h2 class=\"assistive-text\">Navega\u00e7\u00e3o de posts<\/h2>\n\n\t\t\t<div class='pagination'><span aria-current=\"page\" class=\"page-numbers current\">1<\/span>\n<a class=\"page-numbers\" href=\"https:\/\/wp.ufpel.edu.br\/ca\/wp-json\/wp\/v2\/pages\/2\/page\/2\/\">2<\/a>\n<a class=\"page-numbers\" href=\"https:\/\/wp.ufpel.edu.br\/ca\/wp-json\/wp\/v2\/pages\/2\/page\/3\/\">3<\/a>\n<a class=\"page-numbers\" href=\"https:\/\/wp.ufpel.edu.br\/ca\/wp-json\/wp\/v2\/pages\/2\/page\/4\/\">4<\/a>\n<a class=\"page-numbers\" href=\"https:\/\/wp.ufpel.edu.br\/ca\/wp-json\/wp\/v2\/pages\/2\/page\/5\/\">5<\/a>\n<a class=\"next page-numbers\" href=\"https:\/\/wp.ufpel.edu.br\/ca\/wp-json\/wp\/v2\/pages\/2\/page\/2\/\">Pr\u00f3ximo &raquo;<\/a><\/div>\n\n\t\t<\/nav><!-- #nav-below -->\n\t\t<\/div><div id=\"panel-2-3-0-2\" class=\"so-panel widget widget_sow-button panel-last-child\" data-index=\"7\" ><div\n\t\t\t\n\t\t\tclass=\"so-widget-sow-button so-widget-sow-button-flat-f13078d6616d-4384\"\n\t\t\t\n\t\t><div class=\"ow-button-base ow-button-align-center\"\n>\n\t\t\t<a\n\t\t\t\t\thref=\"https:\/\/wp.ufpel.edu.br\/ca\/informes\/\"\n\t\t\t\t\tclass=\"sowb-button ow-icon-placement-left\" \t>\n\t\t<span>\n\t\t\t\n\t\t\tVer mais informes\t\t<\/span>\n\t\t\t<\/a>\n\t<\/div>\n<\/div><\/div><\/div><\/div><\/div><div id=\"pg-2-4\"  class=\"panel-grid panel-has-style\" ><div class=\"siteorigin-panels-stretch panel-row-style panel-row-style-for-2-4\" data-stretch-type=\"full\" ><div id=\"pgc-2-4-0\"  class=\"panel-grid-cell\" ><div id=\"panel-2-4-0-0\" class=\"so-panel widget widget_sow-editor panel-first-child panel-last-child\" data-index=\"8\" ><div\n\t\t\t\n\t\t\tclass=\"so-widget-sow-editor so-widget-sow-editor-base\"\n\t\t\t\n\t\t><h3 class=\"widget-title\">NOVO CURSO de DESIGN DE JOGOS <\/h3>\n<div class=\"siteorigin-widget-tinymce textwidget\">\n\t<p>Unir arte e tecnologia: com essa premissa, a proposta de novo curso trazida pelo Centro de Artes mira nos jogos a partir de um projeto instigante e inovador. O bacharelado em Design de Jogos optar\u00e1 n\u00e3o apenas pela programa\u00e7\u00e3o dos jogos, mas sim em todo o desenvolvimento e processo de cria\u00e7\u00e3o, unindo \u00e1reas como roteiro, narrativa, regras, est\u00e9tica, anima\u00e7\u00e3o e trilha sonora.<\/p>\n<p>Saiba mais clicando no v\u00eddeo ao lado.<\/p>\n<\/div>\n<\/div><\/div><\/div><div id=\"pgc-2-4-1\"  class=\"panel-grid-cell\" ><div id=\"panel-2-4-1-0\" class=\"so-panel widget widget_sow-editor panel-first-child panel-last-child\" data-index=\"9\" ><div\n\t\t\t\n\t\t\tclass=\"so-widget-sow-editor so-widget-sow-editor-base\"\n\t\t\t\n\t\t>\n<div class=\"siteorigin-widget-tinymce textwidget\">\n\t<p><iframe loading=\"lazy\" title=\"Bacharelado de Design de Jogos | Centro de Artes | UFPel\" width=\"720\" height=\"405\" src=\"https:\/\/www.youtube.com\/embed\/KT6MQUBIpCM?feature=oembed\" frameborder=\"0\" allow=\"accelerometer; autoplay; clipboard-write; encrypted-media; gyroscope; picture-in-picture; web-share\" referrerpolicy=\"strict-origin-when-cross-origin\" allowfullscreen><\/iframe><\/p>\n<\/div>\n<\/div><\/div><\/div><\/div><\/div><div id=\"pg-2-5\"  class=\"panel-grid panel-has-style\" ><div class=\"siteorigin-panels-stretch panel-row-style panel-row-style-for-2-5\" data-stretch-type=\"full\" ><div id=\"pgc-2-5-0\"  class=\"panel-grid-cell\" ><div id=\"panel-2-5-0-0\" class=\"so-panel widget widget_sow-editor panel-first-child panel-last-child\" data-index=\"10\" ><div\n\t\t\t\n\t\t\tclass=\"so-widget-sow-editor so-widget-sow-editor-base\"\n\t\t\t\n\t\t>\n<div class=\"siteorigin-widget-tinymce textwidget\">\n\t<p><iframe loading=\"lazy\" title=\"Bem Vindos ao Centro de Artes | UFPel\" width=\"720\" height=\"405\" src=\"https:\/\/www.youtube.com\/embed\/DpiD7SaSR-Q?feature=oembed\" frameborder=\"0\" allow=\"accelerometer; autoplay; clipboard-write; encrypted-media; gyroscope; picture-in-picture; web-share\" referrerpolicy=\"strict-origin-when-cross-origin\" allowfullscreen><\/iframe><\/p>\n<\/div>\n<\/div><\/div><\/div><div id=\"pgc-2-5-1\"  class=\"panel-grid-cell\" ><div id=\"panel-2-5-1-0\" class=\"so-panel widget widget_sow-editor panel-first-child panel-last-child\" data-index=\"11\" ><div\n\t\t\t\n\t\t\tclass=\"so-widget-sow-editor so-widget-sow-editor-base\"\n\t\t\t\n\t\t><h3 class=\"widget-title\">CENTRO DE ARTES - UFPEL <\/h3>\n<div class=\"siteorigin-widget-tinymce textwidget\">\n\t<p>O Centro de Artes da Universidade Federal de Pelotas agrega os cursos das \u00e1reas de artes visuais, design, design de jogos, cinema, dan\u00e7a, m\u00fasica e teatro. O Centro oferece 18 cursos de gradua\u00e7\u00e3o nestas \u00e1reas e tr\u00eas curso de p\u00f3s-gradua\u00e7\u00e3o em artes. Tamb\u00e9m se destaca na atua\u00e7\u00e3o da unidade, de forma tradicional, a oferta de diversas atividades de extens\u00e3o \u00e0 comunidade, al\u00e9m dos \u00f3rg\u00e3os suplementares: MALG - M\u00faseu de Arte Leopoldo Gottuzzo, MabSul - Musei Afro-Brasil-Sul e Conservat\u00f3rio de M\u00fasica.<\/p>\n<\/div>\n<\/div><\/div><\/div><\/div><\/div><\/div>","protected":false},"excerpt":{"rendered":"<p>NOVO CURSO de DESIGN DE JOGOS Unir arte e tecnologia: com essa premissa, a proposta de novo curso trazida pelo Centro de Artes mira nos jogos a partir de um projeto instigante e inovador. O bacharelado em Design de Jogos optar\u00e1 n\u00e3o apenas pela programa\u00e7\u00e3o dos jogos, mas sim em todo o desenvolvimento e processo&#8230;<\/p>\n","protected":false},"author":573,"featured_media":0,"parent":0,"menu_order":0,"comment_status":"closed","ping_status":"closed","template":"home-panels.php","meta":{"_acf_changed":false,"footnotes":""},"class_list":["post-2","page","type-page","status-publish","hentry","post","post-with-thumbnail","post-with-thumbnail-large"],"acf":[],"yoast_head":"<!-- This site is optimized with the Yoast SEO plugin v26.7 - https:\/\/yoast.com\/wordpress\/plugins\/seo\/ -->\n<title>P\u00e1gina Inicial &#8211; Centro de Artes UFPEL<\/title>\n<meta name=\"robots\" content=\"index, follow, max-snippet:-1, max-image-preview:large, max-video-preview:-1\" \/>\n<link rel=\"canonical\" href=\"https:\/\/wp.ufpel.edu.br\/ca\/\" \/>\n<meta property=\"og:locale\" content=\"pt_BR\" \/>\n<meta property=\"og:type\" content=\"article\" \/>\n<meta property=\"og:title\" content=\"P\u00e1gina Inicial &#8211; Centro de Artes UFPEL\" \/>\n<meta property=\"og:description\" content=\"NOVO CURSO de DESIGN DE JOGOS Unir arte e tecnologia: com essa premissa, a proposta de novo curso trazida pelo Centro de Artes mira nos jogos a partir de um projeto instigante e inovador. O bacharelado em Design de Jogos optar\u00e1 n\u00e3o apenas pela programa\u00e7\u00e3o dos jogos, mas sim em todo o desenvolvimento e processo...\" \/>\n<meta property=\"og:url\" content=\"https:\/\/wp.ufpel.edu.br\/ca\/\" \/>\n<meta property=\"og:site_name\" content=\"Centro de Artes UFPEL\" \/>\n<meta property=\"article:modified_time\" content=\"2025-09-19T20:48:35+00:00\" \/>\n<meta name=\"twitter:card\" content=\"summary_large_image\" \/>\n<meta name=\"twitter:label1\" content=\"Est. tempo de leitura\" \/>\n\t<meta name=\"twitter:data1\" content=\"3 minutos\" \/>\n<script type=\"application\/ld+json\" class=\"yoast-schema-graph\">{\"@context\":\"https:\/\/schema.org\",\"@graph\":[{\"@type\":\"WebPage\",\"@id\":\"https:\/\/wp.ufpel.edu.br\/ca\/\",\"url\":\"https:\/\/wp.ufpel.edu.br\/ca\/\",\"name\":\"P\u00e1gina Inicial &#8211; Centro de Artes UFPEL\",\"isPartOf\":{\"@id\":\"https:\/\/wp.ufpel.edu.br\/ca\/#website\"},\"datePublished\":\"2021-03-09T21:55:54+00:00\",\"dateModified\":\"2025-09-19T20:48:35+00:00\",\"breadcrumb\":{\"@id\":\"https:\/\/wp.ufpel.edu.br\/ca\/#breadcrumb\"},\"inLanguage\":\"pt-BR\",\"potentialAction\":[{\"@type\":\"ReadAction\",\"target\":[\"https:\/\/wp.ufpel.edu.br\/ca\/\"]}]},{\"@type\":\"BreadcrumbList\",\"@id\":\"https:\/\/wp.ufpel.edu.br\/ca\/#breadcrumb\",\"itemListElement\":[{\"@type\":\"ListItem\",\"position\":1,\"name\":\"In\u00edcio\",\"item\":\"https:\/\/wp.ufpel.edu.br\/ca\/\"},{\"@type\":\"ListItem\",\"position\":2,\"name\":\"P\u00e1gina Inicial\"}]},{\"@type\":\"WebSite\",\"@id\":\"https:\/\/wp.ufpel.edu.br\/ca\/#website\",\"url\":\"https:\/\/wp.ufpel.edu.br\/ca\/\",\"name\":\"Centro de Artes UFPEL\",\"description\":\"Universidade Federal de Pelotas\",\"publisher\":{\"@id\":\"https:\/\/wp.ufpel.edu.br\/ca\/#organization\"},\"potentialAction\":[{\"@type\":\"SearchAction\",\"target\":{\"@type\":\"EntryPoint\",\"urlTemplate\":\"https:\/\/wp.ufpel.edu.br\/ca\/?s={search_term_string}\"},\"query-input\":{\"@type\":\"PropertyValueSpecification\",\"valueRequired\":true,\"valueName\":\"search_term_string\"}}],\"inLanguage\":\"pt-BR\"},{\"@type\":\"Organization\",\"@id\":\"https:\/\/wp.ufpel.edu.br\/ca\/#organization\",\"name\":\"Centro de Artes UFPEL\",\"url\":\"https:\/\/wp.ufpel.edu.br\/ca\/\",\"logo\":{\"@type\":\"ImageObject\",\"inLanguage\":\"pt-BR\",\"@id\":\"https:\/\/wp.ufpel.edu.br\/ca\/#\/schema\/logo\/image\/\",\"url\":\"https:\/\/wp.ufpel.edu.br\/ca\/files\/2022\/07\/CA_COVER-01.png\",\"contentUrl\":\"https:\/\/wp.ufpel.edu.br\/ca\/files\/2022\/07\/CA_COVER-01.png\",\"width\":1758,\"height\":1244,\"caption\":\"Centro de Artes UFPEL\"},\"image\":{\"@id\":\"https:\/\/wp.ufpel.edu.br\/ca\/#\/schema\/logo\/image\/\"}}]}<\/script>\n<!-- \/ Yoast SEO plugin. -->","yoast_head_json":{"title":"P\u00e1gina Inicial &#8211; Centro de Artes UFPEL","robots":{"index":"index","follow":"follow","max-snippet":"max-snippet:-1","max-image-preview":"max-image-preview:large","max-video-preview":"max-video-preview:-1"},"canonical":"https:\/\/wp.ufpel.edu.br\/ca\/","og_locale":"pt_BR","og_type":"article","og_title":"P\u00e1gina Inicial &#8211; Centro de Artes UFPEL","og_description":"NOVO CURSO de DESIGN DE JOGOS Unir arte e tecnologia: com essa premissa, a proposta de novo curso trazida pelo Centro de Artes mira nos jogos a partir de um projeto instigante e inovador. O bacharelado em Design de Jogos optar\u00e1 n\u00e3o apenas pela programa\u00e7\u00e3o dos jogos, mas sim em todo o desenvolvimento e processo...","og_url":"https:\/\/wp.ufpel.edu.br\/ca\/","og_site_name":"Centro de Artes UFPEL","article_modified_time":"2025-09-19T20:48:35+00:00","twitter_card":"summary_large_image","twitter_misc":{"Est. tempo de leitura":"3 minutos"},"schema":{"@context":"https:\/\/schema.org","@graph":[{"@type":"WebPage","@id":"https:\/\/wp.ufpel.edu.br\/ca\/","url":"https:\/\/wp.ufpel.edu.br\/ca\/","name":"P\u00e1gina Inicial &#8211; Centro de Artes UFPEL","isPartOf":{"@id":"https:\/\/wp.ufpel.edu.br\/ca\/#website"},"datePublished":"2021-03-09T21:55:54+00:00","dateModified":"2025-09-19T20:48:35+00:00","breadcrumb":{"@id":"https:\/\/wp.ufpel.edu.br\/ca\/#breadcrumb"},"inLanguage":"pt-BR","potentialAction":[{"@type":"ReadAction","target":["https:\/\/wp.ufpel.edu.br\/ca\/"]}]},{"@type":"BreadcrumbList","@id":"https:\/\/wp.ufpel.edu.br\/ca\/#breadcrumb","itemListElement":[{"@type":"ListItem","position":1,"name":"In\u00edcio","item":"https:\/\/wp.ufpel.edu.br\/ca\/"},{"@type":"ListItem","position":2,"name":"P\u00e1gina Inicial"}]},{"@type":"WebSite","@id":"https:\/\/wp.ufpel.edu.br\/ca\/#website","url":"https:\/\/wp.ufpel.edu.br\/ca\/","name":"Centro de Artes UFPEL","description":"Universidade Federal de Pelotas","publisher":{"@id":"https:\/\/wp.ufpel.edu.br\/ca\/#organization"},"potentialAction":[{"@type":"SearchAction","target":{"@type":"EntryPoint","urlTemplate":"https:\/\/wp.ufpel.edu.br\/ca\/?s={search_term_string}"},"query-input":{"@type":"PropertyValueSpecification","valueRequired":true,"valueName":"search_term_string"}}],"inLanguage":"pt-BR"},{"@type":"Organization","@id":"https:\/\/wp.ufpel.edu.br\/ca\/#organization","name":"Centro de Artes UFPEL","url":"https:\/\/wp.ufpel.edu.br\/ca\/","logo":{"@type":"ImageObject","inLanguage":"pt-BR","@id":"https:\/\/wp.ufpel.edu.br\/ca\/#\/schema\/logo\/image\/","url":"https:\/\/wp.ufpel.edu.br\/ca\/files\/2022\/07\/CA_COVER-01.png","contentUrl":"https:\/\/wp.ufpel.edu.br\/ca\/files\/2022\/07\/CA_COVER-01.png","width":1758,"height":1244,"caption":"Centro de Artes UFPEL"},"image":{"@id":"https:\/\/wp.ufpel.edu.br\/ca\/#\/schema\/logo\/image\/"}}]}},"jetpack_sharing_enabled":true,"publishpress_future_action":{"enabled":false,"date":"2026-05-06 21:55:46","action":"change-status","newStatus":"private","terms":[],"taxonomy":"","extraData":[]},"publishpress_future_workflow_manual_trigger":{"enabledWorkflows":[]},"_links":{"self":[{"href":"https:\/\/wp.ufpel.edu.br\/ca\/wp-json\/wp\/v2\/pages\/2","targetHints":{"allow":["GET"]}}],"collection":[{"href":"https:\/\/wp.ufpel.edu.br\/ca\/wp-json\/wp\/v2\/pages"}],"about":[{"href":"https:\/\/wp.ufpel.edu.br\/ca\/wp-json\/wp\/v2\/types\/page"}],"author":[{"embeddable":true,"href":"https:\/\/wp.ufpel.edu.br\/ca\/wp-json\/wp\/v2\/users\/573"}],"replies":[{"embeddable":true,"href":"https:\/\/wp.ufpel.edu.br\/ca\/wp-json\/wp\/v2\/comments?post=2"}],"version-history":[{"count":3,"href":"https:\/\/wp.ufpel.edu.br\/ca\/wp-json\/wp\/v2\/pages\/2\/revisions"}],"predecessor-version":[{"id":1736,"href":"https:\/\/wp.ufpel.edu.br\/ca\/wp-json\/wp\/v2\/pages\/2\/revisions\/1736"}],"wp:attachment":[{"href":"https:\/\/wp.ufpel.edu.br\/ca\/wp-json\/wp\/v2\/media?parent=2"}],"curies":[{"name":"wp","href":"https:\/\/api.w.org\/{rel}","templated":true}]}}