{"id":302,"date":"2022-01-21T17:47:35","date_gmt":"2022-01-21T20:47:35","guid":{"rendered":"https:\/\/wp.ufpel.edu.br\/bionano\/?page_id=302"},"modified":"2026-01-14T08:44:34","modified_gmt":"2026-01-14T11:44:34","slug":"hplc-lab-709","status":"publish","type":"page","link":"https:\/\/wp.ufpel.edu.br\/bionano\/agendamento-de-equipamentos\/hplc-lab-709\/","title":{"rendered":"HPLC_DAD_RID_Fluoresc\u00eancia_Agilent_1260_Infinity_II_1260_Lab_BioNano"},"content":{"rendered":"<p><img loading=\"lazy\" decoding=\"async\" class=\"alignright size-full wp-image-918\" src=\"https:\/\/wp.ufpel.edu.br\/bionano\/files\/2025\/08\/WhatsApp-Image-2025-08-20-at-15.09.13-1-e1755715022970.jpeg\" alt=\"\" width=\"960\" height=\"762\" srcset=\"https:\/\/wp.ufpel.edu.br\/bionano\/files\/2025\/08\/WhatsApp-Image-2025-08-20-at-15.09.13-1-e1755715022970.jpeg 960w, https:\/\/wp.ufpel.edu.br\/bionano\/files\/2025\/08\/WhatsApp-Image-2025-08-20-at-15.09.13-1-e1755715022970-400x318.jpeg 400w, https:\/\/wp.ufpel.edu.br\/bionano\/files\/2025\/08\/WhatsApp-Image-2025-08-20-at-15.09.13-1-e1755715022970-768x610.jpeg 768w, https:\/\/wp.ufpel.edu.br\/bionano\/files\/2025\/08\/WhatsApp-Image-2025-08-20-at-15.09.13-1-e1755715022970-378x300.jpeg 378w\" sizes=\"auto, (max-width: 960px) 100vw, 960px\" \/>Para agendar uma an\u00e1lise, por favor, envie o formul\u00e1rio dispon\u00edvel abaixo com as informa\u00e7\u00f5es necess\u00e1rias para o seguinte e-mail:<a rel=\"noopener\">\u00a0<\/a><strong><a href=\"mailto:labbionano@hotmail.com\"><b>labbionano@hotmail.com<\/b><\/a><\/strong>. No e-mail, inclua as seguintes informa\u00e7\u00f5es: tipo de an\u00e1lise, material a ser analisado, nome do aluno e do orientador, e o Programa\/Universidade ao qual pertence.<\/p>\n<p>Hor\u00e1rio de uso do equipamento: <strong data-start=\"31\" data-end=\"93\" data-is-last-node=\"\">de segunda a sexta-feira, das 08h \u00e0s 12h e das 13h \u00e0s 17h.<\/strong><\/p>\n<p><span style=\"color: #ff0000;\"><strong>A partir de abril de 2026, ser\u00e1 reservado uma semana de cada m\u00eas para uso interno.<\/strong><\/span><\/p>\n<p>Os hor\u00e1rios e dias dispon\u00edveis podem ser consultados acessando o link abaixo:<\/p>\n<p><a href=\"https:\/\/docs.google.com\/document\/d\/1AKSzfXs-PVcBnsMBAQBh429jwzpM1GMa\/edit?usp=sharing&amp;ouid=105310621671928249984&amp;rtpof=true&amp;sd=true\">Formul\u00e1rio de Agendamento<\/a><\/p>\n<p><a href=\"https:\/\/docs.google.com\/spreadsheets\/d\/1bEKs_75WkJAsj4juNKYS0E-T97DtaQpQc1s4Hi-iLus\/edit?usp=sharing\">Visualiza\u00e7\u00e3o dos Hor\u00e1rios Dispon\u00edveis<\/a><\/p>\n","protected":false},"excerpt":{"rendered":"<p>Para agendar uma an\u00e1lise, por favor, envie o formul\u00e1rio dispon\u00edvel abaixo com as informa\u00e7\u00f5es necess\u00e1rias para o seguinte e-mail:\u00a0labbionano@hotmail.com. No e-mail, inclua as seguintes informa\u00e7\u00f5es: tipo de an\u00e1lise, material a ser analisado, nome do aluno e do orientador, e o Programa\/Universidade ao qual pertence. Hor\u00e1rio de uso do equipamento: de segunda a sexta-feira, das 08h&#8230; <\/p>\n<div class=\"link-more\"><a href=\"https:\/\/wp.ufpel.edu.br\/bionano\/agendamento-de-equipamentos\/hplc-lab-709\/\">Leia mais<\/a><\/div>\n","protected":false},"author":1158,"featured_media":0,"parent":299,"menu_order":8,"comment_status":"closed","ping_status":"closed","template":"","meta":{"footnotes":""},"class_list":["post-302","page","type-page","status-publish","hentry"],"publishpress_future_action":{"enabled":false,"date":"2026-05-06 06:12:06","action":"change-status","newStatus":"draft","terms":[],"taxonomy":"","extraData":[]},"publishpress_future_workflow_manual_trigger":{"enabledWorkflows":[]},"_links":{"self":[{"href":"https:\/\/wp.ufpel.edu.br\/bionano\/wp-json\/wp\/v2\/pages\/302","targetHints":{"allow":["GET"]}}],"collection":[{"href":"https:\/\/wp.ufpel.edu.br\/bionano\/wp-json\/wp\/v2\/pages"}],"about":[{"href":"https:\/\/wp.ufpel.edu.br\/bionano\/wp-json\/wp\/v2\/types\/page"}],"author":[{"embeddable":true,"href":"https:\/\/wp.ufpel.edu.br\/bionano\/wp-json\/wp\/v2\/users\/1158"}],"replies":[{"embeddable":true,"href":"https:\/\/wp.ufpel.edu.br\/bionano\/wp-json\/wp\/v2\/comments?post=302"}],"version-history":[{"count":4,"href":"https:\/\/wp.ufpel.edu.br\/bionano\/wp-json\/wp\/v2\/pages\/302\/revisions"}],"predecessor-version":[{"id":1064,"href":"https:\/\/wp.ufpel.edu.br\/bionano\/wp-json\/wp\/v2\/pages\/302\/revisions\/1064"}],"up":[{"embeddable":true,"href":"https:\/\/wp.ufpel.edu.br\/bionano\/wp-json\/wp\/v2\/pages\/299"}],"wp:attachment":[{"href":"https:\/\/wp.ufpel.edu.br\/bionano\/wp-json\/wp\/v2\/media?parent=302"}],"curies":[{"name":"wp","href":"https:\/\/api.w.org\/{rel}","templated":true}]}}