{"id":46,"date":"2023-10-03T20:40:41","date_gmt":"2023-10-03T23:40:41","guid":{"rendered":"https:\/\/wp.ufpel.edu.br\/bdescolaspelotas\/?page_id=46"},"modified":"2024-02-15T11:47:34","modified_gmt":"2024-02-15T14:47:34","slug":"emefs","status":"publish","type":"page","link":"https:\/\/wp.ufpel.edu.br\/bdescolaspelotas\/escolasmunicipais\/emefs\/","title":{"rendered":"EMEFs"},"content":{"rendered":"<p><strong>Escola Municipal de Ensino Fundamental (EMEFs)<\/strong> &#8211; Desempenham um papel fundamental na educa\u00e7\u00e3o das crian\u00e7as e adolescentes, sendo uma parte essencial do sistema educacional p\u00fablico. A sua principal miss\u00e3o \u00e9 proporcionar uma base s\u00f3lida de aprendizado e preparar os estudantes para os desafios futuros.<\/p>\n<p>O ensino fundamental, que compreende do 1\u00ba ao 9\u00ba ano, \u00e9 uma fase crucial no desenvolvimento educacional dos alunos. Durante esse per\u00edodo, eles adquirem conhecimentos fundamentais em disciplinas como Matem\u00e1tica, L\u00edngua Portuguesa, Ci\u00eancias, Hist\u00f3ria e Geografia, al\u00e9m de desenvolverem habilidades sociais e emocionais importantes.<\/p>\n<p>As EMEFs est\u00e3o comprometidas em oferecer uma educa\u00e7\u00e3o de qualidade, com professores qualificados, recursos did\u00e1ticos atualizados e estruturas adequadas para o aprendizado. Al\u00e9m disso, essas escolas promovem atividades extracurriculares, esportes e eventos culturais, enriquecendo a experi\u00eancia educacional dos alunos.<\/p>\n<p>&nbsp;<\/p>\n<p><strong>Escola Municipal de Ensino Fundamental em Pelotas:<\/strong><\/p>\n<ol>\n<li><a href=\"https:\/\/wp.ufpel.edu.br\/bdescolaspelotas\/escolas\/emefs\/colegiomunicipalpelotense\/\">Col\u00e9gio Municipal Pelotense<\/a><\/li>\n<li><a href=\"https:\/\/wp.ufpel.edu.br\/bdescolaspelotas\/escolasmunicipais\/emefs\/e-m-e-f-afonso-vizeu\/\">E.M.E.F. Afonso Vizeu<\/a><\/li>\n<li><a href=\"https:\/\/wp.ufpel.edu.br\/bdescolaspelotas\/escolasmunicipais\/emefs\/e-m-e-f-almirante-jose-saldanha-da-gama\/\">E.M.E.F. Almirante Jos\u00e9 Saldanha da Gama<\/a><\/li>\n<li><a href=\"https:\/\/wp.ufpel.edu.br\/bdescolaspelotas\/escolasmunicipais\/emefs\/e-m-e-f-almirante-raphael-brusque\/\">E.M.E.F. Almirante Raphael Brusque<\/a><\/li>\n<li><a href=\"https:\/\/wp.ufpel.edu.br\/bdescolaspelotas\/e-m-e-f-antonio-ronna\/\">E.M.E.F. Ant\u00f4nio Ronna<\/a><\/li>\n<li><a href=\"https:\/\/wp.ufpel.edu.br\/bdescolaspelotas\/escolasmunicipais\/emefs\/e-m-e-f-antonio-joaquim-dias\/\">E.M.E.F. Antonio Joaquim Dias<\/a><\/li>\n<li><a href=\"https:\/\/wp.ufpel.edu.br\/bdescolaspelotas\/escolasmunicipais\/emefs\/e-m-e-f-balbino-mascarenhas\/\">E.M.E.F. Balbino Mascarenhas<\/a><\/li>\n<li><a href=\"https:\/\/wp.ufpel.edu.br\/bdescolaspelotas\/escolasmunicipais\/emefs\/e-m-e-f-bibiano-de-almeida\/\">E.M.E.F. Bibiano de Almeida<\/a><\/li>\n<li><a href=\"https:\/\/wp.ufpel.edu.br\/bdescolaspelotas\/escolasmunicipais\/emefs\/e-m-e-f-bruno-chaves\/\">E.M.E.F. Bruno Chaves<\/a><\/li>\n<li><a href=\"https:\/\/wp.ufpel.edu.br\/bdescolaspelotas\/escolasmunicipais\/emefs\/e-m-e-f-carlos-laquintinie\/\">E.M.E.F. Carlos Laquintinie<\/a><\/li>\n<li><a href=\"https:\/\/wp.ufpel.edu.br\/bdescolaspelotas\/escolasmunicipais\/emefs\/e-m-e-f-cecilia-meireles\/\">E.M.E.F. Cec\u00edlia Meireles<\/a><\/li>\n<li><a href=\"https:\/\/wp.ufpel.edu.br\/bdescolaspelotas\/escolasmunicipais\/emefs\/e-m-e-f-cel-alberto-rosa\/\">E.M.E.F. Cel. Alberto Rosa<\/a><\/li>\n<li><a href=\"https:\/\/wp.ufpel.edu.br\/bdescolaspelotas\/escolasmunicipais\/emefs\/e-m-e-f-circulo-operario-pelotense\/\">E.M.E.F. C\u00edrculo Oper\u00e1rio Pelotense<\/a><\/li>\n<li><a href=\"https:\/\/wp.ufpel.edu.br\/bdescolaspelotas\/escolasmunicipais\/emefs\/e-m-e-f-dom-francisco-de-campos-barreto\/\">E.M.E.F. Dom Francisco de Campos Barreto<\/a><\/li>\n<li><a href=\"https:\/\/wp.ufpel.edu.br\/bdescolaspelotas\/escolasmunicipais\/emefs\/e-m-e-f-dona-maria-antonia\/\">E.M.E.F. Dona Maria Ant\u00f4nia<\/a><\/li>\n<li><a href=\"https:\/\/wp.ufpel.edu.br\/bdescolaspelotas\/escolasmunicipais\/emefs\/e-m-e-f-dona-maria-joaquina\/\">E.M.E.F. Dona Maria Joaquina<\/a><\/li>\n<li><a href=\"https:\/\/wp.ufpel.edu.br\/bdescolaspelotas\/escolasmunicipais\/emefs\/e-m-e-f-dona-mariana-eufrasia\/\">E.M.E.F. Dona Mariana Eufr\u00e1sia<\/a><\/li>\n<li><a href=\"https:\/\/wp.ufpel.edu.br\/bdescolaspelotas\/escolasmunicipais\/emefs\/e-m-e-f-dr-alcides-de-mendonca-lima\/\">E.M.E.F. Dr. Alcides de Mendon\u00e7a Lima<\/a><\/li>\n<li><a href=\"https:\/\/wp.ufpel.edu.br\/bdescolaspelotas\/escolasmunicipais\/emefs\/e-m-e-f-dr-berchon\/\">E.M.E.F. Dr. Berchon<\/a><\/li>\n<li><a href=\"https:\/\/wp.ufpel.edu.br\/bdescolaspelotas\/escolasmunicipais\/emefs\/e-m-e-f-dr-brum-de-azeredo\/\">E.M.E.F. Dr. Brum de Azeredo<\/a><\/li>\n<li><a href=\"https:\/\/wp.ufpel.edu.br\/bdescolaspelotas\/escolasmunicipais\/emefs\/e-m-e-f-dr-joaquim-assumpcao\/\">E.M.E.F. Dr. Joaquim Assump\u00e7\u00e3o<\/a><\/li>\n<li><a href=\"https:\/\/wp.ufpel.edu.br\/bdescolaspelotas\/escolasmunicipais\/emefs\/e-m-e-f-dr-mario-meneghetti\/\">E.M.E.F. Dr. Mario Meneghetti<\/a><\/li>\n<li><a href=\"https:\/\/wp.ufpel.edu.br\/bdescolaspelotas\/escolasmunicipais\/emefs\/e-m-e-f-erasmo-braga\/\">E.M.E.F. Erasmo Braga<\/a><\/li>\n<li><a href=\"https:\/\/wp.ufpel.edu.br\/bdescolaspelotas\/escolasmunicipais\/emefs\/e-m-e-f-evaristo-da-veiga\/\">E.M.E.F. Evaristo da Veiga<\/a><\/li>\n<li><a href=\"https:\/\/wp.ufpel.edu.br\/bdescolaspelotas\/escolasmunicipais\/emefs\/e-m-e-f-ferreira-vianna\/\">E.M.E.F. Ferreira Vianna<\/a><\/li>\n<li><a href=\"https:\/\/wp.ufpel.edu.br\/bdescolaspelotas\/escolasmunicipais\/emefs\/e-m-e-f-francisco-caruccio\/\">E.M.E.F. Francisco Caruccio<\/a><\/li>\n<li><a href=\"https:\/\/wp.ufpel.edu.br\/bdescolaspelotas\/escolasmunicipais\/emefs\/e-m-e-f-frederico-ozanan\/\">E.M.E.F. Frederico Ozanan<\/a><\/li>\n<li><a href=\"https:\/\/wp.ufpel.edu.br\/bdescolaspelotas\/escolasmunicipais\/emefs\/e-m-e-f-garibaldi\/\">E.M.E.F. Garibaldi<\/a><\/li>\n<li><a href=\"https:\/\/wp.ufpel.edu.br\/bdescolaspelotas\/escolasmunicipais\/emefs\/e-m-e-f-henrique-peter\/\">E.M.E.F. Henrique Peter<\/a><\/li>\n<li><a href=\"https:\/\/wp.ufpel.edu.br\/bdescolaspelotas\/escolasmunicipais\/emefs\/e-m-e-f-honorina-torres\/\">E.M.E.F. Honorina Torres<\/a><\/li>\n<li><a href=\"https:\/\/wp.ufpel.edu.br\/bdescolaspelotas\/escolasmunicipais\/emefs\/e-m-e-f-independencia\/\">E.M.E.F. Independ\u00eancia<\/a><\/li>\n<li><a href=\"https:\/\/wp.ufpel.edu.br\/bdescolaspelotas\/escolasmunicipais\/emefs\/e-m-e-f-jacob-brod\/\">E.M.E.F. Jacob Brod<\/a><\/li>\n<li><a href=\"https:\/\/wp.ufpel.edu.br\/bdescolaspelotas\/escolasmunicipais\/emefs\/e-m-e-f-jeremias-froes\/\">E.M.E.F. Jeremias Fr\u00f3es<\/a><\/li>\n<li><a href=\"https:\/\/wp.ufpel.edu.br\/bdescolaspelotas\/escolasmunicipais\/emefs\/e-m-e-f-julio-de-castilhos\/\">E.M.E.F. J\u00falio de Castilhos<\/a><\/li>\n<li><a href=\"https:\/\/wp.ufpel.edu.br\/bdescolaspelotas\/escolasmunicipais\/emefs\/e-m-e-f-joaquim-nabuco\/\">E.M.E.F. Joaquim Nabuco<\/a><\/li>\n<li><a href=\"https:\/\/wp.ufpel.edu.br\/bdescolaspelotas\/escolasmunicipais\/emefs\/e-m-e-f-joao-da-silva-silveira\/\">E.M.E.F. Jo\u00e3o da Silva Silveira<\/a><\/li>\n<li><a href=\"https:\/\/wp.ufpel.edu.br\/bdescolaspelotas\/escolasmunicipais\/emefs\/e-m-e-f-joao-jose-de-abreu\/\">E.M.E.F. Jo\u00e3o Jos\u00e9 de Abreu<\/a><\/li>\n<li><a href=\"https:\/\/wp.ufpel.edu.br\/bdescolaspelotas\/escolasmunicipais\/emefs\/e-m-e-f-jornalista-deogar-soares\/\">E.M.E.F. Jornalista Deogar Soares<\/a><\/li>\n<li><a href=\"https:\/\/wp.ufpel.edu.br\/bdescolaspelotas\/escolasmunicipais\/emefs\/e-m-e-f-lima-e-silva\/\">E.M.E.F. Lima e Silva<\/a><\/li>\n<li><a href=\"https:\/\/wp.ufpel.edu.br\/bdescolaspelotas\/escolasmunicipais\/emefs\/e-m-e-f-luciana-de-araujo\/\">E.M.E.F. Luciana de Ara\u00fajo<\/a><\/li>\n<li><a href=\"https:\/\/wp.ufpel.edu.br\/bdescolaspelotas\/escolasmunicipais\/emefs\/e-m-e-f-luiz-augusto-de-assumpcao\/\">E.M.E.F. Luiz Augusto de Assump\u00e7\u00e3o<\/a><\/li>\n<li><a href=\"https:\/\/wp.ufpel.edu.br\/bdescolaspelotas\/escolasmunicipais\/emefs\/e-m-e-f-machado-de-assis\/\">E.M.E.F. Machado de Assis<\/a><\/li>\n<li><a href=\"https:\/\/wp.ufpel.edu.br\/bdescolaspelotas\/escolasmunicipais\/emefs\/e-m-e-f-ministro-arthur-de-souza-costa\/\">E.M.E.F. Ministro Arthur de Souza Costa<\/a><\/li>\n<li><a href=\"https:\/\/wp.ufpel.edu.br\/bdescolaspelotas\/escolasmunicipais\/emefs\/e-m-e-f-ministro-fernando-osorio\/\">E.M.E.F. Ministro Fernando Os\u00f3rio<\/a><\/li>\n<li><a href=\"https:\/\/wp.ufpel.edu.br\/bdescolaspelotas\/escolasmunicipais\/emefs\/e-m-e-f-marcio-dias\/\">E.M.E.F. M\u00e1rcio Dias<\/a><\/li>\n<li><a href=\"https:\/\/wp.ufpel.edu.br\/bdescolaspelotas\/escolasmunicipais\/emefs\/e-m-e-f-nucleo-habitacional-dunas\/\">E.M.E.F. N\u00facleo Habitacional Dunas<\/a><\/li>\n<li><a href=\"https:\/\/wp.ufpel.edu.br\/bdescolaspelotas\/escolasmunicipais\/emefs\/e-m-e-f-nucleo-habitacional-getulio-vargas\/\">E.M.E.F. N\u00facleo Habitacional Get\u00falio Vargas<\/a><\/li>\n<li><a href=\"https:\/\/wp.ufpel.edu.br\/bdescolaspelotas\/escolasmunicipais\/emefs\/e-m-e-f-nestor-elizeu-crochemore\/\">E.M.E.F. Nestor Elizeu Crochemore<\/a><\/li>\n<li><a href=\"https:\/\/wp.ufpel.edu.br\/bdescolaspelotas\/escolasmunicipais\/emefs\/e-m-e-f-nossa-senhora-das-dores\/\">E.M.E.F. Nossa Senhora das Dores<\/a><\/li>\n<li><a href=\"https:\/\/wp.ufpel.edu.br\/bdescolaspelotas\/escolasmunicipais\/emefs\/e-m-e-f-nossa-senhora-de-lourdes\/\">E.M.E.F. Nossa Senhora de Lourdes<\/a><\/li>\n<li><a href=\"https:\/\/wp.ufpel.edu.br\/bdescolaspelotas\/escolasmunicipais\/emefs\/e-m-e-f-nossa-senhora-do-carmo\/\">\u00a0E.M.E.F. Nossa Senhora do Carmo<\/a><\/li>\n<li><a href=\"https:\/\/wp.ufpel.edu.br\/bdescolaspelotas\/escolasmunicipais\/emefs\/e-m-e-f-olavo-bilac\/\">E.M.E.F. Olavo Bilac<\/a><\/li>\n<li><a href=\"https:\/\/wp.ufpel.edu.br\/bdescolaspelotas\/escolasmunicipais\/emefs\/e-m-e-f-osvaldo-cruz\/\">E.M.E.F. Osvaldo Cruz<\/a><\/li>\n<li><a href=\"https:\/\/wp.ufpel.edu.br\/bdescolaspelotas\/escolasmunicipais\/emefs\/e-m-e-f-piratinino-de-almeida\/\">E.M.E.F. Piratinino de Almeida<\/a><\/li>\n<li><a href=\"https:\/\/wp.ufpel.edu.br\/bdescolaspelotas\/escolasmunicipais\/emefs\/e-m-e-f-professora-braulinda-fernandes\/\">E.M.E.F. Professora Braulinda Fernandes<\/a><\/li>\n<li><a href=\"https:\/\/wp.ufpel.edu.br\/bdescolaspelotas\/escolasmunicipais\/emefs\/e-m-e-f-professora-daura-ferreira-pinto\/\">E.M.E.F. Professora Daura Ferreira Pinto<\/a><\/li>\n<li><a href=\"https:\/\/wp.ufpel.edu.br\/bdescolaspelotas\/escolasmunicipais\/emefs\/e-m-e-f-santa-irene\/\">\u00a0E.M.E.F. Santa Irene<\/a><\/li>\n<li><a href=\"https:\/\/wp.ufpel.edu.br\/bdescolaspelotas\/escolasmunicipais\/emefs\/e-m-e-f-santa-terezinha\/\">E.M.E.F. Santa Terezinha<\/a><\/li>\n<li><a href=\"https:\/\/wp.ufpel.edu.br\/bdescolaspelotas\/escolasmunicipais\/emefs\/e-m-e-f-waldemar-denzer\/\">E.M.E.F. Waldemar Denzer<\/a><\/li>\n<li><a href=\"https:\/\/wp.ufpel.edu.br\/bdescolaspelotas\/escolasmunicipais\/emefs\/e-m-e-f-wilson-muller\/\">\u00a0E.M.E.F. Wilson Muller<\/a><\/li>\n<li><a href=\"https:\/\/wp.ufpel.edu.br\/bdescolaspelotas\/escolasmunicipais\/emefs\/prof-maria-helena-vargas-da-silveira\/\">Prof. Maria Helena Vargas da Silveira<\/a><\/li>\n<\/ol>\n<p style=\"text-align: center;\"><strong>\u00a0LOCALIZA\u00c7\u00c3O DE TODAS EMEF\u2019s DO MUNIC\u00cdPIO DE PELOTAS\/RS.<\/strong><\/p>\n<p>\u00a0<iframe loading=\"lazy\" src=\"https:\/\/www.google.com\/maps\/d\/u\/0\/embed?mid=1k7Z-9uNxPV5QeFD9clp-iDAg_yjCvqY&amp;ehbc=2E312F&amp;noprof=1\" width=\"640\" height=\"480\"><\/iframe><\/p>\n","protected":false},"excerpt":{"rendered":"<p>Escola Municipal de Ensino Fundamental (EMEFs) &#8211; Desempenham um papel fundamental na educa\u00e7\u00e3o das crian\u00e7as e adolescentes, sendo uma parte essencial do sistema educacional p\u00fablico. A sua principal miss\u00e3o \u00e9 proporcionar uma base s\u00f3lida de aprendizado e preparar os estudantes&#8230; <a class=\"more-link\" href=\"https:\/\/wp.ufpel.edu.br\/bdescolaspelotas\/escolasmunicipais\/emefs\/\">Continue lendo &rarr;<\/a><\/p>\n","protected":false},"author":1334,"featured_media":0,"parent":4,"menu_order":0,"comment_status":"closed","ping_status":"closed","template":"","meta":{"footnotes":""},"class_list":["post-46","page","type-page","status-publish","hentry"],"jetpack_sharing_enabled":true,"_links":{"self":[{"href":"https:\/\/wp.ufpel.edu.br\/bdescolaspelotas\/wp-json\/wp\/v2\/pages\/46","targetHints":{"allow":["GET"]}}],"collection":[{"href":"https:\/\/wp.ufpel.edu.br\/bdescolaspelotas\/wp-json\/wp\/v2\/pages"}],"about":[{"href":"https:\/\/wp.ufpel.edu.br\/bdescolaspelotas\/wp-json\/wp\/v2\/types\/page"}],"author":[{"embeddable":true,"href":"https:\/\/wp.ufpel.edu.br\/bdescolaspelotas\/wp-json\/wp\/v2\/users\/1334"}],"replies":[{"embeddable":true,"href":"https:\/\/wp.ufpel.edu.br\/bdescolaspelotas\/wp-json\/wp\/v2\/comments?post=46"}],"version-history":[{"count":23,"href":"https:\/\/wp.ufpel.edu.br\/bdescolaspelotas\/wp-json\/wp\/v2\/pages\/46\/revisions"}],"predecessor-version":[{"id":400,"href":"https:\/\/wp.ufpel.edu.br\/bdescolaspelotas\/wp-json\/wp\/v2\/pages\/46\/revisions\/400"}],"up":[{"embeddable":true,"href":"https:\/\/wp.ufpel.edu.br\/bdescolaspelotas\/wp-json\/wp\/v2\/pages\/4"}],"wp:attachment":[{"href":"https:\/\/wp.ufpel.edu.br\/bdescolaspelotas\/wp-json\/wp\/v2\/media?parent=46"}],"curies":[{"name":"wp","href":"https:\/\/api.w.org\/{rel}","templated":true}]}}