{"id":405,"date":"2024-03-14T09:32:17","date_gmt":"2024-03-14T12:32:17","guid":{"rendered":"https:\/\/wp.ufpel.edu.br\/bdescolaspelotas\/?page_id=405"},"modified":"2024-03-14T16:10:25","modified_gmt":"2024-03-14T19:10:25","slug":"escolas-estaduais","status":"publish","type":"page","link":"https:\/\/wp.ufpel.edu.br\/bdescolaspelotas\/escolas-estaduais\/","title":{"rendered":"ESCOLAS ESTADUAIS"},"content":{"rendered":"<p style=\"text-align: center;\"><strong>ESCOLAS ESTADUAIS DE ENSINO INFANTIL<\/strong><\/p>\n<ol>\n<li><a href=\"https:\/\/wp.ufpel.edu.br\/bdescolaspelotas\/escolas-estaduais\/escola-estadual-\u2026fundamental-gyro\">Escola Estadual Ind\u00edgena de Ensino Fundamental Gyro<\/a><\/li>\n<li><a href=\"https:\/\/wp.ufpel.edu.br\/bdescolaspelotas\/escolas-estaduais\/instituto-estadu\u2026cao-assis-brasil\">Instituto Estadual de Educa\u00e7\u00e3o Assis Brasil<\/a><\/li>\n<\/ol>\n<p>&nbsp;<\/p>\n<p style=\"text-align: center;\"><strong>ESCOLAS ESTADUAIS DE ENSINO FUNDAMENTAL<\/strong><\/p>\n<ol>\n<li style=\"text-align: left;\"><a href=\"https:\/\/wp.ufpel.edu.br\/bdescolaspelotas\/escolas-estaduais\/colegio-estadual-cassiano-do-nascimento\/\">Col\u00e9gio Estadual Cassiano do Nascimento<\/a><\/li>\n<li><a href=\"https:\/\/wp.ufpel.edu.br\/bdescolaspelotas\/escolas-estaduais\/colegio-estadual-dom-joao-braga\/\">Col\u00e9gio Estadual Dom Jo\u00e3o Braga<\/a><\/li>\n<li><a href=\"https:\/\/wp.ufpel.edu.br\/bdescolaspelotas\/escolas-estaduais\/colegio-estadual-felix-da-cunha\/\">Col\u00e9gio Estadual Felix da Cunha<\/a><\/li>\n<li><a href=\"https:\/\/wp.ufpel.edu.br\/bdescolaspelotas\/escolas-estaduais\/escola-estadual-de-educacao-basica-osmar-da-rocha-grafulha\/\">Escola Estadual de Educa\u00e7\u00e3o B\u00e1sica Osmar da Rocha Grafulha<\/a><\/li>\n<li><a href=\"https:\/\/wp.ufpel.edu.br\/bdescolaspelotas\/escolas-estaduais\/escola-estadual-de-ensino-fundamental-adolfo-fetter\/\">Escola Estadual de Ensino Fundamental Adolfo Fetter<\/a><\/li>\n<li><a href=\"https:\/\/wp.ufpel.edu.br\/bdescolaspelotas\/escolas-estaduais\/escola-estadual-de-ensino-fundamental-arco-iris\/\">Escola Estadual de Ensino Fundamental Arco Iris<\/a><\/li>\n<li><a href=\"https:\/\/wp.ufpel.edu.br\/bdescolaspelotas\/escolas-estaduais\/escola-estadual-de-ensino-fundamental-dirceu-moreira\/\">Escola Estadual de Ensino Fundamental Dirceu Moreira<\/a><\/li>\n<li><a href=\"https:\/\/wp.ufpel.edu.br\/bdescolaspelotas\/escolas-estaduais\/escola-estadual-de-ensino-fundamental-dom-joaquim-ferreira-de-mello\/\">Escola Estadual de Ensino Fundamental Dom Joaquim Ferreira de Mello<\/a><\/li>\n<li><a href=\"https:\/\/wp.ufpel.edu.br\/bdescolaspelotas\/escolas-estaduais\/escola-estadual-de-ensino-fundamental-dr-armando-fagundes\/\">Escola Estadual de Ensino Fundamental Dr Armando Fagundes<\/a><\/li>\n<li><a href=\"https:\/\/wp.ufpel.edu.br\/bdescolaspelotas\/escolas-estaduais\/escola-estadual-de-ensino-fundamental-dr-francisco-simoes\/\">Escola Estadual de Ensino Fundamental Dr Francisco Sim\u00f5es<\/a><\/li>\n<li><a href=\"https:\/\/wp.ufpel.edu.br\/bdescolaspelotas\/escolas-estaduais\/escola-estadual-de-ensino-fundamental-dr-franklin-olive-leite\/\">Escola Estadual de Ensino Fundamental Dr Franklin Olive Leite<\/a><\/li>\n<li><a href=\"https:\/\/wp.ufpel.edu.br\/bdescolaspelotas\/escolas-estaduais\/escola-estadual-de-ensino-fundamental-dr-jose-brusque-filho\/\">Escola Estadual de Ensino Fundamental Dr Jos\u00e9 Brusque Filho<\/a><\/li>\n<li><a href=\"https:\/\/wp.ufpel.edu.br\/bdescolaspelotas\/escolas-estaduais\/escola-estadual-de-ensino-fundamental-dr-ottoni-xavier\/\">Escola Estadual de Ensino Fundamental Dr Ottoni Xavier<\/a><\/li>\n<li><a href=\"https:\/\/wp.ufpel.edu.br\/bdescolaspelotas\/escolas-estaduais\/escola-estadual-de-ensino-fundamental-dr-procopio-duval-gomes-de-freitas\/\">Escola Estadual de Ensino Fundamental Dr Procopio Duval Gomes de Freitas<\/a><\/li>\n<li><a href=\"https:\/\/wp.ufpel.edu.br\/bdescolaspelotas\/escolas-estaduais\/escola-estadual-de-ensino-fundamental-fernando-treptow\/\">Escola Estadual de Ensino Fundamental Fernando Treptow<\/a><\/li>\n<li><a href=\"https:\/\/wp.ufpel.edu.br\/bdescolaspelotas\/escolas-estaduais\/escola-estadual-de-ensino-fundamental-jardim-de-allah\/\">Escola Estadual de Ensino Fundamental Jardim de Allah<\/a><\/li>\n<li><a href=\"https:\/\/wp.ufpel.edu.br\/bdescolaspelotas\/escolas-estaduais\/escola-estadual-de-ensino-fundamental-marechal-luiz-alves-de-lima-e-silva\/\">Escola Estadual de Ensino Fundamental Marechal Luiz Alves de Lima e Silva<\/a><\/li>\n<li><a href=\"https:\/\/wp.ufpel.edu.br\/bdescolaspelotas\/escolas-estaduais\/escola-estadual-de-ensino-fundamental-nossa-senhora-aparecida\/\">Escola Estadual de Ensino Fundamental Nossa Senhora Aparecida<\/a><\/li>\n<li><a href=\"https:\/\/wp.ufpel.edu.br\/bdescolaspelotas\/escolas-estaduais\/escola-estadual-de-ensino-fundamental-nossa-senhora-das-gracas\/\">Escola Estadual de Ensino Fundamental Nossa Senhora das Gra\u00e7as<\/a><\/li>\n<li><a href=\"https:\/\/wp.ufpel.edu.br\/bdescolaspelotas\/escolas-estaduais\/escola-estadual-de-ensino-fundamental-nossa-senhora-de-fatima\/\">Escola Estadual de Ensino Fundamental Nossa Senhora de F\u00e1tima<\/a><\/li>\n<li><a href=\"https:\/\/wp.ufpel.edu.br\/bdescolaspelotas\/escolas-estaduais\/escola-estadual-de-ensino-fundamental-nossa-senhora-dos-navegantes\/\">Escola Estadual de Ensino Fundamental Nossa Senhora dos Navegantes<\/a><\/li>\n<li><a href=\"https:\/\/wp.ufpel.edu.br\/bdescolaspelotas\/escolas-estaduais\/escola-estadual-de-ensino-fundamental-nossa-senhora-medianeira\/\">Escola Estadual de Ensino Fundamental Nossa Senhora Medianeira<\/a><\/li>\n<li><a href=\"https:\/\/wp.ufpel.edu.br\/bdescolaspelotas\/escolas-estaduais\/escola-estadual-de-ensino-fundamental-padre-rambo\/\">Escola Estadual de Ensino Fundamental Padre Rambo<\/a><\/li>\n<li><a href=\"https:\/\/wp.ufpel.edu.br\/bdescolaspelotas\/escolas-estaduais\/escola-estadual-de-ensino-fundamental-parque-do-obelisco\/\">Escola Estadual de Ensino Fundamental Parque do Obelisco<\/a><\/li>\n<li><a href=\"https:\/\/wp.ufpel.edu.br\/bdescolaspelotas\/escolas-estaduais\/escola-estadual-ensino-de-fundamental-professor-luis-carlos-correa-da-silva\/\">Escola Estadual Ensino de Fundamental Professor Luis Carlos Correa da Silva<\/a><\/li>\n<li><a href=\"https:\/\/wp.ufpel.edu.br\/bdescolaspelotas\/escolas-estaduais\/escola-estadual-de-ensino-fundamental-professora-lelia-romanelli-olmos\/\">Escola Estadual de Ensino Fundamental Professora Lelia Romanelli Olmos<\/a><\/li>\n<li><a href=\"https:\/\/wp.ufpel.edu.br\/bdescolaspelotas\/escolas-estaduais\/escola-estadual-de-ensino-fundamental-professora-ondina-cunha\/\">Escola Estadual de Ensino Fundamental Professora Ondina Cunha<\/a><\/li>\n<li><a href=\"https:\/\/wp.ufpel.edu.br\/bdescolaspelotas\/escolas-estaduais\/escola-estadual-de-ensino-fundamental-professora-zilda-morrone\/\">Escola Estadual de Ensino Fundamental Professora Zilda Morrone<\/a><\/li>\n<li><a href=\"https:\/\/wp.ufpel.edu.br\/bdescolaspelotas\/escolas-estaduais\/escola-estadual-de-ensino-fundamental-rachel-mello\/\">Escola Estadual de Ensino Fundamental Rachel Mello<\/a><\/li>\n<li><a href=\"https:\/\/wp.ufpel.edu.br\/bdescolaspelotas\/escolas-estaduais\/escola-estadual-de-ensino-fundamental-santa-eulalia\/\">Escola Estadual de Ensino Fundamental Santa Eulalia<\/a><\/li>\n<li><a href=\"https:\/\/wp.ufpel.edu.br\/bdescolaspelotas\/escolas-estaduais\/escola-estadual-de-ensino-fundamental-santo-antonio\/\">Escola Estadual de Ensino Fundamental Santo Antonio<\/a><\/li>\n<li><a href=\"https:\/\/wp.ufpel.edu.br\/bdescolaspelotas\/escolas-estaduais\/escola-estadual-de-ensino-fundamental-sao-vicente-de-paulo\/\">Escola Estadual de Ensino Fundamental S\u00e3o Vicente de Paulo<\/a><\/li>\n<li><a href=\"https:\/\/wp.ufpel.edu.br\/bdescolaspelotas\/escolas-estaduais\/escola-estadual-de-ensino-fundamental-visconde-de-souza-soares\/\">Escola Estadual de Ensino Fundamental Visconde de Souza Soares<\/a><\/li>\n<\/ol>\n<p>&nbsp;<\/p>\n<p style=\"text-align: center;\"><strong>ESCOLAS ESTADUAIS DE ENSINO M\u00c9DIO<\/strong><\/p>\n<ol>\n<li><a href=\"https:\/\/wp.ufpel.edu.br\/bdescolaspelotas\/escolas-estaduais\/escola-estadual-de-ensino-medio-adolfo-fetter\/\">Escola Estadual de Ensino M\u00e9dio Adolfo Fetter<\/a><\/li>\n<li><a href=\"https:\/\/wp.ufpel.edu.br\/bdescolaspelotas\/escolas-estaduais\/escola-estadual-de-ensino-medio-areal\/\">Escola Estadual de Ensino M\u00e9dio Areal<\/a><\/li>\n<li><a href=\"https:\/\/wp.ufpel.edu.br\/bdescolaspelotas\/escolas-estaduais\/escola-estadual-de-ensino-medio-coronel-pedro-osorio\/\">Escola Estadual de Ensino Medio Coronel Pedro Osorio<\/a><\/li>\n<li><a href=\"https:\/\/wp.ufpel.edu.br\/bdescolaspelotas\/escolas-estaduais\/escola-estadual-de-ensino-medio-dom-antonio-zattera\/\">Escola Estadual de Ensino M\u00e9dio Dom Antonio Zattera<\/a><\/li>\n<li><a href=\"https:\/\/wp.ufpel.edu.br\/bdescolaspelotas\/escolas-estaduais\/escola-estadual-de-ensino-medio-dr-antonio-leivas-leite\/\">Escola Estadual de Ensino M\u00e9dio Dr Antonio Leivas Leite<\/a><\/li>\n<li><a href=\"https:\/\/wp.ufpel.edu.br\/bdescolaspelotas\/escolas-estaduais\/escola-estadual-de-ensino-medio-dr-augusto-simoes-lopes\/\">Escola Estadual de Ensino M\u00e9dio Dr Augusto Simoes Lopes<\/a><\/li>\n<li><a href=\"https:\/\/wp.ufpel.edu.br\/bdescolaspelotas\/escolas-estaduais\/escola-estadual-de-ensino-medio-dr-edmar-fetter\/\">Escola Estadual de Ensino M\u00e9dio Dr Edmar Fetter<\/a><\/li>\n<li><a href=\"https:\/\/wp.ufpel.edu.br\/bdescolaspelotas\/escolas-estaduais\/escola-estadual-de-ensino-medio-dr-joaquim-duval\/\">Escola Estadual de Ensino M\u00e9dio Dr Joaquim Duval<\/a><\/li>\n<li><a href=\"https:\/\/wp.ufpel.edu.br\/bdescolaspelotas\/escolas-estaduais\/escola-estadual-de-ensino-medio-marechal-rondon\/\">Escola Estadual de Ensino M\u00e9dio Marechal Rondon<\/a><\/li>\n<li><a href=\"https:\/\/wp.ufpel.edu.br\/bdescolaspelotas\/escolas-estaduais\/escola-estadual-de-ensino-medio-santa-rita\/\">Escola Estadual de Ensino M\u00e9dio Santa Rita<\/a><\/li>\n<li><a href=\"https:\/\/wp.ufpel.edu.br\/bdescolaspelotas\/escolas-estaduais\/escola-estadual-indigena-de-ensino-fundamental-gyro-2\/\">Escola Estadual Ind\u00edgena de Ensino Fundamental Gyro<\/a><\/li>\n<li><a href=\"https:\/\/wp.ufpel.edu.br\/bdescolaspelotas\/escolas-estaduais\/escola-tecnica-estadual-professora-sylvia-mello\/\">Escola T\u00e9cnica Estadual Professora Sylvia Mello<\/a><\/li>\n<li><a href=\"https:\/\/wp.ufpel.edu.br\/bdescolaspelotas\/escolas-estaduais\/instituto-estadual-de-educacao-assis-brasil-2\/\">Instituto Estadual de Educa\u00e7\u00e3o Assis Brasil<\/a><\/li>\n<\/ol>\n<p>&nbsp;<\/p>\n<p style=\"text-align: center;\"><strong>LOCALIZA\u00c7\u00c3O DE TODAS ESCOLAS ESTADUAIS DO MUNIC\u00cdPIO DE PELOTAS\/RS.<\/strong><\/p>\n<p><iframe loading=\"lazy\" src=\"https:\/\/www.google.com\/maps\/d\/u\/0\/embed?mid=1X-XbFqIe7BZeSVGVscKwe69AmfDVolE&amp;ehbc=2E312F&amp;noprof=1\" width=\"640\" height=\"480\"><\/iframe><\/p>\n","protected":false},"excerpt":{"rendered":"<p>ESCOLAS ESTADUAIS DE ENSINO INFANTIL Escola Estadual Ind\u00edgena de Ensino Fundamental Gyro Instituto Estadual de Educa\u00e7\u00e3o Assis Brasil &nbsp; ESCOLAS ESTADUAIS DE ENSINO FUNDAMENTAL Col\u00e9gio Estadual Cassiano do Nascimento Col\u00e9gio Estadual Dom Jo\u00e3o Braga Col\u00e9gio Estadual Felix da Cunha Escola&#8230; <a class=\"more-link\" href=\"https:\/\/wp.ufpel.edu.br\/bdescolaspelotas\/escolas-estaduais\/\">Continue lendo &rarr;<\/a><\/p>\n","protected":false},"author":1334,"featured_media":0,"parent":0,"menu_order":3,"comment_status":"closed","ping_status":"closed","template":"","meta":{"footnotes":""},"class_list":["post-405","page","type-page","status-publish","hentry"],"jetpack_sharing_enabled":true,"_links":{"self":[{"href":"https:\/\/wp.ufpel.edu.br\/bdescolaspelotas\/wp-json\/wp\/v2\/pages\/405","targetHints":{"allow":["GET"]}}],"collection":[{"href":"https:\/\/wp.ufpel.edu.br\/bdescolaspelotas\/wp-json\/wp\/v2\/pages"}],"about":[{"href":"https:\/\/wp.ufpel.edu.br\/bdescolaspelotas\/wp-json\/wp\/v2\/types\/page"}],"author":[{"embeddable":true,"href":"https:\/\/wp.ufpel.edu.br\/bdescolaspelotas\/wp-json\/wp\/v2\/users\/1334"}],"replies":[{"embeddable":true,"href":"https:\/\/wp.ufpel.edu.br\/bdescolaspelotas\/wp-json\/wp\/v2\/comments?post=405"}],"version-history":[{"count":9,"href":"https:\/\/wp.ufpel.edu.br\/bdescolaspelotas\/wp-json\/wp\/v2\/pages\/405\/revisions"}],"predecessor-version":[{"id":582,"href":"https:\/\/wp.ufpel.edu.br\/bdescolaspelotas\/wp-json\/wp\/v2\/pages\/405\/revisions\/582"}],"wp:attachment":[{"href":"https:\/\/wp.ufpel.edu.br\/bdescolaspelotas\/wp-json\/wp\/v2\/media?parent=405"}],"curies":[{"name":"wp","href":"https:\/\/api.w.org\/{rel}","templated":true}]}}