{"id":2817,"date":"2020-11-12T08:38:33","date_gmt":"2020-11-12T11:38:33","guid":{"rendered":"https:\/\/wp.ufpel.edu.br\/ateliedefigurinos\/?page_id=2817"},"modified":"2023-05-16T21:40:59","modified_gmt":"2023-05-17T00:40:59","slug":"desenho","status":"publish","type":"page","link":"https:\/\/wp.ufpel.edu.br\/ateliedefigurinos\/rededecontatos\/desenho\/","title":{"rendered":"Desenho"},"content":{"rendered":"<p><strong>&gt;&gt;&gt; DESENHO<\/strong><\/p>\n<p>&nbsp;<\/p>\n<h3><strong>RIO GRANDE DO SUL<\/strong><\/h3>\n<p><strong>PELOTAS<\/strong><\/p>\n<p>&gt; Ateli\u00ea de Moda Andorinha &#8211; Manuella Mathias &#8211; Whats (53) 98433-0001 &#8211; Instagram:<a id=\"m_-6196344422226251629plusReplyChip-0\" class=\"gmail_plusreply\"><\/a>@useandorinha<\/p>\n<p>&gt; F\u00e1bio Silveira &#8211; E-mail: <a href=\"mailto:jacoord@gmail.com\">jacoord@gmail.com<\/a> &#8211; (53) 991612590 &#8211; Facebook: &#8220;FabioDS&#8221; &#8211; Produ\u00e7\u00e3o de desfile carnavalesco, desde escrita do enredo at\u00e9 montagem final do desfile na passarela. &#8211; Forma\u00e7\u00e3o acad\u00eamica em Hist\u00f3ria.<\/p>\n<p>&gt; Luka Vargas &#8211; <a href=\"mailto:lukadevargas@gmail.com\">lukadevargas@gmail.com<\/a> &#8211; (51) 980285811 &#8211; www.Instagram.com\/@lukadevargas &#8211; Graduando em Artes Visuais e Arquitetura, meus trabalhos tem \u00eanfase em Escultura, V\u00eddeo e instala\u00e7\u00e3o; motivados pelo corpo, casa e a \u00e1gua. Participei de algumas exposi\u00e7\u00f5es, dentre elas o MASC e fa\u00e7o est\u00e1gio em um est\u00fadio de arquitetura. Meus trabalhos se encontram no Instagram e portif\u00f3lio online.<\/p>\n<p>&gt; Milla Lima &#8211; Ludmila De Lima Coutinho &#8211; <a href=\"mailto:ludlimacoutinho@gmail.com\">ludlimacoutinho@gmail.com<\/a> &#8211; (53) 992414039 &#8211; @limamilla24 &#8211; Possui CNPJ &#8211; Forma\u00e7\u00e3o em Design de Moda pela UCPEL e graduanda de Dan\u00e7a-Licenciatura UFPEL.<\/p>\n<p>&gt; Marina Becker &#8211; <a href=\"mailto:mbeckermocellin@gmail.com\">mbeckermocellin@gmail.com<\/a> &#8211; (49) 999063312 &#8211; <a href=\"https:\/\/www.instagram.com\/aquasrina\/\">https:\/\/www.instagram.com\/aquasrina\/<\/a>&#8211; <a href=\"https:\/\/mbeckermocellin.wixsite.com\/beckerinam\">https:\/\/mbeckermocellin.wixsite.com\/beckerinam<\/a> &#8211; Formada em Cinema e Audiovisual, workshop de storyboard e figurino.<\/p>\n<p>&gt; Mariana Gon\u00e7alves Garcia &#8211; <a href=\"mailto:mariana.goncalvesgarcia@hotmail.com\">mariana.goncalvesgarcia@hotmail.com<\/a> &#8211; 984072398. \/ M\u00e3e (984020933) &#8211; Face: Mariana Garcia &#8211; Inst&#8221; _mariigarcia_ &#8211; Formada em T\u00e9cnico em Vestu\u00e1rio, trabalhou na loja Central da Costura.<\/p>\n<p>&gt; Taline Pereira &#8211; WhastApp: (53)991416447 &#8211; Facebook: <a href=\"https:\/\/www.facebook.com\/taline.pereira.1\" target=\"_blank\" rel=\"noopener noreferrer\" data-saferedirecturl=\"https:\/\/www.google.com\/url?q=https:\/\/www.facebook.com\/taline.pereira.1&amp;source=gmail&amp;ust=1605211816370000&amp;usg=AFQjCNFAA_l7XO-ymREZZnqdvwqz_1qstg\">https:\/\/www.facebook.com\/taline.pereira.1<\/a> &#8211; Instagram: Taline Pereira<\/p>\n<p>&gt; Vanessa Farias dos Santos &#8211; <a href=\"mailto:vanessafarias18santos@gmail.com\">vanessafarias18santos@gmail.com<\/a> &#8211; (53) 984693313<\/p>\n<p>&nbsp;<\/p>\n<p><strong>RIO GRANDE<\/strong><\/p>\n<div class=\"Qr7Oae\" role=\"listitem\">\n<div class=\"OxAavc NVbRL\" data-item-id=\"1788132075\">\n<div class=\"xMZTse Ih4Dzb\">\n<div class=\"Mh5jwe JqSWld yqQS1\" aria-describedby=\"c328\">&gt; Carolina Sim\u00f5es &#8211; <a href=\"mailto:carolsimoesrg@gmail.com\">carolsimoesrg@gmail.com<\/a> &#8211; (53) 984692606 &#8211; Instagram: @__carolinasimoes<\/div>\n<\/div>\n<\/div>\n<\/div>\n<div class=\"Qr7Oae\" role=\"listitem\">\n<div class=\"OxAavc NVbRL\" data-required=\"true\" data-item-id=\"1844217239\">\n<div class=\"pYfr3c\">\n<div class=\"prOLdf\">\n<div class=\"g53bl\">\n<div class=\"cTDvob D1wxyf\" role=\"heading\" aria-level=\"3\" aria-describedby=\"i.desc.1844217239 c334\">\n<div class=\"Qr7Oae\" role=\"listitem\">\n<div class=\"OxAavc NVbRL\" data-required=\"true\" data-item-id=\"502265750\">\n<div class=\"pYfr3c\">\n<div class=\"prOLdf\">\n<div class=\"g53bl\">\n<div class=\"cTDvob D1wxyf\" role=\"heading\" aria-level=\"3\" aria-describedby=\"i.desc.502265750 c324\">\n<div class=\"Qr7Oae\" role=\"listitem\">\n<div class=\"OxAavc NVbRL\" data-item-id=\"1788132075\">\n<div class=\"pYfr3c\">\n<div class=\"prOLdf\">\n<div class=\"g53bl\">\n<div class=\"cTDvob D1wxyf\" role=\"heading\" aria-level=\"3\" aria-describedby=\"i.desc.1788132075\">\n<div class=\"Qr7Oae\" role=\"listitem\">\n<div class=\"OxAavc\" data-other-input=\"qSV85\" data-other-hidden=\"MfYA1e\" data-item-id=\"1184206378\">\n<div class=\"pYfr3c\">\n<div class=\"prOLdf\">\n<div class=\"g53bl\">\n<div id=\"c337\" class=\"cTDvob D1wxyf\" role=\"heading\" aria-level=\"3\" aria-describedby=\"i.desc.1184206378\">\n<div class=\"Qr7Oae\" role=\"listitem\">\n<div class=\"OxAavc NVbRL\" data-required=\"true\" data-item-id=\"443475757\">\n<div class=\"Ih4Dzb\">\n<div class=\"q4tvle JqSWld yqQS1\">Curso de corte e costura no Ateli\u00ea Vera Oriente. Aluna do Design de Moda. Atualmente faz alguns ajustes para lojas de alfaiataria.<\/div>\n<\/div>\n<\/div>\n<\/div>\n<div class=\"Qr7Oae\" role=\"listitem\">\n<div class=\"OxAavc\" data-required=\"true\" data-other-input=\"qSV85\" data-other-hidden=\"MfYA1e\" data-item-id=\"532898831\">\n<div class=\"pYfr3c\">\n<div class=\"prOLdf\">\n<div class=\"cTDvob D1wxyf\" role=\"heading\" aria-level=\"3\" aria-describedby=\"i.desc.532898831 c402\">\n<p>&gt; Victor Fran\u00e7a &#8211; <a href=\"mailto:victorfranca468@gmail.com\">victorfranca468@gmail.com<\/a> &#8211; (53) 981165944 &#8211; @victor.franca8 &#8211; Possui Curso de Figurino do Ateli\u00ea de Figurinos &#8211; UFPEL. Estudioso da moda e busca se especializar em desenhos de croqui e assessoria de moda.<\/p>\n<\/div>\n<\/div>\n<\/div>\n<\/div>\n<\/div>\n<\/div>\n<\/div>\n<\/div>\n<\/div>\n<\/div>\n<\/div>\n<\/div>\n<\/div>\n<\/div>\n<\/div>\n<\/div>\n<\/div>\n<\/div>\n<\/div>\n<\/div>\n<\/div>\n<\/div>\n<\/div>\n<\/div>\n<\/div>\n<\/div>\n<\/div>\n<\/div>\n<\/div>\n<p>&nbsp;<\/p>\n<p><strong>PORTO ALEGRE<\/strong><\/p>\n<p>&gt; Alana Leite &#8211; E-mail: <a href=\"mailto:alana.ernesto.leite@hotmail.com\">alana.ernesto.leite@hotmail.com<\/a> &#8211; (53) 999306653 &#8211; Instagram: @alanaa.leite &#8211; Forma\u00e7\u00e3o: Tecnologia em Design de Moda.<\/p>\n<div class=\"Qr7Oae\" role=\"listitem\">\n<div class=\"OxAavc NVbRL\" data-required=\"true\" data-item-id=\"502265750\">\n<div class=\"pYfr3c\">\n<div class=\"prOLdf\">\n<div class=\"g53bl\">\n<div class=\"cTDvob D1wxyf\" role=\"heading\" aria-level=\"3\" aria-describedby=\"i.desc.502265750 c150\">\n<div class=\"Qr7Oae\" role=\"listitem\">\n<div class=\"OxAavc NVbRL\" data-item-id=\"1788132075\">\n<div class=\"pYfr3c\">\n<div class=\"prOLdf\">\n<div class=\"cTDvob D1wxyf\" role=\"heading\" aria-level=\"3\" aria-describedby=\"i.desc.1788132075\">\n<div class=\"Qr7Oae\" role=\"listitem\">\n<div class=\"OxAavc\" data-other-input=\"qSV85\" data-other-hidden=\"MfYA1e\" data-item-id=\"1184206378\">\n<div class=\"pYfr3c\">\n<div class=\"prOLdf\">\n<div class=\"cTDvob D1wxyf\" role=\"heading\" aria-level=\"3\" aria-describedby=\"i.desc.1184206378\">\n<div class=\"Qr7Oae\" role=\"listitem\">\n<div class=\"OxAavc\" data-required=\"true\" data-other-input=\"qSV85\" data-other-hidden=\"MfYA1e\" data-item-id=\"532898831\">\n<div class=\"pYfr3c\">\n<div role=\"heading\" aria-level=\"3\" aria-describedby=\"i.desc.532898831 c228\"><\/div>\n<div class=\"cTDvob D1wxyf\" role=\"heading\" aria-level=\"3\" aria-describedby=\"i.desc.532898831 c228\"><strong>CANOAS<\/strong><\/div>\n<\/div>\n<div role=\"heading\" aria-level=\"3\" aria-describedby=\"i.desc.532898831 c228\"><\/div>\n<\/div>\n<\/div>\n<div role=\"heading\" aria-level=\"3\" aria-describedby=\"i.desc.532898831 c228\">\n<div class=\"Qr7Oae\" role=\"listitem\">\n<div class=\"OxAavc NVbRL\" data-required=\"true\" data-item-id=\"502265750\">\n<div class=\"xMZTse Ih4Dzb\">\n<div class=\"Mh5jwe JqSWld yqQS1\" aria-describedby=\"c1731\">\n<p>&gt; Matheus de Oliveira &#8211; <a href=\"mailto:contato.matheusos@gmail.com\">contato.matheusos@gmail.com<\/a> &#8211; (51) 995187634 &#8211; <a href=\"https:\/\/www.instagram.com\/matheusfashiondesigner\">https:\/\/www.instagram.com\/matheusfashiondesigner<\/a> &#8211; Forma\u00e7\u00e3o em Designer de Moda pela Faculdade Senac &#8211; RS.<\/p>\n<\/div>\n<\/div>\n<\/div>\n<\/div>\n<\/div>\n<\/div>\n<\/div>\n<\/div>\n<div role=\"heading\" aria-level=\"3\" aria-describedby=\"i.desc.532898831 c228\">\n<div class=\"Qr7Oae\" role=\"listitem\">\n<div class=\"OxAavc\" data-required=\"true\" data-other-input=\"qSV85\" data-other-hidden=\"MfYA1e\" data-item-id=\"532898831\">\n<div class=\"pYfr3c\">\n<div class=\"prOLdf\">\n<div class=\"g53bl\">\n<div id=\"c1761\" class=\"cTDvob D1wxyf\" role=\"heading\" aria-level=\"3\" aria-describedby=\"i.desc.532898831 c1812\"><\/div>\n<\/div>\n<\/div>\n<\/div>\n<\/div>\n<\/div>\n<\/div>\n<\/div>\n<\/div>\n<\/div>\n<\/div>\n<\/div>\n<\/div>\n<\/div>\n<\/div>\n<\/div>\n<\/div>\n<\/div>\n<\/div>\n<\/div>\n<p><strong>ENCANTADO<\/strong><\/p>\n<p>&gt; Marilha Zanon &#8211; Fone: (51) 98281.2642 &#8211; (51) 3751.1808 &#8211; <a href=\"mailto:marilhaz@yahoo.com.br\">marilhaz@yahoo.com.br<\/a> &#8211; Estilo Z &#8211; Moda sob medida &#8211; @qualidadesobmedida<\/p>\n<div class=\"OxAavc\" data-required=\"true\" data-other-input=\"qSV85\" data-other-hidden=\"MfYA1e\" data-item-id=\"532898831\">\n<h3><\/h3>\n<h3 id=\"i.req.532898831\" class=\"fKfAyc\">SANTA CATARINA<\/h3>\n<div>\n<p>CHAPEC\u00d3<\/p>\n<\/div>\n<\/div>\n<div>\n<div class=\"Qr7Oae\" role=\"listitem\">\n<div class=\"OxAavc NVbRL\" data-item-id=\"1788132075\">\n<div class=\"xMZTse Ih4Dzb\">\n<div class=\"Mh5jwe JqSWld yqQS1\" aria-describedby=\"c961\">\n<p>&gt; Marina Becker &#8211; <a href=\"mailto:mbeckermocellin@gmail.com\">mbeckermocellin@gmail.com<\/a> &#8211; (49) 999063312 &#8211; <a href=\"https:\/\/www.instagram.com\/aquasrina\/\">https:\/\/www.instagram.com\/aquasrina\/<\/a>&#8211; <a href=\"https:\/\/mbeckermocellin.wixsite.com\/beckerinam\">https:\/\/mbeckermocellin.wixsite.com\/beckerinam<\/a> &#8211; Formada em Cinema e Audiovisual, workshop de storyboard e figurino.<\/p>\n<\/div>\n<\/div>\n<\/div>\n<\/div>\n<\/div>\n<h3><strong>S\u00c3O PAULO<\/strong><\/h3>\n<p>&gt; Abayomi Atelie &#8211; Pamela Candido Rosa &#8211; <a href=\"mailto:pamelabayomi@gmail.com\">pamelabayomi@gmail.com<\/a> &#8211; (11) 954516667 &#8211; Facebook: @abayomiatelie Instagram: @abayomiatelie &#8211; Possui CNPJ &#8211; Forma\u00e7\u00e3o\/experi\u00eancia &#8211; <a href=\"https:\/\/docs.google.com\/document\/d\/1CefZtVrKzeogugw0hIIhfR10CkavoID-evkMrI_Dr40\/edit?usp=sharing\">Link<\/a><\/p>\n<p>&gt; Da Lama &#8211; La\u00eds Da Lama &#8211; La\u00eds Fernanda Rosa &#8211; <a href=\"mailto:figurinosdalama@gmail.com\">figurinosdalama@gmail.com<\/a> &#8211; (11) 951423073 &#8211; Instagram: @dalamaaoluxoo &#8211; @dalamaeuvim &#8211; @figurinosdalama &#8211; Facebook:\u00a0 DA LAMA ao luxoo. Possui CNPJ. Forma\u00e7\u00e3o acad\u00eamica Licenciatura de Artes Visuais. Cursos t\u00e9cnicos Senac: costureira, modelista, criadora de moda e estilista Curso livres: desenho, ilustra\u00e7\u00f5es e fotografia.<\/p>\n<p>&gt; Val\u00e9ria Feldman &#8211; Desenho de moda e figurino &#8211; <a href=\"mailto:valeria@ideografia.com.br\" target=\"_blank\" rel=\"noopener noreferrer\">valeria@ideografia.com.br<\/a>\u00a0 &#8211; Whatsapp: (11) 994024934<\/p>\n<p><strong>DRACENA E CAMPINAS<\/strong><\/p>\n<div class=\"Qr7Oae\" role=\"listitem\">\n<div class=\"OxAavc NVbRL\" data-required=\"true\" data-item-id=\"1844217239\">\n<div class=\"pYfr3c\">\n<div class=\"prOLdf\">\n<div class=\"g53bl\">\n<div class=\"cTDvob D1wxyf\" role=\"heading\" aria-level=\"3\" aria-describedby=\"i.desc.1844217239 c247\">\n<div class=\"Qr7Oae\" role=\"listitem\">\n<div class=\"OxAavc NVbRL\" data-item-id=\"41894374\">\n<div class=\"pYfr3c\">\n<div class=\"prOLdf\">\n<div class=\"g53bl\">\n<div class=\"cTDvob D1wxyf\" role=\"heading\" aria-level=\"3\" aria-describedby=\"i.desc.41894374\">\n<div class=\"Qr7Oae\" role=\"listitem\">\n<div class=\"OxAavc NVbRL\" data-required=\"true\" data-item-id=\"502265750\">\n<div class=\"pYfr3c\">\n<div class=\"prOLdf\">\n<div class=\"g53bl\">\n<div class=\"cTDvob D1wxyf\" role=\"heading\" aria-level=\"3\" aria-describedby=\"i.desc.502265750 c237\">\n<div class=\"Qr7Oae\" role=\"listitem\">\n<div class=\"OxAavc NVbRL\" data-item-id=\"1788132075\">\n<div class=\"pYfr3c\">\n<div class=\"prOLdf\">\n<div class=\"g53bl\">\n<div class=\"cTDvob D1wxyf\" role=\"heading\" aria-level=\"3\" aria-describedby=\"i.desc.1788132075\">\n<div class=\"Qr7Oae\" role=\"listitem\">\n<div class=\"OxAavc\" data-other-input=\"qSV85\" data-other-hidden=\"MfYA1e\" data-item-id=\"1184206378\">\n<div class=\"pYfr3c\">\n<div class=\"prOLdf\">\n<div class=\"g53bl\">\n<div id=\"c250\" class=\"cTDvob D1wxyf\" role=\"heading\" aria-level=\"3\" aria-describedby=\"i.desc.1184206378\">\n<div class=\"cTDvob D1wxyf\" role=\"heading\" aria-level=\"3\" aria-describedby=\"i.desc.532898831 c315\">\n<div class=\"Qr7Oae\" role=\"listitem\">\n<div class=\"OxAavc NVbRL\" data-item-id=\"1788132075\">\n<div class=\"xMZTse Ih4Dzb\">\n<div class=\"Mh5jwe JqSWld yqQS1\" aria-describedby=\"c415\">&gt; Emme Toniolo &#8211; Maria Fernanda Toniolo &#8211; <a href=\"mailto:toniolomariafernanda@gmail.com\">toniolomariafernanda@gmail.com<\/a> &#8211; (18) 996450089 &#8211; @emme.toniolo (instagram) &#8211; Cursando Artes Visuais &#8211; Bacharelado. Quatro anos de Alta costura (M\u00e9todo R\u00e9derby). Experi\u00eancia em grupos de teatro (Cia An\u00f4nimos e NAE Puc Campinas). &#8211;\u00a0<a href=\"https:\/\/docs.google.com\/document\/d\/1QJR83bN28ISHVTBO9sEbBvtx9jS5oXZqP5IHcO2vw4I\/edit?usp=sharing\">https:\/\/docs.google.com\/document\/d\/1QJR83bN28ISHVTBO9sEbBvtx9jS5oXZqP5IHcO2vw4I\/edit?usp=sharing<\/a><\/div>\n<\/div>\n<\/div>\n<\/div>\n<\/div>\n<\/div>\n<\/div>\n<\/div>\n<\/div>\n<\/div>\n<\/div>\n<\/div>\n<\/div>\n<\/div>\n<\/div>\n<\/div>\n<\/div>\n<\/div>\n<\/div>\n<\/div>\n<\/div>\n<\/div>\n<\/div>\n<\/div>\n<\/div>\n<\/div>\n<\/div>\n<\/div>\n<\/div>\n<\/div>\n<\/div>\n<\/div>\n<\/div>\n<\/div>\n<\/div>\n<div role=\"heading\" aria-level=\"3\" aria-describedby=\"i.desc.1184206378\"><\/div>\n<div role=\"heading\" aria-level=\"3\" aria-describedby=\"i.desc.1184206378\">\n<p>&nbsp;<\/p>\n<p><strong>PRAIA GRANDE<\/strong><\/p>\n<\/div>\n<div role=\"heading\" aria-level=\"3\" aria-describedby=\"i.desc.1184206378\"><\/div>\n<div role=\"heading\" aria-level=\"3\" aria-describedby=\"i.desc.1184206378\">\n<p>&gt; Trapo | pano &amp; arte | &#8211; Maria de Fatima Jesus Beserra &#8211; <a href=\"mailto:fatimabeserra7@gmail.com\">fatimabeserra7@gmail.com<\/a> &#8211; (13) 981735875 &#8211; @trapo_art &#8211; Instagram.com\/trapo_art &#8211; Tem alguma experi\u00eancia com costura em m\u00e1quina reta dom\u00e9stica. O que sabe, aprendeu com a m\u00e3e, e tamb\u00e9m gosta de costurar pequenos trabalhos \u00e0 m\u00e3o.<\/p>\n<div class=\"Qr7Oae\" role=\"listitem\">\n<div class=\"OxAavc NVbRL\" data-required=\"true\" data-item-id=\"1844217239\">\n<div class=\"pYfr3c\">\n<div class=\"prOLdf\">\n<div class=\"g53bl\">\n<div class=\"cTDvob D1wxyf RjsPE\" role=\"heading\" aria-level=\"3\" aria-describedby=\"i.desc.1844217239 c350\"><\/div>\n<\/div>\n<\/div>\n<\/div>\n<\/div>\n<\/div>\n<\/div>\n<div role=\"heading\" aria-level=\"3\" aria-describedby=\"i.desc.1184206378\"><\/div>\n<div role=\"heading\" aria-level=\"3\" aria-describedby=\"i.desc.1184206378\">\n<h3><strong>RIO DE JANEIRO<\/strong><\/h3>\n<div class=\"Qr7Oae\" role=\"listitem\">\n<div class=\"OxAavc NVbRL\" data-item-id=\"1788132075\">\n<div class=\"xMZTse Ih4Dzb\">\n<div class=\"Mh5jwe JqSWld yqQS1\" aria-describedby=\"c589\">&gt; Bereshit &#8211; Jasmine Iara Gomes da Silva &#8211; <a href=\"mailto:jasmineiara0307@gmail.com\">jasmineiara0307@gmail.com<\/a> &#8211; (21) 33134325 &#8211; @bereshit.art @bereshit.arts Portf\u00f3lio: <a href=\"https:\/\/www.behance.net\/jasmineiara\">https:\/\/www.behance.net\/jasmineiara<\/a> <a href=\"https:\/\/www.instagram.com\/p\/CLI5BRlHe4_\/?utm_source=ig_web_copy_link\">Link<\/a> <a href=\"https:\/\/www.instagram.com\/p\/CHvJOUcpkzt\/?utm_source=ig_web_copy_link\">Link<\/a> <a href=\"https:\/\/www.instagram.com\/p\/CMAymysDNs_\/?utm_source=ig_web_copy_link\">Link<\/a><\/div>\n<\/div>\n<\/div>\n<\/div>\n<div class=\"Qr7Oae\" role=\"listitem\">\n<div class=\"OxAavc NVbRL\" data-required=\"true\" data-item-id=\"1844217239\">\n<div class=\"pYfr3c\">\n<div class=\"prOLdf\">\n<div class=\"cTDvob D1wxyf\" role=\"heading\" aria-level=\"3\" aria-describedby=\"i.desc.1844217239 c595\">Formada em design de moda, t\u00e9cnica em modelagem do vestu\u00e1rio e especializa\u00e7\u00e3o em figurino. <a href=\"https:\/\/www.instagram.com\/p\/BvSuZiCBMGU\/?utm_source=ig_web_copy_link\">Link<\/a> <a href=\"https:\/\/www.instagram.com\/p\/B_nscPvnoe7\/?utm_source=ig_web_copy_link\">Link<\/a> <a href=\"https:\/\/www.instagram.com\/p\/CLI5BRlHe4_\/?utm_source=ig_web_copy_link\">Link<\/a><\/div>\n<\/div>\n<\/div>\n<\/div>\n<\/div>\n<\/div>\n<div role=\"heading\" aria-level=\"3\" aria-describedby=\"i.desc.1184206378\"><\/div>\n<div role=\"heading\" aria-level=\"3\" aria-describedby=\"i.desc.1184206378\">\n<p>&gt; TXIELLO &#8211; Marcelo Cavalcante &#8211; <a href=\"mailto:arletenevescavalcante@gmail.com\">arletenevescavalcante@gmail.com<\/a> &#8211; (21) 964139964 &#8211;\u00a0<a href=\"https:\/\/www.instagram.com\/txiello_\/\">@txiello_<\/a>&#8211; Possui CNPJ &#8211; Forma\u00e7\u00e3o em Moda<\/p>\n<\/div>\n<div role=\"heading\" aria-level=\"3\" aria-describedby=\"i.desc.1184206378\">\n<div aria-describedby=\"c328\">\n<div class=\"Qr7Oae\" role=\"listitem\">\n<div class=\"OxAavc NVbRL\" data-required=\"true\" data-item-id=\"1844217239\">\n<div class=\"pYfr3c\">\n<div class=\"prOLdf\">\n<div class=\"g53bl\">\n<div class=\"cTDvob D1wxyf\" role=\"heading\" aria-level=\"3\" aria-describedby=\"i.desc.1844217239 c439\">\n<div class=\"Qr7Oae\" role=\"listitem\">\n<h3>BRAS\u00cdLIA<\/h3>\n<\/div>\n<\/div>\n<\/div>\n<\/div>\n<\/div>\n<\/div>\n<\/div>\n<\/div>\n<div role=\"heading\" aria-level=\"3\" aria-describedby=\"i.desc.532898831 c507\">\n<p>&gt; Makanatelie &#8211; Aricelma Medrei &#8211; <a href=\"mailto:aricelma@gmail.com\">aricelma@gmail.com<\/a> &#8211; (61) 991153124 &#8211; Possui CNPJ &#8211; P\u00f3s-gradua\u00e7\u00e3o em Design de Moda , em Dan\u00e7a e consci\u00eancia corporal e Curso de Figurinos.<\/p>\n<\/div>\n<h3><\/h3>\n<h3><strong>MINAS GERAIS<\/strong><\/h3>\n<p><strong>BELO HORIZONTE<\/strong><\/p>\n<div class=\"Qr7Oae\" role=\"listitem\">\n<div class=\"OxAavc NVbRL\" data-item-id=\"1788132075\">\n<div class=\"xMZTse Ih4Dzb\">\n<div class=\"Mh5jwe JqSWld yqQS1\" aria-describedby=\"c367\">&gt; Juliana Floriano Produ\u00e7\u00f5es &#8211; <a href=\"mailto:florianojuflor@hotmail.com\">florianojuflor@hotmail.com<\/a> &#8211; (31) 99674-8544 &#8211; https:\/\/www.facebook.com\/juliana.floriano.12\/ (Facebook) &#8211;<a href=\"mailto:florianojuflor@hotmail.com\"> florianojuflor@hotmail.com<\/a> (e-mail) &#8211; julianaflorianoflor (instagram) &#8211; Possui CNPJ &#8211; Forma\u00e7\u00e3o\/experi\u00eancia &#8211;<a href=\"https:\/\/docs.google.com\/document\/d\/11kc53uLXNTgQUhN6fSwUrlgbNinpaYHBsO-scuG2olo\/edit?usp=sharing\">Link<\/a><\/div>\n<\/div>\n<\/div>\n<\/div>\n<\/div>\n<h3 role=\"heading\" aria-level=\"3\" aria-describedby=\"i.desc.1184206378\"><\/h3>\n<h3 role=\"heading\" aria-level=\"3\" aria-describedby=\"i.desc.1184206378\">PAR\u00c1<\/h3>\n<div role=\"heading\" aria-level=\"3\" aria-describedby=\"i.desc.1184206378\">\n<p>BEL\u00c9M<\/p>\n<\/div>\n<div role=\"heading\" aria-level=\"3\" aria-describedby=\"i.desc.1184206378\"><\/div>\n<div class=\"cTDvob D1wxyf\" role=\"heading\" aria-level=\"3\" aria-describedby=\"i.desc.1788132075\">\n<div role=\"heading\" aria-level=\"3\" aria-describedby=\"i.desc.1184206378\">&gt; Ateli\u00ea Alcimara Braga &#8211; Alcimara De oliveira Braga do Amaral &#8211; <a href=\"mailto:alcimara.braga@gmail.com\">alcimara.braga@gmail.com<\/a> &#8211; (91) 991879311<\/div>\n<\/div>\n<div role=\"heading\" aria-level=\"3\" aria-describedby=\"i.desc.1184206378\">\n<div class=\"Qr7Oae\" role=\"listitem\">\n<div class=\"OxAavc NVbRL\" data-item-id=\"1788132075\">\n<div class=\"xMZTse Ih4Dzb\">\n<div class=\"Mh5jwe JqSWld yqQS1\" aria-describedby=\"c676\">\n<div class=\"Qr7Oae\" role=\"listitem\">\n<div class=\"OxAavc NVbRL\" data-required=\"true\" data-item-id=\"502265750\">\n<div class=\"pYfr3c\">\n<div class=\"prOLdf\">\n<div class=\"g53bl\">\n<div class=\"cTDvob D1wxyf\" role=\"heading\" aria-level=\"3\" aria-describedby=\"i.desc.502265750 c672\">\n<div class=\"Qr7Oae\" role=\"listitem\">\n<div class=\"OxAavc NVbRL\" data-item-id=\"1788132075\">\n<div class=\"pYfr3c\">\n<div class=\"prOLdf\">\n<div class=\"g53bl\">\n<div class=\"cTDvob D1wxyf\" role=\"heading\" aria-level=\"3\" aria-describedby=\"i.desc.1788132075\">Facebook Maison alcimara Braga &#8211; Instagram:\u00a0 @estilistaalcimarabragafigurino &#8211; Estilista Paraense Formada em Matem\u00e1tica pela Universidade Federal do Par\u00e1.@ufpa_oficial &#8211; P\u00f3s Graduada em Culltura de Moda e Mercado Est\u00e1cio &#8211; Estudante de Figurino C\u00eanico na ETDUFPA &#8211; Modelista pelo @senac_pa &#8211; Forma\u00e7\u00e3o T\u00e9cnica em produ\u00e7\u00e3o de \u00f3pera pelo Teatro da Paz ( em andamento) &#8211; Cursos livres e de aperfei\u00e7oamento &#8211;\u00a0 Costura industrial , blusas femininas Senai &#8211; Costura Industrial Instituto Adra &#8211; Segredos da Moulage Francesa @maximustecidos &#8211;\u00a0 Cursos de extens\u00e3o pela @faculdadesenaicetiqt &#8211; Participa\u00e7\u00e3o em 3 Amaz\u00f4nias Fashion Weeks , o maior evento de moda da regi\u00e3o Norte.<\/div>\n<\/div>\n<div role=\"heading\" aria-level=\"3\" aria-describedby=\"i.desc.1788132075\">\n<div>\n<div role=\"heading\" aria-level=\"3\" aria-describedby=\"i.desc.1184206378\">\n<div class=\"Qr7Oae\" role=\"listitem\">\n<div class=\"OxAavc NVbRL\" data-required=\"true\" data-item-id=\"1844217239\">\n<div class=\"xMZTse Ih4Dzb\">\n<div aria-describedby=\"c262\"><\/div>\n<h3 aria-describedby=\"c262\">PERNAMBUCO<\/h3>\n<div aria-describedby=\"c262\">RECIFE<\/div>\n<\/div>\n<\/div>\n<\/div>\n<\/div>\n<\/div>\n<div>\n<div role=\"heading\" aria-level=\"3\" aria-describedby=\"i.desc.1184206378\">\n<div class=\"Qr7Oae\" role=\"listitem\">\n<div class=\"OxAavc NVbRL\" data-item-id=\"995780703\">\n<div class=\"pYfr3c\">\n<div class=\"prOLdf\">\n<div class=\"g53bl\">\n<div class=\"cTDvob D1wxyf\" role=\"heading\" aria-level=\"3\" aria-describedby=\"i.desc.995780703\">\n<div class=\"Qr7Oae\" role=\"listitem\">\n<div class=\"OxAavc NVbRL\" data-required=\"true\" data-item-id=\"502265750\">\n<div class=\"xMZTse Ih4Dzb\">\n<div class=\"Mh5jwe JqSWld yqQS1\" aria-describedby=\"c252\">\n<p>&gt; Luana Nascimento &#8211; <a href=\"mailto:lua.sn@hotmail.com\">lua.sn@hotmail.com<\/a> &#8211; (81) 99600.5357 &#8211; @luanebulosa &#8211; Ilustra\u00e7\u00f5es <a href=\"https:\/\/www.instagram.com\/dropslunar\/\">https:\/\/www.instagram.com\/dropslunar\/<\/a> Projetos em figurino (p\u00e1gina em constru\u00e7\u00e3o) <a href=\"https:\/\/www.tumblr.com\/blog\/dropslunar\">https:\/\/www.tumblr.com\/blog\/dropslunar<\/a> Cenografia, brindes e material publicit\u00e1rio behance.net\/luanebulosa &#8211; Possui CNPJ &#8211; Primeiro contato com os bordado, croch\u00ea, tric\u00f4, corte e costura foi ainda pequena com familiares e amigos. J\u00e1 trabalhou com cenografia para eventos. Cursou dire\u00e7\u00e3o de arte para audiovisual no SESC-SP em 2020. Em 2021 participou de WORKSHOP sobre Processo Criativo em figurino com Janaina Castro, da Oficina Manuten\u00e7\u00e3o de Figurinos e Acervo da SPCD e Projeto de Extens\u00e3o Sala de Figurinos do Ateli\u00ea de Figurinos do Centro de Artes da Universidade Federal de Pelotas\/RS.<\/p>\n<\/div>\n<\/div>\n<\/div>\n<\/div>\n<\/div>\n<\/div>\n<\/div>\n<\/div>\n<\/div>\n<\/div>\n<\/div>\n<\/div>\n<\/div>\n<\/div>\n<\/div>\n<\/div>\n<\/div>\n<\/div>\n<\/div>\n<\/div>\n<\/div>\n<\/div>\n<\/div>\n<\/div>\n<\/div>\n<\/div>\n<\/div>\n<\/div>\n","protected":false},"excerpt":{"rendered":"<p>&gt;&gt;&gt; DESENHO &nbsp; RIO GRANDE DO SUL PELOTAS &gt; Ateli\u00ea de Moda Andorinha &#8211; Manuella Mathias &#8211; Whats (53) 98433-0001 &#8211; Instagram:@useandorinha &gt; F\u00e1bio Silveira &#8211; E-mail: jacoord@gmail.com &#8211; (53) 991612590 &#8211; Facebook: &#8220;FabioDS&#8221; &#8211; Produ\u00e7\u00e3o de desfile carnavalesco, desde escrita do enredo at\u00e9 montagem final do desfile na passarela. &#8211; Forma\u00e7\u00e3o acad\u00eamica em Hist\u00f3ria. [&hellip;]<\/p>\n","protected":false},"author":412,"featured_media":0,"parent":391,"menu_order":2,"comment_status":"closed","ping_status":"closed","template":"","meta":{"jetpack_post_was_ever_published":false,"footnotes":""},"class_list":["post-2817","page","type-page","status-publish","hentry"],"jetpack_sharing_enabled":true,"jetpack_shortlink":"https:\/\/wp.me\/P9wvEO-Jr","jetpack_likes_enabled":true,"jetpack-related-posts":[],"_links":{"self":[{"href":"https:\/\/wp.ufpel.edu.br\/ateliedefigurinos\/wp-json\/wp\/v2\/pages\/2817","targetHints":{"allow":["GET"]}}],"collection":[{"href":"https:\/\/wp.ufpel.edu.br\/ateliedefigurinos\/wp-json\/wp\/v2\/pages"}],"about":[{"href":"https:\/\/wp.ufpel.edu.br\/ateliedefigurinos\/wp-json\/wp\/v2\/types\/page"}],"author":[{"embeddable":true,"href":"https:\/\/wp.ufpel.edu.br\/ateliedefigurinos\/wp-json\/wp\/v2\/users\/412"}],"replies":[{"embeddable":true,"href":"https:\/\/wp.ufpel.edu.br\/ateliedefigurinos\/wp-json\/wp\/v2\/comments?post=2817"}],"version-history":[{"count":54,"href":"https:\/\/wp.ufpel.edu.br\/ateliedefigurinos\/wp-json\/wp\/v2\/pages\/2817\/revisions"}],"predecessor-version":[{"id":4119,"href":"https:\/\/wp.ufpel.edu.br\/ateliedefigurinos\/wp-json\/wp\/v2\/pages\/2817\/revisions\/4119"}],"up":[{"embeddable":true,"href":"https:\/\/wp.ufpel.edu.br\/ateliedefigurinos\/wp-json\/wp\/v2\/pages\/391"}],"wp:attachment":[{"href":"https:\/\/wp.ufpel.edu.br\/ateliedefigurinos\/wp-json\/wp\/v2\/media?parent=2817"}],"curies":[{"name":"wp","href":"https:\/\/api.w.org\/{rel}","templated":true}]}}