{"id":2545,"date":"2022-08-04T15:22:53","date_gmt":"2022-08-04T18:22:53","guid":{"rendered":"https:\/\/wp.ufpel.edu.br\/artenaescola\/?page_id=2545"},"modified":"2023-01-31T10:07:06","modified_gmt":"2023-01-31T13:07:06","slug":"spmav-x","status":"publish","type":"page","link":"https:\/\/wp.ufpel.edu.br\/artenaescola\/publicacoes\/anais-spmav\/spmav-x\/","title":{"rendered":"X Semin\u00e1rio de Pesquisa do Mestrado em Artes Visuais 2021"},"content":{"rendered":"<p><a href=\"https:\/\/drive.google.com\/file\/d\/1GbmokHAzMvpVJTBrrCQxoQhxX5QOV8mA\/view?usp=share_link\"><img loading=\"lazy\" decoding=\"async\" class=\"alignnone wp-image-2540 aligncenter\" src=\"https:\/\/wp.ufpel.edu.br\/artenaescola\/files\/2022\/07\/Screenshot_20220725-111543_Drive-275x400.jpg\" alt=\"\" width=\"370\" height=\"514\" data-wp-editing=\"1\" \/><\/a><\/p>\n<p>&nbsp;<\/p>\n<p style=\"text-align: center;\"><b>Anais do\u00a0 X Semin\u00e1rio de Pesquisa do Mestrado em Artes Visuais<\/b><\/p>\n<p style=\"text-align: center;\"><b>Sobre(viv\u00eancias) estrat\u00e9gias po\u00e9tico-educativas e pol\u00edticas em artes<\/b><\/p>\n<p style=\"text-align: center;\"><b>Universidade Federal de Pelotas, Centro de Artes, Pelotas\/RS \u2013 Brasil, 2020.<\/b><\/p>\n<p style=\"text-align: center;\"><b>Comiss\u00e3o de organiza\u00e7\u00e3o:<\/b><\/p>\n<p style=\"text-align: center;\"><span style=\"font-weight: 400;\">Everton Cardoso Leite; Renan Soares; Prof Dr. Eduarda Azevedo Gon\u00e7alves<\/span><\/p>\n<p style=\"text-align: center;\"><span style=\"font-weight: 400;\">e Prof.Dr. N\u00e1dia da Cruz Senna.<\/span><\/p>\n<p style=\"text-align: center;\"><b>Comiss\u00e3o cultural:<\/b><\/p>\n<p style=\"text-align: center;\"><span style=\"font-weight: 400;\">J\u00falia Petiz Porto; Carolina Foga\u00e7a Tenotti; Giulianna Picolo Bertinetti;<\/span><\/p>\n<p style=\"text-align: center;\"><span style=\"font-weight: 400;\">Guilherme Susin Sirtoli; Wagner Ferreira Previtali; Prof.Dr. Ros\u00e2ngela Fachel<\/span><\/p>\n<p style=\"text-align: center;\"><span style=\"font-weight: 400;\">de Medeiros; Prof.Dr. Ana Zeferina Ferreira Maio; Prof.Dr. Claudia Turra<\/span><\/p>\n<p style=\"text-align: center;\"><span style=\"font-weight: 400;\">Magni e Prof Dr.Gabriela Motta.<\/span><\/p>\n<p style=\"text-align: center;\"><b>Comiss\u00e3o cient\u00edfica:<\/b><\/p>\n<p style=\"text-align: center;\"><span style=\"font-weight: 400;\">Renata Santos Sampaio; Andy Hellen Marques Real; Wagner Ferreira Previtali.<\/span><\/p>\n<p style=\"text-align: center;\"><b>Comiss\u00e3o de comunica\u00e7\u00e3o:<\/b><\/p>\n<p style=\"text-align: center;\"><span style=\"font-weight: 400;\">Jos\u00e9 Paulo Portela; Jessica Fernandes da Porci\u00fancula; Karina Constantino<\/span><\/p>\n<p style=\"text-align: center;\"><span style=\"font-weight: 400;\">Brisolla; Prof.Dr. Gabriela Motta e Prof Dr. L\u00facia Bergamaschi Costa<\/span><\/p>\n<p style=\"text-align: center;\"><span style=\"font-weight: 400;\">Weymar.<\/span><\/p>\n<p style=\"text-align: center;\"><b>Comiss\u00e3o de organiza\u00e7\u00e3o prepara\u00e7\u00e3o 10 anos do SPMAV:<\/b><\/p>\n<p style=\"text-align: center;\"><span style=\"font-weight: 400;\">Carolina Pohlmann de Oliveira; Ang\u00e9lica de Sousa Marques; Jessica<\/span><\/p>\n<p style=\"text-align: center;\"><span style=\"font-weight: 400;\">Fernandes da Porciuncula; Prof.Dr. Eduarda Azevedo Gon\u00e7alves; Prof.Dr.<\/span><\/p>\n<p style=\"text-align: center;\"><span style=\"font-weight: 400;\">N\u00e1dia da Cruz Senna e Matheus Guilherme de Oliveira.<\/span><\/p>\n<p style=\"text-align: center;\"><b>Comiss\u00e3o de infraestrutura:<\/b><\/p>\n<p style=\"text-align: center;\"><span style=\"font-weight: 400;\">Isabela Maria Santos Silva<\/span><\/p>\n<p style=\"text-align: center;\"><b>Agradecimentos:<\/b><\/p>\n<p style=\"text-align: center;\"><span style=\"font-weight: 400;\">Renan Esp\u00edrito Santo e Joana Schneider.<\/span><\/p>\n<p>&nbsp;<\/p>\n<p>&nbsp;<\/p>\n<h2 style=\"text-align: center;\"><strong><a href=\"https:\/\/drive.google.com\/file\/d\/1GbmokHAzMvpVJTBrrCQxoQhxX5QOV8mA\/view?usp=share_link\" target=\"_blank\" rel=\"noopener\">Acesse o documento aqui<\/a><\/strong><\/h2>\n<p>&nbsp;<\/p>\n<p>&nbsp;<\/p>\n","protected":false},"excerpt":{"rendered":"<p>&nbsp; Anais do\u00a0 X Semin\u00e1rio de Pesquisa do Mestrado em Artes Visuais Sobre(viv\u00eancias) estrat\u00e9gias po\u00e9tico-educativas e pol\u00edticas em artes Universidade Federal de Pelotas, Centro de Artes, Pelotas\/RS \u2013 Brasil, 2020. Comiss\u00e3o de organiza\u00e7\u00e3o: Everton Cardoso Leite; Renan Soares; Prof Dr. Eduarda Azevedo Gon\u00e7alves e Prof.Dr. N\u00e1dia da Cruz Senna. Comiss\u00e3o cultural: J\u00falia Petiz Porto; Carolina&#8230; <\/p>\n<div class=\"link-more\"><a href=\"https:\/\/wp.ufpel.edu.br\/artenaescola\/publicacoes\/anais-spmav\/spmav-x\/\">Leia mais<\/a><\/div>\n","protected":false},"author":645,"featured_media":0,"parent":1893,"menu_order":8,"comment_status":"closed","ping_status":"closed","template":"","meta":{"footnotes":""},"class_list":["post-2545","page","type-page","status-publish","hentry"],"yoast_head":"<!-- This site is optimized with the Yoast SEO plugin v26.7 - https:\/\/yoast.com\/wordpress\/plugins\/seo\/ -->\n<title>X Semin\u00e1rio de Pesquisa do Mestrado em Artes Visuais 2021 &#8226; Projeto Arte na Escola<\/title>\n<meta name=\"robots\" content=\"index, follow, max-snippet:-1, max-image-preview:large, max-video-preview:-1\" \/>\n<link rel=\"canonical\" href=\"https:\/\/wp.ufpel.edu.br\/artenaescola\/publicacoes\/anais-spmav\/spmav-x\/\" \/>\n<meta property=\"og:locale\" content=\"pt_BR\" \/>\n<meta property=\"og:type\" content=\"article\" \/>\n<meta property=\"og:title\" content=\"X Semin\u00e1rio de Pesquisa do Mestrado em Artes Visuais 2021 &#8226; Projeto Arte na Escola\" \/>\n<meta property=\"og:description\" content=\"&nbsp; Anais do\u00a0 X Semin\u00e1rio de Pesquisa do Mestrado em Artes Visuais Sobre(viv\u00eancias) estrat\u00e9gias po\u00e9tico-educativas e pol\u00edticas em artes Universidade Federal de Pelotas, Centro de Artes, Pelotas\/RS \u2013 Brasil, 2020. Comiss\u00e3o de organiza\u00e7\u00e3o: Everton Cardoso Leite; Renan Soares; Prof Dr. Eduarda Azevedo Gon\u00e7alves e Prof.Dr. N\u00e1dia da Cruz Senna. Comiss\u00e3o cultural: J\u00falia Petiz Porto; Carolina... Leia mais\" \/>\n<meta property=\"og:url\" content=\"https:\/\/wp.ufpel.edu.br\/artenaescola\/publicacoes\/anais-spmav\/spmav-x\/\" \/>\n<meta property=\"og:site_name\" content=\"Projeto Arte na Escola\" \/>\n<meta property=\"article:modified_time\" content=\"2023-01-31T13:07:06+00:00\" \/>\n<meta property=\"og:image\" content=\"https:\/\/wp.ufpel.edu.br\/artenaescola\/files\/2022\/07\/Screenshot_20220725-111543_Drive-275x400.jpg\" \/>\n<meta name=\"twitter:card\" content=\"summary_large_image\" \/>\n<meta name=\"twitter:label1\" content=\"Est. tempo de leitura\" \/>\n\t<meta name=\"twitter:data1\" content=\"2 minutos\" \/>\n<script type=\"application\/ld+json\" class=\"yoast-schema-graph\">{\"@context\":\"https:\/\/schema.org\",\"@graph\":[{\"@type\":\"WebPage\",\"@id\":\"https:\/\/wp.ufpel.edu.br\/artenaescola\/publicacoes\/anais-spmav\/spmav-x\/\",\"url\":\"https:\/\/wp.ufpel.edu.br\/artenaescola\/publicacoes\/anais-spmav\/spmav-x\/\",\"name\":\"X Semin\u00e1rio de Pesquisa do Mestrado em Artes Visuais 2021 &#8226; Projeto Arte na Escola\",\"isPartOf\":{\"@id\":\"https:\/\/wp.ufpel.edu.br\/artenaescola\/#website\"},\"primaryImageOfPage\":{\"@id\":\"https:\/\/wp.ufpel.edu.br\/artenaescola\/publicacoes\/anais-spmav\/spmav-x\/#primaryimage\"},\"image\":{\"@id\":\"https:\/\/wp.ufpel.edu.br\/artenaescola\/publicacoes\/anais-spmav\/spmav-x\/#primaryimage\"},\"thumbnailUrl\":\"https:\/\/wp.ufpel.edu.br\/artenaescola\/files\/2022\/07\/Screenshot_20220725-111543_Drive-275x400.jpg\",\"datePublished\":\"2022-08-04T18:22:53+00:00\",\"dateModified\":\"2023-01-31T13:07:06+00:00\",\"breadcrumb\":{\"@id\":\"https:\/\/wp.ufpel.edu.br\/artenaescola\/publicacoes\/anais-spmav\/spmav-x\/#breadcrumb\"},\"inLanguage\":\"pt-BR\",\"potentialAction\":[{\"@type\":\"ReadAction\",\"target\":[\"https:\/\/wp.ufpel.edu.br\/artenaescola\/publicacoes\/anais-spmav\/spmav-x\/\"]}]},{\"@type\":\"ImageObject\",\"inLanguage\":\"pt-BR\",\"@id\":\"https:\/\/wp.ufpel.edu.br\/artenaescola\/publicacoes\/anais-spmav\/spmav-x\/#primaryimage\",\"url\":\"https:\/\/wp.ufpel.edu.br\/artenaescola\/files\/2022\/07\/Screenshot_20220725-111543_Drive-275x400.jpg\",\"contentUrl\":\"https:\/\/wp.ufpel.edu.br\/artenaescola\/files\/2022\/07\/Screenshot_20220725-111543_Drive-275x400.jpg\"},{\"@type\":\"BreadcrumbList\",\"@id\":\"https:\/\/wp.ufpel.edu.br\/artenaescola\/publicacoes\/anais-spmav\/spmav-x\/#breadcrumb\",\"itemListElement\":[{\"@type\":\"ListItem\",\"position\":1,\"name\":\"In\u00edcio\",\"item\":\"https:\/\/wp.ufpel.edu.br\/artenaescola\/\"},{\"@type\":\"ListItem\",\"position\":2,\"name\":\"Publica\u00e7\u00f5es\",\"item\":\"https:\/\/wp.ufpel.edu.br\/artenaescola\/publicacoes\/\"},{\"@type\":\"ListItem\",\"position\":3,\"name\":\"SPMAV\",\"item\":\"https:\/\/wp.ufpel.edu.br\/artenaescola\/publicacoes\/anais-spmav\/\"},{\"@type\":\"ListItem\",\"position\":4,\"name\":\"X Semin\u00e1rio de Pesquisa do Mestrado em Artes Visuais 2021\"}]},{\"@type\":\"WebSite\",\"@id\":\"https:\/\/wp.ufpel.edu.br\/artenaescola\/#website\",\"url\":\"https:\/\/wp.ufpel.edu.br\/artenaescola\/\",\"name\":\"Projeto Arte na Escola\",\"description\":\"Polo UFPel\",\"publisher\":{\"@id\":\"https:\/\/wp.ufpel.edu.br\/artenaescola\/#organization\"},\"potentialAction\":[{\"@type\":\"SearchAction\",\"target\":{\"@type\":\"EntryPoint\",\"urlTemplate\":\"https:\/\/wp.ufpel.edu.br\/artenaescola\/?s={search_term_string}\"},\"query-input\":{\"@type\":\"PropertyValueSpecification\",\"valueRequired\":true,\"valueName\":\"search_term_string\"}}],\"inLanguage\":\"pt-BR\"},{\"@type\":\"Organization\",\"@id\":\"https:\/\/wp.ufpel.edu.br\/artenaescola\/#organization\",\"name\":\"arte na escola Ufpel\",\"url\":\"https:\/\/wp.ufpel.edu.br\/artenaescola\/\",\"logo\":{\"@type\":\"ImageObject\",\"inLanguage\":\"pt-BR\",\"@id\":\"https:\/\/wp.ufpel.edu.br\/artenaescola\/#\/schema\/logo\/image\/\",\"url\":\"https:\/\/wp.ufpel.edu.br\/artenaescola\/files\/2016\/06\/IAE-Cor-RGB.jpg\",\"contentUrl\":\"https:\/\/wp.ufpel.edu.br\/artenaescola\/files\/2016\/06\/IAE-Cor-RGB.jpg\",\"width\":750,\"height\":669,\"caption\":\"arte na escola Ufpel\"},\"image\":{\"@id\":\"https:\/\/wp.ufpel.edu.br\/artenaescola\/#\/schema\/logo\/image\/\"}}]}<\/script>\n<!-- \/ Yoast SEO plugin. -->","yoast_head_json":{"title":"X Semin\u00e1rio de Pesquisa do Mestrado em Artes Visuais 2021 &#8226; Projeto Arte na Escola","robots":{"index":"index","follow":"follow","max-snippet":"max-snippet:-1","max-image-preview":"max-image-preview:large","max-video-preview":"max-video-preview:-1"},"canonical":"https:\/\/wp.ufpel.edu.br\/artenaescola\/publicacoes\/anais-spmav\/spmav-x\/","og_locale":"pt_BR","og_type":"article","og_title":"X Semin\u00e1rio de Pesquisa do Mestrado em Artes Visuais 2021 &#8226; Projeto Arte na Escola","og_description":"&nbsp; Anais do\u00a0 X Semin\u00e1rio de Pesquisa do Mestrado em Artes Visuais Sobre(viv\u00eancias) estrat\u00e9gias po\u00e9tico-educativas e pol\u00edticas em artes Universidade Federal de Pelotas, Centro de Artes, Pelotas\/RS \u2013 Brasil, 2020. Comiss\u00e3o de organiza\u00e7\u00e3o: Everton Cardoso Leite; Renan Soares; Prof Dr. Eduarda Azevedo Gon\u00e7alves e Prof.Dr. N\u00e1dia da Cruz Senna. Comiss\u00e3o cultural: J\u00falia Petiz Porto; Carolina... Leia mais","og_url":"https:\/\/wp.ufpel.edu.br\/artenaescola\/publicacoes\/anais-spmav\/spmav-x\/","og_site_name":"Projeto Arte na Escola","article_modified_time":"2023-01-31T13:07:06+00:00","og_image":[{"url":"https:\/\/wp.ufpel.edu.br\/artenaescola\/files\/2022\/07\/Screenshot_20220725-111543_Drive-275x400.jpg","type":"","width":"","height":""}],"twitter_card":"summary_large_image","twitter_misc":{"Est. tempo de leitura":"2 minutos"},"schema":{"@context":"https:\/\/schema.org","@graph":[{"@type":"WebPage","@id":"https:\/\/wp.ufpel.edu.br\/artenaescola\/publicacoes\/anais-spmav\/spmav-x\/","url":"https:\/\/wp.ufpel.edu.br\/artenaescola\/publicacoes\/anais-spmav\/spmav-x\/","name":"X Semin\u00e1rio de Pesquisa do Mestrado em Artes Visuais 2021 &#8226; Projeto Arte na Escola","isPartOf":{"@id":"https:\/\/wp.ufpel.edu.br\/artenaescola\/#website"},"primaryImageOfPage":{"@id":"https:\/\/wp.ufpel.edu.br\/artenaescola\/publicacoes\/anais-spmav\/spmav-x\/#primaryimage"},"image":{"@id":"https:\/\/wp.ufpel.edu.br\/artenaescola\/publicacoes\/anais-spmav\/spmav-x\/#primaryimage"},"thumbnailUrl":"https:\/\/wp.ufpel.edu.br\/artenaescola\/files\/2022\/07\/Screenshot_20220725-111543_Drive-275x400.jpg","datePublished":"2022-08-04T18:22:53+00:00","dateModified":"2023-01-31T13:07:06+00:00","breadcrumb":{"@id":"https:\/\/wp.ufpel.edu.br\/artenaescola\/publicacoes\/anais-spmav\/spmav-x\/#breadcrumb"},"inLanguage":"pt-BR","potentialAction":[{"@type":"ReadAction","target":["https:\/\/wp.ufpel.edu.br\/artenaescola\/publicacoes\/anais-spmav\/spmav-x\/"]}]},{"@type":"ImageObject","inLanguage":"pt-BR","@id":"https:\/\/wp.ufpel.edu.br\/artenaescola\/publicacoes\/anais-spmav\/spmav-x\/#primaryimage","url":"https:\/\/wp.ufpel.edu.br\/artenaescola\/files\/2022\/07\/Screenshot_20220725-111543_Drive-275x400.jpg","contentUrl":"https:\/\/wp.ufpel.edu.br\/artenaescola\/files\/2022\/07\/Screenshot_20220725-111543_Drive-275x400.jpg"},{"@type":"BreadcrumbList","@id":"https:\/\/wp.ufpel.edu.br\/artenaescola\/publicacoes\/anais-spmav\/spmav-x\/#breadcrumb","itemListElement":[{"@type":"ListItem","position":1,"name":"In\u00edcio","item":"https:\/\/wp.ufpel.edu.br\/artenaescola\/"},{"@type":"ListItem","position":2,"name":"Publica\u00e7\u00f5es","item":"https:\/\/wp.ufpel.edu.br\/artenaescola\/publicacoes\/"},{"@type":"ListItem","position":3,"name":"SPMAV","item":"https:\/\/wp.ufpel.edu.br\/artenaescola\/publicacoes\/anais-spmav\/"},{"@type":"ListItem","position":4,"name":"X Semin\u00e1rio de Pesquisa do Mestrado em Artes Visuais 2021"}]},{"@type":"WebSite","@id":"https:\/\/wp.ufpel.edu.br\/artenaescola\/#website","url":"https:\/\/wp.ufpel.edu.br\/artenaescola\/","name":"Projeto Arte na Escola","description":"Polo UFPel","publisher":{"@id":"https:\/\/wp.ufpel.edu.br\/artenaescola\/#organization"},"potentialAction":[{"@type":"SearchAction","target":{"@type":"EntryPoint","urlTemplate":"https:\/\/wp.ufpel.edu.br\/artenaescola\/?s={search_term_string}"},"query-input":{"@type":"PropertyValueSpecification","valueRequired":true,"valueName":"search_term_string"}}],"inLanguage":"pt-BR"},{"@type":"Organization","@id":"https:\/\/wp.ufpel.edu.br\/artenaescola\/#organization","name":"arte na escola Ufpel","url":"https:\/\/wp.ufpel.edu.br\/artenaescola\/","logo":{"@type":"ImageObject","inLanguage":"pt-BR","@id":"https:\/\/wp.ufpel.edu.br\/artenaescola\/#\/schema\/logo\/image\/","url":"https:\/\/wp.ufpel.edu.br\/artenaescola\/files\/2016\/06\/IAE-Cor-RGB.jpg","contentUrl":"https:\/\/wp.ufpel.edu.br\/artenaescola\/files\/2016\/06\/IAE-Cor-RGB.jpg","width":750,"height":669,"caption":"arte na escola Ufpel"},"image":{"@id":"https:\/\/wp.ufpel.edu.br\/artenaescola\/#\/schema\/logo\/image\/"}}]}},"_links":{"self":[{"href":"https:\/\/wp.ufpel.edu.br\/artenaescola\/wp-json\/wp\/v2\/pages\/2545","targetHints":{"allow":["GET"]}}],"collection":[{"href":"https:\/\/wp.ufpel.edu.br\/artenaescola\/wp-json\/wp\/v2\/pages"}],"about":[{"href":"https:\/\/wp.ufpel.edu.br\/artenaescola\/wp-json\/wp\/v2\/types\/page"}],"author":[{"embeddable":true,"href":"https:\/\/wp.ufpel.edu.br\/artenaescola\/wp-json\/wp\/v2\/users\/645"}],"replies":[{"embeddable":true,"href":"https:\/\/wp.ufpel.edu.br\/artenaescola\/wp-json\/wp\/v2\/comments?post=2545"}],"version-history":[{"count":5,"href":"https:\/\/wp.ufpel.edu.br\/artenaescola\/wp-json\/wp\/v2\/pages\/2545\/revisions"}],"predecessor-version":[{"id":2559,"href":"https:\/\/wp.ufpel.edu.br\/artenaescola\/wp-json\/wp\/v2\/pages\/2545\/revisions\/2559"}],"up":[{"embeddable":true,"href":"https:\/\/wp.ufpel.edu.br\/artenaescola\/wp-json\/wp\/v2\/pages\/1893"}],"wp:attachment":[{"href":"https:\/\/wp.ufpel.edu.br\/artenaescola\/wp-json\/wp\/v2\/media?parent=2545"}],"curies":[{"name":"wp","href":"https:\/\/api.w.org\/{rel}","templated":true}]}}