{"id":231,"date":"2014-09-05T21:18:30","date_gmt":"2014-09-06T00:18:30","guid":{"rendered":"https:\/\/wp.ufpel.edu.br\/areadelibras\/?page_id=231"},"modified":"2014-10-20T15:56:51","modified_gmt":"2014-10-20T17:56:51","slug":"eventos","status":"publish","type":"page","link":"https:\/\/wp.ufpel.edu.br\/areadelibras\/eventos\/","title":{"rendered":"Eventos"},"content":{"rendered":"<h2>\u00a0PALESTRA Contextos da educa\u00e7\u00e3o de surdos<\/h2>\n<h4>Professora convidada\u00a0<strong>Dra. Orqu\u00eddea Coelho<\/strong>.<\/h4>\n<h4>O evento ocorre de 04 \u00e0 07 de novembro. Segue o PDF abaixo.<\/h4>\n<h4>N\u00facleo de Acessibilidade e Inclus\u00e3o &#8211; NAI<\/h4>\n<h4>email para informa\u00e7\u00f5es:\u00a0<em><strong>n<\/strong><strong>ai.ufpel@gmail.com<\/strong><\/em><\/h4>\n<h4><a href=\"https:\/\/wp.ufpel.edu.br\/areadelibras\/files\/2014\/09\/Cartaz-Orquidea.pdf\">Cartaz Orquidea<\/a><\/h4>\n<p>&nbsp;<\/p>\n<h2>ENELL inscri\u00e7\u00f5es abertas<\/h2>\n<h4>Encontro Nacional dos Estudantes de Letras-Libras<\/h4>\n<h4>O evento come\u00e7a no dia 29 de setembro, as inscri\u00e7\u00f5es est\u00e3o abertas. Para maiores informa\u00e7\u00f5es verifique a p\u00e1gina.<\/h4>\n<h4><a href=\"http:\/\/8encontroenell.wix.com\/ufsc\">Confira a p\u00e1gina do evento<\/a><\/h4>\n<h4><\/h4>\n<h2>VIII SIMP<\/h2>\n<h4>\u00a0Novo prazo de submiss\u00e3o de artigos para os simp\u00f3sios do VIII SIMP. Envie seu trabalho at\u00e9 o dia 10 de setembro.<\/h4>\n<h4><a href=\"https:\/\/www.facebook.com\/viiisimp?fref=photo\">Confira a p\u00e1gina do evento no facebook.<\/a><\/h4>\n<p>&nbsp;<\/p>\n<h2>XIV ENCONTRO DAS ESCOLAS DE SURDOS DO RIO GRANDE DO SUL<\/h2>\n<h4>\u00a0 Nos dias 31\/10 e 1\/11, organizado este ano pela EMEF de Surdos Bil\u00edngue Salom\u00e3o Watnick, e debatendo o uso das tecnologias na educa\u00e7\u00e3o de pessoas surdas. Nesta edi\u00e7\u00e3o do encontro, teremos tamb\u00e9m a Primeira Mostra de Curtas Surdos.<\/h4>\n<h4><a href=\"https:\/\/www.facebook.com\/events\/328004140706736\/permalink\/328188660688284\/\">Confira a p\u00e1gina do evento no facebook.<\/a><\/h4>\n<p>&nbsp;<\/p>\n<h2>Assembleia extraordin\u00e1ria AGPLS.<\/h2>\n<h4>Minicurso de Gestuno (LIS)<br \/>\n19 de Setembro de 2014, 19h,<\/h4>\n<h4>Anfiteatro Dr. Marino Kury C\u00e2mara de vereadores de Caxias do Sul.<\/h4>\n<h4><a href=\"https:\/\/www.facebook.com\/agplsoficial\">Confira a p\u00e1gina do evento.<\/a><\/h4>\n<p>&nbsp;<\/p>\n<h2 class=\"post-title entry-title\">III Semin\u00e1rio Nacional de Surdos da UFPR<\/h2>\n<h4>Em comemora\u00e7\u00e3o ao Dia Nacional do Surdo, a UFPR promove:<\/h4>\n<h4>III Semin\u00e1rio Nacional de Surdos da UFPR:<br \/>\n\u201c12 anos da Lei de Libras: avan\u00e7os e desafios\u201d<br \/>\n26 e 27 de setembro<\/h4>\n<h4><a href=\"http:\/\/lllseminariosurdosufpr.blogspot.com.br\/\">Confira a p\u00e1gina do evento<\/a><\/h4>\n<p>&nbsp;<\/p>\n","protected":false},"excerpt":{"rendered":"<p>\u00a0PALESTRA Contextos da educa\u00e7\u00e3o de surdos Professora convidada\u00a0Dra. Orqu\u00eddea Coelho. O evento ocorre de 04 \u00e0 07 de novembro. Segue o PDF abaixo. N\u00facleo de Acessibilidade e Inclus\u00e3o &#8211; NAI email para informa\u00e7\u00f5es:\u00a0nai.ufpel@gmail.com Cartaz Orquidea &nbsp; ENELL inscri\u00e7\u00f5es abertas Encontro Nacional dos Estudantes de Letras-Libras O evento come\u00e7a no dia 29 de setembro, as inscri\u00e7\u00f5es [&hellip;]<\/p>\n","protected":false},"author":179,"featured_media":0,"parent":0,"menu_order":0,"comment_status":"open","ping_status":"closed","template":"","meta":{"footnotes":""},"class_list":["post-231","page","type-page","status-publish","hentry"],"_links":{"self":[{"href":"https:\/\/wp.ufpel.edu.br\/areadelibras\/wp-json\/wp\/v2\/pages\/231","targetHints":{"allow":["GET"]}}],"collection":[{"href":"https:\/\/wp.ufpel.edu.br\/areadelibras\/wp-json\/wp\/v2\/pages"}],"about":[{"href":"https:\/\/wp.ufpel.edu.br\/areadelibras\/wp-json\/wp\/v2\/types\/page"}],"author":[{"embeddable":true,"href":"https:\/\/wp.ufpel.edu.br\/areadelibras\/wp-json\/wp\/v2\/users\/179"}],"replies":[{"embeddable":true,"href":"https:\/\/wp.ufpel.edu.br\/areadelibras\/wp-json\/wp\/v2\/comments?post=231"}],"version-history":[{"count":9,"href":"https:\/\/wp.ufpel.edu.br\/areadelibras\/wp-json\/wp\/v2\/pages\/231\/revisions"}],"predecessor-version":[{"id":248,"href":"https:\/\/wp.ufpel.edu.br\/areadelibras\/wp-json\/wp\/v2\/pages\/231\/revisions\/248"}],"wp:attachment":[{"href":"https:\/\/wp.ufpel.edu.br\/areadelibras\/wp-json\/wp\/v2\/media?parent=231"}],"curies":[{"name":"wp","href":"https:\/\/api.w.org\/{rel}","templated":true}]}}