{"id":42,"date":"2016-04-26T15:22:25","date_gmt":"2016-04-26T18:22:25","guid":{"rendered":"https:\/\/wp.ufpel.edu.br\/antropologia\/?page_id=42"},"modified":"2021-07-29T14:48:49","modified_gmt":"2021-07-29T17:48:49","slug":"laboratorios-e-nucleos","status":"publish","type":"page","link":"https:\/\/wp.ufpel.edu.br\/antropologia\/laboratorios-e-nucleos\/","title":{"rendered":"Laborat\u00f3rios e N\u00facleos"},"content":{"rendered":"<p>&nbsp;<\/p>\n<p>&nbsp;<\/p>\n<table style=\"height: 1526px\" border=\"1\" width=\"699\" cellspacing=\"0\" cellpadding=\"5\">\n<tbody>\n<tr style=\"height: 24px\">\n<td style=\"text-align: left;width: 256px;height: 24px\" align=\"center\" bgcolor=\"#C86254\" width=\"126\"><span class=\"titulocolor\"><strong><span style=\"color: #ffffff\">Laborat\u00f3rio \/ N\u00facleo<\/span><br \/>\n<\/strong><\/span><\/td>\n<td style=\"text-align: left;width: 328px;height: 24px\" align=\"center\" bgcolor=\"#C86254\" width=\"164\"><span class=\"titulocolor\" style=\"color: #ffffff\"><strong>Integrantes<\/strong><\/span><\/td>\n<\/tr>\n<tr style=\"height: 121px\">\n<td class=\"texto\" style=\"width: 256px;height: 121px\" align=\"center\" bgcolor=\"#E9C0BA\" width=\"86\">GEEUR \u2013 Grupo de Estudos Etnogr\u00e1ficos Urbanos<\/td>\n<td style=\"width: 328px;height: 121px\" bgcolor=\"#E9C0BA\" width=\"164\">Prof\u00aa. Dr\u00aa. Adriane Luisa Rodolpho<br \/>\nProf\u00aa. Dr\u00aa. Fl\u00e1via Rieth<br \/>\nProf. Dr. Francisco Luiz Pereira da Silva NetoPesquisadora associada:<br \/>\nProf\u00aa. Dr\u00aa. Cl\u00e1udia Turra Magni<\/td>\n<\/tr>\n<tr style=\"height: 73px\">\n<td class=\"texto\" style=\"width: 256px;height: 73px\" align=\"center\" bgcolor=\"#F4E0DD\" width=\"86\">GENTIS \u2013 Grupo de Estudos, Pesquisas e A\u00e7\u00f5es em Arqueologia, Etnologia e Etno-hist\u00f3ria<\/td>\n<td class=\"texto\" style=\"width: 328px;height: 73px\" bgcolor=\"#F4E0DD\" width=\"164\">Prof. Dr. Jorge Eremites de Oliveira<\/td>\n<\/tr>\n<tr style=\"height: 48px\" bgcolor=\"#E9C0BA\">\n<td class=\"texto\" style=\"width: 256px;height: 48px\" align=\"center\" width=\"86\"><a href=\"https:\/\/wp.ufpel.edu.br\/estuques\/\">GEPE \u2013 Grupo de Estudos e Pesquisas em Estuques<\/a><\/td>\n<td class=\"texto\" style=\"width: 328px;height: 48px\" width=\"164\">Prof. Dr. Pedro Lu\u00eds Machado Sanches<\/td>\n<\/tr>\n<tr style=\"height: 365px\">\n<td class=\"texto\" style=\"width: 256px;height: 365px\" align=\"center\" bgcolor=\"#F4E0DD\" width=\"86\"><a href=\"https:\/\/www.facebook.com\/LABLAMINA\">L\u00c2MINA \u2013 Laborat\u00f3rio Multidisciplinar de Investiga\u00e7\u00e3o Arqueol\u00f3gica<\/a><\/td>\n<td class=\"texto\" style=\"width: 328px;height: 365px\" bgcolor=\"#F4E0DD\" width=\"164\">Prof. Dr. Jaime Mujica Salles<br \/>\nProf. Dr. Pedro Luis Machado Sanches<br \/>\nProf. Dr. Diego Lemos Ribeiro<br \/>\nPesquisadores associados:<br \/>\nProf. Dr. Cl\u00e1udio Baptista Carle<br \/>\nProf. Dr. Jos\u00e9 Eduardo Figueiredo Dornelles<br \/>\nProf\u00aa. Dr\u00aa. Maria \u00c9lida Farias Gluchy<br \/>\nArque\u00f3loga, Conservadora-Restauradora Arqueol\u00f3gica Susana dos Santos Dode<br \/>\nConservador-Restaurador Arqueol\u00f3gico Fabio Barreto da Silva<br \/>\nConservadora-Restauradora Arqueol\u00f3gica M\u00e1rcia Regina Ribeiro Dutra<br \/>\nConservadora-Restauradora Arqueol\u00f3gica Taciane Silveira Souza<\/td>\n<\/tr>\n<tr>\n<td style=\"width: 256px;text-align: center\"><a href=\"https:\/\/wp.ufpel.edu.br\/leaa\/\">LEAA \u2013 Laborat\u00f3rio de Estudos Agr\u00e1rios e Ambientais<\/a><\/td>\n<td style=\"width: 328px;text-align: left\">Prof\u00aa. Dr\u00aa. Renata Menasche<\/td>\n<\/tr>\n<tr style=\"height: 136px\" bgcolor=\"#F4E0DD\">\n<td class=\"texto\" style=\"width: 256px;height: 136px\" align=\"center\" width=\"86\"><a href=\"http:\/\/www.ufrgs.br\/pgdr\/gepac\/\">GEPAC \u2013 Grupo de Estudos e Pesquisas em Alimenta\u00e7\u00e3o e Cultura<\/a><\/td>\n<td class=\"texto\" style=\"width: 328px;height: 136px\" width=\"164\">\n<p>Prof\u00aa. Dr\u00aa. Renata Menasche<\/p>\n<p>Prof\u00aa. Dr\u00aa. Helen Gon\u00e7alves<br \/>\nProf. Dr. Martin C\u00e9sar Tempass<\/td>\n<\/tr>\n<tr style=\"height: 48px\">\n<td class=\"texto\" style=\"width: 256px;height: 48px\" align=\"center\" bgcolor=\"#E9C0BA\" width=\"86\">LEICMA &#8211; Laborat\u00f3rio de Estudos Interdisciplinares de Cultura Material<\/td>\n<td class=\"texto\" style=\"width: 328px;height: 48px\" bgcolor=\"#E9C0BA\" width=\"164\">Prof. Dr. L\u00facio Menezes Ferreira<\/td>\n<\/tr>\n<tr>\n<td style=\"width: 256px;text-align: center\"><a href=\"https:\/\/wp.ufpel.edu.br\/lepaarq\/\">LEPAARQ \u2013 Laborat\u00f3rio de Ensino e Pesquisa em Antropologia e Arqueologia<\/a><\/td>\n<td style=\"width: 328px\">Prof. Dr. Rafael Guedes Milheira (Coordenador)<br \/>\nProf\u00aa. Dr\u00aa. Rosane Aparecida Rubert<br \/>\nProf\u00aa. Dr\u00aa. Loredana Ribeiro<\/td>\n<\/tr>\n<tr style=\"height: 307px\" bgcolor=\"#E9C0BA\">\n<td class=\"texto\" style=\"width: 256px;height: 307px\" align=\"center\" width=\"86\"><a href=\"http:\/\/leppais.wordpress.com\/\">LEPPAIS \u2013 Laborat\u00f3rio de Ensino, Pesquisa e Produ\u00e7\u00e3o em Antropologia da Imagem e do Som<\/a><\/td>\n<td class=\"texto\" style=\"width: 328px;height: 307px\" width=\"164\">\n<p>Prof\u00aa. Dr\u00aa. Cl\u00e1udia Turra Magni<\/p>\n<p>Pesquisadores associados:<br \/>\nProf\u00aa. Dr\u00aa. Fl\u00e1via Rieth<br \/>\nProf\u00aa. Dr\u00aa. Renata Manache<br \/>\nProf\u00aa. Dr\u00aa. Lori Altmann<br \/>\nProf. Dr. Rog\u00e9rio Reus Gon\u00e7alves da Rosa<br \/>\nProf\u00aa. Dr\u00aa. Loredana Ribeiro<br \/>\nProf. Dr. M\u00e1rio de Souza Maia<br \/>\nProf. Dr. Pedro Sanches<br \/>\nProf\u00aa. Dr\u00aa. Adriane Rodolpho<\/td>\n<\/tr>\n<tr style=\"height: 283px\">\n<td class=\"texto\" style=\"width: 256px;height: 283px\" align=\"center\" bgcolor=\"#F4E0DD\" width=\"86\"><a href=\"https:\/\/wp.ufpel.edu.br\/muaran\/\">MUARAN \u2013 Museu de Arqueologia e Antropologia da UFPEL<\/a><\/td>\n<td class=\"texto\" style=\"width: 328px;height: 283px\" bgcolor=\"#F4E0DD\" width=\"164\">\n<p>Prof. Dr. Pedro Luis Machado Sanches<\/p>\n<p>Pesquisadores Associados:<br \/>\nProf\u00aa. Dr\u00aa. Loredana Ribeiro<br \/>\nProf. Dr. Jorge Eremites de Oliveira<br \/>\nProf. Dr. Rafael Guedes Milheira<br \/>\nProf. Dr. Jaime Mujica Salles<br \/>\nProf. Dr. Lucio Menezes Ferreira<br \/>\nProf. Dr. Cl\u00e1udio Baptista Carle<br \/>\nProf\u00aa. Dr\u00aa. Maria \u00c9lida Farias Gluchy<\/td>\n<\/tr>\n<tr style=\"height: 121px\" bgcolor=\"#E9C0BA\">\n<td class=\"texto\" style=\"width: 256px;height: 121px\" align=\"center\" width=\"86\"><a href=\"http:\/\/neta.ufpel.edu.br\/\">NETA \u2013 N\u00facleo de Etnologia Amer\u00edndia<\/a><\/td>\n<td class=\"texto\" style=\"width: 328px;height: 121px\" width=\"164\">Prof. Dr. Rog\u00e9rio Reus Gon\u00e7alves da Rosa<br \/>\nProf\u00aa. Dr\u00aa. Lori Altmann<br \/>\nProf. Dr. Pedro Luis Machado Sanches<br \/>\nProf. Dr. Jorge Eremites de Oliveira<br \/>\nProf. Dr. Martin C\u00e9sar Tempass<\/td>\n<\/tr>\n<\/tbody>\n<\/table>\n<p>&nbsp;<\/p>\n","protected":false},"excerpt":{"rendered":"<p>&nbsp; &nbsp; Laborat\u00f3rio \/ N\u00facleo Integrantes GEEUR \u2013 Grupo de Estudos Etnogr\u00e1ficos Urbanos Prof\u00aa. Dr\u00aa. Adriane Luisa Rodolpho Prof\u00aa. Dr\u00aa. Fl\u00e1via Rieth Prof. Dr. Francisco Luiz Pereira da Silva NetoPesquisadora associada: Prof\u00aa. Dr\u00aa. Cl\u00e1udia Turra Magni GENTIS \u2013 Grupo de &hellip; <a href=\"https:\/\/wp.ufpel.edu.br\/antropologia\/laboratorios-e-nucleos\/\">Continue lendo <span class=\"meta-nav\">&rarr;<\/span><\/a><\/p>\n","protected":false},"author":641,"featured_media":0,"parent":0,"menu_order":3,"comment_status":"closed","ping_status":"closed","template":"sidebar-page.php","meta":{"footnotes":""},"class_list":["post-42","page","type-page","status-publish","hentry"],"_links":{"self":[{"href":"https:\/\/wp.ufpel.edu.br\/antropologia\/wp-json\/wp\/v2\/pages\/42","targetHints":{"allow":["GET"]}}],"collection":[{"href":"https:\/\/wp.ufpel.edu.br\/antropologia\/wp-json\/wp\/v2\/pages"}],"about":[{"href":"https:\/\/wp.ufpel.edu.br\/antropologia\/wp-json\/wp\/v2\/types\/page"}],"author":[{"embeddable":true,"href":"https:\/\/wp.ufpel.edu.br\/antropologia\/wp-json\/wp\/v2\/users\/641"}],"replies":[{"embeddable":true,"href":"https:\/\/wp.ufpel.edu.br\/antropologia\/wp-json\/wp\/v2\/comments?post=42"}],"version-history":[{"count":21,"href":"https:\/\/wp.ufpel.edu.br\/antropologia\/wp-json\/wp\/v2\/pages\/42\/revisions"}],"predecessor-version":[{"id":467,"href":"https:\/\/wp.ufpel.edu.br\/antropologia\/wp-json\/wp\/v2\/pages\/42\/revisions\/467"}],"wp:attachment":[{"href":"https:\/\/wp.ufpel.edu.br\/antropologia\/wp-json\/wp\/v2\/media?parent=42"}],"curies":[{"name":"wp","href":"https:\/\/api.w.org\/{rel}","templated":true}]}}