{"id":124,"date":"2026-03-22T23:07:03","date_gmt":"2026-03-23T02:07:03","guid":{"rendered":"https:\/\/wp.ufpel.edu.br\/alemao\/?page_id=124"},"modified":"2026-03-22T23:07:03","modified_gmt":"2026-03-23T02:07:03","slug":"procedimentos-academicos","status":"publish","type":"page","link":"https:\/\/wp.ufpel.edu.br\/alemao\/procedimentos-academicos\/","title":{"rendered":"Procedimentos Acad\u00eamicos"},"content":{"rendered":"<p><strong>ALUNOS COM V\u00cdNCULO<\/strong><\/p>\n<p><a href=\"https:\/\/wp.ufpel.edu.br\/cra\/informacoes-academicas\/abono-de-faltas\/\">Abono de faltas<\/a><\/p>\n<p><a href=\"https:\/\/wp.ufpel.edu.br\/cra\/informacoes-academicas\/aproveitamento-de-disciplina\/\">Aproveitamento de estudos<\/a><\/p>\n<p><a href=\"https:\/\/wp.ufpel.edu.br\/cra\/informacoes-academicas\/aproveitamento-por-extraordinario-conhecimento-prova-de-proficiencia\/\">Aproveitamento por extraordin\u00e1rio conhecimento (Prova de Profici\u00eancia)<\/a><\/p>\n<p><a href=\"https:\/\/wp.ufpel.edu.br\/cra\/informacoes-academicas\/atestado-de-matricula\/\">Atestado de matr\u00edcula<\/a><\/p>\n<p><a href=\"https:\/\/wp.ufpel.edu.br\/cra\/informacoes-academicas\/exercicios-domiciliares\/\">Exerc\u00edcios Domiciliares<\/a><\/p>\n<p><a href=\"https:\/\/wp.ufpel.edu.br\/cra\/informacoes-academicas\/matricula\/\">Matr\u00edcula<\/a><\/p>\n<p><a href=\"https:\/\/wp.ufpel.edu.br\/cra\/informacoes-academicas\/quebra-de-pre-requisito-2\/\">Quebra de pr\u00e9-requisito<\/a><\/p>\n<p><a href=\"https:\/\/wp.ufpel.edu.br\/cra\/informacoes-academicas\/avaliacao-segunda-chamada\/\">Solicita\u00e7\u00e3o de 2\u00aa chamada<\/a><\/p>\n<p><a href=\"https:\/\/wp.ufpel.edu.br\/cra\/informacoes-academicas\/regime-concentrado\/\">Regime concentrado<\/a><\/p>\n<p><a href=\"https:\/\/wp.ufpel.edu.br\/cra\/informacoes-academicas\/trancamentos\/\">Trancamento de matr\u00edcula<\/a><\/p>\n<p><strong>FORMATURA<\/strong><\/p>\n<p><a href=\"https:\/\/wp.ufpel.edu.br\/cra\/informacoes-academicas\/antecipacao-da-colacao-de-grau-formatura\/\">Antecipa\u00e7\u00e3o da cola\u00e7\u00e3o de grau<\/a><\/p>\n<p><a href=\"https:\/\/wp.ufpel.edu.br\/cra\/informacoes-academicas\/colacao-de-grau\/\">Cola\u00e7\u00e3o de grau<\/a><\/p>\n<p><strong>Registro de horas complementares<\/strong>\u00a0\u2013 a solicita\u00e7\u00e3o de valida\u00e7\u00e3o das horas de atividades complementares, deve ser feita pelo Cobalto. Para tal, entre no seu\u00a0<strong>Cobalto<\/strong>\u00a0e acesse:\u00a0<strong>Aluno -&gt; Cadastros -&gt; Solicita\u00e7\u00e3o de Atividades Complementares<\/strong>.<\/p>\n<p><a href=\"https:\/\/wp.ufpel.edu.br\/cra\/informacoes-academicas\/provavel-formando\/\">Prov\u00e1vel formando<\/a><\/p>\n<p>(Para obter mais informa\u00e7\u00f5es sobre procedimentos acad\u00eamicos, acessar:\u00a0<a href=\"https:\/\/wp.ufpel.edu.br\/cra\/informacoes-academicas\/\">https:\/\/wp.ufpel.edu.br\/cra\/informacoes-academicas\/<\/a>\u00a0)<\/p>\n","protected":false},"excerpt":{"rendered":"<p>ALUNOS COM V\u00cdNCULO Abono de faltas Aproveitamento de estudos Aproveitamento por extraordin\u00e1rio conhecimento (Prova de Profici\u00eancia) Atestado de matr\u00edcula Exerc\u00edcios Domiciliares Matr\u00edcula Quebra de pr\u00e9-requisito Solicita\u00e7\u00e3o de 2\u00aa chamada Regime concentrado Trancamento de matr\u00edcula FORMATURA Antecipa\u00e7\u00e3o da cola\u00e7\u00e3o de grau Cola\u00e7\u00e3o de grau Registro de horas complementares\u00a0\u2013 a solicita\u00e7\u00e3o de valida\u00e7\u00e3o das horas de atividades &hellip; <\/p>\n<p><a class=\"more-link btn\" href=\"https:\/\/wp.ufpel.edu.br\/alemao\/procedimentos-academicos\/\">Continue lendo<\/a><\/p>\n","protected":false},"author":50,"featured_media":0,"parent":0,"menu_order":0,"comment_status":"closed","ping_status":"closed","template":"","meta":{"footnotes":""},"class_list":["post-124","page","type-page","status-publish","hentry","nodate","item-wrap"],"_links":{"self":[{"href":"https:\/\/wp.ufpel.edu.br\/alemao\/wp-json\/wp\/v2\/pages\/124","targetHints":{"allow":["GET"]}}],"collection":[{"href":"https:\/\/wp.ufpel.edu.br\/alemao\/wp-json\/wp\/v2\/pages"}],"about":[{"href":"https:\/\/wp.ufpel.edu.br\/alemao\/wp-json\/wp\/v2\/types\/page"}],"author":[{"embeddable":true,"href":"https:\/\/wp.ufpel.edu.br\/alemao\/wp-json\/wp\/v2\/users\/50"}],"replies":[{"embeddable":true,"href":"https:\/\/wp.ufpel.edu.br\/alemao\/wp-json\/wp\/v2\/comments?post=124"}],"version-history":[{"count":1,"href":"https:\/\/wp.ufpel.edu.br\/alemao\/wp-json\/wp\/v2\/pages\/124\/revisions"}],"predecessor-version":[{"id":127,"href":"https:\/\/wp.ufpel.edu.br\/alemao\/wp-json\/wp\/v2\/pages\/124\/revisions\/127"}],"wp:attachment":[{"href":"https:\/\/wp.ufpel.edu.br\/alemao\/wp-json\/wp\/v2\/media?parent=124"}],"curies":[{"name":"wp","href":"https:\/\/api.w.org\/{rel}","templated":true}]}}