{"id":513,"date":"2016-06-17T09:34:53","date_gmt":"2016-06-17T12:34:53","guid":{"rendered":"https:\/\/wp.ufpel.edu.br\/agronomia\/?page_id=513"},"modified":"2022-07-19T10:50:59","modified_gmt":"2022-07-19T13:50:59","slug":"atas-do-colegiado","status":"publish","type":"page","link":"https:\/\/wp.ufpel.edu.br\/agronomia\/atas-do-colegiado\/","title":{"rendered":"Atas do Colegiado"},"content":{"rendered":"<p><span style=\"font-size: 18pt;\">2016<\/span><\/p>\n<p>Reuni\u00e3o realizada em 16\/06\/2016:\u00a0<a href=\"https:\/\/wp.ufpel.edu.br\/agronomia\/files\/2016\/06\/Ata062016.pdf\">Ata 06\/2016<\/a><\/p>\n<p>Reuni\u00e3o realizada em 22\/06\/2016:\u00a0<a href=\"https:\/\/wp.ufpel.edu.br\/agronomia\/files\/2016\/06\/Ata-072016.pdf\">Ata 07\/2016<\/a><\/p>\n<p>Reuni\u00e3o realizada em 07\/07\/2016:\u00a0<a href=\"https:\/\/wp.ufpel.edu.br\/agronomia\/files\/2016\/06\/Ata09-2016.pdf\">Ata09\/2016<\/a><\/p>\n<p>Reuni\u00e3o realizada em 18\/08\/2016:\u00a0<a href=\"https:\/\/wp.ufpel.edu.br\/agronomia\/files\/2016\/06\/Ata102016.pdf\">Ata10\/2016<\/a><\/p>\n<p>Reuni\u00e3o realizada em 23\/08\/2016:\u00a0<a href=\"https:\/\/wp.ufpel.edu.br\/agronomia\/files\/2016\/06\/Ata112016.pdf\">Ata11\/2016<\/a><\/p>\n<p>Reuni\u00e3o realizada em 25\/08\/2016:\u00a0<a href=\"https:\/\/wp.ufpel.edu.br\/agronomia\/files\/2016\/06\/Ata122016.pdf\">Ata12\/2016<\/a>\u00a0(EXTRAORDIN\u00c1RIA)<\/p>\n<p>Reuni\u00e3o realizada em 06\/12\/2016:\u00a0<a href=\"https:\/\/wp.ufpel.edu.br\/agronomia\/files\/2016\/06\/ATA-COLEGIADO-13.2016.pdf\">Ata 13\/2016<\/a><\/p>\n<p><span style=\"font-size: 18pt;\">2017<\/span><\/p>\n<p>Reuni\u00e3o realizada em 09\/03\/2017:<a href=\"https:\/\/wp.ufpel.edu.br\/agronomia\/files\/2016\/06\/Ata-01-2017.pdf\">Ata 01\/2017<\/a><\/p>\n<p>Reuni\u00e3o realizada em 25\/05\/2017:\u00a0<a href=\"https:\/\/wp.ufpel.edu.br\/agronomia\/files\/2016\/06\/Ata-02.2017.pdf\">Ata 02.2017<\/a><\/p>\n<p>Reuni\u00e3o realizada em 01\/06\/2017:\u00a0<a href=\"https:\/\/wp.ufpel.edu.br\/agronomia\/files\/2016\/06\/Ata-03.2017.pdf\">Ata 03.2017<\/a><\/p>\n<p>Reuni\u00e3o realizada em 22\/06\/2017:\u00a0<a href=\"https:\/\/wp.ufpel.edu.br\/agronomia\/files\/2016\/06\/Ata-04.2017.pdf\">Ata 04.2017<\/a><\/p>\n<p>Reuni\u00e3o realizada em 03\/08\/2017:\u00a0<a href=\"https:\/\/wp.ufpel.edu.br\/agronomia\/files\/2016\/06\/Ata-05-2017.pdf\">Ata 05-2017<\/a><\/p>\n<p>Reuni\u00e3o realizada em 17\/08\/2017:\u00a0<a href=\"https:\/\/wp.ufpel.edu.br\/agronomia\/files\/2016\/06\/Ata-06-2017.pdf\">Ata 06-2017<\/a><\/p>\n<p>Reuni\u00e3o realizada em 04\/10\/2017:\u00a0<a href=\"https:\/\/wp.ufpel.edu.br\/agronomia\/files\/2016\/06\/Ata-07-2017.pdf\">Ata 07-2017<\/a><\/p>\n<p>Reuni\u00e3o realizada em 09\/11\/2017:\u00a0<a href=\"https:\/\/wp.ufpel.edu.br\/agronomia\/files\/2016\/06\/Ata-09-2017.pdf\">Ata 09 2017<\/a><\/p>\n<p><span style=\"font-size: 18pt;\">2018<\/span><\/p>\n<p>Reuni\u00e3o realizada em 01\/02\/2018:\u00a0<a href=\"https:\/\/wp.ufpel.edu.br\/agronomia\/files\/2018\/04\/Ata-01-2018.pdf\">Ata 01-2018<\/a><\/p>\n<p>Reuni\u00e3o realizada em 09\/04\/2018:\u00a0<a href=\"https:\/\/wp.ufpel.edu.br\/agronomia\/files\/2018\/06\/Ata-02.2018-Colegiado.pdf\">Ata 02.2018 Colegiado<\/a><\/p>\n<p>Reuni\u00e3o realizada em 04\/05\/2018:\u00a0<a href=\"https:\/\/wp.ufpel.edu.br\/agronomia\/files\/2018\/06\/Ata-03.2018-Colegiado.pdf\">Ata 03.2018 Colegiado<\/a><\/p>\n<p>Reuni\u00e3o realizada em 07\/06\/2018:\u00a0<a href=\"https:\/\/wp.ufpel.edu.br\/agronomia\/files\/2018\/06\/ATA-04.2018.pdf\">ATA 04.2018<\/a><\/p>\n<p>Reuni\u00e3o realizada em 21\/06\/2018:\u00a0<a href=\"https:\/\/wp.ufpel.edu.br\/agronomia\/files\/2018\/06\/ATA-05.2018.pdf\">ATA 05.2018<\/a><\/p>\n<p>Reuni\u00e3o realizada em 26\/07\/2018:\u00a0<a href=\"https:\/\/wp.ufpel.edu.br\/agronomia\/atas-do-colegiado\/ata-06-2018-colegiado\/\" rel=\"attachment wp-att-2813\">Ata 06.2018 <\/a><\/p>\n<p>Reuni\u00e3o realizada em 27\/08\/2018:\u00a0<a href=\"https:\/\/wp.ufpel.edu.br\/agronomia\/atas-do-colegiado\/ata-07-2018-colegiado\/\" rel=\"attachment wp-att-2814\">Ata 07.2018 <\/a><\/p>\n<p>Reuni\u00e3o realizada em 04\/10\/2018:\u00a0<a href=\"https:\/\/wp.ufpel.edu.br\/agronomia\/atas-do-colegiado\/ata-08-2018-colegiado\/\" rel=\"attachment wp-att-2815\">Ata 08.2018<\/a><\/p>\n<p>Reuni\u00e3o realizada em 21\/11\/2018: <a href=\"https:\/\/wp.ufpel.edu.br\/agronomia\/files\/2019\/12\/Ata-09.2018-Colegiado.pdf\">Ata 09.2018 Colegiado<\/a><\/p>\n<p><span style=\"font-size: 18pt;\">2019<\/span><\/p>\n<p>Reuni\u00e3o realizada em 28\/02\/2019: <a href=\"https:\/\/wp.ufpel.edu.br\/agronomia\/files\/2019\/12\/Ata-01.2019-Colegiado-convertido.pdf\">Ata 01.2019 Colegiado-convertido<\/a><\/p>\n<p>Reuni\u00e3o realizada em 04\/04\/2019: <a href=\"https:\/\/wp.ufpel.edu.br\/agronomia\/files\/2019\/12\/Ata-02.2019-Colegiado.pdf\">Ata 02.2019 Colegiado<\/a><\/p>\n<p>Reuni\u00e3o realizada em 25\/04\/2019: <a href=\"https:\/\/wp.ufpel.edu.br\/agronomia\/files\/2019\/12\/Ata-03.2019-Colegiado-convertido.pdf\">Ata 03.2019 Colegiado-convertido<\/a><\/p>\n<p>Reuni\u00e3o realizada em 16\/06\/2019: <a href=\"https:\/\/wp.ufpel.edu.br\/agronomia\/files\/2019\/12\/Ata-04.pdf\">Ata 04<\/a><\/p>\n<p>Reuni\u00e3o realizada em 17\/07\/2019: <a href=\"https:\/\/wp.ufpel.edu.br\/agronomia\/files\/2019\/12\/Ata-05.2019-Colegiado-convertido.pdf\">Ata 05.2019 Colegiado-convertido<\/a><\/p>\n<p>Reuni\u00e3o realizada em 05\/09\/2019: <a href=\"https:\/\/wp.ufpel.edu.br\/agronomia\/files\/2019\/12\/Ata-06.2019-Colegiado-convertido.pdf\">Ata 06.2019 Colegiado-convertido<\/a><\/p>\n<p>Reuni\u00e3o realizada em 04\/10\/2019: <a href=\"https:\/\/wp.ufpel.edu.br\/agronomia\/files\/2019\/12\/Ata-07.2019-Colegiado.pdf\">Ata 07.2019 Colegiado<\/a><\/p>\n<p>Reuni\u00e3o realizada em 04\/11\/2019: <a href=\"https:\/\/wp.ufpel.edu.br\/agronomia\/files\/2019\/12\/Ata-08.2019-Colegiado-23110.0524412019-63.pdf\">Ata 08.2019 Colegiado 23110.0524412019-63<\/a><\/p>\n<p>Reuni\u00e3o realizada em 10\/12\/2019: <a href=\"https:\/\/wp.ufpel.edu.br\/agronomia\/files\/2019\/12\/Ata-09.2019-Colegiado-23110.0524412019-63.pdf\">Ata 09.2019 Colegiado 23110.0524412019-63<\/a><\/p>\n<p><span style=\"font-size: 18pt;\"><strong>2020<\/strong><\/span><\/p>\n<p>Reuni\u00e3o realizada em 01\/12\/2020: <span style=\"font-size: 18pt;\"><a href=\"https:\/\/wp.ufpel.edu.br\/agronomia\/files\/2021\/05\/SEI_UFPel-1142502-Ata-de-Reuniao.pdf\">SEI_UFPel &#8211; 1142502 &#8211; Ata de Reuni\u00e3o<\/a><\/span><\/p>\n<p>&nbsp;<\/p>\n<p>&nbsp;<\/p>\n","protected":false},"excerpt":{"rendered":"<p>2016 Reuni\u00e3o realizada em 16\/06\/2016:\u00a0Ata 06\/2016 Reuni\u00e3o realizada em 22\/06\/2016:\u00a0Ata 07\/2016 Reuni\u00e3o realizada em 07\/07\/2016:\u00a0Ata09\/2016 Reuni\u00e3o realizada em 18\/08\/2016:\u00a0Ata10\/2016 Reuni\u00e3o realizada em 23\/08\/2016:\u00a0Ata11\/2016 Reuni\u00e3o realizada em 25\/08\/2016:\u00a0Ata12\/2016\u00a0(EXTRAORDIN\u00c1RIA) Reuni\u00e3o realizada em 06\/12\/2016:\u00a0Ata 13\/2016 2017 Reuni\u00e3o realizada em 09\/03\/2017:Ata 01\/2017 Reuni\u00e3o realizada em 25\/05\/2017:\u00a0Ata 02.2017 Reuni\u00e3o realizada em 01\/06\/2017:\u00a0Ata 03.2017 Reuni\u00e3o realizada em 22\/06\/2017:\u00a0Ata 04.2017 Reuni\u00e3o realizada [&hellip;]<\/p>\n","protected":false},"author":363,"featured_media":0,"parent":0,"menu_order":0,"comment_status":"closed","ping_status":"closed","template":"","meta":{"jetpack_post_was_ever_published":false,"footnotes":""},"class_list":["post-513","page","type-page","status-publish","hentry"],"jetpack_sharing_enabled":true,"jetpack_shortlink":"https:\/\/wp.me\/P7oTE2-8h","jetpack-related-posts":[{"id":5384,"url":"https:\/\/wp.ufpel.edu.br\/agronomia\/pre-requisito\/","url_meta":{"origin":513,"position":0},"title":"Pr\u00e9-requisito","author":"colegiadofaem","date":"17\/04\/2026","format":false,"excerpt":"Crit\u00e9rios para concess\u00e3o de quebras de pr\u00e9-requisitos \u00a0 1) Se o estudante estiver em condi\u00e7\u00e3o para realizar est\u00e1gio obrigat\u00f3rio no semestre seguinte \u00e0 solicita\u00e7\u00e3o da quebra; 2) Minimiza\u00e7\u00e3o do tempo de integraliza\u00e7\u00e3o de cr\u00e9ditos para estudantes que se encontrem em final de curso, isto \u00e9, que consigam concluir os cr\u00e9ditos\u2026","rel":"","context":"Post similar","block_context":{"text":"Post similar","link":""},"img":{"alt_text":"","src":"","width":0,"height":0},"classes":[]}],"_links":{"self":[{"href":"https:\/\/wp.ufpel.edu.br\/agronomia\/wp-json\/wp\/v2\/pages\/513","targetHints":{"allow":["GET"]}}],"collection":[{"href":"https:\/\/wp.ufpel.edu.br\/agronomia\/wp-json\/wp\/v2\/pages"}],"about":[{"href":"https:\/\/wp.ufpel.edu.br\/agronomia\/wp-json\/wp\/v2\/types\/page"}],"author":[{"embeddable":true,"href":"https:\/\/wp.ufpel.edu.br\/agronomia\/wp-json\/wp\/v2\/users\/363"}],"replies":[{"embeddable":true,"href":"https:\/\/wp.ufpel.edu.br\/agronomia\/wp-json\/wp\/v2\/comments?post=513"}],"version-history":[{"count":28,"href":"https:\/\/wp.ufpel.edu.br\/agronomia\/wp-json\/wp\/v2\/pages\/513\/revisions"}],"predecessor-version":[{"id":4460,"href":"https:\/\/wp.ufpel.edu.br\/agronomia\/wp-json\/wp\/v2\/pages\/513\/revisions\/4460"}],"wp:attachment":[{"href":"https:\/\/wp.ufpel.edu.br\/agronomia\/wp-json\/wp\/v2\/media?parent=513"}],"curies":[{"name":"wp","href":"https:\/\/api.w.org\/{rel}","templated":true}]}}