{"id":18,"date":"2015-10-26T13:50:07","date_gmt":"2015-10-26T15:50:07","guid":{"rendered":"https:\/\/wp.ufpel.edu.br\/acessiarq\/?page_id=18"},"modified":"2017-11-23T11:09:49","modified_gmt":"2017-11-23T13:09:49","slug":"equipe-2","status":"publish","type":"page","link":"https:\/\/wp.ufpel.edu.br\/acessiarq\/apresentacao-3\/equipe-2\/","title":{"rendered":"Equipe"},"content":{"rendered":"<p style=\"text-align: justify\">O NEPEA \u00e9 formado por professores\/pesquisadores e alunos do Centro de Engenharias da UFPel, al\u00e9m de professores\/pesquisadores de outras Institui\u00e7\u00f5es.<br \/>\nPara acessar ao Lattes do pesquisador, basta clicar no nome.<\/p>\n<hr \/>\n<p style=\"text-align: center\"><em><strong>Coordena\u00e7\u00e3o:<\/strong> <\/em><a href=\"http:\/\/lattes.cnpq.br\/3077011108422970\">Profa. Isabela Fernandes Andrade (UFPel)<\/a><\/p>\n<p style=\"text-align: center\"><a href=\"https:\/\/wp.ufpel.edu.br\/acessiarq\/files\/2015\/10\/isa.jpg\"><img loading=\"lazy\" decoding=\"async\" class=\"alignnone size-medium wp-image-99\" src=\"https:\/\/wp.ufpel.edu.br\/acessiarq\/files\/2015\/10\/isa-318x318.jpg\" alt=\"isa\" width=\"318\" height=\"318\" srcset=\"https:\/\/wp.ufpel.edu.br\/acessiarq\/files\/2015\/10\/isa-318x318.jpg 318w, https:\/\/wp.ufpel.edu.br\/acessiarq\/files\/2015\/10\/isa-159x159.jpg 159w, https:\/\/wp.ufpel.edu.br\/acessiarq\/files\/2015\/10\/isa.jpg 932w\" sizes=\"auto, (max-width: 318px) 100vw, 318px\" \/><\/a><\/p>\n<hr \/>\n<p style=\"text-align: center\"><b><i><\/i><\/b><em><strong>Colaborador:<\/strong><\/em>\u00a0<a href=\"http:\/\/lattes.cnpq.br\/9673217950052451\">Prof. Luis Antonio dos Santos Franz (UFPel)<\/a><\/p>\n<p style=\"text-align: center\"><a href=\"https:\/\/wp.ufpel.edu.br\/acessiarq\/files\/2015\/10\/franz.jpg\"><img loading=\"lazy\" decoding=\"async\" class=\"alignnone size-full wp-image-102\" src=\"https:\/\/wp.ufpel.edu.br\/acessiarq\/files\/2015\/10\/franz.jpg\" alt=\"franz\" width=\"209\" height=\"278\" srcset=\"https:\/\/wp.ufpel.edu.br\/acessiarq\/files\/2015\/10\/franz.jpg 209w, https:\/\/wp.ufpel.edu.br\/acessiarq\/files\/2015\/10\/franz-120x159.jpg 120w\" sizes=\"auto, (max-width: 209px) 100vw, 209px\" \/><\/a><\/p>\n<hr \/>\n<p style=\"text-align: center\"><b><i><\/i><\/b><em><strong>Colaboradora:<\/strong><\/em>\u00a0<a href=\"http:\/\/lattes.cnpq.br\/3879852459022170\">Profa. Clarissa Calderipe Montelli\u00a0(UFPel)<\/a><\/p>\n<p style=\"text-align: center\"><a href=\"https:\/\/wp.ufpel.edu.br\/acessiarq\/files\/2015\/10\/Cissa.jpg\"><img loading=\"lazy\" decoding=\"async\" class=\"alignnone size-medium wp-image-197\" src=\"https:\/\/wp.ufpel.edu.br\/acessiarq\/files\/2015\/10\/Cissa-256x318.jpg\" alt=\"Cissa\" width=\"256\" height=\"318\" srcset=\"https:\/\/wp.ufpel.edu.br\/acessiarq\/files\/2015\/10\/Cissa-256x318.jpg 256w, https:\/\/wp.ufpel.edu.br\/acessiarq\/files\/2015\/10\/Cissa-128x159.jpg 128w, https:\/\/wp.ufpel.edu.br\/acessiarq\/files\/2015\/10\/Cissa.jpg 694w\" sizes=\"auto, (max-width: 256px) 100vw, 256px\" \/><\/a><\/p>\n<hr \/>\n<p style=\"text-align: center\"><em><strong>Colaborador:<\/strong>\u00a0<\/em><a href=\"http:\/\/lattes.cnpq.br\/5184930755123241\">Prof. Denis Teixeira Franco\u00a0(UFPel)<\/a><\/p>\n<p style=\"text-align: center\"><a href=\"https:\/\/wp.ufpel.edu.br\/acessiarq\/files\/2015\/10\/Denis.jpg\"><img loading=\"lazy\" decoding=\"async\" class=\"alignnone size-medium wp-image-315\" src=\"https:\/\/wp.ufpel.edu.br\/acessiarq\/files\/2015\/10\/Denis-280x318.jpg\" alt=\"\" width=\"280\" height=\"318\" srcset=\"https:\/\/wp.ufpel.edu.br\/acessiarq\/files\/2015\/10\/Denis-280x318.jpg 280w, https:\/\/wp.ufpel.edu.br\/acessiarq\/files\/2015\/10\/Denis-140x159.jpg 140w, https:\/\/wp.ufpel.edu.br\/acessiarq\/files\/2015\/10\/Denis.jpg 394w\" sizes=\"auto, (max-width: 280px) 100vw, 280px\" \/><\/a><\/p>\n<hr \/>\n<p style=\"text-align: center\"><em><strong>Colaborador:<\/strong>\u00a0<\/em><a href=\"http:\/\/lattes.cnpq.br\/7255265847100390\">Prof. Douglas de Castro Brombilla (IFRS)<\/a><\/p>\n<p style=\"text-align: center\"><a href=\"https:\/\/wp.ufpel.edu.br\/acessiarq\/files\/2015\/10\/douglas.jpg\"><img loading=\"lazy\" decoding=\"async\" class=\"alignnone size-medium wp-image-103\" src=\"https:\/\/wp.ufpel.edu.br\/acessiarq\/files\/2015\/10\/douglas-235x318.jpg\" alt=\"douglas\" width=\"235\" height=\"318\" srcset=\"https:\/\/wp.ufpel.edu.br\/acessiarq\/files\/2015\/10\/douglas-235x318.jpg 235w, https:\/\/wp.ufpel.edu.br\/acessiarq\/files\/2015\/10\/douglas-118x159.jpg 118w, https:\/\/wp.ufpel.edu.br\/acessiarq\/files\/2015\/10\/douglas.jpg 615w\" sizes=\"auto, (max-width: 235px) 100vw, 235px\" \/><\/a><\/p>\n<hr \/>\n<p style=\"text-align: center\"><em><strong>Discente:<\/strong> <\/em><a href=\"http:\/\/lattes.cnpq.br\/7717075791316878\">Henrique Martim de Moura<\/a><\/p>\n<p style=\"text-align: center\"><a href=\"https:\/\/wp.ufpel.edu.br\/acessiarq\/files\/2015\/10\/henrique.jpg\"><img loading=\"lazy\" decoding=\"async\" class=\"alignnone size-full wp-image-337\" src=\"https:\/\/wp.ufpel.edu.br\/acessiarq\/files\/2015\/10\/henrique.jpg\" alt=\"\" width=\"173\" height=\"227\" srcset=\"https:\/\/wp.ufpel.edu.br\/acessiarq\/files\/2015\/10\/henrique.jpg 173w, https:\/\/wp.ufpel.edu.br\/acessiarq\/files\/2015\/10\/henrique-121x159.jpg 121w\" sizes=\"auto, (max-width: 173px) 100vw, 173px\" \/><\/a><\/p>\n<hr \/>\n<p style=\"text-align: center\"><em><strong>Discente:<\/strong> <\/em><a href=\"http:\/\/lattes.cnpq.br\/4783462730923617\">Samanta Ribeiro de Ara\u00fajo<\/a><\/p>\n<p style=\"text-align: center\"><a href=\"https:\/\/wp.ufpel.edu.br\/acessiarq\/files\/2015\/10\/samanta.jpg\"><img loading=\"lazy\" decoding=\"async\" class=\"alignnone size-medium wp-image-338\" src=\"https:\/\/wp.ufpel.edu.br\/acessiarq\/files\/2015\/10\/samanta-318x318.jpg\" alt=\"\" width=\"318\" height=\"318\" srcset=\"https:\/\/wp.ufpel.edu.br\/acessiarq\/files\/2015\/10\/samanta-318x318.jpg 318w, https:\/\/wp.ufpel.edu.br\/acessiarq\/files\/2015\/10\/samanta-159x159.jpg 159w, https:\/\/wp.ufpel.edu.br\/acessiarq\/files\/2015\/10\/samanta.jpg 616w\" sizes=\"auto, (max-width: 318px) 100vw, 318px\" \/><\/a><\/p>\n<hr \/>\n<p style=\"text-align: center\"><em><strong>Discente:<\/strong>\u00a0<\/em><a href=\"http:\/\/lattes.cnpq.br\/3290672508434094\">Julia Born Pureza<\/a><\/p>\n<p style=\"text-align: center\"><a href=\"https:\/\/wp.ufpel.edu.br\/acessiarq\/files\/2015\/10\/servletrecuperafoto.jpg\" rel=\"attachment wp-att-219\"><img loading=\"lazy\" decoding=\"async\" class=\"alignnone size-medium wp-image-219\" src=\"https:\/\/wp.ufpel.edu.br\/acessiarq\/files\/2015\/10\/servletrecuperafoto-173x318.jpg\" alt=\"servletrecuperafoto\" width=\"173\" height=\"318\" srcset=\"https:\/\/wp.ufpel.edu.br\/acessiarq\/files\/2015\/10\/servletrecuperafoto-173x318.jpg 173w, https:\/\/wp.ufpel.edu.br\/acessiarq\/files\/2015\/10\/servletrecuperafoto-87x159.jpg 87w, https:\/\/wp.ufpel.edu.br\/acessiarq\/files\/2015\/10\/servletrecuperafoto.jpg 263w\" sizes=\"auto, (max-width: 173px) 100vw, 173px\" \/><\/a><\/p>\n<hr \/>\n<p style=\"text-align: center\"><em><strong>Discente:<\/strong> <\/em><a href=\"http:\/\/lattes.cnpq.br\/6048987975896321\">\u00cdtalo Rodeghiero<\/a><\/p>\n<p style=\"text-align: center\"><a href=\"https:\/\/wp.ufpel.edu.br\/acessiarq\/files\/2015\/10\/italo.jpg\"><img loading=\"lazy\" decoding=\"async\" class=\"alignnone size-medium wp-image-105\" src=\"https:\/\/wp.ufpel.edu.br\/acessiarq\/files\/2015\/10\/italo-239x318.jpg\" alt=\"italo\" width=\"239\" height=\"318\" srcset=\"https:\/\/wp.ufpel.edu.br\/acessiarq\/files\/2015\/10\/italo-239x318.jpg 239w, https:\/\/wp.ufpel.edu.br\/acessiarq\/files\/2015\/10\/italo-119x159.jpg 119w, https:\/\/wp.ufpel.edu.br\/acessiarq\/files\/2015\/10\/italo.jpg 300w\" sizes=\"auto, (max-width: 239px) 100vw, 239px\" \/><\/a><\/p>\n<hr \/>\n<p><em><strong>Discente:<\/strong><\/em> L\u00e1zaro Aires Pereira<\/p>\n<p>TCC em Engenharia de Produ\u00e7\u00e3o<\/p>\n<p>Tema: Acessibilidade e evacua\u00e7\u00e3o emergencial em est\u00e1dio de futebol<\/p>\n<hr \/>\n<p><em><strong>Discente:<\/strong><\/em> Juliana Vallerini<\/p>\n<p>TCC em Engenharia de Produ\u00e7\u00e3o<\/p>\n<p>Tema: AET de motorista de frota universit\u00e1ria<\/p>\n<hr \/>\n<p><em><strong>Discente:<\/strong><\/em> Karine Dummer<\/p>\n<p>TCC em Engenharia de Controle e Automa\u00e7\u00e3o<\/p>\n<p>Tema: Tecnologia assistiva para pessoa com defici\u00eancia visual<\/p>\n<hr \/>\n<p><em><strong>Discente:<\/strong><\/em> Rafaella de Pinho<\/p>\n<p>TCC em Engenharia de Controle e Automa\u00e7\u00e3o<\/p>\n<p>Tema: Tecnologia assistiva para pessoa surda<\/p>\n<hr \/>\n<p style=\"text-align: left\"><strong>EGRESSOS<\/strong><\/p>\n<p style=\"text-align: left\">Mayara Zanchin: 2013\/2 &#8211; 2015\/2<\/p>\n<p style=\"text-align: left\">Milene Sottoriva Andreia: 2013\/2 &#8211; 2014\/2<\/p>\n<p>&nbsp;<\/p>\n","protected":false},"excerpt":{"rendered":"<p>O NEPEA \u00e9 formado por professores\/pesquisadores e alunos do Centro de Engenharias da UFPel, al\u00e9m de professores\/pesquisadores de outras Institui\u00e7\u00f5es. Para acessar ao Lattes do pesquisador, basta clicar no nome. Coordena\u00e7\u00e3o: Profa. Isabela Fernandes Andrade (UFPel) Colaborador:\u00a0Prof. Luis Antonio dos &hellip; <a href=\"https:\/\/wp.ufpel.edu.br\/acessiarq\/apresentacao-3\/equipe-2\/\">Continue lendo <span class=\"meta-nav\">&rarr;<\/span><\/a><\/p>\n","protected":false},"author":583,"featured_media":0,"parent":16,"menu_order":2,"comment_status":"closed","ping_status":"closed","template":"","meta":{"footnotes":""},"class_list":["post-18","page","type-page","status-publish","hentry"],"jetpack_sharing_enabled":true,"_links":{"self":[{"href":"https:\/\/wp.ufpel.edu.br\/acessiarq\/wp-json\/wp\/v2\/pages\/18","targetHints":{"allow":["GET"]}}],"collection":[{"href":"https:\/\/wp.ufpel.edu.br\/acessiarq\/wp-json\/wp\/v2\/pages"}],"about":[{"href":"https:\/\/wp.ufpel.edu.br\/acessiarq\/wp-json\/wp\/v2\/types\/page"}],"author":[{"embeddable":true,"href":"https:\/\/wp.ufpel.edu.br\/acessiarq\/wp-json\/wp\/v2\/users\/583"}],"replies":[{"embeddable":true,"href":"https:\/\/wp.ufpel.edu.br\/acessiarq\/wp-json\/wp\/v2\/comments?post=18"}],"version-history":[{"count":26,"href":"https:\/\/wp.ufpel.edu.br\/acessiarq\/wp-json\/wp\/v2\/pages\/18\/revisions"}],"predecessor-version":[{"id":501,"href":"https:\/\/wp.ufpel.edu.br\/acessiarq\/wp-json\/wp\/v2\/pages\/18\/revisions\/501"}],"up":[{"embeddable":true,"href":"https:\/\/wp.ufpel.edu.br\/acessiarq\/wp-json\/wp\/v2\/pages\/16"}],"wp:attachment":[{"href":"https:\/\/wp.ufpel.edu.br\/acessiarq\/wp-json\/wp\/v2\/media?parent=18"}],"curies":[{"name":"wp","href":"https:\/\/api.w.org\/{rel}","templated":true}]}}