{"id":5,"date":"2020-05-18T18:42:53","date_gmt":"2020-05-18T21:42:53","guid":{"rendered":"https:\/\/wp.ufpel.edu.br\/acervosdocumentaisndh\/?page_id=5"},"modified":"2022-05-31T09:14:55","modified_gmt":"2022-05-31T12:14:55","slug":"apresentacao","status":"publish","type":"page","link":"https:\/\/wp.ufpel.edu.br\/acervosdocumentaisndh\/","title":{"rendered":"Apresenta\u00e7\u00e3o"},"content":{"rendered":"<p style=\"text-align: justify;\"><strong><img loading=\"lazy\" decoding=\"async\" class=\"size-medium wp-image-191 alignleft\" src=\"https:\/\/wp.ufpel.edu.br\/acervosdocumentaisndh\/files\/2020\/06\/Declara\u00e7\u00e3o-de-Funda\u00e7\u00e3o-269x400.jpg\" alt=\"\" width=\"269\" height=\"400\" srcset=\"https:\/\/wp.ufpel.edu.br\/acervosdocumentaisndh\/files\/2020\/06\/Declara\u00e7\u00e3o-de-Funda\u00e7\u00e3o-269x400.jpg 269w, https:\/\/wp.ufpel.edu.br\/acervosdocumentaisndh\/files\/2020\/06\/Declara\u00e7\u00e3o-de-Funda\u00e7\u00e3o-688x1024.jpg 688w, https:\/\/wp.ufpel.edu.br\/acervosdocumentaisndh\/files\/2020\/06\/Declara\u00e7\u00e3o-de-Funda\u00e7\u00e3o-768x1142.jpg 768w, https:\/\/wp.ufpel.edu.br\/acervosdocumentaisndh\/files\/2020\/06\/Declara\u00e7\u00e3o-de-Funda\u00e7\u00e3o-1033x1536.jpg 1033w, https:\/\/wp.ufpel.edu.br\/acervosdocumentaisndh\/files\/2020\/06\/Declara\u00e7\u00e3o-de-Funda\u00e7\u00e3o-1377x2048.jpg 1377w, https:\/\/wp.ufpel.edu.br\/acervosdocumentaisndh\/files\/2020\/06\/Declara\u00e7\u00e3o-de-Funda\u00e7\u00e3o-scaled.jpg 1721w\" sizes=\"auto, (max-width: 269px) 100vw, 269px\" \/>Acervos Documentais do N\u00facleo de Documenta\u00e7\u00e3o Hist\u00f3rica \u2013 Profa. Beatriz Loner<\/strong>, da Universidade Federal de Pelotas, \u00e9 um projeto de extens\u00e3o vinculado ao Departamento de Hist\u00f3ria e ao Programa de P\u00f3s-Gradua\u00e7\u00e3o em\u00a0 Hist\u00f3ria da UFPel, criado em 2017.<\/p>\n<p style=\"text-align: justify;\">A proposta do projeto \u00e9 organizar, catalogar e divulgar parte dos acervos documentais salvaguardados no NDH\/UFPel. Fazem parte deste projeto o Acervo da Delegacia Regional do Trabalho do Rio Grande do Sul, Acervo Hist\u00f3rico da UFPel, Acervo Imprensa, Acervo Movimentos sociais, Acervo Movimentos estudantis (no qual est\u00e1 inclu\u00eddo o Acervo do Diret\u00f3rio Central dos Estudantes da UFPel), Acervo Partidos Pol\u00edticos, Acervo Sindicatos e um Acervo de documentos diversos.<\/p>\n<p style=\"text-align: justify;\">Ainda faz parte do projeto o Acervo de Revistas de not\u00edcias e entretenimento, organizado em parceria com o projeto de ensino Laborat\u00f3rio Interdisciplinar de Pesquisa e Ensino em Entretenimento e M\u00eddias \u2013 LIPEEM\/UFPel.<\/p>\n<p style=\"text-align: justify;\">Outro importante objetivo \u00e9 a disponibilidade desses materiais aos pesquisadores e \u00e0 comunidade em geral. Consulte as abas para informa\u00e7\u00f5es espec\u00edficas.\u00a0 \u00a0 \u00a0 <img loading=\"lazy\" decoding=\"async\" class=\"size-medium wp-image-127 aligncenter\" src=\"https:\/\/wp.ufpel.edu.br\/acervosdocumentaisndh\/files\/2020\/05\/logos-e1589934769655-400x85.jpg\" alt=\"\" width=\"400\" height=\"85\" srcset=\"https:\/\/wp.ufpel.edu.br\/acervosdocumentaisndh\/files\/2020\/05\/logos-e1589934769655-400x85.jpg 400w, https:\/\/wp.ufpel.edu.br\/acervosdocumentaisndh\/files\/2020\/05\/logos-e1589934769655-768x164.jpg 768w, https:\/\/wp.ufpel.edu.br\/acervosdocumentaisndh\/files\/2020\/05\/logos-e1589934769655.jpg 955w\" sizes=\"auto, (max-width: 400px) 100vw, 400px\" \/><\/p>\n","protected":false},"excerpt":{"rendered":"<p>Acervos Documentais do N\u00facleo de Documenta\u00e7\u00e3o Hist\u00f3rica \u2013 Profa. Beatriz Loner, da Universidade Federal de Pelotas, \u00e9 um projeto de extens\u00e3o vinculado ao Departamento de Hist\u00f3ria e ao Programa de P\u00f3s-Gradua\u00e7\u00e3o em\u00a0 Hist\u00f3ria da UFPel, criado em 2017. A proposta do projeto \u00e9 organizar, catalogar e divulgar parte dos acervos documentais salvaguardados no NDH\/UFPel. Fazem [&hellip;]<\/p>\n","protected":false},"author":1007,"featured_media":0,"parent":0,"menu_order":0,"comment_status":"closed","ping_status":"closed","template":"","meta":{"footnotes":""},"class_list":["post-5","page","type-page","status-publish","hentry"],"_links":{"self":[{"href":"https:\/\/wp.ufpel.edu.br\/acervosdocumentaisndh\/wp-json\/wp\/v2\/pages\/5","targetHints":{"allow":["GET"]}}],"collection":[{"href":"https:\/\/wp.ufpel.edu.br\/acervosdocumentaisndh\/wp-json\/wp\/v2\/pages"}],"about":[{"href":"https:\/\/wp.ufpel.edu.br\/acervosdocumentaisndh\/wp-json\/wp\/v2\/types\/page"}],"author":[{"embeddable":true,"href":"https:\/\/wp.ufpel.edu.br\/acervosdocumentaisndh\/wp-json\/wp\/v2\/users\/1007"}],"replies":[{"embeddable":true,"href":"https:\/\/wp.ufpel.edu.br\/acervosdocumentaisndh\/wp-json\/wp\/v2\/comments?post=5"}],"version-history":[{"count":8,"href":"https:\/\/wp.ufpel.edu.br\/acervosdocumentaisndh\/wp-json\/wp\/v2\/pages\/5\/revisions"}],"predecessor-version":[{"id":468,"href":"https:\/\/wp.ufpel.edu.br\/acervosdocumentaisndh\/wp-json\/wp\/v2\/pages\/5\/revisions\/468"}],"wp:attachment":[{"href":"https:\/\/wp.ufpel.edu.br\/acervosdocumentaisndh\/wp-json\/wp\/v2\/media?parent=5"}],"curies":[{"name":"wp","href":"https:\/\/api.w.org\/{rel}","templated":true}]}}