{"id":321,"date":"2025-09-24T04:00:51","date_gmt":"2025-09-24T07:00:51","guid":{"rendered":"https:\/\/wp.ufpel.edu.br\/9jornadabrasileiradesociologia\/?page_id=321"},"modified":"2025-09-24T04:11:06","modified_gmt":"2025-09-24T07:11:06","slug":"gt7-arte-e-sociedade","status":"publish","type":"page","link":"https:\/\/wp.ufpel.edu.br\/9jornadabrasileiradesociologia\/grupos-de-trabalho\/gt7-arte-e-sociedade\/","title":{"rendered":"GT7 &#8211; Arte e Sociedade"},"content":{"rendered":"<p><strong>GT7 &#8211; Arte e Sociedade<\/strong><\/p>\n<p><strong>Coordena\u00e7\u00e3o<\/strong>: Pedro Robertt (UFPel)<strong>;\u00a0<\/strong>Jair J. Gauna Quiroz (UFPel); Pedro Darlan (UFPel); Tain\u00e1 Cardozo (UFPel).<\/p>\n<p><strong>Descri\u00e7\u00e3o:\u00a0<\/strong>A sociologia pode trazer novas contribui\u00e7\u00f5es e indaga\u00e7\u00f5es sobre as rela\u00e7\u00f5es entre arte e sociedade. Assim, o universo das artes, composto por diversas categorias, movimentos e institui\u00e7\u00f5es que produzem diversas pr\u00e1ticas, pode ser visibilizado a partir de m\u00faltiplas perspectivas te\u00f3ricas. A obra \u201cDial\u00e9tica do Esclarecimento\u201d de Theodor W. Adorno e Max Horkheimer (1947), por exemplo, alertava sobre como o modo de produ\u00e7\u00e3o capitalista vinha influenciando as pr\u00e1ticas art\u00edsticas, submetendo-as a uma l\u00f3gica mercantil, atribu\u00eddo \u00e0 conforma\u00e7\u00e3o da ind\u00fastria cultural. Por sua vez, \u201cO valor da obra de arte\u201d de Alain Quemin (2014) coloca a produ\u00e7\u00e3o art\u00edstica em liga\u00e7\u00e3o com o mercado, as institui\u00e7\u00f5es e a sociedade. Este GT prop\u00f5e um espa\u00e7o de debate e reflex\u00e3o sobre as formas contempor\u00e2neas da arte, em um sentido m\u00faltiplo e diverso, que possa auxiliar na compreens\u00e3o de mudan\u00e7as e emerg\u00eancias, considerando a complexidade dos fen\u00f4menos sociais e culturais, desde abordagens metodol\u00f3gicas m\u00faltiplas, tais como estudos de caso, an\u00e1lises de trajet\u00f3rias, pesquisas estat\u00edsticas e observa\u00e7\u00e3o de manifesta\u00e7\u00f5es art\u00edsticas.<\/p>\n<p><strong>Sala:\u00a0<\/strong>309<\/p>\n<p>&nbsp;<\/p>\n<p><strong>Sess\u00e3o \u00fanica de sexta-feira, 26\/09<\/strong><\/p>\n<ul>\n<li><strong>Arte como discurso pol\u00edtico: a met\u00e1fora do muro em The Wall (1979) de Pink Floyd<\/strong>\n<ul>\n<li>Laura Silva Costa<\/li>\n<\/ul>\n<\/li>\n<li><strong>Arte e trajet\u00f3ria de vida: a constitui\u00e7\u00e3o dos artistas em escala individual<\/strong>\n<ul>\n<li>Paola Marlen Chaves Gon\u00e7alves<\/li>\n<\/ul>\n<\/li>\n<li><strong>Pr\u00e1ticas Musicais e seus Capitais: Influ\u00eancias sobre Trajet\u00f3rias<\/strong>\n<ul>\n<li>Pedro Henrique Guatura Darlan<\/li>\n<\/ul>\n<\/li>\n<li><strong>Corpo e carne: um breve exerc\u00edcio mitocr\u00edtico da obra liter\u00e1ria &#8220;A Vegetariana&#8221; (2018) de Han Kang<\/strong>\n<ul>\n<li>Patr\u00edcia Cristina Perote do Nascimento<\/li>\n<\/ul>\n<\/li>\n<li><strong>O cancelamento de obras e artistas a partir da teoria de Becker<\/strong>\n<ul>\n<li>Tain\u00e1 Cardozo de Oliveira<\/li>\n<\/ul>\n<\/li>\n<li><strong>Estetiza\u00e7\u00e3o da arte urbana diante mudan\u00e7as econ\u00f4micas e tecnol\u00f3gicas do s\u00e9culo XXI<\/strong>\n<ul>\n<li>Jair Jose Gauna Quiroz<\/li>\n<\/ul>\n<\/li>\n<li><strong>Entre o vazio e o desempenho: Videogames como espa\u00e7o para presen\u00e7a interna<\/strong>\n<ul>\n<li>Ludovico Coser Pedron<\/li>\n<\/ul>\n<\/li>\n<\/ul>\n","protected":false},"excerpt":{"rendered":"<p>GT7 &#8211; Arte e Sociedade Coordena\u00e7\u00e3o: Pedro Robertt (UFPel);\u00a0Jair J. Gauna Quiroz (UFPel); Pedro Darlan (UFPel); Tain\u00e1 Cardozo (UFPel). Descri\u00e7\u00e3o:\u00a0A sociologia pode trazer novas contribui\u00e7\u00f5es e indaga\u00e7\u00f5es sobre as rela\u00e7\u00f5es entre arte e sociedade. Assim, o universo das artes, composto por diversas categorias, movimentos e institui\u00e7\u00f5es que produzem diversas pr\u00e1ticas, pode ser visibilizado a partir [&hellip;]<\/p>\n","protected":false},"author":1472,"featured_media":0,"parent":46,"menu_order":7,"comment_status":"closed","ping_status":"closed","template":"","meta":{"footnotes":""},"class_list":["post-321","page","type-page","status-publish","hentry"],"_links":{"self":[{"href":"https:\/\/wp.ufpel.edu.br\/9jornadabrasileiradesociologia\/wp-json\/wp\/v2\/pages\/321","targetHints":{"allow":["GET"]}}],"collection":[{"href":"https:\/\/wp.ufpel.edu.br\/9jornadabrasileiradesociologia\/wp-json\/wp\/v2\/pages"}],"about":[{"href":"https:\/\/wp.ufpel.edu.br\/9jornadabrasileiradesociologia\/wp-json\/wp\/v2\/types\/page"}],"author":[{"embeddable":true,"href":"https:\/\/wp.ufpel.edu.br\/9jornadabrasileiradesociologia\/wp-json\/wp\/v2\/users\/1472"}],"replies":[{"embeddable":true,"href":"https:\/\/wp.ufpel.edu.br\/9jornadabrasileiradesociologia\/wp-json\/wp\/v2\/comments?post=321"}],"version-history":[{"count":1,"href":"https:\/\/wp.ufpel.edu.br\/9jornadabrasileiradesociologia\/wp-json\/wp\/v2\/pages\/321\/revisions"}],"predecessor-version":[{"id":324,"href":"https:\/\/wp.ufpel.edu.br\/9jornadabrasileiradesociologia\/wp-json\/wp\/v2\/pages\/321\/revisions\/324"}],"up":[{"embeddable":true,"href":"https:\/\/wp.ufpel.edu.br\/9jornadabrasileiradesociologia\/wp-json\/wp\/v2\/pages\/46"}],"wp:attachment":[{"href":"https:\/\/wp.ufpel.edu.br\/9jornadabrasileiradesociologia\/wp-json\/wp\/v2\/media?parent=321"}],"curies":[{"name":"wp","href":"https:\/\/api.w.org\/{rel}","templated":true}]}}