{"id":298,"date":"2025-09-24T03:26:28","date_gmt":"2025-09-24T06:26:28","guid":{"rendered":"https:\/\/wp.ufpel.edu.br\/9jornadabrasileiradesociologia\/?page_id=298"},"modified":"2025-09-24T04:08:50","modified_gmt":"2025-09-24T07:08:50","slug":"gt1-sociologia-e-dialogos-interdisciplinares","status":"publish","type":"page","link":"https:\/\/wp.ufpel.edu.br\/9jornadabrasileiradesociologia\/grupos-de-trabalho\/gt1-sociologia-e-dialogos-interdisciplinares\/","title":{"rendered":"GT1 &#8211; Sociologia e di\u00e1logos interdisciplinares"},"content":{"rendered":"<p><strong>GT1 &#8211; Sociologia e di\u00e1logos interdisciplinares<\/strong><\/p>\n<p><strong>Coordena\u00e7\u00e3o<\/strong>: Gabriel Bandeira Coelho (UFRGS); Everton Garcia da Costa (UFRGS); Alice Hubner Franz (FURG).<\/p>\n<p style=\"text-align: left;\"><strong>Descri\u00e7\u00e3o:\u00a0<\/strong>N\u00e3o \u00e9 novidade que a Sociologia, enquanto campo aut\u00f4nomo da ci\u00eancia, tem dialogado, desde sua emerg\u00eancia, com uma s\u00e9rie de outras \u00e1reas do conhecimento cient\u00edfico, n\u00e3o se restringindo apenas ao debate entre disciplinas das ci\u00eancias humanas. Em raz\u00e3o de suas m\u00faltiplas matrizes epistemol\u00f3gicas, te\u00f3ricas e metodol\u00f3gicas, bem como de seu vasto conjunto de conceitos e categorias anal\u00edticas, a Sociologia tem se mostrado uma base consistente e f\u00e9rtil para estudos e pesquisas que extrapolam suas fronteiras disciplinares, alcan\u00e7ando campos como a psicologia, a administra\u00e7\u00e3o, a economia, as ci\u00eancias da sa\u00fade, entre outros. Nesse sentido, \u00e9 importante ressaltar a pot\u00eancia da Sociologia para investiga\u00e7\u00f5es que n\u00e3o se limitam ao \u00e2mbito da pr\u00f3pria disciplina, evidenciando o quanto seu instrumental cr\u00edtico e interpretativo contribui \u00e0 an\u00e1lise de fen\u00f4menos sociais complexos que exigem abordagens interdisciplinares. Ao articular diferentes perspectivas e promover o di\u00e1logo entre saberes, a Sociologia amplia as possibilidades de an\u00e1lise e interven\u00e7\u00e3o sobre os problemas contempor\u00e2neos, oferecendo subs\u00eddios fundamentais para pensar quest\u00f5es que envolvem desigualdades sociais, transforma\u00e7\u00f5es culturais, rela\u00e7\u00f5es de poder, din\u00e2micas institucionais e impactos das inova\u00e7\u00f5es tecnol\u00f3gicas na vida coletiva. Logo, reconhecer a relev\u00e2ncia da Sociologia para outros campos do conhecimento n\u00e3o apenas reafirma seu car\u00e1ter transversal e abrangente, mas tamb\u00e9m refor\u00e7a seu papel estrat\u00e9gico na produ\u00e7\u00e3o de conhecimento cr\u00edtico e na constru\u00e7\u00e3o de respostas socialmente situadas diante dos desafios que se imp\u00f5em \u00e0s sociedades contempor\u00e2neas. Frente ao exposto, o presente GT busca aglutinar trabalhos das mais variadas \u00e1reas do conhecimento cient\u00edfico que t\u00eam na sociologia um suporte, seja epistemol\u00f3gico, te\u00f3rico ou metodol\u00f3gico, contribuindo, portanto, ao debate interdisciplinar entre a Sociologia e outras disciplinas.<\/p>\n<p><strong>Sala:<\/strong>\u00a0313<\/p>\n<p>&nbsp;<\/p>\n<p style=\"text-align: left;\"><strong>Sess\u00e3o \u00fanica de quinta-feira, 25\/09<\/strong><\/p>\n<ul>\n<li><strong>O Rap e a Tradi\u00e7\u00e3o Viva: an\u00e1lise das letras de Azagaia como conte\u00fado revolucion\u00e1rio<\/strong>\n<ul>\n<li>Hugo Vin\u00edcius de Amorim Carvalho<\/li>\n<\/ul>\n<\/li>\n<li><strong>Transmasculinidades: a re(constru\u00e7\u00e3o) de &#8220;ser homem&#8221;<\/strong>\n<ul>\n<li>Eduardo Gomes e Silva da Costa<\/li>\n<\/ul>\n<\/li>\n<li><strong>Cabo Delgado: desvendando o conflito armado sob a lente da Teoria do Discurso<\/strong>\n<ul>\n<li>Manuel Armando<\/li>\n<\/ul>\n<\/li>\n<li><strong>&#8220;Qual o pre\u00e7o a se pagar pela dor?&#8221;: Uma an\u00e1lise das pol\u00edticas de sa\u00fade mental nas Universidades Federais do Rio Grande do Sul<\/strong>\n<ul>\n<li>Gabriel Coelho<\/li>\n<\/ul>\n<\/li>\n<li><strong>\u201cEu luto e n\u00e3o me rendo, caio e n\u00e3o me vendo\u201d: a articula\u00e7\u00e3o do movimento hip-hop em Florian\u00f3polis na perspectiva da teoria pol\u00edtica do discurso<\/strong>\n<ul>\n<li>Alice H\u00fcbner Franz<\/li>\n<\/ul>\n<\/li>\n<\/ul>\n","protected":false},"excerpt":{"rendered":"<p>GT1 &#8211; Sociologia e di\u00e1logos interdisciplinares Coordena\u00e7\u00e3o: Gabriel Bandeira Coelho (UFRGS); Everton Garcia da Costa (UFRGS); Alice Hubner Franz (FURG). Descri\u00e7\u00e3o:\u00a0N\u00e3o \u00e9 novidade que a Sociologia, enquanto campo aut\u00f4nomo da ci\u00eancia, tem dialogado, desde sua emerg\u00eancia, com uma s\u00e9rie de outras \u00e1reas do conhecimento cient\u00edfico, n\u00e3o se restringindo apenas ao debate entre disciplinas das ci\u00eancias [&hellip;]<\/p>\n","protected":false},"author":1472,"featured_media":0,"parent":46,"menu_order":1,"comment_status":"closed","ping_status":"closed","template":"","meta":{"footnotes":""},"class_list":["post-298","page","type-page","status-publish","hentry"],"_links":{"self":[{"href":"https:\/\/wp.ufpel.edu.br\/9jornadabrasileiradesociologia\/wp-json\/wp\/v2\/pages\/298","targetHints":{"allow":["GET"]}}],"collection":[{"href":"https:\/\/wp.ufpel.edu.br\/9jornadabrasileiradesociologia\/wp-json\/wp\/v2\/pages"}],"about":[{"href":"https:\/\/wp.ufpel.edu.br\/9jornadabrasileiradesociologia\/wp-json\/wp\/v2\/types\/page"}],"author":[{"embeddable":true,"href":"https:\/\/wp.ufpel.edu.br\/9jornadabrasileiradesociologia\/wp-json\/wp\/v2\/users\/1472"}],"replies":[{"embeddable":true,"href":"https:\/\/wp.ufpel.edu.br\/9jornadabrasileiradesociologia\/wp-json\/wp\/v2\/comments?post=298"}],"version-history":[{"count":3,"href":"https:\/\/wp.ufpel.edu.br\/9jornadabrasileiradesociologia\/wp-json\/wp\/v2\/pages\/298\/revisions"}],"predecessor-version":[{"id":343,"href":"https:\/\/wp.ufpel.edu.br\/9jornadabrasileiradesociologia\/wp-json\/wp\/v2\/pages\/298\/revisions\/343"}],"up":[{"embeddable":true,"href":"https:\/\/wp.ufpel.edu.br\/9jornadabrasileiradesociologia\/wp-json\/wp\/v2\/pages\/46"}],"wp:attachment":[{"href":"https:\/\/wp.ufpel.edu.br\/9jornadabrasileiradesociologia\/wp-json\/wp\/v2\/media?parent=298"}],"curies":[{"name":"wp","href":"https:\/\/api.w.org\/{rel}","templated":true}]}}