{"id":17,"date":"2014-05-22T15:03:21","date_gmt":"2014-05-22T18:03:21","guid":{"rendered":"https:\/\/wp.ufpel.edu.br\/45anos\/?page_id=17"},"modified":"2014-06-04T17:38:43","modified_gmt":"2014-06-04T20:38:43","slug":"pagina-principal","status":"publish","type":"page","link":"https:\/\/wp.ufpel.edu.br\/45anos\/","title":{"rendered":"UFPel: Uma hist\u00f3ria escrita em tr\u00eas s\u00e9culos"},"content":{"rendered":"<p>A trajet\u00f3ria percorrida pela Universidade Federal de Pelotas em suas quatro d\u00e9cadas e meia de hist\u00f3ria \u00e9 expressiva e sinalizadora de um futuro ainda mais promissor. No entanto, as lutas e conquistas que projetam uma Universidade cada vez mais sintonizada com os desafios do mundo contempor\u00e2neo, encontram respaldo em um passado distante e se alicer\u00e7am em a\u00e7\u00f5es registradas numa hist\u00f3ria que atravessa os tr\u00eas \u00faltimos s\u00e9culos.<\/p>\n<p>Epis\u00f3dios de arrojo, de sonhos e de coragem assinalaram nas p\u00e1ginas da hist\u00f3ria o passado de pioneirismo e gl\u00f3rias da Faculdade de Agronomia Eliseu Maciel, cujas origens remontam ao fim do S\u00e9culo 19, da Faculdade de Odontologia, da Faculdade de Direito, do Instituto de Sociologia e Pol\u00edtica e da Faculdade de Ci\u00eancias, unidades que deram origem \u00e0 UFPel, criadas durante o S\u00e9culo 20, \u00e0s quais vieram se juntar outras institui\u00e7\u00f5es particulares que existiam em Pelotas, como o Conservat\u00f3rio de M\u00fasica de Pelotas, a Escola de Belas Artes Dona Carmen Tr\u00e1paga Sim\u00f5es e o Curso de Medicina do Instituto Pr\u00f3-Ensino Superior no Sul do Estado (Ipesse).<\/p>\n<p>Os 45 anos decorridos desde a efetiva cria\u00e7\u00e3o da Universidade s\u00e3o insuficientes para expressar sua rica mem\u00f3ria, uma vez que as ra\u00edzes da institui\u00e7\u00e3o nos remetem a anos mais long\u00ednquos e traduzem o legado dos idealistas do ensino superior no Sul do Rio Grande do Sul.<\/p>\n<p>Por tr\u00e1s das tratativas e esfor\u00e7os, acertos e desacertos que precederam a unidade final, houve sempre um desejo incontido de qualifica\u00e7\u00e3o da educa\u00e7\u00e3o, tendo Pelotas como base, como sede oficial, como endere\u00e7o definitivo da UFPel, institui\u00e7\u00e3o que se reconstr\u00f3i a cada dia, com o objetivo de ficar pronta para os desafios do S\u00e9culo 21.<\/p>\n<p><a title=\"Resenha hist\u00f3rica\" href=\"http:\/\/wp.me\/P4EPZO-m\"><strong>Resenha hist\u00f3rica<\/strong><\/a><\/p>\n<p><a title=\"Contextualizando\" href=\"http:\/\/wp.me\/P4EPZO-p\"><strong>Contextualizando<\/strong><\/a><\/p>\n<p><a title=\"Estrutura\u00e7\u00e3o e desenvolvimento\" href=\"http:\/\/wp.me\/P4EPZO-1f\"><strong>Estrutura\u00e7\u00e3o e desenvolvimento<\/strong><\/a><\/p>\n<p><a title=\"A rela\u00e7\u00e3o com a comunidade e os desdobramentos pol\u00edticos\" href=\"http:\/\/wp.me\/P4EPZO-1i\"><strong>A rela\u00e7\u00e3o com a comunidade e os desdobramentos pol\u00edticos<\/strong><\/a><\/p>\n<p><a title=\"O processo de expans\u00e3o\" href=\"http:\/\/wp.me\/P4EPZO-1l\"><strong>O processo de expans\u00e3o<\/strong><\/a><\/p>\n<p><a title=\"Anglo: De frigor\u00edfico a principal campus\" href=\"http:\/\/wp.me\/P4EPZO-1o\"><strong>Anglo: De frigor\u00edfico a principal campus<\/strong><\/a><\/p>\n<p><a title=\"Cotada: De f\u00e1brica de massas a Centro de Engenharias\" href=\"http:\/\/wp.me\/P4EPZO-1r\"><strong>Cotada: De f\u00e1brica de massas a Centro de Engenharias <\/strong><\/a><\/p>\n<p><a title=\"Laneira: De manufatura de l\u00e3s a centro dedicado \u00e0 sa\u00fade\" href=\"http:\/\/wp.me\/P4EPZO-1u\"><strong>Laneira: De manufatura de l\u00e3s a centro dedicado \u00e0 sa\u00fade<\/strong><\/a><\/p>\n<p><a title=\"Na antiga cervejaria a Cultura pede passagem\" href=\"http:\/\/wp.me\/P4EPZO-1x\"><strong>Na antiga cervejaria a Cultura pede passagem<\/strong><\/a><\/p>\n<p><a title=\"Casar\u00e3o 8: Suntuoso im\u00f3vel sediar\u00e1 museus\" href=\"http:\/\/wp.me\/P4EPZO-1A\"><strong>Casar\u00e3o 8: Suntuoso im\u00f3vel sediar\u00e1 museus<\/strong><\/a><\/p>\n<p><a title=\"Pr\u00e9dios contam a hist\u00f3ria\" href=\"http:\/\/wp.me\/P4EPZO-1D\"><strong>Pr\u00e9dios contam a hist\u00f3ria<\/strong><\/a><\/p>\n","protected":false},"excerpt":{"rendered":"<p>A trajet\u00f3ria percorrida pela Universidade Federal de Pelotas em suas quatro d\u00e9cadas e meia de hist\u00f3ria \u00e9 expressiva e sinalizadora de um futuro ainda mais promissor. No entanto, as lutas e conquistas que projetam uma Universidade cada vez mais sintonizada com os desafios do mundo contempor\u00e2neo, encontram respaldo em um passado distante e se alicer\u00e7am &hellip; <a href=\"https:\/\/wp.ufpel.edu.br\/45anos\/\" class=\"more-link\">Continue lendo <span class=\"screen-reader-text\">UFPel: Uma hist\u00f3ria escrita em tr\u00eas s\u00e9culos<\/span> <span class=\"meta-nav\">&rarr;<\/span><\/a><\/p>\n","protected":false},"author":394,"featured_media":0,"parent":0,"menu_order":0,"comment_status":"closed","ping_status":"closed","template":"","meta":{"jetpack_post_was_ever_published":false,"footnotes":""},"class_list":["post-17","page","type-page","status-publish","hentry"],"jetpack_sharing_enabled":true,"jetpack_shortlink":"https:\/\/wp.me\/P4EPZO-h","_links":{"self":[{"href":"https:\/\/wp.ufpel.edu.br\/45anos\/wp-json\/wp\/v2\/pages\/17","targetHints":{"allow":["GET"]}}],"collection":[{"href":"https:\/\/wp.ufpel.edu.br\/45anos\/wp-json\/wp\/v2\/pages"}],"about":[{"href":"https:\/\/wp.ufpel.edu.br\/45anos\/wp-json\/wp\/v2\/types\/page"}],"author":[{"embeddable":true,"href":"https:\/\/wp.ufpel.edu.br\/45anos\/wp-json\/wp\/v2\/users\/394"}],"replies":[{"embeddable":true,"href":"https:\/\/wp.ufpel.edu.br\/45anos\/wp-json\/wp\/v2\/comments?post=17"}],"version-history":[{"count":18,"href":"https:\/\/wp.ufpel.edu.br\/45anos\/wp-json\/wp\/v2\/pages\/17\/revisions"}],"predecessor-version":[{"id":181,"href":"https:\/\/wp.ufpel.edu.br\/45anos\/wp-json\/wp\/v2\/pages\/17\/revisions\/181"}],"wp:attachment":[{"href":"https:\/\/wp.ufpel.edu.br\/45anos\/wp-json\/wp\/v2\/media?parent=17"}],"curies":[{"name":"wp","href":"https:\/\/api.w.org\/{rel}","templated":true}]}}