{"id":751,"date":"2019-01-30T10:26:02","date_gmt":"2019-01-30T12:26:02","guid":{"rendered":"https:\/\/wp.ufpel.edu.br\/24framesdeliteratura\/?page_id=751"},"modified":"2022-10-29T10:00:46","modified_gmt":"2022-10-29T13:00:46","slug":"nonatemporada","status":"publish","type":"page","link":"https:\/\/wp.ufpel.edu.br\/24framesdeliteratura\/","title":{"rendered":""},"content":{"rendered":"<p><em>\u00a0<img loading=\"lazy\" decoding=\"async\" data-attachment-id=\"848\" data-permalink=\"https:\/\/wp.ufpel.edu.br\/24framesdeliteratura\/nonatemporada\/copia-de-westmire-jewelry\/\" data-orig-file=\"https:\/\/wp.ufpel.edu.br\/24framesdeliteratura\/files\/2020\/12\/Copia-de-Westmire-Jewelry.png\" data-orig-size=\"2400,500\" data-comments-opened=\"0\" data-image-meta=\"{&quot;aperture&quot;:&quot;0&quot;,&quot;credit&quot;:&quot;&quot;,&quot;camera&quot;:&quot;&quot;,&quot;caption&quot;:&quot;&quot;,&quot;created_timestamp&quot;:&quot;0&quot;,&quot;copyright&quot;:&quot;&quot;,&quot;focal_length&quot;:&quot;0&quot;,&quot;iso&quot;:&quot;0&quot;,&quot;shutter_speed&quot;:&quot;0&quot;,&quot;title&quot;:&quot;&quot;,&quot;orientation&quot;:&quot;0&quot;}\" data-image-title=\"C\u00f3pia de Westmire Jewelry\" data-image-description=\"\" data-image-caption=\"\" data-medium-file=\"https:\/\/wp.ufpel.edu.br\/24framesdeliteratura\/files\/2020\/12\/Copia-de-Westmire-Jewelry-400x83.png\" data-large-file=\"https:\/\/wp.ufpel.edu.br\/24framesdeliteratura\/files\/2020\/12\/Copia-de-Westmire-Jewelry-1024x213.png\" class=\"alignnone wp-image-848 size-full\" src=\"https:\/\/wp.ufpel.edu.br\/24framesdeliteratura\/files\/2020\/12\/Copia-de-Westmire-Jewelry.png\" alt=\"\" width=\"2400\" height=\"500\" srcset=\"https:\/\/wp.ufpel.edu.br\/24framesdeliteratura\/files\/2020\/12\/Copia-de-Westmire-Jewelry.png 2400w, https:\/\/wp.ufpel.edu.br\/24framesdeliteratura\/files\/2020\/12\/Copia-de-Westmire-Jewelry-400x83.png 400w, https:\/\/wp.ufpel.edu.br\/24framesdeliteratura\/files\/2020\/12\/Copia-de-Westmire-Jewelry-1024x213.png 1024w, https:\/\/wp.ufpel.edu.br\/24framesdeliteratura\/files\/2020\/12\/Copia-de-Westmire-Jewelry-768x160.png 768w, https:\/\/wp.ufpel.edu.br\/24framesdeliteratura\/files\/2020\/12\/Copia-de-Westmire-Jewelry-1536x320.png 1536w, https:\/\/wp.ufpel.edu.br\/24framesdeliteratura\/files\/2020\/12\/Copia-de-Westmire-Jewelry-2048x427.png 2048w\" sizes=\"auto, (max-width: 2400px) 100vw, 2400px\" \/><\/em><\/p>\n<blockquote>\n<p style=\"text-align: right;\"><span style=\"font-size: 10pt;\"><em>O poeta &#8211; o contempor\u00e2neo &#8211; deve manter fixo o olhar no seu tempo. Mas o que v\u00ea quem v\u00ea o seu tempo, o sorriso demente do seu s\u00e9culo? Neste ponto gostaria de lhes propor uma segunda defini\u00e7\u00e3o da contemporaneidade: contempor\u00e2neo \u00e9 aquele que mant\u00e9m fixo o olhar no seu tempo, para nele perceber n\u00e3o as luzes, mas o escuro. Todos os tempos s\u00e3o, para quem deles experimenta contemporaneidade, obscuros. Contempor\u00e2neo \u00e9, justamente, aquele que sabe ver essa obscuridade, que \u00e9 capaz de escrever mergulhando a pena nas trevas do presente. Mas o que significa &#8220;ver as trevas&#8221;, &#8220;perceber o escuro&#8221;?<\/em><\/span><\/p>\n<p style=\"text-align: right;\">Giorgio Agamben, <em>O que \u00e9 o contempor\u00e2neo?<\/em><\/p>\n<\/blockquote>\n<p>&nbsp;<\/p>\n<p><strong>DIZER DE NOVO: DIZER NOVAMENTE<\/strong><\/p>\n<p>&nbsp;<\/p>\n<p>Esta temporada do projeto se pretende metatextual. A pesquisa malsucedida que inicia esse argumento se deu pela lembran\u00e7a maci\u00e7a e recorrente de uma cita\u00e7\u00e3o: <em>falar de novo \u00e9 tamb\u00e9m falar de maneira nova<\/em>; cita\u00e7\u00e3o esta que nunca encontrou padrinho, mas primos de primeiro e segundo grau. Justamente sobre esse palimpsesto \u00e9 que organizamos esse comp\u00eandio. Seguimos, ent\u00e3o, os fios de sua malha.<\/p>\n<p>O processo de adapta\u00e7\u00e3o cinematogr\u00e1fico \u00e9 um jogo. Suas regras s\u00e3o muito mais complexas do que apenas a passagem de um elemento do texto para a imagem. Transitam, nelas, t\u00e9cnicas de diversas \u00e1reas do saber a fim de compor o conjunto de ferramentas necess\u00e1rias para transformar um discurso expresso em linhas e par\u00e1grafos em sequ\u00eancias de <em>frames<\/em>.<\/p>\n<p>Antes de iniciar os m\u00f3dulos de exibi\u00e7\u00e3o de pel\u00edculas, conv\u00e9m fazer uma parada no universo da Teoria da Adapta\u00e7\u00e3o e nos principais conceitos que permeiam essa \u00e1rea t\u00e3o \u00fatil aos estudos de Literatura Comparada, enfocando em autores, obras e preceitos que ajudam a compreender melhor: (a) a separa\u00e7\u00e3o entre as artes, como singulares em suas narratividades, (b) a composi\u00e7\u00e3o da narrativa liter\u00e1ria e cinematogr\u00e1fica, (c) as t\u00e9cnicas de (re)cria\u00e7\u00e3o dos enredos, espa\u00e7os e personagens da literatura para o cinema e (d) o modo de an\u00e1lise desse material t\u00e3o rico em elementos, resultante desse processo.<\/p>\n<p style=\"text-align: right;\">[carga hor\u00e1ria total: 40h]<\/p>\n<p>&nbsp;<\/p>\n<p>&nbsp;<\/p>\n<p><img loading=\"lazy\" decoding=\"async\" data-attachment-id=\"850\" data-permalink=\"https:\/\/wp.ufpel.edu.br\/24framesdeliteratura\/nonatemporada\/copia-de-westmire-jewelry-2\/\" data-orig-file=\"https:\/\/wp.ufpel.edu.br\/24framesdeliteratura\/files\/2020\/12\/Copia-de-Westmire-Jewelry-2-e1606941733284.png\" data-orig-size=\"2304,330\" data-comments-opened=\"0\" data-image-meta=\"{&quot;aperture&quot;:&quot;0&quot;,&quot;credit&quot;:&quot;&quot;,&quot;camera&quot;:&quot;&quot;,&quot;caption&quot;:&quot;&quot;,&quot;created_timestamp&quot;:&quot;0&quot;,&quot;copyright&quot;:&quot;&quot;,&quot;focal_length&quot;:&quot;0&quot;,&quot;iso&quot;:&quot;0&quot;,&quot;shutter_speed&quot;:&quot;0&quot;,&quot;title&quot;:&quot;&quot;,&quot;orientation&quot;:&quot;0&quot;}\" data-image-title=\"C\u00f3pia de Westmire Jewelry (2)\" data-image-description=\"\" data-image-caption=\"\" data-medium-file=\"https:\/\/wp.ufpel.edu.br\/24framesdeliteratura\/files\/2020\/12\/Copia-de-Westmire-Jewelry-2-e1606941733284-400x57.png\" data-large-file=\"https:\/\/wp.ufpel.edu.br\/24framesdeliteratura\/files\/2020\/12\/Copia-de-Westmire-Jewelry-2-e1606941733284-1024x147.png\" class=\"alignnone wp-image-850 size-full\" src=\"https:\/\/wp.ufpel.edu.br\/24framesdeliteratura\/files\/2020\/12\/Copia-de-Westmire-Jewelry-2-e1606941733284.png\" alt=\"\" width=\"2304\" height=\"330\" srcset=\"https:\/\/wp.ufpel.edu.br\/24framesdeliteratura\/files\/2020\/12\/Copia-de-Westmire-Jewelry-2-e1606941733284.png 2304w, https:\/\/wp.ufpel.edu.br\/24framesdeliteratura\/files\/2020\/12\/Copia-de-Westmire-Jewelry-2-e1606941733284-400x57.png 400w, https:\/\/wp.ufpel.edu.br\/24framesdeliteratura\/files\/2020\/12\/Copia-de-Westmire-Jewelry-2-e1606941733284-1024x147.png 1024w, https:\/\/wp.ufpel.edu.br\/24framesdeliteratura\/files\/2020\/12\/Copia-de-Westmire-Jewelry-2-e1606941733284-768x110.png 768w, https:\/\/wp.ufpel.edu.br\/24framesdeliteratura\/files\/2020\/12\/Copia-de-Westmire-Jewelry-2-e1606941733284-1536x220.png 1536w, https:\/\/wp.ufpel.edu.br\/24framesdeliteratura\/files\/2020\/12\/Copia-de-Westmire-Jewelry-2-e1606941733284-2048x293.png 2048w\" sizes=\"auto, (max-width: 2304px) 100vw, 2304px\" \/><\/p>\n<p>&nbsp;<\/p>\n<p>24.09 | <strong>O que h\u00e1 de novo?\u00a0<\/strong>\u00a0\u00a0\u00a0\u00a0\u00a0\u00a0\u00a0\u00a0 [vernissage]<\/p>\n<p><iframe loading=\"lazy\" title=\"VERNISSAGE: O que h\u00e1 de novo?\" width=\"810\" height=\"456\" src=\"https:\/\/www.youtube.com\/embed\/Jg0B-72ARlw?feature=oembed\" frameborder=\"0\" allow=\"accelerometer; autoplay; clipboard-write; encrypted-media; gyroscope; picture-in-picture\" allowfullscreen><\/iframe><\/p>\n<p>O que se pode perceber da produ\u00e7\u00e3o do outro no texto? A provoca\u00e7\u00e3o da novidade, aqui, perpassa o que se concebe ou o que se pode chamar <em>fic\u00e7\u00e3o<\/em>, mas tamb\u00e9m a reflex\u00e3o e a cr\u00edtica do observador; sem tra\u00e7ar fronteiras, o novo transita, atemporal, por todos os tipos e g\u00eaneros.<\/p>\n<p>A import\u00e2ncia e a presen\u00e7a da teoria no contempor\u00e2neo s\u00e3o marcadas pelo espa\u00e7o dado \u00e0 percep\u00e7\u00e3o das mudan\u00e7as e, justamente em virtude disso, observar e interagir produzem cada vez mais sentidos alheios divergindo daquilo que compreendido por <em>verdade<\/em>. Reduzir o texto \u00e0 verdade, \u00e0 exist\u00eancia de uma verdade, aniquila a passagem do bast\u00e3o.<\/p>\n<p>A abertura da temporada se prop\u00f5e a propiciar espa\u00e7o para a discuss\u00e3o a respeito da rela\u00e7\u00e3o entre t\u00e9cnica e reflex\u00e3o cr\u00edtica, bem como das iminentes mudan\u00e7as de paradigma nas teorias liter\u00e1ria e cinematogr\u00e1fica no que diz respeito ao surgimento de proposi\u00e7\u00f5es, fun\u00e7\u00f5es, est\u00e9ticas e experimenta\u00e7\u00f5es narrativas da contemporaneidade.<\/p>\n<p style=\"text-align: right;\"><strong>Presencial<\/strong>: das 15h \u00e0s 18h<\/p>\n<p style=\"text-align: right;\"><em><strong>Online<\/strong><\/em>: das 16h \u00e0s 18h<\/p>\n<p>&nbsp;<\/p>\n<p style=\"text-align: center;\"><strong>ATO I<\/strong><\/p>\n<p style=\"text-align: center;\"><strong>e n s a i o<\/strong><\/p>\n<p>&nbsp;<\/p>\n<p>01.10 | <strong>O indiz\u00edvel<\/strong> <em>ou<\/em> <strong>o que dizer da mimese?<\/strong><\/p>\n<p><iframe loading=\"lazy\" title=\"Ato I - Ensaio: O indiz\u00edvel ou o que dizer da mimese?\" width=\"810\" height=\"456\" src=\"https:\/\/www.youtube.com\/embed\/5jmxRricPaM?feature=oembed\" frameborder=\"0\" allow=\"accelerometer; autoplay; clipboard-write; encrypted-media; gyroscope; picture-in-picture\" allowfullscreen><\/iframe><\/p>\n<p>Narra\u00e7\u00e3o e narrativas: \u00e1guas liter\u00e1rias e cinematogr\u00e1ficas; Mimese e diegese, <em>telling<\/em> e <em>showing<\/em>, narra\u00e7\u00e3o e mostra\u00e7\u00e3o; A exist\u00eancia do observador; Teatro, literatura e cinema no trato com o texto e a encena\u00e7\u00e3o\/representa\u00e7\u00e3o; Por qual motivo dizer de novo?; Olhar o texto de novo;<\/p>\n<p><strong><a href=\"https:\/\/wp.ufpel.edu.br\/24framesdeliteratura\/files\/2022\/10\/24-Frames-de-Literatura-nona-temporada-Encontro-II.pdf\" target=\"_blank\" rel=\"noopener\">Download do material de apoio.<\/a><\/strong><\/p>\n<p style=\"text-align: right;\"><strong>Apenas <em>online<\/em><\/strong>: das 16h \u00e0s 18h<\/p>\n<p>08.10 | <strong>Sob a literatura e o cinema: uma teoria da adapta\u00e7\u00e3o<\/strong><\/p>\n<p><iframe loading=\"lazy\" title=\"Ato I - Ensaio: Sob a literatura e o cinema: uma teoria da adapta\u00e7\u00e3o\" width=\"810\" height=\"456\" src=\"https:\/\/www.youtube.com\/embed\/OezrC23P3lw?feature=oembed\" frameborder=\"0\" allow=\"accelerometer; autoplay; clipboard-write; encrypted-media; gyroscope; picture-in-picture\" allowfullscreen><\/iframe><\/p>\n<p>O empenho criativo do diretor: a arte de reinventar vazios e pontos de indetermina\u00e7\u00e3o; como reescrever?; hibridismo e empr\u00e9stimo; existe o lugar da literatura no cinema?<\/p>\n<p>Obra selecionada: <strong>Apresenta\u00e7\u00e3o<\/strong> e <strong>Contrabandista<\/strong> | Curta | Dir. Henrique de Freitas Lima | 2012<\/p>\n<p><strong><a href=\"https:\/\/wp.ufpel.edu.br\/24framesdeliteratura\/files\/2022\/10\/24-Frames-de-Literatura-nona-temporada-Encontro-III.pdf\" target=\"_blank\" rel=\"noopener\">Download do material de apoio.<\/a><\/strong><\/p>\n<pre style=\"text-align: right;\"><span style=\"font-family: georgia, palatino, serif;\"><strong>Presencial<\/strong>: das 14h30min \u00e0s 18h<\/span>\r\n<span style=\"font-family: georgia, palatino, serif;\"><strong><em>Online<\/em><\/strong>: das 16h \u00e0s 18h<\/span><\/pre>\n<p>15.10 | <strong>Para onde olhar?<\/strong><\/p>\n<p><iframe loading=\"lazy\" title=\"Ato I - Ensaio: Para onde olhar?\" width=\"810\" height=\"456\" src=\"https:\/\/www.youtube.com\/embed\/_MgUPBp2Pr8?feature=oembed\" frameborder=\"0\" allow=\"accelerometer; autoplay; clipboard-write; encrypted-media; gyroscope; picture-in-picture\" allowfullscreen><\/iframe><\/p>\n<p>O close; a aten\u00e7\u00e3o flutuante; a indu\u00e7\u00e3o da aten\u00e7\u00e3o; no que prestar a aten\u00e7\u00e3o?; o fio do tecido narrativo; a presen\u00e7a; a aus\u00eancia; a transi\u00e7\u00e3o do elemento adaptado; a percep\u00e7\u00e3o da intencionalidade; a m\u00e1quina de gerar impress\u00f5es;<\/p>\n<p>Obra selecionada: <strong>N\u00e3o olhe para cima<\/strong> | Filme | Dir. Adam McKay | 2021<\/p>\n<pre style=\"text-align: right;\"><span style=\"font-family: georgia, palatino, serif;\"><strong>Presencial<\/strong>: das 14h \u00e0s 18h<\/span>\r\n<span style=\"font-family: georgia, palatino, serif;\"><strong><em>Online<\/em><\/strong>: das 16h30min \u00e0s 18h<\/span><\/pre>\n<p>&nbsp;<\/p>\n<p style=\"text-align: center;\"><strong>ATO II<\/strong><\/p>\n<p style=\"text-align: center;\"><strong>e n c e n (a \u00e7 \u00e3 o)<\/strong><\/p>\n<p>&nbsp;<\/p>\n<p>22.10 | <strong>Matrix<\/strong> | Filme | Dir. Lana e Lilly Wachowski | 1999<\/p>\n<p><iframe loading=\"lazy\" title=\"Ato II - Encen(A\u00e7\u00e3o): Discuss\u00e3o sobre Matrix\" width=\"810\" height=\"456\" src=\"https:\/\/www.youtube.com\/embed\/WZIXBCxatsM?feature=oembed\" frameborder=\"0\" allow=\"accelerometer; autoplay; clipboard-write; encrypted-media; gyroscope; picture-in-picture\" allowfullscreen><\/iframe><\/p>\n<p>Sobre dilui\u00e7\u00e3o e desaparecimento de elementos na cultura popular; Percep\u00e7\u00e3o e realidade: mimese;<\/p>\n<p style=\"text-align: right;\"><strong><em>Online<\/em> <\/strong>e <strong>presencial<\/strong>: das 16h \u00e0s 18h<\/p>\n<p>29.10 | <strong>Person of Interest<\/strong> | S\u00e9rie | Dir. Jonathan Nolan | 2011-2016<\/p>\n<p><iframe loading=\"lazy\" title=\"Ato II - Encen(A\u00e7\u00e3o): Discuss\u00e3o sobre Person of Interest\" width=\"810\" height=\"456\" src=\"https:\/\/www.youtube.com\/embed\/BMY8A3J_Hl0?feature=oembed\" frameborder=\"0\" allow=\"accelerometer; autoplay; clipboard-write; encrypted-media; gyroscope; picture-in-picture\" allowfullscreen><\/iframe><\/p>\n<p>A rela\u00e7\u00e3o homem-m\u00e1quina; A concep\u00e7\u00e3o de intelig\u00eancia; A percep\u00e7\u00e3o da m\u00e1quina enquanto m\u00e1quina; O ponto de vista no cinema; Persona x personagem; Pode haver uma personagem puramente textual no cinema?<\/p>\n<p style=\"text-align: right;\"><strong>Apenas<\/strong> <em><strong>online<\/strong><\/em>: das 16h \u00e0s 18h<\/p>\n<p>05.11 | <strong>A Balada de Buster Scruggs<\/strong> | Filme | Dir. Ethan e Joel Coen | 2018<\/p>\n<p><iframe loading=\"lazy\" title=\"Ato II - Encen(A\u00e7\u00e3o): Discuss\u00e3o sobre Buster Scruggs\" width=\"810\" height=\"456\" src=\"https:\/\/www.youtube.com\/embed\/Svva9KbMiI8?feature=oembed\" frameborder=\"0\" allow=\"accelerometer; autoplay; clipboard-write; encrypted-media; gyroscope; picture-in-picture\" allowfullscreen><\/iframe><\/p>\n<p>A adapta\u00e7\u00e3o n\u00e3o-\u00f3bvia: quando a intertextualidade \u00e9 escondida por diferentes personagens e cen\u00e1rios, mas percept\u00edvel na narrativa; Pode-se considerar uma adapta\u00e7\u00e3o uma obra que n\u00e3o se passa no mesmo universo? Como se conversam as semelhan\u00e7as tem\u00e1ticas e estruturais? Que linhas separam adapta\u00e7\u00f5es, interpreta\u00e7\u00f5es de um mesmo tema e pl\u00e1gios?<\/p>\n<p style=\"text-align: right;\"><strong>Presencial<\/strong>: das 14h \u00e0s 18h<\/p>\n<p style=\"text-align: right;\"><em><strong>Online<\/strong><\/em>: das 16h30min \u00e0s 18h<\/p>\n<p>12.11 | <b>Relatos Selvagens <\/b>| Filme | Dir. Dami\u00e1n Szifron | 2014<\/p>\n<p><iframe loading=\"lazy\" title=\"Ato II - Encen(A\u00e7\u00e3o): Discuss\u00e3o sobre Relatos Selvagens\" width=\"810\" height=\"456\" src=\"https:\/\/www.youtube.com\/embed\/SbW2HNEpGkk?feature=oembed\" frameborder=\"0\" allow=\"accelerometer; autoplay; clipboard-write; encrypted-media; gyroscope; picture-in-picture\" allowfullscreen><\/iframe><\/p>\n<p>Expondo os n\u00f3s narrativos; Catarse e verossimilhan\u00e7a; Observa\u00e7\u00e3o e a possibilidade do n\u00e3o-limite do universo ficcional; A concep\u00e7\u00e3o de g\u00eanero cinematogr\u00e1fico.<\/p>\n<p style=\"text-align: right;\"><strong>Presencial<\/strong>: das 14h \u00e0s 18h<\/p>\n<p style=\"text-align: right;\"><em><strong>Online<\/strong><\/em>: das 16h30min \u00e0s 18h<\/p>\n<p>19.11 | <strong>House of Cards<\/strong> | S\u00e9rie | Dir. David Fincher | 2013-2018<\/p>\n<p><iframe loading=\"lazy\" title=\"Ato II - Encen(A\u00e7\u00e3o): Discuss\u00e3o sobre House of Cards\" width=\"810\" height=\"456\" src=\"https:\/\/www.youtube.com\/embed\/B9tvZqrCt_g?feature=oembed\" frameborder=\"0\" allow=\"accelerometer; autoplay; clipboard-write; encrypted-media; gyroscope; picture-in-picture\" allowfullscreen><\/iframe><\/p>\n<p>A presen\u00e7a de elementos extradieg\u00e9ticos na constru\u00e7\u00e3o do sentido; Quando a personagem sai e o ator fica: o ator \u00e9 a personagem no Cinema?; A quebra da quarta parede; A passagem do bast\u00e3o narrativo;<\/p>\n<p style=\"text-align: right;\">\u00a0[dura\u00e7\u00e3o do encontro: 4h]<\/p>\n<p>26.11 | <strong>O que haver\u00e1 de novo?<\/strong>\u00a0\u00a0\u00a0\u00a0\u00a0\u00a0\u00a0\u00a0\u00a0\u00a0\u00a0 [fechamento]<\/p>\n<p><iframe loading=\"lazy\" title=\"Fechamento: O que haver\u00e1 de novo?\" width=\"810\" height=\"456\" src=\"https:\/\/www.youtube.com\/embed\/D4KqRREmu-M?feature=oembed\" frameborder=\"0\" allow=\"accelerometer; autoplay; clipboard-write; encrypted-media; gyroscope; picture-in-picture\" allowfullscreen><\/iframe><\/p>\n<p>A oportunidade dada ao leitor\/espectador de realizar sua catarse: escolha o seu final.<\/p>\n<p>Obra selecionada: <strong>Black Mirror: Bandersnatch<\/strong> | Filme | Dir. David Slade | 2018<\/p>\n<p>O \u00faltimo encontro desse ciclo \u00e9 um laborat\u00f3rio no qual, por prerrogativa, pretende-se experimentar compreender qual o lugar da cr\u00edtica do amanh\u00e3 e quais s\u00e3o as promessas da narrativa; mais do que a reinven\u00e7\u00e3o da narrativa e da t\u00e9cnica, a reinven\u00e7\u00e3o do leitor\/espectador.<\/p>\n<p style=\"text-align: right;\">[dura\u00e7\u00e3o do encontro: 4h]<\/p>\n<p>&nbsp;<\/p>\n","protected":false},"excerpt":{"rendered":"<p>\u00a0 O poeta &#8211; o contempor\u00e2neo &#8211; deve manter fixo o olhar no seu tempo. Mas o que v\u00ea quem v\u00ea o seu tempo, o sorriso demente do seu s\u00e9culo? Neste ponto gostaria de lhes propor uma segunda defini\u00e7\u00e3o da contemporaneidade: contempor\u00e2neo \u00e9 aquele que mant\u00e9m fixo o olhar no seu tempo, para nele perceber [&hellip;]<\/p>\n","protected":false},"author":355,"featured_media":0,"parent":0,"menu_order":0,"comment_status":"closed","ping_status":"closed","template":"","meta":{"jetpack_post_was_ever_published":false,"footnotes":""},"class_list":["post-751","page","type-page","status-publish","hentry"],"jetpack_sharing_enabled":true,"jetpack_shortlink":"https:\/\/wp.me\/P6QAvF-c7","_links":{"self":[{"href":"https:\/\/wp.ufpel.edu.br\/24framesdeliteratura\/wp-json\/wp\/v2\/pages\/751","targetHints":{"allow":["GET"]}}],"collection":[{"href":"https:\/\/wp.ufpel.edu.br\/24framesdeliteratura\/wp-json\/wp\/v2\/pages"}],"about":[{"href":"https:\/\/wp.ufpel.edu.br\/24framesdeliteratura\/wp-json\/wp\/v2\/types\/page"}],"author":[{"embeddable":true,"href":"https:\/\/wp.ufpel.edu.br\/24framesdeliteratura\/wp-json\/wp\/v2\/users\/355"}],"replies":[{"embeddable":true,"href":"https:\/\/wp.ufpel.edu.br\/24framesdeliteratura\/wp-json\/wp\/v2\/comments?post=751"}],"version-history":[{"count":24,"href":"https:\/\/wp.ufpel.edu.br\/24framesdeliteratura\/wp-json\/wp\/v2\/pages\/751\/revisions"}],"predecessor-version":[{"id":987,"href":"https:\/\/wp.ufpel.edu.br\/24framesdeliteratura\/wp-json\/wp\/v2\/pages\/751\/revisions\/987"}],"wp:attachment":[{"href":"https:\/\/wp.ufpel.edu.br\/24framesdeliteratura\/wp-json\/wp\/v2\/media?parent=751"}],"curies":[{"name":"wp","href":"https:\/\/api.w.org\/{rel}","templated":true}]}}